{"id":11747,"date":"2024-11-23T05:07:05","date_gmt":"2024-11-23T04:07:05","guid":{"rendered":"https:\/\/2l-a-velo.com\/?page_id=11747"},"modified":"2024-11-23T08:48:36","modified_gmt":"2024-11-23T07:48:36","slug":"delta-du-mekong-1-de-saigon-a-an-binh","status":"publish","type":"page","link":"https:\/\/2l-a-velo.com\/?page_id=11747","title":{"rendered":"Delta du M\u00e9kong 1 (De Sa\u00efgon \u00e0 An Binh)"},"content":{"rendered":"\n<div class=\"wp-block-media-text is-stacked-on-mobile\" style=\"grid-template-columns:66% auto\"><figure class=\"wp-block-media-text__media\"><img loading=\"lazy\" decoding=\"async\" width=\"1024\" height=\"575\" src=\"https:\/\/2l-a-velo.com\/wp-content\/uploads\/2024\/11\/P1025136-1024x575.jpg\" alt=\"\" class=\"wp-image-11829 size-full\" srcset=\"https:\/\/2l-a-velo.com\/wp-content\/uploads\/2024\/11\/P1025136-1024x575.jpg 1024w, https:\/\/2l-a-velo.com\/wp-content\/uploads\/2024\/11\/P1025136-300x168.jpg 300w, https:\/\/2l-a-velo.com\/wp-content\/uploads\/2024\/11\/P1025136-768x431.jpg 768w, https:\/\/2l-a-velo.com\/wp-content\/uploads\/2024\/11\/P1025136-1536x862.jpg 1536w, https:\/\/2l-a-velo.com\/wp-content\/uploads\/2024\/11\/P1025136-2048x1149.jpg 2048w, https:\/\/2l-a-velo.com\/wp-content\/uploads\/2024\/11\/P1025136-900x505.jpg 900w, https:\/\/2l-a-velo.com\/wp-content\/uploads\/2024\/11\/P1025136-1280x718.jpg 1280w\" sizes=\"auto, (max-width: 1024px) 100vw, 1024px\" \/><\/figure><div class=\"wp-block-media-text__content\">\n<p class=\"has-text-align-center has-larger-font-size\"><strong>Du 17 au 21 novembre<\/strong><\/p>\n<\/div><\/div>\n\n\n\n<p class=\"has-text-align-center has-text-color has-link-color has-larger-font-size wp-elements-583bae236127effad3f678189bccda01\" style=\"color:#03547e\"><strong>Itin\u00e9raire<\/strong><\/p>\n\n\n\n<p class=\"has-text-align-center has-larger-font-size\"><strong>184 km<\/strong><\/p>\n\n\n\n<iframe loading=\"lazy\" src=\"https:\/\/www.google.com\/maps\/d\/embed?mid=1vpWTojFiUR09EEJdAXBCC11yWnDf9R8&#038;ehbc=2E312F\" width=\"640\" height=\"480\"><\/iframe>\n\n\n\n<p class=\"has-text-align-center has-text-color has-link-color has-larger-font-size wp-elements-214534685296fe948d0616267b59d495\" style=\"color:#03547e\"><strong>De Sa\u00efgon \u00e0 Cai B\u00e8<\/strong><\/p>\n\n\n\n<div class=\"wp-block-media-text has-media-on-the-right is-stacked-on-mobile\"><div class=\"wp-block-media-text__content\">\n<p>Peu de circulation ce matin au d\u00e9part de Sa\u00efgon mais cela ne dure pas ! D\u00e8s que l&rsquo;on rejoint la QL1, \u00e7a devient infernal !<\/p>\n<\/div><figure class=\"wp-block-media-text__media\"><img loading=\"lazy\" decoding=\"async\" width=\"1024\" height=\"575\" src=\"https:\/\/2l-a-velo.com\/wp-content\/uploads\/2024\/11\/P1025004-1024x575.jpg\" alt=\"\" class=\"wp-image-11777 size-full\" srcset=\"https:\/\/2l-a-velo.com\/wp-content\/uploads\/2024\/11\/P1025004-1024x575.jpg 1024w, https:\/\/2l-a-velo.com\/wp-content\/uploads\/2024\/11\/P1025004-300x168.jpg 300w, https:\/\/2l-a-velo.com\/wp-content\/uploads\/2024\/11\/P1025004-768x431.jpg 768w, https:\/\/2l-a-velo.com\/wp-content\/uploads\/2024\/11\/P1025004-1536x862.jpg 1536w, https:\/\/2l-a-velo.com\/wp-content\/uploads\/2024\/11\/P1025004-2048x1150.jpg 2048w, https:\/\/2l-a-velo.com\/wp-content\/uploads\/2024\/11\/P1025004-900x505.jpg 900w, https:\/\/2l-a-velo.com\/wp-content\/uploads\/2024\/11\/P1025004-1280x719.jpg 1280w\" sizes=\"auto, (max-width: 1024px) 100vw, 1024px\" \/><\/figure><\/div>\n\n\n\n<p>Heureusement, apr\u00e8s la ville de Tan An, Laure, notre poisson pilote, nous trouve une route parall\u00e8le tr\u00e8s calme et agr\u00e9able. <\/p>\n\n\n\n<p>A Tan An, dans un restaurant tr\u00e8s propre, nous commandons un plat. Mais, comme nous commandons \u00ab\u00a0au pif\u00a0\u00bb car la langue vietnamienne est incompr\u00e9hensible pour nous, nous nous retrouvons avec un plat contenant des&#8230; tripes de porc ! <\/p>\n\n\n\n<div class=\"wp-block-media-text is-stacked-on-mobile\" style=\"grid-template-columns:57% auto\"><figure class=\"wp-block-media-text__media\"><img loading=\"lazy\" decoding=\"async\" width=\"1024\" height=\"575\" src=\"https:\/\/2l-a-velo.com\/wp-content\/uploads\/2024\/11\/P1025016-1024x575.jpg\" alt=\"\" class=\"wp-image-11778 size-full\" srcset=\"https:\/\/2l-a-velo.com\/wp-content\/uploads\/2024\/11\/P1025016-1024x575.jpg 1024w, https:\/\/2l-a-velo.com\/wp-content\/uploads\/2024\/11\/P1025016-300x168.jpg 300w, https:\/\/2l-a-velo.com\/wp-content\/uploads\/2024\/11\/P1025016-768x431.jpg 768w, https:\/\/2l-a-velo.com\/wp-content\/uploads\/2024\/11\/P1025016-1536x862.jpg 1536w, https:\/\/2l-a-velo.com\/wp-content\/uploads\/2024\/11\/P1025016-2048x1150.jpg 2048w, https:\/\/2l-a-velo.com\/wp-content\/uploads\/2024\/11\/P1025016-900x505.jpg 900w, https:\/\/2l-a-velo.com\/wp-content\/uploads\/2024\/11\/P1025016-1280x719.jpg 1280w\" sizes=\"auto, (max-width: 1024px) 100vw, 1024px\" \/><\/figure><div class=\"wp-block-media-text__content\">\n<p>Voyant que nous n&rsquo;aimons pas, la propri\u00e9taire nous apporte alors un plat de crevettes sans suppl\u00e9ment de prix. Chapeau !<\/p>\n<\/div><\/div>\n\n\n\n<div class=\"wp-block-media-text has-media-on-the-right is-stacked-on-mobile\" style=\"grid-template-columns:auto 57%\"><div class=\"wp-block-media-text__content\">\n<p>Ensuite, c&rsquo;est une succession de plantations de cocotiers et c&rsquo;est la pleine saison. D&rsquo;ailleurs, un groupe de gens fort sympathiques et dr\u00f4les nous offre une noix sur le bord de la route.<\/p>\n<\/div><figure class=\"wp-block-media-text__media\"><img loading=\"lazy\" decoding=\"async\" width=\"1024\" height=\"575\" src=\"https:\/\/2l-a-velo.com\/wp-content\/uploads\/2024\/11\/P1025026-1024x575.jpg\" alt=\"\" class=\"wp-image-11779 size-full\" srcset=\"https:\/\/2l-a-velo.com\/wp-content\/uploads\/2024\/11\/P1025026-1024x575.jpg 1024w, https:\/\/2l-a-velo.com\/wp-content\/uploads\/2024\/11\/P1025026-300x168.jpg 300w, https:\/\/2l-a-velo.com\/wp-content\/uploads\/2024\/11\/P1025026-768x431.jpg 768w, https:\/\/2l-a-velo.com\/wp-content\/uploads\/2024\/11\/P1025026-1536x862.jpg 1536w, https:\/\/2l-a-velo.com\/wp-content\/uploads\/2024\/11\/P1025026-2048x1150.jpg 2048w, https:\/\/2l-a-velo.com\/wp-content\/uploads\/2024\/11\/P1025026-900x505.jpg 900w, https:\/\/2l-a-velo.com\/wp-content\/uploads\/2024\/11\/P1025026-1280x719.jpg 1280w\" sizes=\"auto, (max-width: 1024px) 100vw, 1024px\" \/><\/figure><\/div>\n\n\n\n<p>La route continue vers My Tho. En arrivant dans cette ville, nous ne pouvons pas laisser passer la visite de la plus grande pagode du sud Viet Nam : la pagode Vinh Trang. <\/p>\n\n\n\n<div class=\"wp-block-media-text is-stacked-on-mobile\" style=\"grid-template-columns:65% auto\"><figure class=\"wp-block-media-text__media\"><img loading=\"lazy\" decoding=\"async\" width=\"1024\" height=\"575\" src=\"https:\/\/2l-a-velo.com\/wp-content\/uploads\/2024\/11\/P1025057-1-1024x575.jpg\" alt=\"\" class=\"wp-image-11782 size-full\" srcset=\"https:\/\/2l-a-velo.com\/wp-content\/uploads\/2024\/11\/P1025057-1-1024x575.jpg 1024w, https:\/\/2l-a-velo.com\/wp-content\/uploads\/2024\/11\/P1025057-1-300x168.jpg 300w, https:\/\/2l-a-velo.com\/wp-content\/uploads\/2024\/11\/P1025057-1-768x431.jpg 768w, https:\/\/2l-a-velo.com\/wp-content\/uploads\/2024\/11\/P1025057-1-1536x862.jpg 1536w, https:\/\/2l-a-velo.com\/wp-content\/uploads\/2024\/11\/P1025057-1-2048x1150.jpg 2048w, https:\/\/2l-a-velo.com\/wp-content\/uploads\/2024\/11\/P1025057-1-900x505.jpg 900w, https:\/\/2l-a-velo.com\/wp-content\/uploads\/2024\/11\/P1025057-1-1280x719.jpg 1280w\" sizes=\"auto, (max-width: 1024px) 100vw, 1024px\" \/><\/figure><div class=\"wp-block-media-text__content\">\n<p>On la rep\u00e8re de loin gr\u00e2ce \u00e0 un immense Bouddha !<\/p>\n<\/div><\/div>\n\n\n\n<p>Nous traversons la rivi\u00e8re Bao Dinh et voici le M\u00e9kong, le roi du delta ! Ensuite, c&rsquo;est la travers\u00e9e du march\u00e9 aux poissons, cela sent fort !<\/p>\n\n\n\n<p>Toute la soir\u00e9e, le ferry fait des va et vient avec l&rsquo;\u00eele d&rsquo;en face. Nous assistons \u00e0 un superbe coucher de soleil sur le M\u00e9kong !<\/p>\n\n\n\n<figure class=\"wp-block-image size-large\"><img loading=\"lazy\" decoding=\"async\" width=\"1024\" height=\"575\" src=\"https:\/\/2l-a-velo.com\/wp-content\/uploads\/2024\/11\/P1043586-1-1024x575.jpg\" alt=\"\" class=\"wp-image-11783\" srcset=\"https:\/\/2l-a-velo.com\/wp-content\/uploads\/2024\/11\/P1043586-1-1024x575.jpg 1024w, https:\/\/2l-a-velo.com\/wp-content\/uploads\/2024\/11\/P1043586-1-300x168.jpg 300w, https:\/\/2l-a-velo.com\/wp-content\/uploads\/2024\/11\/P1043586-1-768x431.jpg 768w, https:\/\/2l-a-velo.com\/wp-content\/uploads\/2024\/11\/P1043586-1-1536x862.jpg 1536w, https:\/\/2l-a-velo.com\/wp-content\/uploads\/2024\/11\/P1043586-1-2048x1150.jpg 2048w, https:\/\/2l-a-velo.com\/wp-content\/uploads\/2024\/11\/P1043586-1-900x505.jpg 900w, https:\/\/2l-a-velo.com\/wp-content\/uploads\/2024\/11\/P1043586-1-1280x719.jpg 1280w\" sizes=\"auto, (max-width: 1024px) 100vw, 1024px\" \/><\/figure>\n\n\n\n<p>La route entre My Tho et Cai B\u00e8 est tr\u00e8s plaisante gr\u00e2ce, notamment, \u00e0 l&rsquo;activit\u00e9 qui y r\u00e8gne, de plus, la circulation se limite aux deux roues et \u00e0 quelques camions. !<\/p>\n\n\n\n<div class=\"wp-block-media-text is-stacked-on-mobile\" style=\"grid-template-columns:66% auto\"><figure class=\"wp-block-media-text__media\"><img loading=\"lazy\" decoding=\"async\" width=\"1024\" height=\"575\" src=\"https:\/\/2l-a-velo.com\/wp-content\/uploads\/2024\/11\/P1025092-10-1024x575.jpg\" alt=\"\" class=\"wp-image-11816 size-full\" srcset=\"https:\/\/2l-a-velo.com\/wp-content\/uploads\/2024\/11\/P1025092-10-1024x575.jpg 1024w, https:\/\/2l-a-velo.com\/wp-content\/uploads\/2024\/11\/P1025092-10-300x168.jpg 300w, https:\/\/2l-a-velo.com\/wp-content\/uploads\/2024\/11\/P1025092-10-768x431.jpg 768w, https:\/\/2l-a-velo.com\/wp-content\/uploads\/2024\/11\/P1025092-10-1536x862.jpg 1536w, https:\/\/2l-a-velo.com\/wp-content\/uploads\/2024\/11\/P1025092-10-2048x1149.jpg 2048w, https:\/\/2l-a-velo.com\/wp-content\/uploads\/2024\/11\/P1025092-10-900x505.jpg 900w, https:\/\/2l-a-velo.com\/wp-content\/uploads\/2024\/11\/P1025092-10-1280x718.jpg 1280w\" sizes=\"auto, (max-width: 1024px) 100vw, 1024px\" \/><\/figure><div class=\"wp-block-media-text__content\">\n<p>Tout le long, des ponts enjambent de petits cours d&rsquo;eau, affluents du M\u00e9kong, sur lesquels des \u00ab\u00a0portes\u00a0\u00bb permettent de r\u00e9guler la mont\u00e9e des eaux \u00e0 la saison des pluies.<\/p>\n<\/div><\/div>\n\n\n\n<div class=\"wp-block-media-text has-media-on-the-right is-stacked-on-mobile\" style=\"grid-template-columns:auto 60%\"><div class=\"wp-block-media-text__content\">\n<p>C&rsquo;est aussi une r\u00e9gion de fruits et, en cette p\u00e9riode, ici, on r\u00e9colte un tr\u00e8s gros fruit, le <strong>jacque<\/strong> et, sans doute un proche cousin, le <strong>durian<\/strong> qui poss\u00e8de une peau h\u00e9riss\u00e9e de piquants.<\/p>\n<\/div><figure class=\"wp-block-media-text__media\"><img loading=\"lazy\" decoding=\"async\" width=\"1024\" height=\"575\" src=\"https:\/\/2l-a-velo.com\/wp-content\/uploads\/2024\/11\/P1025253-1024x575.jpg\" alt=\"\" class=\"wp-image-11818 size-full\" srcset=\"https:\/\/2l-a-velo.com\/wp-content\/uploads\/2024\/11\/P1025253-1024x575.jpg 1024w, https:\/\/2l-a-velo.com\/wp-content\/uploads\/2024\/11\/P1025253-300x168.jpg 300w, https:\/\/2l-a-velo.com\/wp-content\/uploads\/2024\/11\/P1025253-768x431.jpg 768w, https:\/\/2l-a-velo.com\/wp-content\/uploads\/2024\/11\/P1025253-1536x862.jpg 1536w, https:\/\/2l-a-velo.com\/wp-content\/uploads\/2024\/11\/P1025253-2048x1149.jpg 2048w, https:\/\/2l-a-velo.com\/wp-content\/uploads\/2024\/11\/P1025253-900x505.jpg 900w, https:\/\/2l-a-velo.com\/wp-content\/uploads\/2024\/11\/P1025253-1280x718.jpg 1280w\" sizes=\"auto, (max-width: 1024px) 100vw, 1024px\" \/><\/figure><\/div>\n\n\n\n<p>Des femmes \u00e9pluchent les jaques qui sont ensuite conditionn\u00e9s. Les durians sont export\u00e9s principalement vers la Chine. Il existe aussi d&rsquo;autres sortes de fruits : le <strong>mangoustan<\/strong>, le <strong>ramboutan<\/strong>, le <strong>longane<\/strong>&#8230; la plupart assez succulents.<\/p>\n\n\n\n<div class=\"wp-block-media-text is-stacked-on-mobile\" style=\"grid-template-columns:60% auto\"><figure class=\"wp-block-media-text__media\"><img loading=\"lazy\" decoding=\"async\" width=\"1024\" height=\"575\" src=\"https:\/\/2l-a-velo.com\/wp-content\/uploads\/2024\/11\/P1025125-1024x575.jpg\" alt=\"\" class=\"wp-image-11819 size-full\" srcset=\"https:\/\/2l-a-velo.com\/wp-content\/uploads\/2024\/11\/P1025125-1024x575.jpg 1024w, https:\/\/2l-a-velo.com\/wp-content\/uploads\/2024\/11\/P1025125-300x168.jpg 300w, https:\/\/2l-a-velo.com\/wp-content\/uploads\/2024\/11\/P1025125-768x431.jpg 768w, https:\/\/2l-a-velo.com\/wp-content\/uploads\/2024\/11\/P1025125-1536x862.jpg 1536w, https:\/\/2l-a-velo.com\/wp-content\/uploads\/2024\/11\/P1025125-2048x1149.jpg 2048w, https:\/\/2l-a-velo.com\/wp-content\/uploads\/2024\/11\/P1025125-900x505.jpg 900w, https:\/\/2l-a-velo.com\/wp-content\/uploads\/2024\/11\/P1025125-1280x718.jpg 1280w\" sizes=\"auto, (max-width: 1024px) 100vw, 1024px\" \/><\/figure><div class=\"wp-block-media-text__content\">\n<p>A Cai B\u00e8, nous visitons la maison de Ba Kiet, ancienne maison d&rsquo;\u00e9poque coloniale datant de 1838, construite dans le style vietnamien traditionnel. <\/p>\n<\/div><\/div>\n\n\n\n<p>La visite est rapide. En fait, c&rsquo;est l\u00e0 que les agences envoient les groupes de touristes pour d\u00e9jeuner.<\/p>\n\n\n\n<p>Ce fut un peu difficile pour trouver un h\u00f4tel et m\u00eame un restaurant. Repas minable dans une esp\u00e8ce de restauration rapide : poulet immangeable, ce devait \u00eatre les&#8230; pattes ! Et oui la \u00ab\u00a0resto rapide\u00a0\u00bb arrive au Viet Nam, les pauvres ! <\/p>\n\n\n\n<p><\/p>\n\n\n\n<div class=\"wp-block-buttons is-layout-flex wp-block-buttons-is-layout-flex\">\n<div class=\"wp-block-button has-custom-width wp-block-button__width-100 has-custom-font-size has-large-font-size\"><a class=\"wp-block-button__link has-background has-text-align-center wp-element-button\" href=\"https:\/\/photos.google.com\/share\/AF1QipPTG_0H5U3N6qQRX1ty6BKx6NbD58hePw8tKtAOAxuy_6i50FgygpQkdxyobeN8Yw\/photo\/AF1QipPupBsOXFlLBQhQeD1BiX78dqoDZGyArwU1y6BQ?key=YTVfZGpINm9GREVIOV9RbDVraThWQmpyX09Zd3ln\" style=\"border-radius:10px;background-color:#0173a3\">album photos de Sa\u00efgon \u00e0 Cai B\u00e8 <\/a><\/div>\n<\/div>\n\n\n\n<div class=\"wp-block-buttons is-layout-flex wp-block-buttons-is-layout-flex\">\n<div class=\"wp-block-button has-custom-width wp-block-button__width-100 has-custom-font-size has-large-font-size\"><a class=\"wp-block-button__link has-background has-text-align-center wp-element-button\" style=\"border-radius:10px;background-color:#c52003\">video : de sa\u00efgon \u00e0 cai b\u00e8<\/a><\/div>\n<\/div>\n\n\n\n<iframe loading=\"lazy\" width=\"560\" height=\"315\" src=\"https:\/\/www.youtube.com\/embed\/kplurATyGoU?si=KnKshgK-eMr5PGE-\" title=\"YouTube video player\" frameborder=\"0\" allow=\"accelerometer; autoplay; clipboard-write; encrypted-media; gyroscope; picture-in-picture; web-share\" referrerpolicy=\"strict-origin-when-cross-origin\" allowfullscreen><\/iframe>\n\n\n\n<p class=\"has-text-align-center has-text-color has-link-color has-larger-font-size wp-elements-5255fc2bb6ba1d8364bccff2c072c333\" style=\"color:#03547e\"><strong>Balade sur le M\u00e9kong<\/strong><\/p>\n\n\n\n<p>Ce matin, \u00e0 6 h 45, nous sommes \u00e0 l&#8217;embarcad\u00e8re afin de n\u00e9gocier une visite du march\u00e9 flottant. On nous dit qu&rsquo;il faut attendre un peu. Entre temps, nous assistons \u00e0 l&rsquo;arriv\u00e9e du ferry, venant de l&rsquo;\u00eele en face, bond\u00e9, principalement d&rsquo;enfants sur leurs scooters, c&rsquo;est l&rsquo;heure de l&rsquo;\u00e9cole !<\/p>\n\n\n\n<p>Nous apprenons, \u00e0 l&rsquo;agence Cai B\u00e8 Tourist que le march\u00e9 flottant de Cai B\u00e8 n&rsquo;existe plus mais que l&rsquo;on peut nous proposer autre chose. Alors, allons-y !<\/p>\n\n\n\n<div class=\"wp-block-media-text is-stacked-on-mobile\"><figure class=\"wp-block-media-text__media\"><img loading=\"lazy\" decoding=\"async\" width=\"1024\" height=\"575\" src=\"https:\/\/2l-a-velo.com\/wp-content\/uploads\/2024\/11\/P1025137-1024x575.jpg\" alt=\"\" class=\"wp-image-11797 size-full\" srcset=\"https:\/\/2l-a-velo.com\/wp-content\/uploads\/2024\/11\/P1025137-1024x575.jpg 1024w, https:\/\/2l-a-velo.com\/wp-content\/uploads\/2024\/11\/P1025137-300x168.jpg 300w, https:\/\/2l-a-velo.com\/wp-content\/uploads\/2024\/11\/P1025137-768x431.jpg 768w, https:\/\/2l-a-velo.com\/wp-content\/uploads\/2024\/11\/P1025137-1536x862.jpg 1536w, https:\/\/2l-a-velo.com\/wp-content\/uploads\/2024\/11\/P1025137-2048x1149.jpg 2048w, https:\/\/2l-a-velo.com\/wp-content\/uploads\/2024\/11\/P1025137-900x505.jpg 900w, https:\/\/2l-a-velo.com\/wp-content\/uploads\/2024\/11\/P1025137-1280x718.jpg 1280w\" sizes=\"auto, (max-width: 1024px) 100vw, 1024px\" \/><\/figure><div class=\"wp-block-media-text__content\">\n<p>A 7 h 30, nous embarquons sur un bateau o\u00f9 nous ne sommes que tous les deux avec notre pilote, une charmante jeune femme.<\/p>\n<\/div><\/div>\n\n\n\n<p>Travers\u00e9e du M\u00e9kong o\u00f9 r\u00e8gne une intense circulation de bateaux transportant qui du riz en vrac, qui de la paille, qui du sable, qui des containers&#8230;<\/p>\n\n\n\n<p>Nous contournons une \u00eele et traversons un village o\u00f9 subsistent les vestiges d&rsquo;un march\u00e9 flottant local. D&rsquo;anciens bateaux o\u00f9 se faisaient les ventes, certains transform\u00e9s en barskj \u00e0 touristes.<\/p>\n\n\n\n<figure class=\"wp-block-image size-large\"><img loading=\"lazy\" decoding=\"async\" width=\"1024\" height=\"575\" src=\"https:\/\/2l-a-velo.com\/wp-content\/uploads\/2024\/11\/P1025167-1024x575.jpg\" alt=\"\" class=\"wp-image-11798\" srcset=\"https:\/\/2l-a-velo.com\/wp-content\/uploads\/2024\/11\/P1025167-1024x575.jpg 1024w, https:\/\/2l-a-velo.com\/wp-content\/uploads\/2024\/11\/P1025167-300x168.jpg 300w, https:\/\/2l-a-velo.com\/wp-content\/uploads\/2024\/11\/P1025167-768x431.jpg 768w, https:\/\/2l-a-velo.com\/wp-content\/uploads\/2024\/11\/P1025167-1536x862.jpg 1536w, https:\/\/2l-a-velo.com\/wp-content\/uploads\/2024\/11\/P1025167-2048x1149.jpg 2048w, https:\/\/2l-a-velo.com\/wp-content\/uploads\/2024\/11\/P1025167-900x505.jpg 900w, https:\/\/2l-a-velo.com\/wp-content\/uploads\/2024\/11\/P1025167-1280x718.jpg 1280w\" sizes=\"auto, (max-width: 1024px) 100vw, 1024px\" \/><\/figure>\n\n\n\n<p>Et puis, changement d&#8217;embarcation. Une barque propuls\u00e9e par un rameur et, surpris, nous d\u00e9couvrons une mani\u00e8re tr\u00e8s locale d&rsquo;utiliser les rames. <\/p>\n\n\n\n<div class=\"wp-block-media-text has-media-on-the-right is-stacked-on-mobile\" style=\"grid-template-columns:auto 54%\"><div class=\"wp-block-media-text__content\">\n<p>C&rsquo;est une travers\u00e9e de l&rsquo;\u00eele sur un arroyo (petit cours d&rsquo;eau), un moment de calme et de pl\u00e9nitude ! Nous retrouvons notre bateau et notre \u00ab\u00a0capitaine\u00a0\u00bb de l&rsquo;autre c\u00f4t\u00e9.<\/p>\n<\/div><figure class=\"wp-block-media-text__media\"><img loading=\"lazy\" decoding=\"async\" width=\"1024\" height=\"575\" src=\"https:\/\/2l-a-velo.com\/wp-content\/uploads\/2024\/11\/P1025186-1024x575.jpg\" alt=\"\" class=\"wp-image-11800 size-full\" srcset=\"https:\/\/2l-a-velo.com\/wp-content\/uploads\/2024\/11\/P1025186-1024x575.jpg 1024w, https:\/\/2l-a-velo.com\/wp-content\/uploads\/2024\/11\/P1025186-300x168.jpg 300w, https:\/\/2l-a-velo.com\/wp-content\/uploads\/2024\/11\/P1025186-768x431.jpg 768w, https:\/\/2l-a-velo.com\/wp-content\/uploads\/2024\/11\/P1025186-1536x862.jpg 1536w, https:\/\/2l-a-velo.com\/wp-content\/uploads\/2024\/11\/P1025186-2048x1149.jpg 2048w, https:\/\/2l-a-velo.com\/wp-content\/uploads\/2024\/11\/P1025186-900x505.jpg 900w, https:\/\/2l-a-velo.com\/wp-content\/uploads\/2024\/11\/P1025186-1280x718.jpg 1280w\" sizes=\"auto, (max-width: 1024px) 100vw, 1024px\" \/><\/figure><\/div>\n\n\n\n<div class=\"wp-block-media-text is-stacked-on-mobile\" style=\"grid-template-columns:56% auto\"><figure class=\"wp-block-media-text__media\"><img loading=\"lazy\" decoding=\"async\" width=\"1024\" height=\"575\" src=\"https:\/\/2l-a-velo.com\/wp-content\/uploads\/2024\/11\/P1043770-1024x575.jpg\" alt=\"\" class=\"wp-image-11801 size-full\" srcset=\"https:\/\/2l-a-velo.com\/wp-content\/uploads\/2024\/11\/P1043770-1024x575.jpg 1024w, https:\/\/2l-a-velo.com\/wp-content\/uploads\/2024\/11\/P1043770-300x168.jpg 300w, https:\/\/2l-a-velo.com\/wp-content\/uploads\/2024\/11\/P1043770-768x431.jpg 768w, https:\/\/2l-a-velo.com\/wp-content\/uploads\/2024\/11\/P1043770-1536x862.jpg 1536w, https:\/\/2l-a-velo.com\/wp-content\/uploads\/2024\/11\/P1043770-2048x1149.jpg 2048w, https:\/\/2l-a-velo.com\/wp-content\/uploads\/2024\/11\/P1043770-900x505.jpg 900w, https:\/\/2l-a-velo.com\/wp-content\/uploads\/2024\/11\/P1043770-1280x718.jpg 1280w\" sizes=\"auto, (max-width: 1024px) 100vw, 1024px\" \/><\/figure><div class=\"wp-block-media-text__content\">\n<p>Pour terminer cette balade, retour, en bateau, \u00e0 Cai B\u00e8 dans un \u00ab\u00a0truc\u00a0\u00bb \u00e0 touristes. Nous assistons \u00e0 la fabrication de galettes de riz, de caramel de coco, de pop corn vietnamien, rien que \u00e7a ! <\/p>\n<\/div><\/div>\n\n\n\n<p>Assez int\u00e9ressant d&rsquo;ailleurs. Bien s\u00fbr, de nombreuses \u00ab\u00a0choses\u00a0\u00bb sont \u00e0 vendre, cela fait partie de la visite m\u00eame s&rsquo;il n&rsquo;y a aucune obligation !<\/p>\n\n\n\n<p>On nous a m\u00eame pr\u00e9sent\u00e9 un \u00ab\u00a0m\u00e9dicament fortifiant\u00a0\u00bb du Viet Nam : dans un bocal, des serpents marinent dans de l&rsquo;alcool de riz. Il suffit de boire le jus pour \u00eatre en forme \u00e0 tous points de vue. Laure y a go\u00fbt\u00e9 et depuis, et bien&#8230;  pas beaucoup de changements pour le moment !!!<\/p>\n\n\n\n<div class=\"wp-block-media-text has-media-on-the-right is-stacked-on-mobile\" style=\"grid-template-columns:auto 57%\"><div class=\"wp-block-media-text__content\">\n<p>Une balade bien agr\u00e9able avec une jeune femme adorable qui pilotait son bateau de main de ma\u00eetre !<\/p>\n<\/div><figure class=\"wp-block-media-text__media\"><img loading=\"lazy\" decoding=\"async\" width=\"1024\" height=\"575\" src=\"https:\/\/2l-a-velo.com\/wp-content\/uploads\/2024\/11\/P1043688-1024x575.jpg\" alt=\"\" class=\"wp-image-11802 size-full\" srcset=\"https:\/\/2l-a-velo.com\/wp-content\/uploads\/2024\/11\/P1043688-1024x575.jpg 1024w, https:\/\/2l-a-velo.com\/wp-content\/uploads\/2024\/11\/P1043688-300x168.jpg 300w, https:\/\/2l-a-velo.com\/wp-content\/uploads\/2024\/11\/P1043688-768x431.jpg 768w, https:\/\/2l-a-velo.com\/wp-content\/uploads\/2024\/11\/P1043688-1536x862.jpg 1536w, https:\/\/2l-a-velo.com\/wp-content\/uploads\/2024\/11\/P1043688-2048x1149.jpg 2048w, https:\/\/2l-a-velo.com\/wp-content\/uploads\/2024\/11\/P1043688-900x505.jpg 900w, https:\/\/2l-a-velo.com\/wp-content\/uploads\/2024\/11\/P1043688-1280x718.jpg 1280w\" sizes=\"auto, (max-width: 1024px) 100vw, 1024px\" \/><\/figure><\/div>\n\n\n\n<div class=\"wp-block-buttons is-layout-flex wp-block-buttons-is-layout-flex\">\n<div class=\"wp-block-button has-custom-width wp-block-button__width-100 has-custom-font-size has-large-font-size\"><a class=\"wp-block-button__link has-background has-text-align-center wp-element-button\" href=\"https:\/\/photos.google.com\/share\/AF1QipO_KMuMbAxeNrFFHobthnKPLBoS9nzLt-RxDK8YXW11r70BnEG8RlkwCWnT7MUyFA\/photo\/AF1QipNP6CTuHv7WGl1mER4MHF0DRkByMEkcjVFVrcPs?key=aFpyWU5rem52b3NrQkF3NTZnVW5JM2plbmhERERR\" style=\"border-radius:10px;background-color:#0173a3\">album photos balade sur le m\u00e9kong<\/a><\/div>\n<\/div>\n\n\n\n<div class=\"wp-block-buttons is-layout-flex wp-block-buttons-is-layout-flex\">\n<div class=\"wp-block-button has-custom-width wp-block-button__width-100 has-custom-font-size has-large-font-size\"><a class=\"wp-block-button__link has-background has-text-align-center wp-element-button\" style=\"border-radius:10px;background-color:#c52003\">video : balade sur le m\u00e9kong<\/a><\/div>\n<\/div>\n\n\n\n<iframe loading=\"lazy\" width=\"560\" height=\"315\" src=\"https:\/\/www.youtube.com\/embed\/cinJMSKlGs8?si=ylYD1Sgv25_3P6u6\" title=\"YouTube video player\" frameborder=\"0\" allow=\"accelerometer; autoplay; clipboard-write; encrypted-media; gyroscope; picture-in-picture; web-share\" referrerpolicy=\"strict-origin-when-cross-origin\" allowfullscreen><\/iframe>\n\n\n\n<p class=\"has-text-align-center has-text-color has-link-color has-larger-font-size wp-elements-274c8d02bc17167ddf71baaa5257adeb\" style=\"color:#03547e\"><strong>De Cai B\u00e8 \u00e0 An Binh<\/strong><\/p>\n\n\n\n<div class=\"wp-block-media-text is-stacked-on-mobile\" style=\"grid-template-columns:60% auto\"><figure class=\"wp-block-media-text__media\"><img loading=\"lazy\" decoding=\"async\" width=\"1024\" height=\"575\" src=\"https:\/\/2l-a-velo.com\/wp-content\/uploads\/2024\/11\/P1025226-1024x575.jpg\" alt=\"\" class=\"wp-image-11804 size-full\" srcset=\"https:\/\/2l-a-velo.com\/wp-content\/uploads\/2024\/11\/P1025226-1024x575.jpg 1024w, https:\/\/2l-a-velo.com\/wp-content\/uploads\/2024\/11\/P1025226-300x168.jpg 300w, https:\/\/2l-a-velo.com\/wp-content\/uploads\/2024\/11\/P1025226-768x431.jpg 768w, https:\/\/2l-a-velo.com\/wp-content\/uploads\/2024\/11\/P1025226-1536x862.jpg 1536w, https:\/\/2l-a-velo.com\/wp-content\/uploads\/2024\/11\/P1025226-2048x1149.jpg 2048w, https:\/\/2l-a-velo.com\/wp-content\/uploads\/2024\/11\/P1025226-900x505.jpg 900w, https:\/\/2l-a-velo.com\/wp-content\/uploads\/2024\/11\/P1025226-1280x718.jpg 1280w\" sizes=\"auto, (max-width: 1024px) 100vw, 1024px\" \/><\/figure><div class=\"wp-block-media-text__content\">\n<p>Nous \u00e9vitons en partie la QL1 en empruntant une route secondaire magnifique. Bord\u00e9e de bananiers, de cocotiers et d&rsquo;arbres fruitiers, y p\u00e9daler est un vrai plaisir d&rsquo;autant que le M\u00e9kong n&rsquo;est pas loin !.<\/p>\n<\/div><\/div>\n\n\n\n<p>Laure y ach\u00e8te m\u00eame des fruits et, comme souvent sur le bord des routes, on en ajoute quelques-uns gracieusement. <\/p>\n\n\n\n<p>Mais, toutes les bonnes choses ayant une fin, nous devons retrouver la QL1. Il faut en effet, pour rallier Vinh Long, traverser le M\u00e9kong sur un immense pont suspendu. Il y a bien un \u00ab\u00a0couloir\u00a0\u00bb pour les v\u00e9los mais il d\u00e9bute par une chicane o\u00f9 nos v\u00e9los charg\u00e9s ne peuvent passer ! Alors, ce sera la voie principale.<\/p>\n\n\n\n<figure class=\"wp-block-image size-large\"><img loading=\"lazy\" decoding=\"async\" width=\"1024\" height=\"575\" src=\"https:\/\/2l-a-velo.com\/wp-content\/uploads\/2024\/11\/P1025232-1024x575.jpg\" alt=\"\" class=\"wp-image-11805\" srcset=\"https:\/\/2l-a-velo.com\/wp-content\/uploads\/2024\/11\/P1025232-1024x575.jpg 1024w, https:\/\/2l-a-velo.com\/wp-content\/uploads\/2024\/11\/P1025232-300x168.jpg 300w, https:\/\/2l-a-velo.com\/wp-content\/uploads\/2024\/11\/P1025232-768x431.jpg 768w, https:\/\/2l-a-velo.com\/wp-content\/uploads\/2024\/11\/P1025232-1536x862.jpg 1536w, https:\/\/2l-a-velo.com\/wp-content\/uploads\/2024\/11\/P1025232-2048x1149.jpg 2048w, https:\/\/2l-a-velo.com\/wp-content\/uploads\/2024\/11\/P1025232-900x505.jpg 900w, https:\/\/2l-a-velo.com\/wp-content\/uploads\/2024\/11\/P1025232-1280x718.jpg 1280w\" sizes=\"auto, (max-width: 1024px) 100vw, 1024px\" \/><\/figure>\n\n\n\n<div class=\"wp-block-media-text has-media-on-the-right is-stacked-on-mobile\" style=\"grid-template-columns:auto 56%\"><div class=\"wp-block-media-text__content\">\n<p>A Vinh Long, une ferry nous transporte sur l&rsquo;\u00eele d&rsquo;An Binh o\u00f9 nous nous mettons en qu\u00eate d&rsquo;un Homestay. <\/p>\n<\/div><figure class=\"wp-block-media-text__media\"><img loading=\"lazy\" decoding=\"async\" width=\"1024\" height=\"575\" src=\"https:\/\/2l-a-velo.com\/wp-content\/uploads\/2024\/11\/P1043820-1024x575.jpg\" alt=\"\" class=\"wp-image-11806 size-full\" srcset=\"https:\/\/2l-a-velo.com\/wp-content\/uploads\/2024\/11\/P1043820-1024x575.jpg 1024w, https:\/\/2l-a-velo.com\/wp-content\/uploads\/2024\/11\/P1043820-300x168.jpg 300w, https:\/\/2l-a-velo.com\/wp-content\/uploads\/2024\/11\/P1043820-768x431.jpg 768w, https:\/\/2l-a-velo.com\/wp-content\/uploads\/2024\/11\/P1043820-1536x862.jpg 1536w, https:\/\/2l-a-velo.com\/wp-content\/uploads\/2024\/11\/P1043820-2048x1149.jpg 2048w, https:\/\/2l-a-velo.com\/wp-content\/uploads\/2024\/11\/P1043820-900x505.jpg 900w, https:\/\/2l-a-velo.com\/wp-content\/uploads\/2024\/11\/P1043820-1280x718.jpg 1280w\" sizes=\"auto, (max-width: 1024px) 100vw, 1024px\" \/><\/figure><\/div>\n\n\n\n<p>Une petit tour dans l&rsquo;\u00eele et d\u00e9j\u00e0, nous sentons le calme et admirons ses petites routes sauvages.<\/p>\n\n\n\n<p>C&rsquo;est avec un couple de Fran\u00e7ais particuli\u00e8rement agr\u00e9able que nous passerons repas et soir\u00e9e. Christine et Bernard habitent Laragne dans les Hautes-Alpes, tout pr\u00e8s de chez nous !<\/p>\n\n\n\n<div class=\"wp-block-buttons is-layout-flex wp-block-buttons-is-layout-flex\">\n<div class=\"wp-block-button has-custom-width wp-block-button__width-100 has-custom-font-size has-large-font-size\"><a class=\"wp-block-button__link has-background has-text-align-center wp-element-button\" href=\"https:\/\/photos.google.com\/share\/AF1QipMT8Z7D6WLJ9144EGThZgKZZL_mLIuv1Dnfdm9BsHEY7aNsGyo7aNzuRmR2HrUNZQ\/photo\/AF1QipOW8YJQgEm-8bxVZSm7lCWFkkVcWvvzzdBkx5eU?key=UHZpSEtaUmsyUW9PQmcwYVJ1Q01BRjlybExBNGlB\" style=\"border-radius:10px;background-color:#0173a3\">album photos de Cai B\u00e8 a AN binh<\/a><\/div>\n<\/div>\n\n\n\n<div class=\"wp-block-buttons is-layout-flex wp-block-buttons-is-layout-flex\">\n<div class=\"wp-block-button has-custom-width wp-block-button__width-100 has-custom-font-size has-large-font-size\"><a class=\"wp-block-button__link has-background has-text-align-center wp-element-button\" style=\"border-radius:10px;background-color:#c52003\">video flash : de Cai B\u00e8 a AN binh<\/a><\/div>\n<\/div>\n\n\n\n<iframe loading=\"lazy\" width=\"560\" height=\"315\" src=\"https:\/\/www.youtube.com\/embed\/MO4EqsQLWVQ?si=SPFi3CZzQmeg3mgQ\" title=\"YouTube video player\" frameborder=\"0\" allow=\"accelerometer; autoplay; clipboard-write; encrypted-media; gyroscope; picture-in-picture; web-share\" referrerpolicy=\"strict-origin-when-cross-origin\" allowfullscreen><\/iframe>\n\n\n\n<p class=\"has-text-align-center has-text-color has-link-color has-larger-font-size wp-elements-c674d887ace26f593920a45aab67f0a2\" style=\"color:#03547e\"><strong>L&rsquo;\u00eele d&rsquo;An Binh<\/strong><\/p>\n\n\n\n<div class=\"wp-block-media-text is-stacked-on-mobile\" style=\"grid-template-columns:57% auto\"><figure class=\"wp-block-media-text__media\"><img loading=\"lazy\" decoding=\"async\" width=\"1024\" height=\"575\" src=\"https:\/\/2l-a-velo.com\/wp-content\/uploads\/2024\/11\/P1025267-1024x575.jpg\" alt=\"\" class=\"wp-image-11810 size-full\" srcset=\"https:\/\/2l-a-velo.com\/wp-content\/uploads\/2024\/11\/P1025267-1024x575.jpg 1024w, https:\/\/2l-a-velo.com\/wp-content\/uploads\/2024\/11\/P1025267-300x168.jpg 300w, https:\/\/2l-a-velo.com\/wp-content\/uploads\/2024\/11\/P1025267-768x431.jpg 768w, https:\/\/2l-a-velo.com\/wp-content\/uploads\/2024\/11\/P1025267-1536x862.jpg 1536w, https:\/\/2l-a-velo.com\/wp-content\/uploads\/2024\/11\/P1025267-2048x1149.jpg 2048w, https:\/\/2l-a-velo.com\/wp-content\/uploads\/2024\/11\/P1025267-900x505.jpg 900w, https:\/\/2l-a-velo.com\/wp-content\/uploads\/2024\/11\/P1025267-1280x718.jpg 1280w\" sizes=\"auto, (max-width: 1024px) 100vw, 1024px\" \/><\/figure><div class=\"wp-block-media-text__content\">\n<p>L&rsquo;\u00eele d&rsquo;An Binh est vraiment adapt\u00e9e aux balades \u00e0 v\u00e9los. On p\u00e9dale sur des petites routes, voire des chemins et n&rsquo;y circulent pratiquement que des deux roues.<\/p>\n<\/div><\/div>\n\n\n\n<p>Nous d\u00e9cidons, ce matin, d&rsquo;aller visiter une plantation de fruitiers. Mais sur place, cela para\u00eet abandonn\u00e9 et on nous informe qu&rsquo;il y a bien longtemps qu&rsquo;ils ne re\u00e7oivent plus personne (<em>Le Routard devrait se mettre \u00e0 jour !<\/em>).<\/p>\n\n\n\n<p>Et bien, changement de programme, nous allons d\u00e9ambuler de petites routes en chemins fleuris, de petits ponts en petits ponts, entre bananiers, cocotiers, arbres fruitiers, doubl\u00e9s par des scooters charg\u00e9s (vraiment charg\u00e9s) de ramboutans ou de noix de coco, interpel\u00e9s par les enfants qui sortent de l&rsquo;\u00e9cole. Une petite balade bien plaisante dans un environnement relativement pr\u00e9serv\u00e9 !<\/p>\n\n\n\n<figure class=\"wp-block-image size-large\"><img loading=\"lazy\" decoding=\"async\" width=\"1024\" height=\"575\" src=\"https:\/\/2l-a-velo.com\/wp-content\/uploads\/2024\/11\/P1025255-1024x575.jpg\" alt=\"\" class=\"wp-image-11812\" srcset=\"https:\/\/2l-a-velo.com\/wp-content\/uploads\/2024\/11\/P1025255-1024x575.jpg 1024w, https:\/\/2l-a-velo.com\/wp-content\/uploads\/2024\/11\/P1025255-300x168.jpg 300w, https:\/\/2l-a-velo.com\/wp-content\/uploads\/2024\/11\/P1025255-768x431.jpg 768w, https:\/\/2l-a-velo.com\/wp-content\/uploads\/2024\/11\/P1025255-1536x862.jpg 1536w, https:\/\/2l-a-velo.com\/wp-content\/uploads\/2024\/11\/P1025255-2048x1149.jpg 2048w, https:\/\/2l-a-velo.com\/wp-content\/uploads\/2024\/11\/P1025255-900x505.jpg 900w, https:\/\/2l-a-velo.com\/wp-content\/uploads\/2024\/11\/P1025255-1280x718.jpg 1280w\" sizes=\"auto, (max-width: 1024px) 100vw, 1024px\" \/><\/figure>\n\n\n\n<p>Le long d&rsquo;une petite route, dans des paniers plats s\u00e8chent des \u00ab\u00a0trucs\u00a0\u00bb . Ce sont des longanes. <\/p>\n\n\n\n<div class=\"wp-block-media-text has-media-on-the-right is-stacked-on-mobile\" style=\"grid-template-columns:auto 53%\"><div class=\"wp-block-media-text__content\">\n<p>Chauff\u00e9 et s\u00e9par\u00e9 de sa coque et de son noyau, le longane, ce petit fruit rond de la taille d&rsquo;une prune, est mis \u00e0 s\u00e9cher et se consomme ainsi. Il poss\u00e8de une multitude de bienfaits.<\/p>\n<\/div><figure class=\"wp-block-media-text__media\"><img loading=\"lazy\" decoding=\"async\" width=\"1024\" height=\"575\" src=\"https:\/\/2l-a-velo.com\/wp-content\/uploads\/2024\/11\/P1043857-1024x575.jpg\" alt=\"\" class=\"wp-image-11813 size-full\" srcset=\"https:\/\/2l-a-velo.com\/wp-content\/uploads\/2024\/11\/P1043857-1024x575.jpg 1024w, https:\/\/2l-a-velo.com\/wp-content\/uploads\/2024\/11\/P1043857-300x168.jpg 300w, https:\/\/2l-a-velo.com\/wp-content\/uploads\/2024\/11\/P1043857-768x431.jpg 768w, https:\/\/2l-a-velo.com\/wp-content\/uploads\/2024\/11\/P1043857-1536x862.jpg 1536w, https:\/\/2l-a-velo.com\/wp-content\/uploads\/2024\/11\/P1043857-2048x1149.jpg 2048w, https:\/\/2l-a-velo.com\/wp-content\/uploads\/2024\/11\/P1043857-900x505.jpg 900w, https:\/\/2l-a-velo.com\/wp-content\/uploads\/2024\/11\/P1043857-1280x718.jpg 1280w\" sizes=\"auto, (max-width: 1024px) 100vw, 1024px\" \/><\/figure><\/div>\n\n\n\n<div class=\"wp-block-media-text is-stacked-on-mobile\" style=\"grid-template-columns:60% auto\"><figure class=\"wp-block-media-text__media\"><img loading=\"lazy\" decoding=\"async\" width=\"1024\" height=\"575\" src=\"https:\/\/2l-a-velo.com\/wp-content\/uploads\/2024\/11\/P1025274-1024x575.jpg\" alt=\"\" class=\"wp-image-11814 size-full\" srcset=\"https:\/\/2l-a-velo.com\/wp-content\/uploads\/2024\/11\/P1025274-1024x575.jpg 1024w, https:\/\/2l-a-velo.com\/wp-content\/uploads\/2024\/11\/P1025274-300x168.jpg 300w, https:\/\/2l-a-velo.com\/wp-content\/uploads\/2024\/11\/P1025274-768x431.jpg 768w, https:\/\/2l-a-velo.com\/wp-content\/uploads\/2024\/11\/P1025274-1536x862.jpg 1536w, https:\/\/2l-a-velo.com\/wp-content\/uploads\/2024\/11\/P1025274-2048x1149.jpg 2048w, https:\/\/2l-a-velo.com\/wp-content\/uploads\/2024\/11\/P1025274-900x505.jpg 900w, https:\/\/2l-a-velo.com\/wp-content\/uploads\/2024\/11\/P1025274-1280x718.jpg 1280w\" sizes=\"auto, (max-width: 1024px) 100vw, 1024px\" \/><\/figure><div class=\"wp-block-media-text__content\">\n<p>Nous allons aussi jeter un coup d&rsquo;\u0153il \u00e0 la jolie \u00e9glise coloniale d&rsquo;An Binh construite par les Fran\u00e7ais en 1937.<\/p>\n<\/div><\/div>\n\n\n\n<div class=\"wp-block-buttons is-layout-flex wp-block-buttons-is-layout-flex\">\n<div class=\"wp-block-button has-custom-width wp-block-button__width-100 has-custom-font-size has-large-font-size\"><a class=\"wp-block-button__link has-background has-text-align-center wp-element-button\" href=\"https:\/\/photos.google.com\/share\/AF1QipORrlqPGoOpN5MJG3-IYPSDcd7FF2nNZpuhyH-yDzhGgQSghCUA0hhuIkd93PHw5Q\/photo\/AF1QipOhSPF_UIGBRMssJSzgOv7HDe_fcK1J0Xwg0uMw?key=eVRXVFphM3hxTU9QOHM3OFJNb3A1MXFsakZPZXR3\" style=\"border-radius:10px;background-color:#0173a3\">album photos balade sur l\u00eele d&rsquo;an binh<\/a><\/div>\n<\/div>\n\n\n\n<div class=\"wp-block-buttons is-layout-flex wp-block-buttons-is-layout-flex\">\n<div class=\"wp-block-button has-custom-width wp-block-button__width-100 has-custom-font-size has-large-font-size\"><a class=\"wp-block-button__link has-background has-text-align-center wp-element-button\" style=\"border-radius:10px;background-color:#c52003\">video : balade \u00e0 v\u00e9lo sur  l\u00eele d&rsquo;AN binh<\/a><\/div>\n<\/div>\n\n\n\n<iframe loading=\"lazy\" width=\"560\" height=\"315\" src=\"https:\/\/www.youtube.com\/embed\/pOPchhFXO9M?si=2sFB9Sk-agzQVUuF\" title=\"YouTube video player\" frameborder=\"0\" allow=\"accelerometer; autoplay; clipboard-write; encrypted-media; gyroscope; picture-in-picture; web-share\" referrerpolicy=\"strict-origin-when-cross-origin\" allowfullscreen><\/iframe>\n","protected":false},"excerpt":{"rendered":"<p>Du 17 au 21 novembre Itin\u00e9raire 184 km De Sa\u00efgon \u00e0 Cai B\u00e8 Peu de circulation ce matin au d\u00e9part de Sa\u00efgon mais cela ne dure pas ! D\u00e8s que l&rsquo;on rejoint la QL1, \u00e7a devient infernal ! Heureusement, apr\u00e8s la ville de Tan An, Laure, notre poisson pilote, nous trouve une route parall\u00e8le tr\u00e8s [&hellip;]<\/p>\n","protected":false},"author":1,"featured_media":0,"parent":11562,"menu_order":6,"comment_status":"open","ping_status":"closed","template":"","meta":{"jetpack_post_was_ever_published":false,"footnotes":""},"class_list":["post-11747","page","type-page","status-publish","hentry"],"jetpack_likes_enabled":true,"jetpack_sharing_enabled":true,"_links":{"self":[{"href":"https:\/\/2l-a-velo.com\/index.php?rest_route=\/wp\/v2\/pages\/11747","targetHints":{"allow":["GET"]}}],"collection":[{"href":"https:\/\/2l-a-velo.com\/index.php?rest_route=\/wp\/v2\/pages"}],"about":[{"href":"https:\/\/2l-a-velo.com\/index.php?rest_route=\/wp\/v2\/types\/page"}],"author":[{"embeddable":true,"href":"https:\/\/2l-a-velo.com\/index.php?rest_route=\/wp\/v2\/users\/1"}],"replies":[{"embeddable":true,"href":"https:\/\/2l-a-velo.com\/index.php?rest_route=%2Fwp%2Fv2%2Fcomments&post=11747"}],"version-history":[{"count":49,"href":"https:\/\/2l-a-velo.com\/index.php?rest_route=\/wp\/v2\/pages\/11747\/revisions"}],"predecessor-version":[{"id":11842,"href":"https:\/\/2l-a-velo.com\/index.php?rest_route=\/wp\/v2\/pages\/11747\/revisions\/11842"}],"up":[{"embeddable":true,"href":"https:\/\/2l-a-velo.com\/index.php?rest_route=\/wp\/v2\/pages\/11562"}],"wp:attachment":[{"href":"https:\/\/2l-a-velo.com\/index.php?rest_route=%2Fwp%2Fv2%2Fmedia&parent=11747"}],"curies":[{"name":"wp","href":"https:\/\/api.w.org\/{rel}","templated":true}]}}