{"id":12223,"date":"2024-12-25T03:47:26","date_gmt":"2024-12-25T02:47:26","guid":{"rendered":"https:\/\/2l-a-velo.com\/?page_id=12223"},"modified":"2024-12-25T03:47:26","modified_gmt":"2024-12-25T02:47:26","slug":"siem-reap-partie-2","status":"publish","type":"page","link":"https:\/\/2l-a-velo.com\/?page_id=12223","title":{"rendered":"Siem Reap partie 2"},"content":{"rendered":"\n<div class=\"wp-block-media-text is-stacked-on-mobile\" style=\"grid-template-columns:65% auto\"><figure class=\"wp-block-media-text__media\"><img loading=\"lazy\" decoding=\"async\" width=\"1024\" height=\"575\" src=\"https:\/\/2l-a-velo.com\/wp-content\/uploads\/2024\/12\/P1027211-1024x575.jpg\" alt=\"\" class=\"wp-image-12292 size-full\" srcset=\"https:\/\/2l-a-velo.com\/wp-content\/uploads\/2024\/12\/P1027211-1024x575.jpg 1024w, https:\/\/2l-a-velo.com\/wp-content\/uploads\/2024\/12\/P1027211-300x168.jpg 300w, https:\/\/2l-a-velo.com\/wp-content\/uploads\/2024\/12\/P1027211-768x431.jpg 768w, https:\/\/2l-a-velo.com\/wp-content\/uploads\/2024\/12\/P1027211-1536x862.jpg 1536w, https:\/\/2l-a-velo.com\/wp-content\/uploads\/2024\/12\/P1027211-2048x1149.jpg 2048w, https:\/\/2l-a-velo.com\/wp-content\/uploads\/2024\/12\/P1027211-900x505.jpg 900w, https:\/\/2l-a-velo.com\/wp-content\/uploads\/2024\/12\/P1027211-1280x718.jpg 1280w\" sizes=\"auto, (max-width: 1024px) 100vw, 1024px\" \/><\/figure><div class=\"wp-block-media-text__content\">\n<p class=\"has-text-align-center has-larger-font-size\"><strong>Du 12 au 18 d\u00e9cembre<\/strong> <strong>2024<\/strong><\/p>\n<\/div><\/div>\n\n\n\n<p>Siem Reap, ce n&rsquo;est pas seulement le site d&rsquo;Angkor, c&rsquo;est aussi, entre autres, une des portes d&rsquo;acc\u00e8s au lac de Tonl\u00e9 Sap, \u00e9minemment touristique lui aussi, un lieu de spectacle et le si\u00e8ge de l&rsquo;association Apopo !<\/p>\n\n\n\n<p class=\"has-text-align-center has-text-color has-link-color has-larger-font-size wp-elements-1382d48c556fb98f39259b440b8cc4f7\" style=\"color:#0173a2\"><strong>Le village de Kompong Phluk et le lac de Tonle Sap<\/strong><\/p>\n\n\n\n<p>Partis de Siem Reap en bus, et oui on d\u00e9roge un peu \u00e0 nos principes mais \u00ab\u00a0timing\u00a0\u00bb oblige, nous arrivons au point d&#8217;embarquement. Dans un bateau o\u00f9 nous sommes une bonne vingtaine, nous traversons le village de Kompong Phluk.<\/p>\n\n\n\n<div class=\"wp-block-media-text has-media-on-the-right is-stacked-on-mobile\" style=\"grid-template-columns:auto 55%\"><div class=\"wp-block-media-text__content\">\n<p>Elles sont tr\u00e8s impressionnantes ces maisons b\u00e2ties sur des pilotis de 6 \u00e0 9 m pour s&rsquo;adapter \u00e0 la variation de la hauteur d&rsquo;eau entre saison des pluies et saison s\u00e8che ! <\/p>\n<\/div><figure class=\"wp-block-media-text__media\"><img loading=\"lazy\" decoding=\"async\" width=\"1024\" height=\"575\" src=\"https:\/\/2l-a-velo.com\/wp-content\/uploads\/2024\/12\/P1056406-1024x575.jpg\" alt=\"\" class=\"wp-image-12281 size-full\" srcset=\"https:\/\/2l-a-velo.com\/wp-content\/uploads\/2024\/12\/P1056406-1024x575.jpg 1024w, https:\/\/2l-a-velo.com\/wp-content\/uploads\/2024\/12\/P1056406-300x168.jpg 300w, https:\/\/2l-a-velo.com\/wp-content\/uploads\/2024\/12\/P1056406-768x431.jpg 768w, https:\/\/2l-a-velo.com\/wp-content\/uploads\/2024\/12\/P1056406-1536x862.jpg 1536w, https:\/\/2l-a-velo.com\/wp-content\/uploads\/2024\/12\/P1056406-2048x1149.jpg 2048w, https:\/\/2l-a-velo.com\/wp-content\/uploads\/2024\/12\/P1056406-900x505.jpg 900w, https:\/\/2l-a-velo.com\/wp-content\/uploads\/2024\/12\/P1056406-1280x718.jpg 1280w\" sizes=\"auto, (max-width: 1024px) 100vw, 1024px\" \/><\/figure><\/div>\n\n\n\n<p>En saison humide, l&rsquo;eau arrive quand m\u00eame \u00e0 la base des maisons !<\/p>\n\n\n\n<p>La plus grande partie de ses habitants vivent de la p\u00eache, surtout de la crevette, durant la saison des pluies mais se tournent vers l&rsquo;agriculture en saison s\u00e8che pour compl\u00e9ter leurs revenus.<\/p>\n\n\n\n<p>Il faut noter que le tourisme, qui a d\u00e9but\u00e9 il y a dix ans, repr\u00e9sente actuellement une partie importante de l&rsquo;\u00e9conomie locale. Et les touristes, il y en a, si l&rsquo;on en juge par le nombre de bateaux d\u00e9di\u00e9s.<\/p>\n\n\n\n<div class=\"wp-block-media-text is-stacked-on-mobile\" style=\"grid-template-columns:60% auto\"><figure class=\"wp-block-media-text__media\"><img loading=\"lazy\" decoding=\"async\" width=\"1024\" height=\"575\" src=\"https:\/\/2l-a-velo.com\/wp-content\/uploads\/2024\/12\/P1027200-1024x575.jpg\" alt=\"\" class=\"wp-image-12284 size-full\" srcset=\"https:\/\/2l-a-velo.com\/wp-content\/uploads\/2024\/12\/P1027200-1024x575.jpg 1024w, https:\/\/2l-a-velo.com\/wp-content\/uploads\/2024\/12\/P1027200-300x168.jpg 300w, https:\/\/2l-a-velo.com\/wp-content\/uploads\/2024\/12\/P1027200-768x431.jpg 768w, https:\/\/2l-a-velo.com\/wp-content\/uploads\/2024\/12\/P1027200-1536x862.jpg 1536w, https:\/\/2l-a-velo.com\/wp-content\/uploads\/2024\/12\/P1027200-2048x1149.jpg 2048w, https:\/\/2l-a-velo.com\/wp-content\/uploads\/2024\/12\/P1027200-900x505.jpg 900w, https:\/\/2l-a-velo.com\/wp-content\/uploads\/2024\/12\/P1027200-1280x718.jpg 1280w\" sizes=\"auto, (max-width: 1024px) 100vw, 1024px\" \/><\/figure><div class=\"wp-block-media-text__content\">\n<p>La petite balade en barque parmi les arbres encore en partie dans l&rsquo;eau est un tr\u00e8s agr\u00e9able moment, tr\u00e8s original !<\/p>\n<\/div><\/div>\n\n\n\n<div class=\"wp-block-media-text has-media-on-the-right is-stacked-on-mobile\" style=\"grid-template-columns:auto 59%\"><div class=\"wp-block-media-text__content\">\n<p>Dans le village, qui compte environ 3800 habitants, on trouve de petits commerces tourn\u00e9s plut\u00f4t vers les touristes mais aussi une \u00e9cole, un temple&#8230;<\/p>\n<\/div><figure class=\"wp-block-media-text__media\"><img loading=\"lazy\" decoding=\"async\" width=\"1024\" height=\"575\" src=\"https:\/\/2l-a-velo.com\/wp-content\/uploads\/2024\/12\/P1027191-1024x575.jpg\" alt=\"\" class=\"wp-image-12285 size-full\" srcset=\"https:\/\/2l-a-velo.com\/wp-content\/uploads\/2024\/12\/P1027191-1024x575.jpg 1024w, https:\/\/2l-a-velo.com\/wp-content\/uploads\/2024\/12\/P1027191-300x168.jpg 300w, https:\/\/2l-a-velo.com\/wp-content\/uploads\/2024\/12\/P1027191-768x431.jpg 768w, https:\/\/2l-a-velo.com\/wp-content\/uploads\/2024\/12\/P1027191-1536x862.jpg 1536w, https:\/\/2l-a-velo.com\/wp-content\/uploads\/2024\/12\/P1027191-2048x1149.jpg 2048w, https:\/\/2l-a-velo.com\/wp-content\/uploads\/2024\/12\/P1027191-900x505.jpg 900w, https:\/\/2l-a-velo.com\/wp-content\/uploads\/2024\/12\/P1027191-1280x718.jpg 1280w\" sizes=\"auto, (max-width: 1024px) 100vw, 1024px\" \/><\/figure><\/div>\n\n\n\n<p>Au \u00ab\u00a0bout\u00a0\u00bb de la rivi\u00e8re, nous aboutissons au lac de Tonle Sap, immense, une v\u00e9ritable mer int\u00e9rieure ! Le Tonle Sap est le plus grand lac d&rsquo;Asie du Sud-Est. La rivi\u00e8re \u00e9ponyme relie le lac au M\u00e9kong, le confluent \u00e9tant \u00e0 Phnom Penh.<\/p>\n\n\n<div class=\"wp-block-image\">\n<figure class=\"aligncenter size-large\"><img loading=\"lazy\" decoding=\"async\" width=\"1024\" height=\"575\" src=\"https:\/\/2l-a-velo.com\/wp-content\/uploads\/2024\/12\/P1027236-1024x575.jpg\" alt=\"\" class=\"wp-image-12286\" srcset=\"https:\/\/2l-a-velo.com\/wp-content\/uploads\/2024\/12\/P1027236-1024x575.jpg 1024w, https:\/\/2l-a-velo.com\/wp-content\/uploads\/2024\/12\/P1027236-300x168.jpg 300w, https:\/\/2l-a-velo.com\/wp-content\/uploads\/2024\/12\/P1027236-768x431.jpg 768w, https:\/\/2l-a-velo.com\/wp-content\/uploads\/2024\/12\/P1027236-1536x862.jpg 1536w, https:\/\/2l-a-velo.com\/wp-content\/uploads\/2024\/12\/P1027236-2048x1149.jpg 2048w, https:\/\/2l-a-velo.com\/wp-content\/uploads\/2024\/12\/P1027236-900x505.jpg 900w, https:\/\/2l-a-velo.com\/wp-content\/uploads\/2024\/12\/P1027236-1280x718.jpg 1280w\" sizes=\"auto, (max-width: 1024px) 100vw, 1024px\" \/><figcaption class=\"wp-element-caption\"><strong>Le lac de Tonle Sap<\/strong><\/figcaption><\/figure>\n<\/div>\n\n\n<p>Le lac est caract\u00e9ris\u00e9 par un ph\u00e9nom\u00e8ne extraordinaire. Le cours de la rivi\u00e8re Tonle Sap s&rsquo;inverse suivant les saisons ! En saison s\u00e8che (de novembre \u00e0 mai), la rivi\u00e8re coule vers le M\u00e9kong et en saison humide (de mai \u00e0 novembre), le cours s&rsquo;inverse et elle coule du M\u00e9kong vers le lac ! <\/p>\n\n\n\n<p>Le lac sert ainsi de d\u00e9versoir au trop-plein des eaux en p\u00e9riode de hautes eaux, et de r\u00e9servoir, en p\u00e9riode de basses eaux. Cela permet de r\u00e9guler les crues du M\u00e9kong. C&rsquo;est une sorte de vanne de s\u00e9curit\u00e9 naturelle !<\/p>\n\n\n\n<p>Pendant la saison s\u00e8che, le lac couvre une superficie de 2700 km\u00b2 (4,5 fois la superficie du lac L\u00e9man) pour une profondeur de un m\u00e8tre alors que pendant la saison des eaux, sa superficie passe \u00e0 16 000 km\u00b2 (plus de 300 fois le L\u00e9man) et sa profondeur \u00e0 9 m. Il devient alors la plus grande r\u00e9serve d&rsquo;eau douce d&rsquo;Asie du Sud-Est et occupe 7% du territoire cambodgien !!!<\/p>\n\n\n<div class=\"wp-block-image\">\n<figure class=\"aligncenter size-large\"><img loading=\"lazy\" decoding=\"async\" width=\"1024\" height=\"575\" src=\"https:\/\/2l-a-velo.com\/wp-content\/uploads\/2024\/12\/P1027257-1024x575.jpg\" alt=\"\" class=\"wp-image-12287\" srcset=\"https:\/\/2l-a-velo.com\/wp-content\/uploads\/2024\/12\/P1027257-1024x575.jpg 1024w, https:\/\/2l-a-velo.com\/wp-content\/uploads\/2024\/12\/P1027257-300x168.jpg 300w, https:\/\/2l-a-velo.com\/wp-content\/uploads\/2024\/12\/P1027257-768x431.jpg 768w, https:\/\/2l-a-velo.com\/wp-content\/uploads\/2024\/12\/P1027257-1536x862.jpg 1536w, https:\/\/2l-a-velo.com\/wp-content\/uploads\/2024\/12\/P1027257-2048x1149.jpg 2048w, https:\/\/2l-a-velo.com\/wp-content\/uploads\/2024\/12\/P1027257-900x505.jpg 900w, https:\/\/2l-a-velo.com\/wp-content\/uploads\/2024\/12\/P1027257-1280x718.jpg 1280w\" sizes=\"auto, (max-width: 1024px) 100vw, 1024px\" \/><figcaption class=\"wp-element-caption\"><strong>Barque de p\u00eache sur le Tonle Sap<\/strong><\/figcaption><\/figure>\n<\/div>\n\n\n<p>Mais toute la vie li\u00e9e au lac pourrait \u00eatre remise en cause en raison de la construction des barrages hydro\u00e9lectriques sur les rivi\u00e8res qui alimentent le lac, le tout li\u00e9e au r\u00e9chauffement climatique et aussi \u00e0 la surp\u00eache que conna\u00eet le lac.<\/p>\n\n\n\n<div class=\"wp-block-buttons is-layout-flex wp-block-buttons-is-layout-flex\">\n<div class=\"wp-block-button has-custom-width wp-block-button__width-100 has-custom-font-size has-large-font-size\"><a class=\"wp-block-button__link has-background wp-element-button\" href=\"https:\/\/photos.google.com\/share\/AF1QipMaV0GNe4RywlIQsBH93pCfvcFZMSeVlq077fzk5F3PsTzpY2WNHuohTiRb1dr_7Q\/photo\/AF1QipOw4BJUF6yiGbaT62P9hcWFZyEprI48sKQdjCtj?key=RTFta2RObFRocW1GYnBvb1pNWFhNUmlfX1RnbEtB\" style=\"border-radius:10px;background-color:#0173a2\">album photos kompong phluk et lac de tonle sap<\/a><\/div>\n<\/div>\n\n\n\n<div class=\"wp-block-buttons is-layout-flex wp-block-buttons-is-layout-flex\">\n<div class=\"wp-block-button has-custom-width wp-block-button__width-100 has-custom-font-size has-large-font-size\"><a class=\"wp-block-button__link has-background wp-element-button\" style=\"border-radius:10px;background-color:#c52001\">vid\u00e9o village kompong phluk<\/a><\/div>\n<\/div>\n\n\n\n<iframe loading=\"lazy\" width=\"560\" height=\"315\" src=\"https:\/\/www.youtube.com\/embed\/pNSNpsOlZ_s?si=24kVNZ_xRzGnHnuY\" title=\"YouTube video player\" frameborder=\"0\" allow=\"accelerometer; autoplay; clipboard-write; encrypted-media; gyroscope; picture-in-picture; web-share\" referrerpolicy=\"strict-origin-when-cross-origin\" allowfullscreen><\/iframe>\n\n\n\n<p class=\"has-text-align-center has-text-color has-link-color has-larger-font-size wp-elements-7cf316da5719d1605829fc446b75cb07\" style=\"color:#0173a2\"><strong>Spectacle de danses Khm\u00e8res<\/strong><\/p>\n\n\n\n<p>Ce soir, nous sortons !!! Direction l&rsquo;<strong>Apsara Th\u00e9\u00e2tre<\/strong> pour assister \u00e0 un spectacle de danses traditionnelles khm\u00e8res.<\/p>\n\n\n\n<div class=\"wp-block-media-text is-stacked-on-mobile\" style=\"grid-template-columns:54% auto\"><figure class=\"wp-block-media-text__media\"><img loading=\"lazy\" decoding=\"async\" width=\"1024\" height=\"575\" src=\"https:\/\/2l-a-velo.com\/wp-content\/uploads\/2024\/12\/P1056571-1024x575.jpg\" alt=\"\" class=\"wp-image-12278 size-full\" srcset=\"https:\/\/2l-a-velo.com\/wp-content\/uploads\/2024\/12\/P1056571-1024x575.jpg 1024w, https:\/\/2l-a-velo.com\/wp-content\/uploads\/2024\/12\/P1056571-300x168.jpg 300w, https:\/\/2l-a-velo.com\/wp-content\/uploads\/2024\/12\/P1056571-768x431.jpg 768w, https:\/\/2l-a-velo.com\/wp-content\/uploads\/2024\/12\/P1056571-1536x862.jpg 1536w, https:\/\/2l-a-velo.com\/wp-content\/uploads\/2024\/12\/P1056571-2048x1149.jpg 2048w, https:\/\/2l-a-velo.com\/wp-content\/uploads\/2024\/12\/P1056571-900x505.jpg 900w, https:\/\/2l-a-velo.com\/wp-content\/uploads\/2024\/12\/P1056571-1280x718.jpg 1280w\" sizes=\"auto, (max-width: 1024px) 100vw, 1024px\" \/><\/figure><div class=\"wp-block-media-text__content\">\n<p>Le th\u00e9\u00e2tre \u00e0 lui seul vaut le coup d&rsquo;\u0153il ! Construit dans un style semi-colonial, son ext\u00e9rieur en bois d&rsquo;origine et son antique d\u00e9cor d\u00e9gagent quelque chose de magique, magnifique !<\/p>\n<\/div><\/div>\n\n\n\n<div class=\"wp-block-media-text has-media-on-the-right is-stacked-on-mobile\" style=\"grid-template-columns:auto 54%\"><div class=\"wp-block-media-text__content\">\n<p>L&rsquo;int\u00e9rieur n&rsquo;a rien \u00e0 envier \u00e0 l&rsquo;ext\u00e9rieur. On se retrouve dans une ambiance feutr\u00e9e o\u00f9 le rouge des plafonds et des tentures incite au silence !<\/p>\n<\/div><figure class=\"wp-block-media-text__media\"><img loading=\"lazy\" decoding=\"async\" width=\"1024\" height=\"693\" src=\"https:\/\/2l-a-velo.com\/wp-content\/uploads\/2024\/12\/P1056579-Panorama-1-1024x693.jpg\" alt=\"\" class=\"wp-image-12301 size-full\" srcset=\"https:\/\/2l-a-velo.com\/wp-content\/uploads\/2024\/12\/P1056579-Panorama-1-1024x693.jpg 1024w, https:\/\/2l-a-velo.com\/wp-content\/uploads\/2024\/12\/P1056579-Panorama-1-300x203.jpg 300w, https:\/\/2l-a-velo.com\/wp-content\/uploads\/2024\/12\/P1056579-Panorama-1-768x520.jpg 768w, https:\/\/2l-a-velo.com\/wp-content\/uploads\/2024\/12\/P1056579-Panorama-1-1536x1039.jpg 1536w, https:\/\/2l-a-velo.com\/wp-content\/uploads\/2024\/12\/P1056579-Panorama-1-2048x1386.jpg 2048w, https:\/\/2l-a-velo.com\/wp-content\/uploads\/2024\/12\/P1056579-Panorama-1-900x609.jpg 900w, https:\/\/2l-a-velo.com\/wp-content\/uploads\/2024\/12\/P1056579-Panorama-1-1280x866.jpg 1280w\" sizes=\"auto, (max-width: 1024px) 100vw, 1024px\" \/><\/figure><\/div>\n\n\n\n<p>Un d\u00eener est pr\u00e9vu avant le spectacle. Nous prenons donc place. Mais la table \u00e9tant tr\u00e8s basse et l&rsquo;assise au niveau du sol (!), nous glissons les jambes dans une esp\u00e8ce de  \u00ab\u00a0tranch\u00e9e\u00a0\u00bb.  Un peu de souplesse est n\u00e9cessaire pour s&rsquo;installer !!! <\/p>\n\n\n\n<div class=\"wp-block-media-text is-stacked-on-mobile\" style=\"grid-template-columns:53% auto\"><figure class=\"wp-block-media-text__media\"><img loading=\"lazy\" decoding=\"async\" width=\"1024\" height=\"575\" src=\"https:\/\/2l-a-velo.com\/wp-content\/uploads\/2024\/12\/P1056584-1024x575.jpg\" alt=\"\" class=\"wp-image-12277 size-full\" srcset=\"https:\/\/2l-a-velo.com\/wp-content\/uploads\/2024\/12\/P1056584-1024x575.jpg 1024w, https:\/\/2l-a-velo.com\/wp-content\/uploads\/2024\/12\/P1056584-300x168.jpg 300w, https:\/\/2l-a-velo.com\/wp-content\/uploads\/2024\/12\/P1056584-768x431.jpg 768w, https:\/\/2l-a-velo.com\/wp-content\/uploads\/2024\/12\/P1056584-1536x862.jpg 1536w, https:\/\/2l-a-velo.com\/wp-content\/uploads\/2024\/12\/P1056584-2048x1149.jpg 2048w, https:\/\/2l-a-velo.com\/wp-content\/uploads\/2024\/12\/P1056584-900x505.jpg 900w, https:\/\/2l-a-velo.com\/wp-content\/uploads\/2024\/12\/P1056584-1280x718.jpg 1280w\" sizes=\"auto, (max-width: 1024px) 100vw, 1024px\" \/><\/figure><div class=\"wp-block-media-text__content\">\n<p>On nous sert un d\u00eener r\u00e9unissant certains des plats les plus embl\u00e9matiques du Cambodge, un vrai r\u00e9gal pour le palais !<\/p>\n<\/div><\/div>\n\n\n\n<p>Place aux danses ! Une troupe de 30 artistes interpr\u00e8te les anciennes l\u00e9gendes et les danses folkloriques du Cambodge des campagnes ! <\/p>\n\n\n\n<div class=\"wp-block-media-text has-media-on-the-right is-stacked-on-mobile\" style=\"grid-template-columns:auto 60%\"><div class=\"wp-block-media-text__content\">\n<p>Extraordinaires, les mouvements des  doigts des danseuses, incroyable !<\/p>\n<\/div><figure class=\"wp-block-media-text__media\"><img loading=\"lazy\" decoding=\"async\" width=\"1024\" height=\"575\" src=\"https:\/\/2l-a-velo.com\/wp-content\/uploads\/2024\/12\/P1027324-1024x575.jpg\" alt=\"\" class=\"wp-image-12279 size-full\" srcset=\"https:\/\/2l-a-velo.com\/wp-content\/uploads\/2024\/12\/P1027324-1024x575.jpg 1024w, https:\/\/2l-a-velo.com\/wp-content\/uploads\/2024\/12\/P1027324-300x168.jpg 300w, https:\/\/2l-a-velo.com\/wp-content\/uploads\/2024\/12\/P1027324-768x431.jpg 768w, https:\/\/2l-a-velo.com\/wp-content\/uploads\/2024\/12\/P1027324-1536x862.jpg 1536w, https:\/\/2l-a-velo.com\/wp-content\/uploads\/2024\/12\/P1027324-2048x1149.jpg 2048w, https:\/\/2l-a-velo.com\/wp-content\/uploads\/2024\/12\/P1027324-900x505.jpg 900w, https:\/\/2l-a-velo.com\/wp-content\/uploads\/2024\/12\/P1027324-1280x718.jpg 1280w\" sizes=\"auto, (max-width: 1024px) 100vw, 1024px\" \/><\/figure><\/div>\n\n\n\n<p>Une tr\u00e8s belle soir\u00e9e, bien diff\u00e9rentes de celles que nous vivons habituellement mais rien n&rsquo;est pire que la routine, non ?<\/p>\n\n\n\n<div class=\"wp-block-buttons is-layout-flex wp-block-buttons-is-layout-flex\">\n<div class=\"wp-block-button has-custom-width wp-block-button__width-100 has-custom-font-size has-large-font-size\"><a class=\"wp-block-button__link has-background has-text-align-center wp-element-button\" href=\"https:\/\/photos.google.com\/share\/AF1QipOrGFpkGvVonh1R1dolVYUgXjl36wys22pw2sWSioJ1JenEVadA5DIlJ8k6HNiwuw\/photo\/AF1QipP6iRPZurp_HgubG_fcxA5XnW_HZcWc3b5JL0zP?key=WWEyXzE1akxwSmNOb1pUTGd1aVBVMXlCM0trNHJB\" style=\"border-radius:10px;background-color:#0173a2\">album photos danses khm\u00e8res<\/a><\/div>\n<\/div>\n\n\n\n<div class=\"wp-block-buttons is-layout-flex wp-block-buttons-is-layout-flex\">\n<div class=\"wp-block-button has-custom-width wp-block-button__width-100 has-custom-font-size has-large-font-size\"><a class=\"wp-block-button__link has-background has-text-align-center wp-element-button\" style=\"border-radius:10px;background-color:#c52003\">Vid\u00e9o : spectacle de danses khm\u00e8res<\/a><\/div>\n<\/div>\n\n\n\n<iframe loading=\"lazy\" width=\"560\" height=\"315\" src=\"https:\/\/www.youtube.com\/embed\/SqX7a9b7Ycw?si=olTLMJZ0IgYyjSzn\" title=\"YouTube video player\" frameborder=\"0\" allow=\"accelerometer; autoplay; clipboard-write; encrypted-media; gyroscope; picture-in-picture; web-share\" referrerpolicy=\"strict-origin-when-cross-origin\" allowfullscreen><\/iframe>\n\n\n\n<p class=\"has-text-align-center has-text-color has-link-color has-larger-font-size wp-elements-f75b01bcea2c675acf864d67c36a8dc3\" style=\"color:#0173a2\"><strong>Les rats d\u00e9mineurs<\/strong><\/p>\n\n\n\n<p class=\"has-black-color has-text-color has-link-color wp-elements-e0a41abb4c068cb108ee48759e4b6e24\">Le Cambodge est un pays o\u00f9 bombes non explos\u00e9es et mines antipersonnelles sont encore extr\u00eamement nombreuses . <\/p>\n\n\n\n<p>Il faut savoir que les Am\u00e9ricains, pour d\u00e9truire la piste Ho Chi Minh, largu\u00e8rent sur le Cambodge 600 000 tonnes de bombes ce qui fait de ce pays, le pays le plus bombard\u00e9 du monde. Mais beaucoup de ces bombes n&rsquo;ont pas explos\u00e9 et constituent un r\u00e9el danger pour les populations.<\/p>\n\n\n<div class=\"wp-block-image\">\n<figure class=\"aligncenter size-large\"><img loading=\"lazy\" decoding=\"async\" width=\"1024\" height=\"575\" src=\"https:\/\/2l-a-velo.com\/wp-content\/uploads\/2024\/12\/P1027157-1-1024x575.jpg\" alt=\"\" class=\"wp-image-12273\" srcset=\"https:\/\/2l-a-velo.com\/wp-content\/uploads\/2024\/12\/P1027157-1-1024x575.jpg 1024w, https:\/\/2l-a-velo.com\/wp-content\/uploads\/2024\/12\/P1027157-1-300x168.jpg 300w, https:\/\/2l-a-velo.com\/wp-content\/uploads\/2024\/12\/P1027157-1-768x431.jpg 768w, https:\/\/2l-a-velo.com\/wp-content\/uploads\/2024\/12\/P1027157-1-1536x862.jpg 1536w, https:\/\/2l-a-velo.com\/wp-content\/uploads\/2024\/12\/P1027157-1-2048x1149.jpg 2048w, https:\/\/2l-a-velo.com\/wp-content\/uploads\/2024\/12\/P1027157-1-900x505.jpg 900w, https:\/\/2l-a-velo.com\/wp-content\/uploads\/2024\/12\/P1027157-1-1280x718.jpg 1280w\" sizes=\"auto, (max-width: 1024px) 100vw, 1024px\" \/><figcaption class=\"wp-element-caption\"><strong>Lieux et densit\u00e9 des bombardements am\u00e9ricains durant la guerre du Viet Nam<\/strong><\/figcaption><\/figure>\n<\/div>\n\n\n<p>Apr\u00e8s avoir chass\u00e9 les Khmers rouges de Tha\u00eflande, l&rsquo;arm\u00e9e vietnamienne a cr\u00e9\u00e9 un champ de mines d\u00e9fensif le long de la fronti\u00e8re entre la Tha\u00eflande et le Cambodge. Au cours des ann\u00e9es suivantes, le nouvel \u00c9tat (les restes des Khmers rouges et les forces d&rsquo;opposition monarchistes)\u00a0ont pos\u00e9 des mines antipersonnelles \u00e0 mesure que les champs de bataille se d\u00e9pla\u00e7aient.<\/p>\n\n\n\n<p>Ces mines ne sont pas faites pour tuer mais pour mutiler les personnes. D&rsquo;ailleurs, le Cambodge compte 40 000 amput\u00e9s. <\/p>\n\n\n\n<p>500 km\u00b2 seraient encore affect\u00e9s par des mines antipersonnelles au Cambodge mais c&rsquo;est le pays qui a d\u00e9min\u00e9, en terme de superficie, le plus de terrain au monde.<\/p>\n\n\n\n<figure class=\"wp-block-image size-large\"><img loading=\"lazy\" decoding=\"async\" width=\"1024\" height=\"575\" src=\"https:\/\/2l-a-velo.com\/wp-content\/uploads\/2024\/12\/P1056383-1-1024x575.jpg\" alt=\"\" class=\"wp-image-12298\" srcset=\"https:\/\/2l-a-velo.com\/wp-content\/uploads\/2024\/12\/P1056383-1-1024x575.jpg 1024w, https:\/\/2l-a-velo.com\/wp-content\/uploads\/2024\/12\/P1056383-1-300x168.jpg 300w, https:\/\/2l-a-velo.com\/wp-content\/uploads\/2024\/12\/P1056383-1-768x431.jpg 768w, https:\/\/2l-a-velo.com\/wp-content\/uploads\/2024\/12\/P1056383-1-1536x862.jpg 1536w, https:\/\/2l-a-velo.com\/wp-content\/uploads\/2024\/12\/P1056383-1-2048x1149.jpg 2048w, https:\/\/2l-a-velo.com\/wp-content\/uploads\/2024\/12\/P1056383-1-900x505.jpg 900w, https:\/\/2l-a-velo.com\/wp-content\/uploads\/2024\/12\/P1056383-1-1280x718.jpg 1280w\" sizes=\"auto, (max-width: 1024px) 100vw, 1024px\" \/><\/figure>\n\n\n\n<div class=\"wp-block-media-text is-stacked-on-mobile\" style=\"grid-template-columns:53% auto\"><figure class=\"wp-block-media-text__media\"><img loading=\"lazy\" decoding=\"async\" width=\"1024\" height=\"575\" src=\"https:\/\/2l-a-velo.com\/wp-content\/uploads\/2024\/12\/P1027154-1024x575.jpg\" alt=\"\" class=\"wp-image-12275 size-full\" srcset=\"https:\/\/2l-a-velo.com\/wp-content\/uploads\/2024\/12\/P1027154-1024x575.jpg 1024w, https:\/\/2l-a-velo.com\/wp-content\/uploads\/2024\/12\/P1027154-300x168.jpg 300w, https:\/\/2l-a-velo.com\/wp-content\/uploads\/2024\/12\/P1027154-768x431.jpg 768w, https:\/\/2l-a-velo.com\/wp-content\/uploads\/2024\/12\/P1027154-1536x862.jpg 1536w, https:\/\/2l-a-velo.com\/wp-content\/uploads\/2024\/12\/P1027154-2048x1149.jpg 2048w, https:\/\/2l-a-velo.com\/wp-content\/uploads\/2024\/12\/P1027154-900x505.jpg 900w, https:\/\/2l-a-velo.com\/wp-content\/uploads\/2024\/12\/P1027154-1280x718.jpg 1280w\" sizes=\"auto, (max-width: 1024px) 100vw, 1024px\" \/><\/figure><div class=\"wp-block-media-text__content\">\n<p>Pour le d\u00e9minage, on utilise au Cambodge, en plus des m\u00e9thodes habituelles , des&#8230; \u00ab\u00a0rats d\u00e9mineurs\u00a0\u00bb. L&rsquo;ONG belge <a href=\"https:\/\/apopo.org\/what-we-do\/detecting-landmines-and-explosives\/where-we-work\/apopo-in-cambodia\/\">APOPO<\/a> utilise des rats africains \u00e0 l&rsquo;odorat tr\u00e8s d\u00e9velopp\u00e9.<\/p>\n<\/div><\/div>\n\n\n\n<p>Une fois dress\u00e9s, ils rep\u00e8rent les explosifs (TNT notamment) enfouis dans la terre. Ces braves animaux ne risquent rien car il sont beaucoup trop l\u00e9gers pour d\u00e9clencher une mine. Une fois la mine rep\u00e9r\u00e9e par les rats, les d\u00e9mineurs interviennent et neutralisent l&rsquo;engin.<\/p>\n\n\n\n<p>De plus, quand un d\u00e9mineur humain et son d\u00e9tecteur de m\u00e9taux mettent parfois jusqu&rsquo;\u00e0 quatre jours pour nettoyer une surface de 200 m\u00b2, le rat s\u00e9curise cette zone en pr\u00e8s de 20 minutes !!!<\/p>\n\n\n\n<p>Et puis, ce sont d&rsquo;adorables petites b\u00eates !<\/p>\n\n\n\n<div class=\"wp-block-buttons is-layout-flex wp-block-buttons-is-layout-flex\">\n<div class=\"wp-block-button has-custom-width wp-block-button__width-100 has-custom-font-size has-large-font-size\"><a class=\"wp-block-button__link has-background wp-element-button\" href=\"https:\/\/photos.google.com\/share\/AF1QipPdksuNlityBARsW5NnOEuFz0ibZnYV-gni54bl-IPzQ4_GiC84OaxvispD9_YVrg\/photo\/AF1QipMKFolGF31UUeufy3nVa-EoH2VlHVBD3RR7EcMJ?key=cVJtb1BSN29sTUFvclBaOUZRRGR6OFB5bGg0dXpB\" style=\"border-radius:10px;background-color:#0173a3\">album photos les rats demineurs<\/a><\/div>\n<\/div>\n\n\n\n<div class=\"wp-block-buttons is-layout-flex wp-block-buttons-is-layout-flex\">\n<div class=\"wp-block-button has-custom-width wp-block-button__width-100 has-custom-font-size has-large-font-size\"><a class=\"wp-block-button__link has-background has-text-align-center wp-element-button\" style=\"border-radius:10px;background-color:#c52003\">video : \u00ab\u00a0Reniflage\u00a0\u00bb<\/a><\/div>\n<\/div>\n\n\n\n<iframe loading=\"lazy\" width=\"560\" height=\"315\" src=\"https:\/\/www.youtube.com\/embed\/AFJUSfgXmrI?si=9ut3VQfP_gwOBAPM\" title=\"YouTube video player\" frameborder=\"0\" allow=\"accelerometer; autoplay; clipboard-write; encrypted-media; gyroscope; picture-in-picture; web-share\" referrerpolicy=\"strict-origin-when-cross-origin\" allowfullscreen><\/iframe>\n","protected":false},"excerpt":{"rendered":"<p>Du 12 au 18 d\u00e9cembre 2024 Siem Reap, ce n&rsquo;est pas seulement le site d&rsquo;Angkor, c&rsquo;est aussi, entre autres, une des portes d&rsquo;acc\u00e8s au lac de Tonl\u00e9 Sap, \u00e9minemment touristique lui aussi, un lieu de spectacle et le si\u00e8ge de l&rsquo;association Apopo ! Le village de Kompong Phluk et le lac de Tonle Sap Partis [&hellip;]<\/p>\n","protected":false},"author":1,"featured_media":0,"parent":12016,"menu_order":4,"comment_status":"open","ping_status":"closed","template":"","meta":{"jetpack_post_was_ever_published":false,"footnotes":""},"class_list":["post-12223","page","type-page","status-publish","hentry"],"jetpack_likes_enabled":true,"jetpack_sharing_enabled":true,"_links":{"self":[{"href":"https:\/\/2l-a-velo.com\/index.php?rest_route=\/wp\/v2\/pages\/12223","targetHints":{"allow":["GET"]}}],"collection":[{"href":"https:\/\/2l-a-velo.com\/index.php?rest_route=\/wp\/v2\/pages"}],"about":[{"href":"https:\/\/2l-a-velo.com\/index.php?rest_route=\/wp\/v2\/types\/page"}],"author":[{"embeddable":true,"href":"https:\/\/2l-a-velo.com\/index.php?rest_route=\/wp\/v2\/users\/1"}],"replies":[{"embeddable":true,"href":"https:\/\/2l-a-velo.com\/index.php?rest_route=%2Fwp%2Fv2%2Fcomments&post=12223"}],"version-history":[{"count":35,"href":"https:\/\/2l-a-velo.com\/index.php?rest_route=\/wp\/v2\/pages\/12223\/revisions"}],"predecessor-version":[{"id":12310,"href":"https:\/\/2l-a-velo.com\/index.php?rest_route=\/wp\/v2\/pages\/12223\/revisions\/12310"}],"up":[{"embeddable":true,"href":"https:\/\/2l-a-velo.com\/index.php?rest_route=\/wp\/v2\/pages\/12016"}],"wp:attachment":[{"href":"https:\/\/2l-a-velo.com\/index.php?rest_route=%2Fwp%2Fv2%2Fmedia&parent=12223"}],"curies":[{"name":"wp","href":"https:\/\/api.w.org\/{rel}","templated":true}]}}