{"id":12480,"date":"2025-01-04T12:53:10","date_gmt":"2025-01-04T11:53:10","guid":{"rendered":"https:\/\/2l-a-velo.com\/?page_id=12480"},"modified":"2025-01-07T00:35:01","modified_gmt":"2025-01-06T23:35:01","slug":"premiers-coups-de-pedales-au-laos","status":"publish","type":"page","link":"https:\/\/2l-a-velo.com\/?page_id=12480","title":{"rendered":"Premiers coups de p\u00e9dales au Laos"},"content":{"rendered":"\n<div class=\"wp-block-media-text is-stacked-on-mobile\" style=\"grid-template-columns:57% auto\"><figure class=\"wp-block-media-text__media\"><img loading=\"lazy\" decoding=\"async\" width=\"1024\" height=\"575\" src=\"https:\/\/2l-a-velo.com\/wp-content\/uploads\/2025\/01\/P1027937-1024x575.jpg\" alt=\"\" class=\"wp-image-12521 size-full\" srcset=\"https:\/\/2l-a-velo.com\/wp-content\/uploads\/2025\/01\/P1027937-1024x575.jpg 1024w, https:\/\/2l-a-velo.com\/wp-content\/uploads\/2025\/01\/P1027937-300x168.jpg 300w, https:\/\/2l-a-velo.com\/wp-content\/uploads\/2025\/01\/P1027937-768x431.jpg 768w, https:\/\/2l-a-velo.com\/wp-content\/uploads\/2025\/01\/P1027937-1536x862.jpg 1536w, https:\/\/2l-a-velo.com\/wp-content\/uploads\/2025\/01\/P1027937-2048x1149.jpg 2048w, https:\/\/2l-a-velo.com\/wp-content\/uploads\/2025\/01\/P1027937-900x505.jpg 900w, https:\/\/2l-a-velo.com\/wp-content\/uploads\/2025\/01\/P1027937-1280x718.jpg 1280w\" sizes=\"auto, (max-width: 1024px) 100vw, 1024px\" \/><\/figure><div class=\"wp-block-media-text__content\">\n<p class=\"has-text-align-center has-larger-font-size\"><strong>Du 28 d\u00e9cembre 2024 au 1er janvier 2025<\/strong><\/p>\n<\/div><\/div>\n\n\n\n<p class=\"has-text-align-center has-text-color has-link-color has-larger-font-size wp-elements-d443886999c8f332ebded291fc8653be\" style=\"color:#0173a2\"><strong>Itin\u00e9raire<\/strong><\/p>\n\n\n\n<iframe loading=\"lazy\" src=\"https:\/\/www.google.com\/maps\/d\/embed?mid=1Qf23XkERjMaQKj73vs81sTnb-SmSbTQ&#038;ehbc=2E312F\" width=\"640\" height=\"480\"><\/iframe>\n\n\n\n<p class=\"has-text-align-center has-text-color has-link-color has-larger-font-size wp-elements-6311b3f710b426b9fbb7a71a48dbb21b\" style=\"color:#0173a2\"><strong>De la fronti\u00e8re \u00e0 Don Det<\/strong><\/p>\n\n\n\n<p>Nous voici au poste fronti\u00e8re du Laos. Nous remplissons un petit questionnaire, donnons passeports et photos et payons 40 $ (on nous refuse un billet l\u00e9g\u00e8rement ab\u00eem\u00e9).<\/p>\n\n\n\n<p>Et puis, au moment de r\u00e9cup\u00e9rer nos passeports, on nous demande encore 2 $ pour le&#8230; tampon ! Nous refusons et les douaniers n&rsquo;insistent pas !<\/p>\n\n\n\n<p>Par contre, en regardant les dates sur le tampon, nous nous apercevons que la date de sortie est le 25 f\u00e9vrier 2025 alors que nous croyions n&rsquo;avoir que 30 jours et non 60 ! Nous apprenons un peu plus tard, de la bouche de voyageurs, que le Laos a fait une \u00ab\u00a0promotion\u00a0\u00bb : les voyageurs ayant franchi la fronti\u00e8re entre le 1er juillet 2024 et le 31 d\u00e9cembre 2024 ont effectivement 60 jours de visa ! La bonne aubaine pour nous ! Est-ce que cette \u00ab\u00a0promo\u00a0\u00bb sera prolong\u00e9e ?<\/p>\n\n\n\n<div class=\"wp-block-media-text has-media-on-the-right is-stacked-on-mobile\" style=\"grid-template-columns:auto 54%\"><div class=\"wp-block-media-text__content\">\n<p>Premi\u00e8re nuit au Laos dans une guesthouse (mal cot\u00e9 sur internet mais finalement ce n&rsquo;est pas mal du tout et le cadre est tr\u00e8s \u00ab\u00a0chouette\u00a0\u00bb).<\/p>\n<\/div><figure class=\"wp-block-media-text__media\"><img loading=\"lazy\" decoding=\"async\" width=\"1024\" height=\"575\" src=\"https:\/\/2l-a-velo.com\/wp-content\/uploads\/2025\/01\/P1057138-1024x575.jpg\" alt=\"\" class=\"wp-image-12494 size-full\" srcset=\"https:\/\/2l-a-velo.com\/wp-content\/uploads\/2025\/01\/P1057138-1024x575.jpg 1024w, https:\/\/2l-a-velo.com\/wp-content\/uploads\/2025\/01\/P1057138-300x168.jpg 300w, https:\/\/2l-a-velo.com\/wp-content\/uploads\/2025\/01\/P1057138-768x431.jpg 768w, https:\/\/2l-a-velo.com\/wp-content\/uploads\/2025\/01\/P1057138-1536x862.jpg 1536w, https:\/\/2l-a-velo.com\/wp-content\/uploads\/2025\/01\/P1057138-2048x1149.jpg 2048w, https:\/\/2l-a-velo.com\/wp-content\/uploads\/2025\/01\/P1057138-900x505.jpg 900w, https:\/\/2l-a-velo.com\/wp-content\/uploads\/2025\/01\/P1057138-1280x718.jpg 1280w\" sizes=\"auto, (max-width: 1024px) 100vw, 1024px\" \/><\/figure><\/div>\n\n\n\n<p>Apr\u00e8s s&rsquo;\u00eatre \u00ab\u00a0battus\u00a0\u00bb avec les distributeurs de billets (bien du mal \u00e0 obtenir ce que l&rsquo;on voulait), et avoir achet\u00e9 quelques biscuits et bananes, nous gagnons l&#8217;embarcad\u00e8re o\u00f9 un \u00ab\u00a0bateau\u00a0\u00bb nous transporte sur l&rsquo;\u00eele de (Don) Det.<\/p>\n\n\n\n<div class=\"wp-block-media-text is-stacked-on-mobile\" style=\"grid-template-columns:60% auto\"><figure class=\"wp-block-media-text__media\"><img loading=\"lazy\" decoding=\"async\" width=\"1024\" height=\"575\" src=\"https:\/\/2l-a-velo.com\/wp-content\/uploads\/2025\/01\/P1057145-1024x575.jpg\" alt=\"\" class=\"wp-image-12497 size-full\" srcset=\"https:\/\/2l-a-velo.com\/wp-content\/uploads\/2025\/01\/P1057145-1024x575.jpg 1024w, https:\/\/2l-a-velo.com\/wp-content\/uploads\/2025\/01\/P1057145-300x168.jpg 300w, https:\/\/2l-a-velo.com\/wp-content\/uploads\/2025\/01\/P1057145-768x431.jpg 768w, https:\/\/2l-a-velo.com\/wp-content\/uploads\/2025\/01\/P1057145-1536x862.jpg 1536w, https:\/\/2l-a-velo.com\/wp-content\/uploads\/2025\/01\/P1057145-2048x1149.jpg 2048w, https:\/\/2l-a-velo.com\/wp-content\/uploads\/2025\/01\/P1057145-900x505.jpg 900w, https:\/\/2l-a-velo.com\/wp-content\/uploads\/2025\/01\/P1057145-1280x718.jpg 1280w\" sizes=\"auto, (max-width: 1024px) 100vw, 1024px\" \/><\/figure><div class=\"wp-block-media-text__content\">\n<p>En fait, il s&rsquo;agit de deux bateaux traditionnels reli\u00e9s par une plateforme, ce qui permet de transporter v\u00e9los, scooters, motos&#8230; un genre de catamaran !<\/p>\n<\/div><\/div>\n\n\n\n<div class=\"wp-block-media-text has-media-on-the-right is-stacked-on-mobile\" style=\"grid-template-columns:auto 58%\"><div class=\"wp-block-media-text__content\">\n<p>Nous voici \u00e0 Don Det dans la r\u00e9gion des 4 000 \u00eeles, tr\u00e8s touristique, vu le nombres de touristes occidentaux ! <\/p>\n<\/div><figure class=\"wp-block-media-text__media\"><img loading=\"lazy\" decoding=\"async\" width=\"1024\" height=\"575\" src=\"https:\/\/2l-a-velo.com\/wp-content\/uploads\/2025\/01\/P1057200-1024x575.jpg\" alt=\"\" class=\"wp-image-12499 size-full\" srcset=\"https:\/\/2l-a-velo.com\/wp-content\/uploads\/2025\/01\/P1057200-1024x575.jpg 1024w, https:\/\/2l-a-velo.com\/wp-content\/uploads\/2025\/01\/P1057200-300x168.jpg 300w, https:\/\/2l-a-velo.com\/wp-content\/uploads\/2025\/01\/P1057200-768x431.jpg 768w, https:\/\/2l-a-velo.com\/wp-content\/uploads\/2025\/01\/P1057200-1536x862.jpg 1536w, https:\/\/2l-a-velo.com\/wp-content\/uploads\/2025\/01\/P1057200-2048x1149.jpg 2048w, https:\/\/2l-a-velo.com\/wp-content\/uploads\/2025\/01\/P1057200-900x505.jpg 900w, https:\/\/2l-a-velo.com\/wp-content\/uploads\/2025\/01\/P1057200-1280x718.jpg 1280w\" sizes=\"auto, (max-width: 1024px) 100vw, 1024px\" \/><\/figure><\/div>\n\n\n\n<p> Ici, le M\u00e9kong paresse un peu et se s\u00e9pare en de multiples \u00ab\u00a0brins\u00a0\u00bb qui cr\u00e9ent un archipel d&rsquo;\u00eeles avant de d\u00e9valer vers le Cambodge par des chutes assez spectaculaires.<\/p>\n\n\n\n<div class=\"wp-block-media-text is-stacked-on-mobile\" style=\"grid-template-columns:56% auto\"><figure class=\"wp-block-media-text__media\"><img loading=\"lazy\" decoding=\"async\" width=\"1024\" height=\"575\" src=\"https:\/\/2l-a-velo.com\/wp-content\/uploads\/2025\/01\/P1027840-1024x575.jpg\" alt=\"\" class=\"wp-image-12509 size-full\" srcset=\"https:\/\/2l-a-velo.com\/wp-content\/uploads\/2025\/01\/P1027840-1024x575.jpg 1024w, https:\/\/2l-a-velo.com\/wp-content\/uploads\/2025\/01\/P1027840-300x168.jpg 300w, https:\/\/2l-a-velo.com\/wp-content\/uploads\/2025\/01\/P1027840-768x431.jpg 768w, https:\/\/2l-a-velo.com\/wp-content\/uploads\/2025\/01\/P1027840-1536x862.jpg 1536w, https:\/\/2l-a-velo.com\/wp-content\/uploads\/2025\/01\/P1027840-2048x1149.jpg 2048w, https:\/\/2l-a-velo.com\/wp-content\/uploads\/2025\/01\/P1027840-900x505.jpg 900w, https:\/\/2l-a-velo.com\/wp-content\/uploads\/2025\/01\/P1027840-1280x718.jpg 1280w\" sizes=\"auto, (max-width: 1024px) 100vw, 1024px\" \/><\/figure><div class=\"wp-block-media-text__content\">\n<p>Nous avons s\u00e9journ\u00e9 sur l&rsquo;\u00eele de (Don) Det, la plus touristique s\u00fbrement mais bien agr\u00e9able quand m\u00eame.<\/p>\n<\/div><\/div>\n\n\n\n<div class=\"wp-block-buttons is-layout-flex wp-block-buttons-is-layout-flex\">\n<div class=\"wp-block-button has-custom-width wp-block-button__width-100 has-custom-font-size has-large-font-size\"><a class=\"wp-block-button__link has-background wp-element-button\" href=\"https:\/\/photos.google.com\/share\/AF1QipOIbXjaSTSlxD2kr4YiNuxo9COKQr8B10V5qQE07Hkia3yA35OuszvuglfFulkGSQ\/photo\/AF1QipN4XGMzpwugQcMUyZRmbwmDz73SoijFKDDU3zTu?key=MEFGOEVLR1I5bW8zWWtDSnhCcXJoQUtxelRDOThn\" style=\"border-radius:10px;background-color:#0173a2\">album photos de la fronti\u00e8re \u00e0 don det<\/a><\/div>\n<\/div>\n\n\n\n<p class=\"has-text-align-center has-text-color has-link-color has-larger-font-size wp-elements-e4e44f4479cd668761bff62b747c8090\" style=\"color:#0173a2\"><strong>Balades sur les \u00eeles de Don Det et Don Kh\u00f4ne<\/strong><\/p>\n\n\n\n<div class=\"wp-block-media-text has-media-on-the-right is-stacked-on-mobile\" style=\"grid-template-columns:auto 58%\"><div class=\"wp-block-media-text__content\">\n<p>Trois jours \u00e0 se balader \u00e0 v\u00e9lo sur les \u00eeles de Det et de Kh\u00f4ne. Un vrai bonheur de p\u00e9daler ici : routes \u00e9troites mais b\u00e9tonn\u00e9e et absence de voitures.<\/p>\n<\/div><figure class=\"wp-block-media-text__media\"><img loading=\"lazy\" decoding=\"async\" width=\"1024\" height=\"575\" src=\"https:\/\/2l-a-velo.com\/wp-content\/uploads\/2025\/01\/P1027891-1024x575.jpg\" alt=\"\" class=\"wp-image-12500 size-full\" srcset=\"https:\/\/2l-a-velo.com\/wp-content\/uploads\/2025\/01\/P1027891-1024x575.jpg 1024w, https:\/\/2l-a-velo.com\/wp-content\/uploads\/2025\/01\/P1027891-300x168.jpg 300w, https:\/\/2l-a-velo.com\/wp-content\/uploads\/2025\/01\/P1027891-768x431.jpg 768w, https:\/\/2l-a-velo.com\/wp-content\/uploads\/2025\/01\/P1027891-1536x862.jpg 1536w, https:\/\/2l-a-velo.com\/wp-content\/uploads\/2025\/01\/P1027891-2048x1149.jpg 2048w, https:\/\/2l-a-velo.com\/wp-content\/uploads\/2025\/01\/P1027891-900x505.jpg 900w, https:\/\/2l-a-velo.com\/wp-content\/uploads\/2025\/01\/P1027891-1280x718.jpg 1280w\" sizes=\"auto, (max-width: 1024px) 100vw, 1024px\" \/><\/figure><\/div>\n\n\n\n<p>D&rsquo;ailleurs, la plupart des touristes utilisent des v\u00e9los et il y a pl\u00e9thore de loueurs ! On trouve aussi un nombre impressionnant d&rsquo;h\u00e9bergements et de restaurants, du bon march\u00e9 basique au plus sophistiqu\u00e9 !!!<\/p>\n\n\n\n<p>Quel plaisir d&rsquo;en faire le tour, de p\u00e9daler dans la fra\u00eecheur des arbres, de passer d&rsquo;un site \u00e0 l&rsquo;autre, de croiser vaches et buffles&#8230;<\/p>\n\n\n<div class=\"wp-block-image\">\n<figure class=\"aligncenter size-large\"><img loading=\"lazy\" decoding=\"async\" width=\"1024\" height=\"575\" src=\"https:\/\/2l-a-velo.com\/wp-content\/uploads\/2025\/01\/P1057364-1024x575.jpg\" alt=\"\" class=\"wp-image-12501\" srcset=\"https:\/\/2l-a-velo.com\/wp-content\/uploads\/2025\/01\/P1057364-1024x575.jpg 1024w, https:\/\/2l-a-velo.com\/wp-content\/uploads\/2025\/01\/P1057364-300x168.jpg 300w, https:\/\/2l-a-velo.com\/wp-content\/uploads\/2025\/01\/P1057364-768x431.jpg 768w, https:\/\/2l-a-velo.com\/wp-content\/uploads\/2025\/01\/P1057364-1536x862.jpg 1536w, https:\/\/2l-a-velo.com\/wp-content\/uploads\/2025\/01\/P1057364-2048x1149.jpg 2048w, https:\/\/2l-a-velo.com\/wp-content\/uploads\/2025\/01\/P1057364-900x505.jpg 900w, https:\/\/2l-a-velo.com\/wp-content\/uploads\/2025\/01\/P1057364-1280x718.jpg 1280w\" sizes=\"auto, (max-width: 1024px) 100vw, 1024px\" \/><figcaption class=\"wp-element-caption\"><em>Ancien pont de chemin de fer<\/em><\/figcaption><\/figure>\n<\/div>\n\n\n<p>Les deux \u00eeles sont reli\u00e9es par un pont de chemin de fer ! Non, il n&rsquo;y a plus de train mais, une ligne de 8 km fut construite \u00e0 la fin du XIX\u00e8me si\u00e8cle pour contourner cette portion du M\u00e9kong non navigable ! Le pont date de 1919 et mesure 150 m de long pour 3 m de large.<\/p>\n\n\n\n<p>La construction de cette ligne fut tr\u00e8s difficile compte tenu de l&rsquo;environnement et beaucoup de travailleurs y laiss\u00e8rent la vie !<\/p>\n\n\n\n<p>C\u00f4t\u00e9 pratique, les passagers d\u00e9barquaient au nord (ou au sud) et embarquaient au sud (ou au nord) suivant le sens du voyage ! Pour les bateaux, c&rsquo;est la m\u00eame chose, on les chargeait \u00e9galement sur le train !!! <\/p>\n\n\n\n<div class=\"wp-block-media-text is-stacked-on-mobile\" style=\"grid-template-columns:55% auto\"><figure class=\"wp-block-media-text__media\"><img loading=\"lazy\" decoding=\"async\" width=\"1024\" height=\"575\" src=\"https:\/\/2l-a-velo.com\/wp-content\/uploads\/2025\/01\/P1027842-1024x575.jpg\" alt=\"\" class=\"wp-image-12502 size-full\" srcset=\"https:\/\/2l-a-velo.com\/wp-content\/uploads\/2025\/01\/P1027842-1024x575.jpg 1024w, https:\/\/2l-a-velo.com\/wp-content\/uploads\/2025\/01\/P1027842-300x168.jpg 300w, https:\/\/2l-a-velo.com\/wp-content\/uploads\/2025\/01\/P1027842-768x431.jpg 768w, https:\/\/2l-a-velo.com\/wp-content\/uploads\/2025\/01\/P1027842-1536x862.jpg 1536w, https:\/\/2l-a-velo.com\/wp-content\/uploads\/2025\/01\/P1027842-2048x1149.jpg 2048w, https:\/\/2l-a-velo.com\/wp-content\/uploads\/2025\/01\/P1027842-900x505.jpg 900w, https:\/\/2l-a-velo.com\/wp-content\/uploads\/2025\/01\/P1027842-1280x718.jpg 1280w\" sizes=\"auto, (max-width: 1024px) 100vw, 1024px\" \/><\/figure><div class=\"wp-block-media-text__content\">\n<p>En sus du pont, on peut voir deux carcasses de locomotives r\u00e9cup\u00e9r\u00e9es dans la jungle en 1989 !<\/p>\n<\/div><\/div>\n\n\n\n<p>Autre attrait de ces \u00eeles, les impressionnantes cascades. Le site de Li Phi est le plus spectaculaire ! Ses cascades, pas tr\u00e8s hautes, mais s&rsquo;\u00e9tendant sur une tr\u00e8s grande largeur, d\u00e9valant entre les roches, en font un site spectaculaire.<\/p>\n\n\n\n<div class=\"wp-block-media-text has-media-on-the-right is-stacked-on-mobile\" style=\"grid-template-columns:auto 57%\"><div class=\"wp-block-media-text__content\">\n<p>Ce lieu a \u00e9t\u00e9 tr\u00e8s am\u00e9nag\u00e9. La longue s\u00e9rie de ponts suspendus \u00ab\u00a0survolant \u00a0\u00bb le site n&rsquo;est pas d&rsquo;un esth\u00e9tisme fou m\u00eame si cela permet d&rsquo;\u00eatre au plus pr\u00e8s des chutes ! <\/p>\n<\/div><figure class=\"wp-block-media-text__media\"><img loading=\"lazy\" decoding=\"async\" width=\"1024\" height=\"575\" src=\"https:\/\/2l-a-velo.com\/wp-content\/uploads\/2025\/01\/P1027847-1024x575.jpg\" alt=\"\" class=\"wp-image-12503 size-full\" srcset=\"https:\/\/2l-a-velo.com\/wp-content\/uploads\/2025\/01\/P1027847-1024x575.jpg 1024w, https:\/\/2l-a-velo.com\/wp-content\/uploads\/2025\/01\/P1027847-300x168.jpg 300w, https:\/\/2l-a-velo.com\/wp-content\/uploads\/2025\/01\/P1027847-768x431.jpg 768w, https:\/\/2l-a-velo.com\/wp-content\/uploads\/2025\/01\/P1027847-1536x862.jpg 1536w, https:\/\/2l-a-velo.com\/wp-content\/uploads\/2025\/01\/P1027847-2048x1149.jpg 2048w, https:\/\/2l-a-velo.com\/wp-content\/uploads\/2025\/01\/P1027847-900x505.jpg 900w, https:\/\/2l-a-velo.com\/wp-content\/uploads\/2025\/01\/P1027847-1280x718.jpg 1280w\" sizes=\"auto, (max-width: 1024px) 100vw, 1024px\" \/><\/figure><\/div>\n\n\n\n<p> Un deuxi\u00e8me site, tr\u00e8s peu am\u00e9nag\u00e9 et beaucoup moins impressionnant, existe de l&rsquo;autre c\u00f4t\u00e9 de l&rsquo;\u00eele. Finalement, plus sauvage et peu couru !<\/p>\n\n\n<div class=\"wp-block-image\">\n<figure class=\"aligncenter size-large\"><img loading=\"lazy\" decoding=\"async\" width=\"1024\" height=\"361\" src=\"https:\/\/2l-a-velo.com\/wp-content\/uploads\/2025\/01\/P1027887-Panorama-1024x361.jpg\" alt=\"\" class=\"wp-image-12504\" srcset=\"https:\/\/2l-a-velo.com\/wp-content\/uploads\/2025\/01\/P1027887-Panorama-1024x361.jpg 1024w, https:\/\/2l-a-velo.com\/wp-content\/uploads\/2025\/01\/P1027887-Panorama-300x106.jpg 300w, https:\/\/2l-a-velo.com\/wp-content\/uploads\/2025\/01\/P1027887-Panorama-768x271.jpg 768w, https:\/\/2l-a-velo.com\/wp-content\/uploads\/2025\/01\/P1027887-Panorama-1536x541.jpg 1536w, https:\/\/2l-a-velo.com\/wp-content\/uploads\/2025\/01\/P1027887-Panorama-2048x721.jpg 2048w, https:\/\/2l-a-velo.com\/wp-content\/uploads\/2025\/01\/P1027887-Panorama-900x317.jpg 900w, https:\/\/2l-a-velo.com\/wp-content\/uploads\/2025\/01\/P1027887-Panorama-1280x451.jpg 1280w\" sizes=\"auto, (max-width: 1024px) 100vw, 1024px\" \/><figcaption class=\"wp-element-caption\">Chutes de Khon Pa Soi<\/figcaption><\/figure>\n<\/div>\n\n\n<p>Pour \u00e9viter un demi-tour, nous avons quitt\u00e9 la route pour un chemin de terre. Chemin qui nous secouait pas mal. A tel point que Lionel \u00e9vita la chute de peu. Mais il n&rsquo;\u00e9vita pas celle de la cam\u00e9ra fix\u00e9e sur le casque. Nous nous en aper\u00e7\u00fbmes bien plus loin ! Alors, nous n&rsquo;\u00e9viterons pas le demi-tour cette fois ! Et, gr\u00e2ce \u00e0 une photo prise par Laure, sur laquelle Lionel n&rsquo;avait plus la cam\u00e9ra, nous avons facilement retrouv\u00e9 l&rsquo;endroit et&#8230; la cam\u00e9ra !<\/p>\n\n\n<div class=\"wp-block-image\">\n<figure class=\"aligncenter size-large\"><img loading=\"lazy\" decoding=\"async\" width=\"1024\" height=\"575\" src=\"https:\/\/2l-a-velo.com\/wp-content\/uploads\/2025\/01\/P1027830-1-1024x575.jpg\" alt=\"\" class=\"wp-image-12505\" srcset=\"https:\/\/2l-a-velo.com\/wp-content\/uploads\/2025\/01\/P1027830-1-1024x575.jpg 1024w, https:\/\/2l-a-velo.com\/wp-content\/uploads\/2025\/01\/P1027830-1-300x168.jpg 300w, https:\/\/2l-a-velo.com\/wp-content\/uploads\/2025\/01\/P1027830-1-768x431.jpg 768w, https:\/\/2l-a-velo.com\/wp-content\/uploads\/2025\/01\/P1027830-1-1536x862.jpg 1536w, https:\/\/2l-a-velo.com\/wp-content\/uploads\/2025\/01\/P1027830-1-2048x1149.jpg 2048w, https:\/\/2l-a-velo.com\/wp-content\/uploads\/2025\/01\/P1027830-1-900x505.jpg 900w, https:\/\/2l-a-velo.com\/wp-content\/uploads\/2025\/01\/P1027830-1-1280x718.jpg 1280w\" sizes=\"auto, (max-width: 1024px) 100vw, 1024px\" \/><figcaption class=\"wp-element-caption\">Lever de soleil sur le M\u00e9kong<\/figcaption><\/figure>\n<\/div>\n\n\n<div class=\"wp-block-buttons is-layout-flex wp-block-buttons-is-layout-flex\">\n<div class=\"wp-block-button has-custom-font-size has-large-font-size\"><a class=\"wp-block-button__link has-background wp-element-button\" href=\"https:\/\/photos.google.com\/share\/AF1QipMgx5NkDEmyoJWgGr3mMga26ivyap5WWmZJyXTPD0hF6W8CXG_rv1yfICxjSneOYw\/photo\/AF1QipPo70SD-EeVkb0HfgylayITZxi6-3S56Tr-i9nW?key=WFY2WlJxYU5VYVRheEltMlNkZVFrc0lMVGNtU2tB\" style=\"border-radius:10px;background-color:#0173a2\">album photos des \u00eeles de Don Det et Don Kh\u00f4ne<\/a><\/div>\n<\/div>\n\n\n\n<div class=\"wp-block-buttons is-layout-flex wp-block-buttons-is-layout-flex\">\n<div class=\"wp-block-button has-custom-width wp-block-button__width-100 has-custom-font-size has-large-font-size\"><a class=\"wp-block-button__link has-background has-text-align-center wp-element-button\" style=\"border-radius:10px;background-color:#c52003\">vid\u00e9o : sur les \u00eeles<\/a><\/div>\n<\/div>\n\n\n\n<iframe loading=\"lazy\" width=\"560\" height=\"315\" src=\"https:\/\/www.youtube.com\/embed\/cr5mGr5x1_g?si=9cru0lMqyOCikyAF\" title=\"YouTube video player\" frameborder=\"0\" allow=\"accelerometer; autoplay; clipboard-write; encrypted-media; gyroscope; picture-in-picture; web-share\" referrerpolicy=\"strict-origin-when-cross-origin\" allowfullscreen><\/iframe>\n\n\n\n<p class=\"has-text-align-center has-text-color has-link-color has-larger-font-size wp-elements-9bced9fa0d123efc7de55f5ddc9f0eed\" style=\"color:#0173a2\"><strong>Nos h\u00f4tes et notre h\u00e9bergement aux 4 000 \u00eeles<\/strong><\/p>\n\n\n\n<div class=\"wp-block-media-text is-stacked-on-mobile\" style=\"grid-template-columns:55% auto\"><figure class=\"wp-block-media-text__media\"><img loading=\"lazy\" decoding=\"async\" width=\"1024\" height=\"575\" src=\"https:\/\/2l-a-velo.com\/wp-content\/uploads\/2025\/01\/P1057154-2-1024x575.jpg\" alt=\"\" class=\"wp-image-12508 size-full\" srcset=\"https:\/\/2l-a-velo.com\/wp-content\/uploads\/2025\/01\/P1057154-2-1024x575.jpg 1024w, https:\/\/2l-a-velo.com\/wp-content\/uploads\/2025\/01\/P1057154-2-300x168.jpg 300w, https:\/\/2l-a-velo.com\/wp-content\/uploads\/2025\/01\/P1057154-2-768x431.jpg 768w, https:\/\/2l-a-velo.com\/wp-content\/uploads\/2025\/01\/P1057154-2-1536x862.jpg 1536w, https:\/\/2l-a-velo.com\/wp-content\/uploads\/2025\/01\/P1057154-2-2048x1149.jpg 2048w, https:\/\/2l-a-velo.com\/wp-content\/uploads\/2025\/01\/P1057154-2-900x505.jpg 900w, https:\/\/2l-a-velo.com\/wp-content\/uploads\/2025\/01\/P1057154-2-1280x718.jpg 1280w\" sizes=\"auto, (max-width: 1024px) 100vw, 1024px\" \/><\/figure><div class=\"wp-block-media-text__content\">\n<p>Un Fran\u00e7ais, rencontr\u00e9 sur le ferry, nous a guid\u00e9 vers notre h\u00e9bergement : la guesthouse de Mister Phao. Un propri\u00e9taire chaleureux, parlant l&rsquo;Anglais, un endroit incroyable, face au M\u00e9kong.<\/p>\n<\/div><\/div>\n\n\n\n<p>Nous logeons dans un petit (mais tr\u00e8s petit) bungalow un peu spartiate aux planches disjointes, aux fen\u00eatres sans vitres. Pas d&rsquo;eau chaude, pas de chasse d&rsquo;eau, mais une moustiquaire heureusement pour passer des nuits tranquilles.<\/p>\n\n\n\n<div class=\"wp-block-media-text has-media-on-the-right is-stacked-on-mobile\" style=\"grid-template-columns:auto 59%\"><div class=\"wp-block-media-text__content\">\n<p>Un peu petit pour nous, car nous avons un peu de mal \u00e0 caser toutes nos sacoches ! Mais bon, passer quatre jours dans un tel endroit vaut bien quelques sacrifices sur le confort.<\/p>\n<\/div><figure class=\"wp-block-media-text__media\"><img loading=\"lazy\" decoding=\"async\" width=\"1024\" height=\"575\" src=\"https:\/\/2l-a-velo.com\/wp-content\/uploads\/2025\/01\/P1027954-1024x575.jpg\" alt=\"\" class=\"wp-image-12510 size-full\" srcset=\"https:\/\/2l-a-velo.com\/wp-content\/uploads\/2025\/01\/P1027954-1024x575.jpg 1024w, https:\/\/2l-a-velo.com\/wp-content\/uploads\/2025\/01\/P1027954-300x168.jpg 300w, https:\/\/2l-a-velo.com\/wp-content\/uploads\/2025\/01\/P1027954-768x431.jpg 768w, https:\/\/2l-a-velo.com\/wp-content\/uploads\/2025\/01\/P1027954-1536x862.jpg 1536w, https:\/\/2l-a-velo.com\/wp-content\/uploads\/2025\/01\/P1027954-2048x1149.jpg 2048w, https:\/\/2l-a-velo.com\/wp-content\/uploads\/2025\/01\/P1027954-900x505.jpg 900w, https:\/\/2l-a-velo.com\/wp-content\/uploads\/2025\/01\/P1027954-1280x718.jpg 1280w\" sizes=\"auto, (max-width: 1024px) 100vw, 1024px\" \/><\/figure><\/div>\n\n\n\n<p>D&rsquo;autant que la famille qui nous accueille est en f\u00eate. Le propri\u00e9taire vient d&rsquo;avoir un petit-fils. Il faut dire que dans ces pays, plusieurs g\u00e9n\u00e9rations vivent sous le m\u00eame toit. Nous sommes invit\u00e9s \u00e0 aller voir le nouveau-n\u00e9, \u00e0 prendre des photos dans leur maison.<\/p>\n\n\n\n<div class=\"wp-block-media-text is-stacked-on-mobile\" style=\"grid-template-columns:56% auto\"><figure class=\"wp-block-media-text__media\"><img loading=\"lazy\" decoding=\"async\" width=\"1024\" height=\"575\" src=\"https:\/\/2l-a-velo.com\/wp-content\/uploads\/2025\/01\/P1057409-1024x575.jpg\" alt=\"\" class=\"wp-image-12513 size-full\" srcset=\"https:\/\/2l-a-velo.com\/wp-content\/uploads\/2025\/01\/P1057409-1024x575.jpg 1024w, https:\/\/2l-a-velo.com\/wp-content\/uploads\/2025\/01\/P1057409-300x168.jpg 300w, https:\/\/2l-a-velo.com\/wp-content\/uploads\/2025\/01\/P1057409-768x431.jpg 768w, https:\/\/2l-a-velo.com\/wp-content\/uploads\/2025\/01\/P1057409-1536x862.jpg 1536w, https:\/\/2l-a-velo.com\/wp-content\/uploads\/2025\/01\/P1057409-2048x1149.jpg 2048w, https:\/\/2l-a-velo.com\/wp-content\/uploads\/2025\/01\/P1057409-900x505.jpg 900w, https:\/\/2l-a-velo.com\/wp-content\/uploads\/2025\/01\/P1057409-1280x718.jpg 1280w\" sizes=\"auto, (max-width: 1024px) 100vw, 1024px\" \/><\/figure><div class=\"wp-block-media-text__content\">\n<p>Nous qui nous plaignons du manque de confort, que dire de ces gens qui mangent et dorment \u00e0 m\u00eame le sol.<\/p>\n<\/div><\/div>\n\n\n\n<p>Il est vrai que c&rsquo;est leur mani\u00e8re de vivre et que, m\u00eame s&rsquo;il y a une table et des chaises, ils ne les utilisent pas !<\/p>\n\n\n\n<div class=\"wp-block-media-text has-media-on-the-right is-stacked-on-mobile\" style=\"grid-template-columns:auto 56%\"><div class=\"wp-block-media-text__content\">\n<p>Aller voir le b\u00e9b\u00e9 leur fait \u00e9norm\u00e9ment plaisir. C&rsquo;est \u00e0 l&rsquo;occasion de ces visites que nous constatons qu&rsquo;ils font du feu car il ont froid \u00e0 cette saison ! Etonnant !<\/p>\n<\/div><figure class=\"wp-block-media-text__media\"><img loading=\"lazy\" decoding=\"async\" width=\"1024\" height=\"575\" src=\"https:\/\/2l-a-velo.com\/wp-content\/uploads\/2025\/01\/P1057401-1024x575.jpg\" alt=\"\" class=\"wp-image-12514 size-full\" srcset=\"https:\/\/2l-a-velo.com\/wp-content\/uploads\/2025\/01\/P1057401-1024x575.jpg 1024w, https:\/\/2l-a-velo.com\/wp-content\/uploads\/2025\/01\/P1057401-300x168.jpg 300w, https:\/\/2l-a-velo.com\/wp-content\/uploads\/2025\/01\/P1057401-768x431.jpg 768w, https:\/\/2l-a-velo.com\/wp-content\/uploads\/2025\/01\/P1057401-1536x862.jpg 1536w, https:\/\/2l-a-velo.com\/wp-content\/uploads\/2025\/01\/P1057401-2048x1149.jpg 2048w, https:\/\/2l-a-velo.com\/wp-content\/uploads\/2025\/01\/P1057401-900x505.jpg 900w, https:\/\/2l-a-velo.com\/wp-content\/uploads\/2025\/01\/P1057401-1280x718.jpg 1280w\" sizes=\"auto, (max-width: 1024px) 100vw, 1024px\" \/><\/figure><\/div>\n\n\n\n<div class=\"wp-block-media-text is-stacked-on-mobile\" style=\"grid-template-columns:53% auto\"><figure class=\"wp-block-media-text__media\"><img loading=\"lazy\" decoding=\"async\" width=\"1024\" height=\"575\" src=\"https:\/\/2l-a-velo.com\/wp-content\/uploads\/2025\/01\/P1057406-1024x575.jpg\" alt=\"\" class=\"wp-image-12515 size-full\" srcset=\"https:\/\/2l-a-velo.com\/wp-content\/uploads\/2025\/01\/P1057406-1024x575.jpg 1024w, https:\/\/2l-a-velo.com\/wp-content\/uploads\/2025\/01\/P1057406-300x168.jpg 300w, https:\/\/2l-a-velo.com\/wp-content\/uploads\/2025\/01\/P1057406-768x431.jpg 768w, https:\/\/2l-a-velo.com\/wp-content\/uploads\/2025\/01\/P1057406-1536x862.jpg 1536w, https:\/\/2l-a-velo.com\/wp-content\/uploads\/2025\/01\/P1057406-2048x1149.jpg 2048w, https:\/\/2l-a-velo.com\/wp-content\/uploads\/2025\/01\/P1057406-900x505.jpg 900w, https:\/\/2l-a-velo.com\/wp-content\/uploads\/2025\/01\/P1057406-1280x718.jpg 1280w\" sizes=\"auto, (max-width: 1024px) 100vw, 1024px\" \/><\/figure><div class=\"wp-block-media-text__content\">\n<p>De nombreuses femmes passent leurs journ\u00e9es dans la maison \u00e0 jouer aux cartes ! Et elles jouent de l&rsquo;argent !! Et cet argent est donn\u00e9 \u00e0 la famille du nouveau-n\u00e9 !<\/p>\n<\/div><\/div>\n\n\n\n<p>Aujourd&rsquo;hui, premier janvier, c&rsquo;est la f\u00eate ! Rien \u00e0 voir avec le d\u00e9but d&rsquo;ann\u00e9e (au Laos, cela se f\u00eate au mois d&rsquo;avril). C&rsquo;est la naissance que l&rsquo;on salue, un peu comme un bapt\u00eame chez les catholiques.<\/p>\n\n\n\n<figure class=\"wp-block-image size-large\"><img loading=\"lazy\" decoding=\"async\" width=\"1024\" height=\"575\" src=\"https:\/\/2l-a-velo.com\/wp-content\/uploads\/2025\/01\/P1027956-1024x575.jpg\" alt=\"\" class=\"wp-image-12516\" srcset=\"https:\/\/2l-a-velo.com\/wp-content\/uploads\/2025\/01\/P1027956-1024x575.jpg 1024w, https:\/\/2l-a-velo.com\/wp-content\/uploads\/2025\/01\/P1027956-300x168.jpg 300w, https:\/\/2l-a-velo.com\/wp-content\/uploads\/2025\/01\/P1027956-768x431.jpg 768w, https:\/\/2l-a-velo.com\/wp-content\/uploads\/2025\/01\/P1027956-1536x862.jpg 1536w, https:\/\/2l-a-velo.com\/wp-content\/uploads\/2025\/01\/P1027956-2048x1149.jpg 2048w, https:\/\/2l-a-velo.com\/wp-content\/uploads\/2025\/01\/P1027956-900x505.jpg 900w, https:\/\/2l-a-velo.com\/wp-content\/uploads\/2025\/01\/P1027956-1280x718.jpg 1280w\" sizes=\"auto, (max-width: 1024px) 100vw, 1024px\" \/><\/figure>\n\n\n\n<p>Beaucoup de voisins et d&rsquo;amis mais aussi les clients de la guesthouse. Par contre, manger Lao \u00e0 10 h du matin, ce n&rsquo;est pas le plus facile mais nous grignotons&#8230; un peu !!!<\/p>\n\n\n\n<p>Cette famille laotienne est adorable, conviviale, tr\u00e8s ouverte aux autres !<\/p>\n\n\n\n<div class=\"wp-block-media-text has-media-on-the-right is-stacked-on-mobile\" style=\"grid-template-columns:auto 62%\"><div class=\"wp-block-media-text__content\">\n<p>Dans cette guesthouse, nous avons rencontr\u00e9 une famille fran\u00e7aise qui voyage \u00e0 v\u00e9lo. <\/p>\n<\/div><figure class=\"wp-block-media-text__media\"><img loading=\"lazy\" decoding=\"async\" width=\"1024\" height=\"575\" src=\"https:\/\/2l-a-velo.com\/wp-content\/uploads\/2025\/01\/P1057357-1-1024x575.jpg\" alt=\"\" class=\"wp-image-12518 size-full\" srcset=\"https:\/\/2l-a-velo.com\/wp-content\/uploads\/2025\/01\/P1057357-1-1024x575.jpg 1024w, https:\/\/2l-a-velo.com\/wp-content\/uploads\/2025\/01\/P1057357-1-300x168.jpg 300w, https:\/\/2l-a-velo.com\/wp-content\/uploads\/2025\/01\/P1057357-1-768x431.jpg 768w, https:\/\/2l-a-velo.com\/wp-content\/uploads\/2025\/01\/P1057357-1-1536x862.jpg 1536w, https:\/\/2l-a-velo.com\/wp-content\/uploads\/2025\/01\/P1057357-1-2048x1149.jpg 2048w, https:\/\/2l-a-velo.com\/wp-content\/uploads\/2025\/01\/P1057357-1-900x505.jpg 900w, https:\/\/2l-a-velo.com\/wp-content\/uploads\/2025\/01\/P1057357-1-1280x718.jpg 1280w\" sizes=\"auto, (max-width: 1024px) 100vw, 1024px\" \/><\/figure><\/div>\n\n\n\n<p>Charlotte, Romain et leurs trois filles voyagent \u00e0 bicyclette depuis plusieurs mois et vont ensuite se rendre au N\u00e9pal pour un trek, mais \u00e0 pied cette fois !!!<\/p>\n\n\n\n<figure class=\"wp-block-image size-large\"><img loading=\"lazy\" decoding=\"async\" width=\"1024\" height=\"575\" src=\"https:\/\/2l-a-velo.com\/wp-content\/uploads\/2025\/01\/P1057433-1024x575.jpg\" alt=\"\" class=\"wp-image-12519\" srcset=\"https:\/\/2l-a-velo.com\/wp-content\/uploads\/2025\/01\/P1057433-1024x575.jpg 1024w, https:\/\/2l-a-velo.com\/wp-content\/uploads\/2025\/01\/P1057433-300x168.jpg 300w, https:\/\/2l-a-velo.com\/wp-content\/uploads\/2025\/01\/P1057433-768x431.jpg 768w, https:\/\/2l-a-velo.com\/wp-content\/uploads\/2025\/01\/P1057433-1536x862.jpg 1536w, https:\/\/2l-a-velo.com\/wp-content\/uploads\/2025\/01\/P1057433-2048x1149.jpg 2048w, https:\/\/2l-a-velo.com\/wp-content\/uploads\/2025\/01\/P1057433-900x505.jpg 900w, https:\/\/2l-a-velo.com\/wp-content\/uploads\/2025\/01\/P1057433-1280x718.jpg 1280w\" sizes=\"auto, (max-width: 1024px) 100vw, 1024px\" \/><\/figure>\n\n\n\n<p>Tr\u00e8s belle rencontre, un peu br\u00e8ve, mais nous avons \u00e9chang\u00e9 des informations sur nos itin\u00e9raires respectifs puisque cette petite famille arrive du nord du Laos o\u00f9 nous allons (vous suivez ? ) !<\/p>\n\n\n\n<p>Nous les quitterons demain matin sans les saluer : ils dormaient encore lorsque nous sommes partis et nous n&rsquo;avons pas eu le c\u0153ur de les r\u00e9veiller !!! <\/p>\n\n\n\n<div class=\"wp-block-buttons is-layout-flex wp-block-buttons-is-layout-flex\">\n<div class=\"wp-block-button has-custom-width wp-block-button__width-100 has-custom-font-size has-large-font-size\"><a class=\"wp-block-button__link has-background has-text-align-center wp-element-button\" href=\"https:\/\/photos.google.com\/share\/AF1QipOeV8KDv75alYsHVNpSbIaPR5vdTkufCYGq5vu6eqol4nsxkK9LrcABuSKecvFd6A\/photo\/AF1QipMCopefeehqn4c7AAzRK6j5Vhs1f43BYkzz-jFv?key=VHRPRE50YkV5QTUwZ3dLTHdlNVA1bk1hc3hIdDBB\" style=\"border-radius:10px;background-color:#0173a2\">album photos nos h\u00f4tes et l&rsquo;h\u00e9bergement<\/a><\/div>\n<\/div>\n\n\n\n<div class=\"wp-block-buttons is-layout-flex wp-block-buttons-is-layout-flex\">\n<div class=\"wp-block-button has-custom-width wp-block-button__width-100 has-custom-font-size has-large-font-size\"><a class=\"wp-block-button__link has-background wp-element-button\" style=\"border-radius:10px;background-color:#c52003\">Vid\u00e9o <\/a><\/div>\n<\/div>\n\n\n\n<iframe loading=\"lazy\" width=\"560\" height=\"315\" src=\"https:\/\/www.youtube.com\/embed\/iw1zD_HWzWk?si=rkRhldCiMe0DSLsm\" title=\"YouTube video player\" frameborder=\"0\" allow=\"accelerometer; autoplay; clipboard-write; encrypted-media; gyroscope; picture-in-picture; web-share\" referrerpolicy=\"strict-origin-when-cross-origin\" allowfullscreen><\/iframe>\n","protected":false},"excerpt":{"rendered":"<p>Du 28 d\u00e9cembre 2024 au 1er janvier 2025 Itin\u00e9raire De la fronti\u00e8re \u00e0 Don Det Nous voici au poste fronti\u00e8re du Laos. Nous remplissons un petit questionnaire, donnons passeports et photos et payons 40 $ (on nous refuse un billet l\u00e9g\u00e8rement ab\u00eem\u00e9). Et puis, au moment de r\u00e9cup\u00e9rer nos passeports, on nous demande encore 2 [&hellip;]<\/p>\n","protected":false},"author":1,"featured_media":0,"parent":12456,"menu_order":1,"comment_status":"open","ping_status":"closed","template":"","meta":{"jetpack_post_was_ever_published":false,"footnotes":""},"class_list":["post-12480","page","type-page","status-publish","hentry"],"jetpack_likes_enabled":true,"jetpack_sharing_enabled":true,"_links":{"self":[{"href":"https:\/\/2l-a-velo.com\/index.php?rest_route=\/wp\/v2\/pages\/12480","targetHints":{"allow":["GET"]}}],"collection":[{"href":"https:\/\/2l-a-velo.com\/index.php?rest_route=\/wp\/v2\/pages"}],"about":[{"href":"https:\/\/2l-a-velo.com\/index.php?rest_route=\/wp\/v2\/types\/page"}],"author":[{"embeddable":true,"href":"https:\/\/2l-a-velo.com\/index.php?rest_route=\/wp\/v2\/users\/1"}],"replies":[{"embeddable":true,"href":"https:\/\/2l-a-velo.com\/index.php?rest_route=%2Fwp%2Fv2%2Fcomments&post=12480"}],"version-history":[{"count":21,"href":"https:\/\/2l-a-velo.com\/index.php?rest_route=\/wp\/v2\/pages\/12480\/revisions"}],"predecessor-version":[{"id":12533,"href":"https:\/\/2l-a-velo.com\/index.php?rest_route=\/wp\/v2\/pages\/12480\/revisions\/12533"}],"up":[{"embeddable":true,"href":"https:\/\/2l-a-velo.com\/index.php?rest_route=\/wp\/v2\/pages\/12456"}],"wp:attachment":[{"href":"https:\/\/2l-a-velo.com\/index.php?rest_route=%2Fwp%2Fv2%2Fmedia&parent=12480"}],"curies":[{"name":"wp","href":"https:\/\/api.w.org\/{rel}","templated":true}]}}