{"id":12648,"date":"2025-01-16T15:33:57","date_gmt":"2025-01-16T14:33:57","guid":{"rendered":"https:\/\/2l-a-velo.com\/?page_id=12648"},"modified":"2025-01-17T11:06:29","modified_gmt":"2025-01-17T10:06:29","slug":"de-pakse-a-thakhek","status":"publish","type":"page","link":"https:\/\/2l-a-velo.com\/?page_id=12648","title":{"rendered":"De Paks\u00e9 \u00e0 Thakhek"},"content":{"rendered":"\n<div class=\"wp-block-media-text is-stacked-on-mobile\" style=\"grid-template-columns:65% auto\"><figure class=\"wp-block-media-text__media\"><img loading=\"lazy\" decoding=\"async\" width=\"1024\" height=\"575\" src=\"https:\/\/2l-a-velo.com\/wp-content\/uploads\/2025\/01\/P1058258-1024x575.jpg\" alt=\"\" class=\"wp-image-12745 size-full\" srcset=\"https:\/\/2l-a-velo.com\/wp-content\/uploads\/2025\/01\/P1058258-1024x575.jpg 1024w, https:\/\/2l-a-velo.com\/wp-content\/uploads\/2025\/01\/P1058258-300x168.jpg 300w, https:\/\/2l-a-velo.com\/wp-content\/uploads\/2025\/01\/P1058258-768x431.jpg 768w, https:\/\/2l-a-velo.com\/wp-content\/uploads\/2025\/01\/P1058258-1536x862.jpg 1536w, https:\/\/2l-a-velo.com\/wp-content\/uploads\/2025\/01\/P1058258-2048x1149.jpg 2048w, https:\/\/2l-a-velo.com\/wp-content\/uploads\/2025\/01\/P1058258-900x505.jpg 900w, https:\/\/2l-a-velo.com\/wp-content\/uploads\/2025\/01\/P1058258-1280x718.jpg 1280w\" sizes=\"auto, (max-width: 1024px) 100vw, 1024px\" \/><\/figure><div class=\"wp-block-media-text__content\">\n<p class=\"has-text-align-center has-larger-font-size\"><strong>Du 11 au 16 janvier 2025<\/strong><\/p>\n<\/div><\/div>\n\n\n\n<p class=\"has-text-align-center has-text-color has-link-color has-larger-font-size wp-elements-2bd7d22bab28ad8b41142ddf8292af46\" style=\"color:#0173a3\"><strong>Itin\u00e9raire<\/strong><\/p>\n\n\n\n<p class=\"has-text-align-center has-text-color has-link-color has-large-font-size wp-elements-84dd8d939e849376c9def2b1eb047130\" style=\"color:#e50808\"><strong>Nous venons de passer les 5 000 km !<\/strong><\/p>\n\n\n\n<p class=\"has-text-align-center has-large-font-size\"><strong>340 km<\/strong><\/p>\n\n\n\n<iframe loading=\"lazy\" src=\"https:\/\/www.google.com\/maps\/d\/embed?mid=1k-sK4SMlDUHVLDNF0Y4bpsywF8GZOM0&#038;ehbc=2E312F\" width=\"640\" height=\"480\"><\/iframe>\n\n\n\n<p class=\"has-text-align-center has-text-color has-link-color has-larger-font-size wp-elements-1fb1792a40e675422452c6f4124e0590\" style=\"color:#0173a3\"><strong>Paks\u00e9<\/strong><\/p>\n\n\n\n<p>Fond\u00e9e par les fran\u00e7ais en 1905, Paks\u00e9, situ\u00e9e sur la rive gauche du M\u00e9kong \u00e0 son confluent avec la rivi\u00e8re Done, est l&rsquo;une des villes du Laos les plus importantes en terme \u00e9conomique. C&rsquo;est la troisi\u00e8me ville du pays en nombre d&rsquo;habitants.<\/p>\n\n\n\n<figure class=\"wp-block-image size-large\"><img loading=\"lazy\" decoding=\"async\" width=\"1024\" height=\"575\" src=\"https:\/\/2l-a-velo.com\/wp-content\/uploads\/2025\/01\/P1058060-1024x575.jpg\" alt=\"\" class=\"wp-image-12724\" srcset=\"https:\/\/2l-a-velo.com\/wp-content\/uploads\/2025\/01\/P1058060-1024x575.jpg 1024w, https:\/\/2l-a-velo.com\/wp-content\/uploads\/2025\/01\/P1058060-300x168.jpg 300w, https:\/\/2l-a-velo.com\/wp-content\/uploads\/2025\/01\/P1058060-768x431.jpg 768w, https:\/\/2l-a-velo.com\/wp-content\/uploads\/2025\/01\/P1058060-1536x862.jpg 1536w, https:\/\/2l-a-velo.com\/wp-content\/uploads\/2025\/01\/P1058060-2048x1149.jpg 2048w, https:\/\/2l-a-velo.com\/wp-content\/uploads\/2025\/01\/P1058060-900x505.jpg 900w, https:\/\/2l-a-velo.com\/wp-content\/uploads\/2025\/01\/P1058060-1280x718.jpg 1280w\" sizes=\"auto, (max-width: 1024px) 100vw, 1024px\" \/><\/figure>\n\n\n\n<p>Son a\u00e9roport permet de relier la ville \u00e0 Bangkok, Ventiane et Siem Reap. Gr\u00e2ce \u00e0 son monumental pont sur le M\u00e9kong (le pont japonais), on peut facilement rejoindre la Tha\u00eflande. C&rsquo;est aussi ici qu&rsquo;arrivent les productions agricoles du plateau des Bolovens notamment le caf\u00e9 et le manioc.<\/p>\n\n\n\n<p>Pour nous, la petite pause d&rsquo;une journ\u00e9e est consacr\u00e9e \u00e0 ce que des cyclovoyageurs peuvent faire dans une grande ville.<\/p>\n\n\n\n<p><em>De la m\u00e9canique :<\/em> nous avons trouv\u00e9 un magasin de location de v\u00e9los qui nous a procur\u00e9 une nouvelle b\u00e9quille pour le v\u00e9lo de Laure !<\/p>\n\n\n\n<p><em>De l&rsquo;entretien :<\/em> lavage et gonflage des deux v\u00e9los, huilage des cha\u00eenes !<\/p>\n\n\n\n<p><em>Des soins de beaut\u00e9 : <\/em>Lionel s&rsquo;est fait couper les cheveux. Il ne faut pas \u00eatre trop difficile ni sur la propret\u00e9 des peignes, ni sur celle des ciseaux, mais la coupe est assez r\u00e9ussie !<\/p>\n\n\n\n<p><em>La lessive :<\/em> Depuis le d\u00e9but du voyage, Laure lave le linge \u00e0 la main pratiquement tous les soirs ! Et \u00e0 Paks\u00e9, notre lessive \u00e9tait cons\u00e9quente !<\/p>\n\n\n\n<div class=\"wp-block-media-text has-media-on-the-right is-stacked-on-mobile\" style=\"grid-template-columns:auto 58%\"><div class=\"wp-block-media-text__content\">\n<p><em>Les courses : <\/em>Un fond de sacoche n&rsquo;est jamais vraiment inutile : fruits, biscuits, caf\u00e9, th\u00e9&#8230;<\/p>\n<\/div><figure class=\"wp-block-media-text__media\"><img loading=\"lazy\" decoding=\"async\" width=\"1024\" height=\"575\" src=\"https:\/\/2l-a-velo.com\/wp-content\/uploads\/2025\/01\/P1058073-1024x575.jpg\" alt=\"\" class=\"wp-image-12723 size-full\" srcset=\"https:\/\/2l-a-velo.com\/wp-content\/uploads\/2025\/01\/P1058073-1024x575.jpg 1024w, https:\/\/2l-a-velo.com\/wp-content\/uploads\/2025\/01\/P1058073-300x168.jpg 300w, https:\/\/2l-a-velo.com\/wp-content\/uploads\/2025\/01\/P1058073-768x431.jpg 768w, https:\/\/2l-a-velo.com\/wp-content\/uploads\/2025\/01\/P1058073-1536x862.jpg 1536w, https:\/\/2l-a-velo.com\/wp-content\/uploads\/2025\/01\/P1058073-2048x1149.jpg 2048w, https:\/\/2l-a-velo.com\/wp-content\/uploads\/2025\/01\/P1058073-900x505.jpg 900w, https:\/\/2l-a-velo.com\/wp-content\/uploads\/2025\/01\/P1058073-1280x718.jpg 1280w\" sizes=\"auto, (max-width: 1024px) 100vw, 1024px\" \/><\/figure><\/div>\n\n\n\n<p><em>La gastronomie :<\/em> Apr\u00e8s plusieurs mois en Asie du Sud-Est, nous aimons bien, de temps en temps, un retour aux sources. Alors un sandwich au p\u00e2t\u00e9 et des croissants achet\u00e9s \u00e0 la boulangerie fran\u00e7aise sont les bienvenus. Nous irons m\u00eame jusqu&rsquo;\u00e0 nous offrir un repas \u00e0 l&rsquo;excellent restaurant italien de Paks\u00e9.  <\/p>\n\n\n\n<div class=\"wp-block-buttons is-layout-flex wp-block-buttons-is-layout-flex\">\n<div class=\"wp-block-button has-custom-width wp-block-button__width-100 has-custom-font-size has-large-font-size\"><a class=\"wp-block-button__link has-background has-text-align-center wp-element-button\" href=\"https:\/\/photos.google.com\/share\/AF1QipP66GPsTE_KzD7ElIr4NP4s9NYVN2DXJxGRVnuYlQgWmRsrFI0ZWc8IJDbdj-6tZg\/photo\/AF1QipP3tByCOLrMFq6zia2lZ-fVCoF5x80H7n1KneZs?key=Vk0xTkFfem1qOWlmLUlxX25qZUhQRWk3Tk5OMU9B\" style=\"border-radius:10px;background-color:#0173a3\">album photos paks\u00e9<\/a><\/div>\n<\/div>\n\n\n\n<p class=\"has-text-align-center has-text-color has-link-color has-larger-font-size wp-elements-10ba4097fd44dd5c80916c21b98ada8e\" style=\"color:#0173a3\"><strong>Cinq jours sur la route num\u00e9ro 13<\/strong><\/p>\n\n\n\n<div class=\"wp-block-media-text is-stacked-on-mobile\" style=\"grid-template-columns:55% auto\"><figure class=\"wp-block-media-text__media\"><img loading=\"lazy\" decoding=\"async\" width=\"1024\" height=\"575\" src=\"https:\/\/2l-a-velo.com\/wp-content\/uploads\/2025\/01\/P1028354-1024x575.jpg\" alt=\"\" class=\"wp-image-12700 size-full\" srcset=\"https:\/\/2l-a-velo.com\/wp-content\/uploads\/2025\/01\/P1028354-1024x575.jpg 1024w, https:\/\/2l-a-velo.com\/wp-content\/uploads\/2025\/01\/P1028354-300x168.jpg 300w, https:\/\/2l-a-velo.com\/wp-content\/uploads\/2025\/01\/P1028354-768x431.jpg 768w, https:\/\/2l-a-velo.com\/wp-content\/uploads\/2025\/01\/P1028354-1536x862.jpg 1536w, https:\/\/2l-a-velo.com\/wp-content\/uploads\/2025\/01\/P1028354-2048x1149.jpg 2048w, https:\/\/2l-a-velo.com\/wp-content\/uploads\/2025\/01\/P1028354-900x505.jpg 900w, https:\/\/2l-a-velo.com\/wp-content\/uploads\/2025\/01\/P1028354-1280x718.jpg 1280w\" sizes=\"auto, (max-width: 1024px) 100vw, 1024px\" \/><\/figure><div class=\"wp-block-media-text__content\">\n<p>Cinq jours pour relier Paks\u00e9 \u00e0 Thakhek sur cette route r\u00e9put\u00e9e pour \u00eatre dangereuse car la circulation y serait importante avec notamment de nombreux camions.<\/p>\n<\/div><\/div>\n\n\n\n<p>C&rsquo;est vrai que des camions y circulent mais c&rsquo;est loin d&rsquo;\u00eatre intense et de plus la route est suffisamment large pour que nous soyons en s\u00e9curit\u00e9. En revanche le rev\u00eatement n&rsquo;est pas de tout premier ordre, m\u00eame si c&rsquo;est assez roulant malgr\u00e9 tout.<\/p>\n\n\n\n<p>Une des constante sur cette route, l&rsquo;omnipr\u00e9sence des vaches, ch\u00e8vres et autres cochons. <\/p>\n\n\n\n<div class=\"wp-block-media-text has-media-on-the-right is-stacked-on-mobile\" style=\"grid-template-columns:auto 55%\"><div class=\"wp-block-media-text__content\">\n<p>Toute cette gente animale d\u00e9ambule de part et d&rsquo;autre de la route, la traverse bien souvent, sans se pr\u00e9occuper des usagers qui klaxonnent \u00e0 tout va. <\/p>\n<\/div><figure class=\"wp-block-media-text__media\"><img loading=\"lazy\" decoding=\"async\" width=\"1024\" height=\"575\" src=\"https:\/\/2l-a-velo.com\/wp-content\/uploads\/2025\/01\/P1028388-1024x575.jpg\" alt=\"\" class=\"wp-image-12701 size-full\" srcset=\"https:\/\/2l-a-velo.com\/wp-content\/uploads\/2025\/01\/P1028388-1024x575.jpg 1024w, https:\/\/2l-a-velo.com\/wp-content\/uploads\/2025\/01\/P1028388-300x168.jpg 300w, https:\/\/2l-a-velo.com\/wp-content\/uploads\/2025\/01\/P1028388-768x431.jpg 768w, https:\/\/2l-a-velo.com\/wp-content\/uploads\/2025\/01\/P1028388-1536x862.jpg 1536w, https:\/\/2l-a-velo.com\/wp-content\/uploads\/2025\/01\/P1028388-2048x1149.jpg 2048w, https:\/\/2l-a-velo.com\/wp-content\/uploads\/2025\/01\/P1028388-900x505.jpg 900w, https:\/\/2l-a-velo.com\/wp-content\/uploads\/2025\/01\/P1028388-1280x718.jpg 1280w\" sizes=\"auto, (max-width: 1024px) 100vw, 1024px\" \/><\/figure><\/div>\n\n\n\n<div class=\"wp-block-media-text is-stacked-on-mobile\" style=\"grid-template-columns:56% auto\"><figure class=\"wp-block-media-text__media\"><img loading=\"lazy\" decoding=\"async\" width=\"1024\" height=\"414\" src=\"https:\/\/2l-a-velo.com\/wp-content\/uploads\/2025\/01\/P1028463-Panorama-1024x414.jpg\" alt=\"\" class=\"wp-image-12704 size-full\" srcset=\"https:\/\/2l-a-velo.com\/wp-content\/uploads\/2025\/01\/P1028463-Panorama-1024x414.jpg 1024w, https:\/\/2l-a-velo.com\/wp-content\/uploads\/2025\/01\/P1028463-Panorama-300x121.jpg 300w, https:\/\/2l-a-velo.com\/wp-content\/uploads\/2025\/01\/P1028463-Panorama-768x310.jpg 768w, https:\/\/2l-a-velo.com\/wp-content\/uploads\/2025\/01\/P1028463-Panorama-1536x621.jpg 1536w, https:\/\/2l-a-velo.com\/wp-content\/uploads\/2025\/01\/P1028463-Panorama-2048x828.jpg 2048w, https:\/\/2l-a-velo.com\/wp-content\/uploads\/2025\/01\/P1028463-Panorama-900x364.jpg 900w, https:\/\/2l-a-velo.com\/wp-content\/uploads\/2025\/01\/P1028463-Panorama-1280x517.jpg 1280w\" sizes=\"auto, (max-width: 1024px) 100vw, 1024px\" \/><\/figure><div class=\"wp-block-media-text__content\">\n<p>Une autre constante : ces \u00ab\u00a0boutiques\u00a0\u00bb de bord de route, o\u00f9 l&rsquo;on vend souvent un \u00ab\u00a0tas\u00a0\u00bb de choses mais quelquefois juste quelques bananes et past\u00e8ques !<\/p>\n<\/div><\/div>\n\n\n\n<figure class=\"wp-block-image size-large\"><img loading=\"lazy\" decoding=\"async\" width=\"1024\" height=\"575\" src=\"https:\/\/2l-a-velo.com\/wp-content\/uploads\/2025\/01\/P1058194-1024x575.jpg\" alt=\"\" class=\"wp-image-12720\" srcset=\"https:\/\/2l-a-velo.com\/wp-content\/uploads\/2025\/01\/P1058194-1024x575.jpg 1024w, https:\/\/2l-a-velo.com\/wp-content\/uploads\/2025\/01\/P1058194-300x168.jpg 300w, https:\/\/2l-a-velo.com\/wp-content\/uploads\/2025\/01\/P1058194-768x431.jpg 768w, https:\/\/2l-a-velo.com\/wp-content\/uploads\/2025\/01\/P1058194-1536x862.jpg 1536w, https:\/\/2l-a-velo.com\/wp-content\/uploads\/2025\/01\/P1058194-2048x1149.jpg 2048w, https:\/\/2l-a-velo.com\/wp-content\/uploads\/2025\/01\/P1058194-900x505.jpg 900w, https:\/\/2l-a-velo.com\/wp-content\/uploads\/2025\/01\/P1058194-1280x718.jpg 1280w\" sizes=\"auto, (max-width: 1024px) 100vw, 1024px\" \/><\/figure>\n\n\n\n<p>Et puis, les guesthouses, jolies ext\u00e9rieurement mais&#8230; souvent, \u00e0 l&rsquo;int\u00e9rieur&#8230; Il y a toujours un truc (ou plusieurs) qui ne vont pas ! Ici, il n&rsquo;y a pas d&rsquo;eau chaude ; l\u00e0, le lavabo a disparu ; dans la suivante, les draps sont sales (merci les duvets) ; dans cette autre, pas de chasse d&rsquo;eau, on la remplace par un baquet dans lequel on puise l&rsquo;eau ; tiens, ici la poubelle n&rsquo;a pas \u00e9t\u00e9 vid\u00e9e&#8230; Et dans certains h\u00e9bergements, tous ces \u00ab\u00a0trucs\u00a0\u00bb peuvent se cumuler ! Mais le prix est bien contenu et nous avons un lit chaque soir !<\/p>\n\n\n\n<p>En revanche, au Laos, nous ne voyons plus de v\u00e9los. Plus de petites dames transportant tout et rien sur leurs bicyclettes grin\u00e7antes. Plus d&rsquo;enfants petits et grands sur des v\u00e9los trop grands ou trop petits, roses, rouges ou autres. Seuls, de loin en loin, quelques cyclovoyageurs avancent \u00e0 la force des mollets !!!<\/p>\n\n\n\n<p class=\"has-text-align-center has-large-font-size\"><strong>De Paks\u00e9 \u00e0 Phoungsavan (deux jours)<\/strong><\/p>\n\n\n\n<p>Un vent frais va nous accompagner jusqu&rsquo;\u00e0 Thakhek, plus ou moins fort, plus ou moins de face (selon l&rsquo;orientation de la route) mais p\u00e9nible parfois !<\/p>\n\n\n\n<div class=\"wp-block-media-text is-stacked-on-mobile\" style=\"grid-template-columns:56% auto\"><figure class=\"wp-block-media-text__media\"><img loading=\"lazy\" decoding=\"async\" width=\"1024\" height=\"575\" src=\"https:\/\/2l-a-velo.com\/wp-content\/uploads\/2025\/01\/P1028421-1024x575.jpg\" alt=\"\" class=\"wp-image-12709 size-full\" srcset=\"https:\/\/2l-a-velo.com\/wp-content\/uploads\/2025\/01\/P1028421-1024x575.jpg 1024w, https:\/\/2l-a-velo.com\/wp-content\/uploads\/2025\/01\/P1028421-300x168.jpg 300w, https:\/\/2l-a-velo.com\/wp-content\/uploads\/2025\/01\/P1028421-768x431.jpg 768w, https:\/\/2l-a-velo.com\/wp-content\/uploads\/2025\/01\/P1028421-1536x862.jpg 1536w, https:\/\/2l-a-velo.com\/wp-content\/uploads\/2025\/01\/P1028421-2048x1149.jpg 2048w, https:\/\/2l-a-velo.com\/wp-content\/uploads\/2025\/01\/P1028421-900x505.jpg 900w, https:\/\/2l-a-velo.com\/wp-content\/uploads\/2025\/01\/P1028421-1280x718.jpg 1280w\" sizes=\"auto, (max-width: 1024px) 100vw, 1024px\" \/><\/figure><div class=\"wp-block-media-text__content\">\n<p>Nous longeons des rizi\u00e8res bien s\u00e8ches en cette saison o\u00f9 paissent buffles et vaches. Fait remarquable, certaines vaches portent au cou des cloches en&#8230; bois munis de deux ou trois battants !<\/p>\n<\/div><\/div>\n\n\n\n<p>Ce midi, repas dans un restaurant de bord de route. Hormis le pamplemousse, le reste est assez difficile \u00e0 avaler !<\/p>\n\n\n\n<p>Le bruit d&rsquo;une musique monte \u00e0 nos oreilles, de plus en plus de d\u00e9cibels au fur et \u00e0 mesure que nous approchons, c&rsquo;est un mariage. On nous arr\u00eate, on nous offre de la bi\u00e8re, du coca&#8230;<\/p>\n\n\n\n<div class=\"wp-block-media-text has-media-on-the-right is-stacked-on-mobile\" style=\"grid-template-columns:auto 55%\"><div class=\"wp-block-media-text__content\">\n<p>Il y a m\u00eame une femme qui insiste pour verser la bi\u00e8re de son verre dans celui de Lionel. Elle avait du en abuser un peu de cette bi\u00e8re nous semble-t-il. Laure pense m\u00eame qu&rsquo;elle va sauter au cou de Lionel !<\/p>\n<\/div><figure class=\"wp-block-media-text__media\"><img loading=\"lazy\" decoding=\"async\" width=\"1024\" height=\"575\" src=\"https:\/\/2l-a-velo.com\/wp-content\/uploads\/2025\/01\/P1058128-1024x575.jpg\" alt=\"\" class=\"wp-image-12710 size-full\" srcset=\"https:\/\/2l-a-velo.com\/wp-content\/uploads\/2025\/01\/P1058128-1024x575.jpg 1024w, https:\/\/2l-a-velo.com\/wp-content\/uploads\/2025\/01\/P1058128-300x168.jpg 300w, https:\/\/2l-a-velo.com\/wp-content\/uploads\/2025\/01\/P1058128-768x431.jpg 768w, https:\/\/2l-a-velo.com\/wp-content\/uploads\/2025\/01\/P1058128-1536x862.jpg 1536w, https:\/\/2l-a-velo.com\/wp-content\/uploads\/2025\/01\/P1058128-2048x1149.jpg 2048w, https:\/\/2l-a-velo.com\/wp-content\/uploads\/2025\/01\/P1058128-900x505.jpg 900w, https:\/\/2l-a-velo.com\/wp-content\/uploads\/2025\/01\/P1058128-1280x718.jpg 1280w\" sizes=\"auto, (max-width: 1024px) 100vw, 1024px\" \/><\/figure><\/div>\n\n\n\n<p> Mais c&rsquo;est un beau moment au milieu de ces gens souriants et chaleureux.<\/p>\n\n\n\n<p>Dans le village suivant, c&rsquo;est dans un bar o\u00f9 nous prenons un caf\u00e9, qu&rsquo;un client nous offre une bi\u00e8re ! D\u00e9cid\u00e9ment, quelle gentillesse chez ces gens !<\/p>\n\n\n\n<p>Ce soir, une belle guesthouse o\u00f9 rien ne manque !!!<\/p>\n\n\n\n<p>Sur le bord de la route, un bruit de machine sort d&rsquo;un b\u00e2timent. Un arr\u00eat nous permet de d\u00e9couvrir une \u00e9norme machine qui est utilis\u00e9e pour cribler le riz. <\/p>\n\n\n\n<div class=\"wp-block-media-text is-stacked-on-mobile\" style=\"grid-template-columns:56% auto\"><figure class=\"wp-block-media-text__media\"><img loading=\"lazy\" decoding=\"async\" width=\"1024\" height=\"575\" src=\"https:\/\/2l-a-velo.com\/wp-content\/uploads\/2025\/01\/P1058167-1024x575.jpg\" alt=\"\" class=\"wp-image-12712 size-full\" srcset=\"https:\/\/2l-a-velo.com\/wp-content\/uploads\/2025\/01\/P1058167-1024x575.jpg 1024w, https:\/\/2l-a-velo.com\/wp-content\/uploads\/2025\/01\/P1058167-300x168.jpg 300w, https:\/\/2l-a-velo.com\/wp-content\/uploads\/2025\/01\/P1058167-768x431.jpg 768w, https:\/\/2l-a-velo.com\/wp-content\/uploads\/2025\/01\/P1058167-1536x862.jpg 1536w, https:\/\/2l-a-velo.com\/wp-content\/uploads\/2025\/01\/P1058167-2048x1149.jpg 2048w, https:\/\/2l-a-velo.com\/wp-content\/uploads\/2025\/01\/P1058167-900x505.jpg 900w, https:\/\/2l-a-velo.com\/wp-content\/uploads\/2025\/01\/P1058167-1280x718.jpg 1280w\" sizes=\"auto, (max-width: 1024px) 100vw, 1024px\" \/><\/figure><div class=\"wp-block-media-text__content\">\n<p>On introduit d&rsquo;un c\u00f4t\u00e9 le riz \u00ab\u00a0brut\u00a0\u00bb qui passe sur des grilles de plus en plus fines pour aboutir au riz blanc \u00e0 l&rsquo;autre bout. Le paysan r\u00e9cup\u00e8re alors son riz blanc et le \u00ab\u00a0son\u00a0\u00bb.<\/p>\n<\/div><\/div>\n\n\n\n<figure class=\"wp-block-image size-large\"><img loading=\"lazy\" decoding=\"async\" width=\"1024\" height=\"575\" src=\"https:\/\/2l-a-velo.com\/wp-content\/uploads\/2025\/01\/P1058177-1024x575.jpg\" alt=\"\" class=\"wp-image-12713\" srcset=\"https:\/\/2l-a-velo.com\/wp-content\/uploads\/2025\/01\/P1058177-1024x575.jpg 1024w, https:\/\/2l-a-velo.com\/wp-content\/uploads\/2025\/01\/P1058177-300x168.jpg 300w, https:\/\/2l-a-velo.com\/wp-content\/uploads\/2025\/01\/P1058177-768x431.jpg 768w, https:\/\/2l-a-velo.com\/wp-content\/uploads\/2025\/01\/P1058177-1536x862.jpg 1536w, https:\/\/2l-a-velo.com\/wp-content\/uploads\/2025\/01\/P1058177-2048x1149.jpg 2048w, https:\/\/2l-a-velo.com\/wp-content\/uploads\/2025\/01\/P1058177-900x505.jpg 900w, https:\/\/2l-a-velo.com\/wp-content\/uploads\/2025\/01\/P1058177-1280x718.jpg 1280w\" sizes=\"auto, (max-width: 1024px) 100vw, 1024px\" \/><\/figure>\n\n\n\n<p>Au loin, nous apercevons deux cyclovoyageurs, ce sont Claudia et Alexandre, deux Fran\u00e7ais qui parcourent l&rsquo;Asie du Sud-Est dans le sens inverse du n\u00f4tre. Un long moment d&rsquo;\u00e9change que l&rsquo;on voudrait encore plus long mais la route nous appelle et il faut se s\u00e9parer. Eux vers le sud, nous vers le nord !<\/p>\n\n\n\n<p>En revanche, ce soir, pas de restaurant m\u00eame local ! Alors, il faut se r\u00e9soudre \u00e0 ouvrir une petite bo\u00eete de thon achet\u00e9e au Cambodge au cas o\u00f9 ! Sans pain \u00e9videmment ! Nous accompagnons ce plat de \u00ab\u00a0r\u00e9sistance\u00a0\u00bb avec une banane et quelques biscuits !!!  <\/p>\n\n\n\n<p><\/p>\n\n\n\n<div class=\"wp-block-buttons is-layout-flex wp-block-buttons-is-layout-flex\">\n<div class=\"wp-block-button has-custom-width wp-block-button__width-100 has-custom-font-size has-large-font-size\"><a class=\"wp-block-button__link has-background wp-element-button\" href=\"https:\/\/photos.google.com\/share\/AF1QipO9AB4MOA3AKTOoT9ym5KLxMXtkBIKjtbfUQm8tqNGozlxCnnbs-J5S-3FiVAE7JQ\/photo\/AF1QipNxkJwwkZLrr4pGd8K-6Yu34zbhq65q4mnUkhsU?key=S01oUms1eVcxVmFTckxiSlUyR202cWNaNkxYME9n\" style=\"border-radius:10px;background-color:#0173a3\">album photos de paks\u00e9 \u00e0 phoungsavan<\/a><\/div>\n<\/div>\n\n\n\n<p class=\"has-text-align-center has-large-font-size\"><strong>De Phoungsavan \u00e0 Thakhet (trois jours)<\/strong><\/p>\n\n\n\n<p>Ce matin, la temp\u00e9rature avoisine les 10 \u00b0 et nous enfilons veste et chaussettes. <\/p>\n\n\n\n<p>Ici, la toile cir\u00e9e est bien grasse, la propret\u00e9 des verres bien limite, mais un caf\u00e9 chaud sur le bord de la route, cela fait toujours du bien.<\/p>\n\n\n\n<p>De nombreux temples ponctuent notre route. Nous ne les visitons pas tous, heureusement, mais celui-ci nous para\u00eet int\u00e9ressant et tr\u00e8s vaste. A peine entr\u00e9s dans l&rsquo;enceinte, nous voici entour\u00e9s de \u00ab\u00a0moinillons\u00a0\u00bb. C&rsquo;est une \u00e9cole de Sanskrit qui compte 80 \u00e9l\u00e8ves. <\/p>\n\n\n\n<div class=\"wp-block-media-text has-media-on-the-right is-stacked-on-mobile\" style=\"grid-template-columns:auto 65%\"><div class=\"wp-block-media-text__content\">\n<p>Allez, encore une photo de classe, cela ravive les souvenirs !<\/p>\n<\/div><figure class=\"wp-block-media-text__media\"><img loading=\"lazy\" decoding=\"async\" width=\"1024\" height=\"575\" src=\"https:\/\/2l-a-velo.com\/wp-content\/uploads\/2025\/01\/P1058223-1024x575.jpg\" alt=\"\" class=\"wp-image-12717 size-full\" srcset=\"https:\/\/2l-a-velo.com\/wp-content\/uploads\/2025\/01\/P1058223-1024x575.jpg 1024w, https:\/\/2l-a-velo.com\/wp-content\/uploads\/2025\/01\/P1058223-300x168.jpg 300w, https:\/\/2l-a-velo.com\/wp-content\/uploads\/2025\/01\/P1058223-768x431.jpg 768w, https:\/\/2l-a-velo.com\/wp-content\/uploads\/2025\/01\/P1058223-1536x862.jpg 1536w, https:\/\/2l-a-velo.com\/wp-content\/uploads\/2025\/01\/P1058223-2048x1149.jpg 2048w, https:\/\/2l-a-velo.com\/wp-content\/uploads\/2025\/01\/P1058223-900x505.jpg 900w, https:\/\/2l-a-velo.com\/wp-content\/uploads\/2025\/01\/P1058223-1280x718.jpg 1280w\" sizes=\"auto, (max-width: 1024px) 100vw, 1024px\" \/><\/figure><\/div>\n\n\n\n<p>Autre rencontre, avec une Fran\u00e7aise qui vit et travaille au Laos pour le gouvernement laotien. Elle s&rsquo;occupe du site de Vat Phu et plus pr\u00e9cis\u00e9ment des fonds vers\u00e9s par la France dans le cadre d&rsquo;un accord franco-laotien. D&rsquo;ailleurs, elle d\u00e9jeune \u00e0 c\u00f4t\u00e9 de nous avec l&rsquo;ensemble de l&rsquo;\u00e9quipe qui s&rsquo;occupe du site. Dans les projets \u00e0 venir, sont pr\u00e9vus la r\u00e9novation du mus\u00e9e et le d\u00e9gagement de la vieille ville.<\/p>\n\n\n\n<p>Toujours un peu frisquet le matin. Un peu plus de camions aujourd&rsquo;hui mais le vent a bien faibli !<\/p>\n\n\n\n<div class=\"wp-block-media-text is-stacked-on-mobile\" style=\"grid-template-columns:56% auto\"><figure class=\"wp-block-media-text__media\"><img loading=\"lazy\" decoding=\"async\" width=\"1024\" height=\"575\" src=\"https:\/\/2l-a-velo.com\/wp-content\/uploads\/2025\/01\/P1028442-1024x575.jpg\" alt=\"\" class=\"wp-image-12718 size-full\" srcset=\"https:\/\/2l-a-velo.com\/wp-content\/uploads\/2025\/01\/P1028442-1024x575.jpg 1024w, https:\/\/2l-a-velo.com\/wp-content\/uploads\/2025\/01\/P1028442-300x168.jpg 300w, https:\/\/2l-a-velo.com\/wp-content\/uploads\/2025\/01\/P1028442-768x431.jpg 768w, https:\/\/2l-a-velo.com\/wp-content\/uploads\/2025\/01\/P1028442-1536x862.jpg 1536w, https:\/\/2l-a-velo.com\/wp-content\/uploads\/2025\/01\/P1028442-2048x1149.jpg 2048w, https:\/\/2l-a-velo.com\/wp-content\/uploads\/2025\/01\/P1028442-900x505.jpg 900w, https:\/\/2l-a-velo.com\/wp-content\/uploads\/2025\/01\/P1028442-1280x718.jpg 1280w\" sizes=\"auto, (max-width: 1024px) 100vw, 1024px\" \/><\/figure><div class=\"wp-block-media-text__content\">\n<p>Et toujours cette culture du manioc. De nombreux \u00ab\u00a0tracteurs\u00a0\u00bb livrent le manioc en \u00ab\u00a0morceaux\u00a0\u00bb dans un centre o\u00f9 on le charge au tracto-pelle dans d&rsquo;\u00e9normes camions. C&rsquo;est la principale exportation du Laos.<\/p>\n<\/div><\/div>\n\n\n\n<p>Des enfants jouent avec un cerf-volant qu&rsquo;ils ont eux m\u00eames fabriqu\u00e9 \u00e0 partir de sacs plastique ramass\u00e9s sur le bord de la route. C&rsquo;est un jeu assez r\u00e9pandu dans ce pays. <\/p>\n\n\n\n<p>Apr\u00e8s 80 km, il est temps de se pauser. Nous voici \u00e0 Nadang o\u00f9, \u00e0 priori, existent plusieurs guesthouses. La premi\u00e8re est compl\u00e8te, la deuxi\u00e8me&#8230; compl\u00e8te, la troisi\u00e8me, plus de places ! Allons-nous coucher dehors ? <\/p>\n\n\n\n<div class=\"wp-block-media-text has-media-on-the-right is-stacked-on-mobile\" style=\"grid-template-columns:auto 66%\"><div class=\"wp-block-media-text__content\">\n<p>Il en reste une quatri\u00e8me. Ouf ! Sauv\u00e9s, il y a de la place, nous aurons un lit ce soir !<\/p>\n<\/div><figure class=\"wp-block-media-text__media\"><img loading=\"lazy\" decoding=\"async\" width=\"1024\" height=\"575\" src=\"https:\/\/2l-a-velo.com\/wp-content\/uploads\/2025\/01\/P1058263-1-1024x575.jpg\" alt=\"\" class=\"wp-image-12719 size-full\" srcset=\"https:\/\/2l-a-velo.com\/wp-content\/uploads\/2025\/01\/P1058263-1-1024x575.jpg 1024w, https:\/\/2l-a-velo.com\/wp-content\/uploads\/2025\/01\/P1058263-1-300x168.jpg 300w, https:\/\/2l-a-velo.com\/wp-content\/uploads\/2025\/01\/P1058263-1-768x431.jpg 768w, https:\/\/2l-a-velo.com\/wp-content\/uploads\/2025\/01\/P1058263-1-1536x862.jpg 1536w, https:\/\/2l-a-velo.com\/wp-content\/uploads\/2025\/01\/P1058263-1-2048x1149.jpg 2048w, https:\/\/2l-a-velo.com\/wp-content\/uploads\/2025\/01\/P1058263-1-900x505.jpg 900w, https:\/\/2l-a-velo.com\/wp-content\/uploads\/2025\/01\/P1058263-1-1280x718.jpg 1280w\" sizes=\"auto, (max-width: 1024px) 100vw, 1024px\" \/><\/figure><\/div>\n\n\n\n<p>Le vent a forci aujourd&rsquo;hui mais, vu notre direction, il nous est plut\u00f4t favorable. <\/p>\n\n\n\n<p>Ce midi, nous d\u00e9jeunons en bord de route d&rsquo;une soupe de nouilles pas trop mauvaise mais cela reste, malgr\u00e9 tout, une soupe de nouilles !!!<\/p>\n\n\n\n<div class=\"wp-block-media-text is-stacked-on-mobile\" style=\"grid-template-columns:55% auto\"><figure class=\"wp-block-media-text__media\"><img loading=\"lazy\" decoding=\"async\" width=\"1024\" height=\"575\" src=\"https:\/\/2l-a-velo.com\/wp-content\/uploads\/2025\/01\/P1028471-1024x575.jpg\" alt=\"\" class=\"wp-image-12722 size-full\" srcset=\"https:\/\/2l-a-velo.com\/wp-content\/uploads\/2025\/01\/P1028471-1024x575.jpg 1024w, https:\/\/2l-a-velo.com\/wp-content\/uploads\/2025\/01\/P1028471-300x168.jpg 300w, https:\/\/2l-a-velo.com\/wp-content\/uploads\/2025\/01\/P1028471-768x431.jpg 768w, https:\/\/2l-a-velo.com\/wp-content\/uploads\/2025\/01\/P1028471-1536x862.jpg 1536w, https:\/\/2l-a-velo.com\/wp-content\/uploads\/2025\/01\/P1028471-2048x1149.jpg 2048w, https:\/\/2l-a-velo.com\/wp-content\/uploads\/2025\/01\/P1028471-900x505.jpg 900w, https:\/\/2l-a-velo.com\/wp-content\/uploads\/2025\/01\/P1028471-1280x718.jpg 1280w\" sizes=\"auto, (max-width: 1024px) 100vw, 1024px\" \/><\/figure><div class=\"wp-block-media-text__content\">\n<p>Et voici la petite ville de Thakhek o\u00f9 nous allons nous pauser un peu !<\/p>\n<\/div><\/div>\n\n\n\n<div class=\"wp-block-buttons is-layout-flex wp-block-buttons-is-layout-flex\">\n<div class=\"wp-block-button has-custom-width wp-block-button__width-100 has-custom-font-size has-large-font-size\"><a class=\"wp-block-button__link has-background wp-element-button\" href=\"https:\/\/photos.google.com\/share\/AF1QipMYyJReAW7q6ib05BxQeyxfAhPJFMhofG4RsrKkK0XCZfX6_EwA5HhsSjMZq5afsw\/photo\/AF1QipNtsr08ghKN-OnFYdMOKCfxIGgqZMJ4XFneapvw?key=WV82UFdiampTcDEzX2pYNF85RXJQNGo1X0xJcFZn\" style=\"border-radius:10px;background-color:#0173a3\">album photos de phoungsavan \u00e0 thakhek<\/a><\/div>\n<\/div>\n\n\n\n<p class=\"has-text-align-center has-text-color has-link-color has-larger-font-size wp-elements-31ba489f9e04914bb4a695b9978a869d\" style=\"color:#0173a3\"><strong>Thakhek<\/strong><\/p>\n\n\n\n<p>Situ\u00e9e sur les bords du M\u00e9kong face \u00e0 la Tha\u00eflande, Thakhek est une petite ville d&rsquo;environ 40 000 habitants. <\/p>\n\n\n\n<p class=\"has-accent-background-color has-background\">Un tragique \u00e9pisode historique a eu lieu, ici, le 21 mars 1946. Suite \u00e0 la reprise de la ville aux&nbsp;forces communistes du Pathet Lao, l&rsquo;arm\u00e9e fran\u00e7aise&nbsp;aurait massacr\u00e9, selon les sources locales, de 1500 \u00e0 3000 civils majoritairement vietnamiens.<\/p>\n\n\n\n<div class=\"wp-block-media-text is-stacked-on-mobile\"><figure class=\"wp-block-media-text__media\"><img loading=\"lazy\" decoding=\"async\" width=\"1024\" height=\"575\" src=\"https:\/\/2l-a-velo.com\/wp-content\/uploads\/2025\/01\/P1028515-1024x575.jpg\" alt=\"\" class=\"wp-image-12731 size-full\" srcset=\"https:\/\/2l-a-velo.com\/wp-content\/uploads\/2025\/01\/P1028515-1024x575.jpg 1024w, https:\/\/2l-a-velo.com\/wp-content\/uploads\/2025\/01\/P1028515-300x168.jpg 300w, https:\/\/2l-a-velo.com\/wp-content\/uploads\/2025\/01\/P1028515-768x431.jpg 768w, https:\/\/2l-a-velo.com\/wp-content\/uploads\/2025\/01\/P1028515-1536x862.jpg 1536w, https:\/\/2l-a-velo.com\/wp-content\/uploads\/2025\/01\/P1028515-2048x1149.jpg 2048w, https:\/\/2l-a-velo.com\/wp-content\/uploads\/2025\/01\/P1028515-900x505.jpg 900w, https:\/\/2l-a-velo.com\/wp-content\/uploads\/2025\/01\/P1028515-1280x718.jpg 1280w\" sizes=\"auto, (max-width: 1024px) 100vw, 1024px\" \/><\/figure><div class=\"wp-block-media-text__content\">\n<p>La ville poss\u00e8de des b\u00e2timents et&nbsp;maisons \u00e0 architecture datant de la colonisation fran\u00e7aise&nbsp;comme la Cath\u00e9drale Saint-Louis.<\/p>\n<\/div><\/div>\n\n\n\n<p>&nbsp;Malheureusement, nous avons trouv\u00e9 que tous ces b\u00e2timents auraient besoin d&rsquo;une s\u00e9rieuse restauration et les rues de la ville d&rsquo;un s\u00e9rieux nettoyage !!! Dommage car le village poss\u00e8de un fort potentiel !<\/p>\n\n\n\n<figure class=\"wp-block-image size-large\"><img loading=\"lazy\" decoding=\"async\" width=\"1024\" height=\"575\" src=\"https:\/\/2l-a-velo.com\/wp-content\/uploads\/2025\/01\/P1028526-1024x575.jpg\" alt=\"\" class=\"wp-image-12732\" srcset=\"https:\/\/2l-a-velo.com\/wp-content\/uploads\/2025\/01\/P1028526-1024x575.jpg 1024w, https:\/\/2l-a-velo.com\/wp-content\/uploads\/2025\/01\/P1028526-300x168.jpg 300w, https:\/\/2l-a-velo.com\/wp-content\/uploads\/2025\/01\/P1028526-768x431.jpg 768w, https:\/\/2l-a-velo.com\/wp-content\/uploads\/2025\/01\/P1028526-1536x862.jpg 1536w, https:\/\/2l-a-velo.com\/wp-content\/uploads\/2025\/01\/P1028526-2048x1149.jpg 2048w, https:\/\/2l-a-velo.com\/wp-content\/uploads\/2025\/01\/P1028526-900x505.jpg 900w, https:\/\/2l-a-velo.com\/wp-content\/uploads\/2025\/01\/P1028526-1280x718.jpg 1280w\" sizes=\"auto, (max-width: 1024px) 100vw, 1024px\" \/><\/figure>\n\n\n\n<p>Mais ce qui attire ici les touristes, hormis <strong>les superbes couchers de soleil sur le M\u00e9kong,<\/strong> c&rsquo;est la boucle de Thakhek, une randonn\u00e9e de 450 km dans les montagnes environnantes que d&rsquo;aucuns parcourent en scooter et quelques uns \u00e0 v\u00e9lo.<\/p>\n\n\n\n<p><\/p>\n\n\n\n<div class=\"wp-block-buttons is-layout-flex wp-block-buttons-is-layout-flex\">\n<div class=\"wp-block-button has-custom-width wp-block-button__width-100 has-custom-font-size has-large-font-size\"><a class=\"wp-block-button__link has-background has-text-align-center wp-element-button\" href=\"https:\/\/photos.google.com\/share\/AF1QipNtoEzC_-mZ9-SCAA5bhW4ag38KrhRyDPgqWyfnRughIpwwXjRT7AnQMpUCgsQF9A\/photo\/AF1QipMJjbjascyHcWROASW9qnkcJr2xcVFLcTK1IHXZ?key=cG4zajVlODIyakxwaHRaQ0xfNi1DSElRalN5cVFn\" style=\"border-radius:10px;background-color:#0173a3\">album photos thakhek<\/a><\/div>\n<\/div>\n\n\n\n<div class=\"wp-block-buttons is-layout-flex wp-block-buttons-is-layout-flex\">\n<div class=\"wp-block-button has-custom-width wp-block-button__width-100 has-custom-font-size has-large-font-size\"><a class=\"wp-block-button__link has-background wp-element-button\" style=\"border-radius:10px;background-color:#c52003\">video : de paks\u00e9 \u00e0 thakhek<\/a><\/div>\n<\/div>\n\n\n\n<iframe loading=\"lazy\" width=\"560\" height=\"315\" src=\"https:\/\/www.youtube.com\/embed\/MXQR1ZZ66PE?si=AAdSHPyCs4XJqce4\" title=\"YouTube video player\" frameborder=\"0\" allow=\"accelerometer; autoplay; clipboard-write; encrypted-media; gyroscope; picture-in-picture; web-share\" referrerpolicy=\"strict-origin-when-cross-origin\" allowfullscreen><\/iframe>\n","protected":false},"excerpt":{"rendered":"<p>Du 11 au 16 janvier 2025 Itin\u00e9raire Nous venons de passer les 5 000 km ! 340 km Paks\u00e9 Fond\u00e9e par les fran\u00e7ais en 1905, Paks\u00e9, situ\u00e9e sur la rive gauche du M\u00e9kong \u00e0 son confluent avec la rivi\u00e8re Done, est l&rsquo;une des villes du Laos les plus importantes en terme \u00e9conomique. C&rsquo;est la troisi\u00e8me [&hellip;]<\/p>\n","protected":false},"author":1,"featured_media":0,"parent":12456,"menu_order":3,"comment_status":"open","ping_status":"closed","template":"","meta":{"jetpack_post_was_ever_published":false,"footnotes":""},"class_list":["post-12648","page","type-page","status-publish","hentry"],"jetpack_likes_enabled":true,"jetpack_sharing_enabled":true,"_links":{"self":[{"href":"https:\/\/2l-a-velo.com\/index.php?rest_route=\/wp\/v2\/pages\/12648","targetHints":{"allow":["GET"]}}],"collection":[{"href":"https:\/\/2l-a-velo.com\/index.php?rest_route=\/wp\/v2\/pages"}],"about":[{"href":"https:\/\/2l-a-velo.com\/index.php?rest_route=\/wp\/v2\/types\/page"}],"author":[{"embeddable":true,"href":"https:\/\/2l-a-velo.com\/index.php?rest_route=\/wp\/v2\/users\/1"}],"replies":[{"embeddable":true,"href":"https:\/\/2l-a-velo.com\/index.php?rest_route=%2Fwp%2Fv2%2Fcomments&post=12648"}],"version-history":[{"count":78,"href":"https:\/\/2l-a-velo.com\/index.php?rest_route=\/wp\/v2\/pages\/12648\/revisions"}],"predecessor-version":[{"id":12754,"href":"https:\/\/2l-a-velo.com\/index.php?rest_route=\/wp\/v2\/pages\/12648\/revisions\/12754"}],"up":[{"embeddable":true,"href":"https:\/\/2l-a-velo.com\/index.php?rest_route=\/wp\/v2\/pages\/12456"}],"wp:attachment":[{"href":"https:\/\/2l-a-velo.com\/index.php?rest_route=%2Fwp%2Fv2%2Fmedia&parent=12648"}],"curies":[{"name":"wp","href":"https:\/\/api.w.org\/{rel}","templated":true}]}}