{"id":13225,"date":"2025-02-24T12:02:46","date_gmt":"2025-02-24T11:02:46","guid":{"rendered":"https:\/\/2l-a-velo.com\/?page_id=13225"},"modified":"2025-02-25T00:54:53","modified_gmt":"2025-02-24T23:54:53","slug":"de-la-frontiere-laotienne-a-chiang-mai","status":"publish","type":"page","link":"https:\/\/2l-a-velo.com\/?page_id=13225","title":{"rendered":"De la fronti\u00e8re laotienne \u00e0 Chiang Mai"},"content":{"rendered":"\n<div class=\"wp-block-media-text is-stacked-on-mobile\" style=\"grid-template-columns:66% auto\"><figure class=\"wp-block-media-text__media\"><img loading=\"lazy\" decoding=\"async\" width=\"1024\" height=\"575\" src=\"https:\/\/2l-a-velo.com\/wp-content\/uploads\/2025\/02\/P1040667-1024x575.jpg\" alt=\"\" class=\"wp-image-13288 size-full\" srcset=\"https:\/\/2l-a-velo.com\/wp-content\/uploads\/2025\/02\/P1040667-1024x575.jpg 1024w, https:\/\/2l-a-velo.com\/wp-content\/uploads\/2025\/02\/P1040667-300x168.jpg 300w, https:\/\/2l-a-velo.com\/wp-content\/uploads\/2025\/02\/P1040667-768x431.jpg 768w, https:\/\/2l-a-velo.com\/wp-content\/uploads\/2025\/02\/P1040667-1536x862.jpg 1536w, https:\/\/2l-a-velo.com\/wp-content\/uploads\/2025\/02\/P1040667-2048x1149.jpg 2048w, https:\/\/2l-a-velo.com\/wp-content\/uploads\/2025\/02\/P1040667-900x505.jpg 900w, https:\/\/2l-a-velo.com\/wp-content\/uploads\/2025\/02\/P1040667-1280x718.jpg 1280w\" sizes=\"auto, (max-width: 1024px) 100vw, 1024px\" \/><\/figure><div class=\"wp-block-media-text__content\">\n<p class=\"has-text-align-center has-larger-font-size\"><strong>Du 16 au 21 f\u00e9vrier 2025<\/strong><\/p>\n<\/div><\/div>\n\n\n\n<p class=\"has-text-align-center has-text-color has-link-color has-larger-font-size wp-elements-1799fbd833b574bbc7658c7449b0737a\" style=\"color:#0173a7\"><strong>Itin\u00e9raire<\/strong><\/p>\n\n\n\n<p class=\"has-text-align-center has-large-font-size\"><strong>320 km<\/strong><\/p>\n\n\n\n<iframe loading=\"lazy\" src=\"https:\/\/www.google.com\/maps\/d\/embed?mid=1nn38R5VWyhyjb8HmDeKgm-gu9N9lCnI&#038;ehbc=2E312F\" width=\"640\" height=\"480\"><\/iframe>\n\n\n\n<p><em>Un grand changement \u00e0 notre entr\u00e9e en Tha\u00eflande, on roule <strong>\u00e0 gauche<\/strong> ! Surprenant au d\u00e9part, nous nous y faisons facilement sur les routes. En revanche, c&rsquo;est beaucoup plus difficile en ville o\u00f9 il faut penser \u00ab\u00a0\u00e0 l&rsquo;envers\u00a0\u00bb de nos habitudes ! Prudence, prudence ! <\/em><\/p>\n\n\n\n<p><em>Mais s&rsquo;il y a une chose qui change ici, c&rsquo;est le rev\u00eatement des routes. Un asphalte impeccable, sans nids de poule, roulant, bref que du bonheur ! <\/em><\/p>\n\n\n\n<p class=\"has-text-align-center has-text-color has-link-color has-larger-font-size wp-elements-77f0aaba9417928938af9d2a9cbbbca0\" style=\"color:#0173a7\"><strong>De la fronti\u00e8re laotienne \u00e0 Chiang Rai<\/strong><\/p>\n\n\n\n<p>Nous terminons sur une mauvaise note au Laos. Le douanier \u00ab\u00a0soutire\u00a0\u00bb \u00e0 tous les \u00e9trangers 20 000 kips. C&rsquo;est peu mais cela s&rsquo;appelle quand m\u00eame de la corruption.<\/p>\n\n\n\n<p>Pour passer le pont fronti\u00e8re, nous prenons un bus car la travers\u00e9e est interdite aux v\u00e9los ! Pourquoi ? On se le demande !<\/p>\n\n\n\n<div class=\"wp-block-media-text has-media-on-the-right is-stacked-on-mobile\" style=\"grid-template-columns:auto 60%\"><div class=\"wp-block-media-text__content\">\n<p>Nous voici en Tha\u00eflande, notre quatri\u00e8me pays. Et ici, prudence, on roule \u00e0 gauche !<\/p>\n<\/div><figure class=\"wp-block-media-text__media\"><img loading=\"lazy\" decoding=\"async\" width=\"1024\" height=\"575\" src=\"https:\/\/2l-a-velo.com\/wp-content\/uploads\/2025\/02\/P1040558-1024x575.jpg\" alt=\"\" class=\"wp-image-13255 size-full\" srcset=\"https:\/\/2l-a-velo.com\/wp-content\/uploads\/2025\/02\/P1040558-1024x575.jpg 1024w, https:\/\/2l-a-velo.com\/wp-content\/uploads\/2025\/02\/P1040558-300x168.jpg 300w, https:\/\/2l-a-velo.com\/wp-content\/uploads\/2025\/02\/P1040558-768x431.jpg 768w, https:\/\/2l-a-velo.com\/wp-content\/uploads\/2025\/02\/P1040558-1536x862.jpg 1536w, https:\/\/2l-a-velo.com\/wp-content\/uploads\/2025\/02\/P1040558-2048x1149.jpg 2048w, https:\/\/2l-a-velo.com\/wp-content\/uploads\/2025\/02\/P1040558-900x505.jpg 900w, https:\/\/2l-a-velo.com\/wp-content\/uploads\/2025\/02\/P1040558-1280x718.jpg 1280w\" sizes=\"auto, (max-width: 1024px) 100vw, 1024px\" \/><\/figure><\/div>\n\n\n\n<div class=\"wp-block-media-text is-stacked-on-mobile\" style=\"grid-template-columns:56% auto\"><figure class=\"wp-block-media-text__media\"><img loading=\"lazy\" decoding=\"async\" width=\"1024\" height=\"675\" src=\"https:\/\/2l-a-velo.com\/wp-content\/uploads\/2025\/02\/P1040550-Panorama-1024x675.jpg\" alt=\"\" class=\"wp-image-13256 size-full\" srcset=\"https:\/\/2l-a-velo.com\/wp-content\/uploads\/2025\/02\/P1040550-Panorama-1024x675.jpg 1024w, https:\/\/2l-a-velo.com\/wp-content\/uploads\/2025\/02\/P1040550-Panorama-300x198.jpg 300w, https:\/\/2l-a-velo.com\/wp-content\/uploads\/2025\/02\/P1040550-Panorama-768x506.jpg 768w, https:\/\/2l-a-velo.com\/wp-content\/uploads\/2025\/02\/P1040550-Panorama-1536x1012.jpg 1536w, https:\/\/2l-a-velo.com\/wp-content\/uploads\/2025\/02\/P1040550-Panorama-2048x1350.jpg 2048w, https:\/\/2l-a-velo.com\/wp-content\/uploads\/2025\/02\/P1040550-Panorama-900x593.jpg 900w, https:\/\/2l-a-velo.com\/wp-content\/uploads\/2025\/02\/P1040550-Panorama-1280x844.jpg 1280w\" sizes=\"auto, (max-width: 1024px) 100vw, 1024px\" \/><\/figure><div class=\"wp-block-media-text__content\">\n<p>Nous partons vers le nord en continuant de longer le M\u00e9kong. Les temples sont nombreux et vraiment tr\u00e8s beaux. <\/p>\n<\/div><\/div>\n\n\n\n<div class=\"wp-block-media-text has-media-on-the-right is-stacked-on-mobile\" style=\"grid-template-columns:auto 59%\"><div class=\"wp-block-media-text__content\">\n<p>C&rsquo;est bien pentu et les mont\u00e9es se succ\u00e8dent. Beau point de vue \u00e0 Huaisai Man. Nous laissons le M\u00e9kong filer vers la Birmanie et roulons maintenant vers le sud.<\/p>\n<\/div><figure class=\"wp-block-media-text__media\"><img loading=\"lazy\" decoding=\"async\" width=\"1024\" height=\"575\" src=\"https:\/\/2l-a-velo.com\/wp-content\/uploads\/2025\/02\/P1040563-1024x575.jpg\" alt=\"\" class=\"wp-image-13259 size-full\" srcset=\"https:\/\/2l-a-velo.com\/wp-content\/uploads\/2025\/02\/P1040563-1024x575.jpg 1024w, https:\/\/2l-a-velo.com\/wp-content\/uploads\/2025\/02\/P1040563-300x168.jpg 300w, https:\/\/2l-a-velo.com\/wp-content\/uploads\/2025\/02\/P1040563-768x431.jpg 768w, https:\/\/2l-a-velo.com\/wp-content\/uploads\/2025\/02\/P1040563-1536x862.jpg 1536w, https:\/\/2l-a-velo.com\/wp-content\/uploads\/2025\/02\/P1040563-2048x1149.jpg 2048w, https:\/\/2l-a-velo.com\/wp-content\/uploads\/2025\/02\/P1040563-900x505.jpg 900w, https:\/\/2l-a-velo.com\/wp-content\/uploads\/2025\/02\/P1040563-1280x718.jpg 1280w\" sizes=\"auto, (max-width: 1024px) 100vw, 1024px\" \/><\/figure><\/div>\n\n\n\n<p>Ce que nous n&rsquo;avons pas pr\u00e9vu, c&rsquo;est cette mont\u00e9e de quatre kilom\u00e8tres avec des pourcentages \u00e0 deux chiffres ! Dur en plein cagnard ! M\u00eame si le rev\u00eatement des routes en Tha\u00eflande a l&rsquo;air bien roulant. D&rsquo;ailleurs, un charmant Tha\u00eflandais a eu piti\u00e9 de Laure et a charg\u00e9 ses sacoches dans son v\u00e9hicule sur le dernier kilom\u00e8tre.<\/p>\n\n\n\n<p>A la fin de la descente, nous trouvons un homestay tenu par un couple attentionn\u00e9 et charmant. Comme nous n&rsquo;avons rien \u00e0 manger, la dame nous commande deux hamburgers au restaurant \u00e0 quelques kilom\u00e8tres et prend sa voiture pour aller les chercher !!! <\/p>\n\n\n\n<div class=\"wp-block-media-text is-stacked-on-mobile\" style=\"grid-template-columns:63% auto\"><figure class=\"wp-block-media-text__media\"><img loading=\"lazy\" decoding=\"async\" width=\"1024\" height=\"575\" src=\"https:\/\/2l-a-velo.com\/wp-content\/uploads\/2025\/02\/P1070982-1-1024x575.jpg\" alt=\"\" class=\"wp-image-13322 size-full\" srcset=\"https:\/\/2l-a-velo.com\/wp-content\/uploads\/2025\/02\/P1070982-1-1024x575.jpg 1024w, https:\/\/2l-a-velo.com\/wp-content\/uploads\/2025\/02\/P1070982-1-300x168.jpg 300w, https:\/\/2l-a-velo.com\/wp-content\/uploads\/2025\/02\/P1070982-1-768x431.jpg 768w, https:\/\/2l-a-velo.com\/wp-content\/uploads\/2025\/02\/P1070982-1-1536x862.jpg 1536w, https:\/\/2l-a-velo.com\/wp-content\/uploads\/2025\/02\/P1070982-1-2048x1149.jpg 2048w, https:\/\/2l-a-velo.com\/wp-content\/uploads\/2025\/02\/P1070982-1-900x505.jpg 900w, https:\/\/2l-a-velo.com\/wp-content\/uploads\/2025\/02\/P1070982-1-1280x718.jpg 1280w\" sizes=\"auto, (max-width: 1024px) 100vw, 1024px\" \/><\/figure><div class=\"wp-block-media-text__content\">\n<p>Ils ne savent pas quoi faire pour nous \u00eatre agr\u00e9ables. On nous apporte de l&rsquo;eau, des mandarines, du caf\u00e9 et demain matin nous aurons droit au jus de mandarines au petit d\u00e9jeuner !<\/p>\n<\/div><\/div>\n\n\n\n<p>Les cultures de mandariniers sont tr\u00e8s nombreuses ici. <\/p>\n\n\n\n<p>Une nouvelle qui plaira \u00e0 Thierry. Nous retrouvons les chants d&rsquo;oiseaux pratiquement absents dans les pays pr\u00e9c\u00e9dents !<\/p>\n\n\n\n<p>Un peu frais ce matin (15 \u00b0) mais nous filons bon train, la route est plate et le rev\u00eatement impeccable. Plut\u00f4t que de prendre la route n\u00b01, nous empruntons la plus rapide (30 km de moins). Bien s\u00fbr, c&rsquo;est une quatre voie, pas tr\u00e8s int\u00e9ressante, peu d&rsquo;habitations, mais avec une large bande pour les deux roues. Cela nous change des pays pr\u00e9c\u00e9demment travers\u00e9s !<\/p>\n\n\n\n<div class=\"wp-block-media-text has-media-on-the-right is-stacked-on-mobile\" style=\"grid-template-columns:auto 56%\"><div class=\"wp-block-media-text__content\">\n<p>Tout le long, ce sont des cultures de riz, de ma\u00efs, d&rsquo;ananas&#8230; De petits ananas tr\u00e8s bons. Serge et Marie, les gourmands d&rsquo;ananas, nous pensons \u00e0 vous !<\/p>\n<\/div><figure class=\"wp-block-media-text__media\"><img loading=\"lazy\" decoding=\"async\" width=\"1024\" height=\"575\" src=\"https:\/\/2l-a-velo.com\/wp-content\/uploads\/2025\/02\/P1070990-1024x575.jpg\" alt=\"\" class=\"wp-image-13260 size-full\" srcset=\"https:\/\/2l-a-velo.com\/wp-content\/uploads\/2025\/02\/P1070990-1024x575.jpg 1024w, https:\/\/2l-a-velo.com\/wp-content\/uploads\/2025\/02\/P1070990-300x168.jpg 300w, https:\/\/2l-a-velo.com\/wp-content\/uploads\/2025\/02\/P1070990-768x431.jpg 768w, https:\/\/2l-a-velo.com\/wp-content\/uploads\/2025\/02\/P1070990-1536x862.jpg 1536w, https:\/\/2l-a-velo.com\/wp-content\/uploads\/2025\/02\/P1070990-2048x1149.jpg 2048w, https:\/\/2l-a-velo.com\/wp-content\/uploads\/2025\/02\/P1070990-900x505.jpg 900w, https:\/\/2l-a-velo.com\/wp-content\/uploads\/2025\/02\/P1070990-1280x718.jpg 1280w\" sizes=\"auto, (max-width: 1024px) 100vw, 1024px\" \/><\/figure><\/div>\n\n\n\n<p>Il est midi, voici Chiang Rai. Pause repas dans un restaurant de bord de route \u00e0 l&rsquo;entr\u00e9e de la ville. C&rsquo;est propre, en revanche tout est \u00e9crit en Tha\u00ef. Tant bien que mal, nous arrivons \u00e0 nous faire comprendre et nous mangeons correctement, c&rsquo;est bon !<\/p>\n\n\n\n<figure class=\"wp-block-image size-large\"><img loading=\"lazy\" decoding=\"async\" width=\"1024\" height=\"575\" src=\"https:\/\/2l-a-velo.com\/wp-content\/uploads\/2025\/02\/P1071022-1024x575.jpg\" alt=\"\" class=\"wp-image-13261\" srcset=\"https:\/\/2l-a-velo.com\/wp-content\/uploads\/2025\/02\/P1071022-1024x575.jpg 1024w, https:\/\/2l-a-velo.com\/wp-content\/uploads\/2025\/02\/P1071022-300x168.jpg 300w, https:\/\/2l-a-velo.com\/wp-content\/uploads\/2025\/02\/P1071022-768x431.jpg 768w, https:\/\/2l-a-velo.com\/wp-content\/uploads\/2025\/02\/P1071022-1536x862.jpg 1536w, https:\/\/2l-a-velo.com\/wp-content\/uploads\/2025\/02\/P1071022-2048x1149.jpg 2048w, https:\/\/2l-a-velo.com\/wp-content\/uploads\/2025\/02\/P1071022-900x505.jpg 900w, https:\/\/2l-a-velo.com\/wp-content\/uploads\/2025\/02\/P1071022-1280x718.jpg 1280w\" sizes=\"auto, (max-width: 1024px) 100vw, 1024px\" \/><\/figure>\n\n\n\n<p>Et voici, la premi\u00e8re curiosit\u00e9 de la ville, le temple bleu. Tout est bleu, le temple int\u00e9rieur et ext\u00e9rieur, les b\u00e2timents attenant, les statues des divinit\u00e9s diverses&#8230; <\/p>\n\n\n\n<div class=\"wp-block-media-text is-stacked-on-mobile\" style=\"grid-template-columns:58% auto\"><figure class=\"wp-block-media-text__media\"><img loading=\"lazy\" decoding=\"async\" width=\"1024\" height=\"683\" src=\"https:\/\/2l-a-velo.com\/wp-content\/uploads\/2025\/02\/P1040591-1024x683.jpg\" alt=\"\" class=\"wp-image-13262 size-full\" srcset=\"https:\/\/2l-a-velo.com\/wp-content\/uploads\/2025\/02\/P1040591-1024x683.jpg 1024w, https:\/\/2l-a-velo.com\/wp-content\/uploads\/2025\/02\/P1040591-300x200.jpg 300w, https:\/\/2l-a-velo.com\/wp-content\/uploads\/2025\/02\/P1040591-768x512.jpg 768w, https:\/\/2l-a-velo.com\/wp-content\/uploads\/2025\/02\/P1040591-1536x1024.jpg 1536w, https:\/\/2l-a-velo.com\/wp-content\/uploads\/2025\/02\/P1040591-2048x1366.jpg 2048w, https:\/\/2l-a-velo.com\/wp-content\/uploads\/2025\/02\/P1040591-900x600.jpg 900w, https:\/\/2l-a-velo.com\/wp-content\/uploads\/2025\/02\/P1040591-1280x853.jpg 1280w\" sizes=\"auto, (max-width: 1024px) 100vw, 1024px\" \/><\/figure><div class=\"wp-block-media-text__content\">\n<p>Si certains voient la vie en rose (tant mieux pour eux), nous la voyons, nous, en bleu en ce moment !!!<\/p>\n<\/div><\/div>\n\n\n\n<p>La construction de ce temple a \u00e9t\u00e9 initi\u00e9e par la communaut\u00e9 locale en 1996 pour remplacer un vieux temple abandonn\u00e9. Mais la construction n&rsquo;a d\u00e9but\u00e9 qu&rsquo;en 2005 et s&rsquo;est achev\u00e9 en 2016. Il a \u00e9t\u00e9 r\u00e9alis\u00e9 par Phuttha Kabkaew, un artiste local. <\/p>\n\n\n\n<div class=\"wp-block-media-text has-media-on-the-right is-stacked-on-mobile\" style=\"grid-template-columns:auto 59%\"><div class=\"wp-block-media-text__content\">\n<p>Il est construit dans un style non conventionnel et utilise des sculptures richement ornement\u00e9es et des images visuelles psych\u00e9d\u00e9liques.&nbsp;<\/p>\n<\/div><figure class=\"wp-block-media-text__media\"><img loading=\"lazy\" decoding=\"async\" width=\"1024\" height=\"575\" src=\"https:\/\/2l-a-velo.com\/wp-content\/uploads\/2025\/02\/P1071003-1024x575.jpg\" alt=\"\" class=\"wp-image-13263 size-full\" srcset=\"https:\/\/2l-a-velo.com\/wp-content\/uploads\/2025\/02\/P1071003-1024x575.jpg 1024w, https:\/\/2l-a-velo.com\/wp-content\/uploads\/2025\/02\/P1071003-300x168.jpg 300w, https:\/\/2l-a-velo.com\/wp-content\/uploads\/2025\/02\/P1071003-768x431.jpg 768w, https:\/\/2l-a-velo.com\/wp-content\/uploads\/2025\/02\/P1071003-1536x862.jpg 1536w, https:\/\/2l-a-velo.com\/wp-content\/uploads\/2025\/02\/P1071003-2048x1149.jpg 2048w, https:\/\/2l-a-velo.com\/wp-content\/uploads\/2025\/02\/P1071003-900x505.jpg 900w, https:\/\/2l-a-velo.com\/wp-content\/uploads\/2025\/02\/P1071003-1280x718.jpg 1280w\" sizes=\"auto, (max-width: 1024px) 100vw, 1024px\" \/><\/figure><\/div>\n\n\n\n<div class=\"wp-block-media-text is-stacked-on-mobile\" style=\"grid-template-columns:56% auto\"><figure class=\"wp-block-media-text__media\"><img loading=\"lazy\" decoding=\"async\" width=\"1024\" height=\"575\" src=\"https:\/\/2l-a-velo.com\/wp-content\/uploads\/2025\/02\/P1071058-1024x575.jpg\" alt=\"\" class=\"wp-image-13264 size-full\" srcset=\"https:\/\/2l-a-velo.com\/wp-content\/uploads\/2025\/02\/P1071058-1024x575.jpg 1024w, https:\/\/2l-a-velo.com\/wp-content\/uploads\/2025\/02\/P1071058-300x168.jpg 300w, https:\/\/2l-a-velo.com\/wp-content\/uploads\/2025\/02\/P1071058-768x431.jpg 768w, https:\/\/2l-a-velo.com\/wp-content\/uploads\/2025\/02\/P1071058-1536x862.jpg 1536w, https:\/\/2l-a-velo.com\/wp-content\/uploads\/2025\/02\/P1071058-2048x1149.jpg 2048w, https:\/\/2l-a-velo.com\/wp-content\/uploads\/2025\/02\/P1071058-900x505.jpg 900w, https:\/\/2l-a-velo.com\/wp-content\/uploads\/2025\/02\/P1071058-1280x718.jpg 1280w\" sizes=\"auto, (max-width: 1024px) 100vw, 1024px\" \/><\/figure><div class=\"wp-block-media-text__content\">\n<p>Pas grand chose \u00e0 voir \u00e0 Chiang Rai si ce n&rsquo;est la Tower Clock qui s&rsquo;illumine en musique tous les soirs !<\/p>\n<\/div><\/div>\n\n\n\n<p>Nous nous pausons une journ\u00e9e \u00e0 Chiang Rai. Nous mettons le site \u00e0 jour, nous go\u00fbtons au padtha\u00ef (c&rsquo;est bon) et  le soir, nous d\u00eenons au march\u00e9 o\u00f9 nous retrouvons Yashmina rencontr\u00e9e sur le bateau. <\/p>\n\n\n\n<div class=\"wp-block-buttons is-layout-flex wp-block-buttons-is-layout-flex\">\n<div class=\"wp-block-button has-custom-width wp-block-button__width-100 has-custom-font-size has-large-font-size\"><a class=\"wp-block-button__link has-background has-text-align-center wp-element-button\" href=\"https:\/\/photos.google.com\/share\/AF1QipOk36CQ3HcaJIitjHBwL1VdPNRIVbyzCpEfMJaDekf8uMMIGbyj2HTJn0G6NfaP3w\/photo\/AF1QipMjEr6Sf76QloIo1xprwfL4AGNCeJAq346R8O2w?key=UnQ1d3JXeXhJbHZyZWtNZm1CNDFJdFUxV1FmUGVB\" style=\"border-radius:10px;background-color:#0173a7\">photos de la fronti\u00e8re \u00e0 chiang rai<\/a><\/div>\n<\/div>\n\n\n\n<div class=\"wp-block-buttons is-layout-flex wp-block-buttons-is-layout-flex\">\n<div class=\"wp-block-button has-custom-width wp-block-button__width-100 has-custom-font-size has-large-font-size\"><a class=\"wp-block-button__link has-background has-text-align-center wp-element-button\" href=\"https:\/\/photos.google.com\/share\/AF1QipNKijFu6Hyj4O0ML-gQfxbYE3NH927rNsUvM3pxtAdVYNDQ2rcA8vzsCdtk5hEpeg\/photo\/AF1QipM_ixlyoumvGgmucTUoJGRWipNrZul8ceEJtbkb?key=TERXZkdkMUFHOFdwREhHeWplWTJCVFhVeDZkLUNn\" style=\"border-radius:10px;background-color:#0173a7\">photos temple bleu<\/a><\/div>\n<\/div>\n\n\n\n<p class=\"has-text-align-center has-accent-background-color has-background has-large-font-size\"><strong>Le Triangle d&rsquo;or<\/strong><\/p>\n\n\n\n<p class=\"has-white-color has-accent-background-color has-text-color has-background has-link-color wp-elements-5b545b2033060715ca838ab10762cded\">Nous sommes ici dans le \u00ab\u00a0Triangle d&rsquo;Or\u00a0\u00bb, une r\u00e9gion aux confins de la Tha\u00eflande, du Laos et du Myanmar. Au XX<sup>\u00e8me<\/sup> si\u00e8cle, cette r\u00e9gion \u00e9tait l&rsquo;\u00e9picentre du commerce mondial de l&rsquo;opium.<\/p>\n\n\n\n<p class=\"has-white-color has-accent-background-color has-text-color has-background has-link-color wp-elements-85295c641222ffbcde4df3aa6dd53723\">Les fermiers locaux cultivaient le pavot \u00e0 opium en grandes quantit\u00e9s, en raison de la pauvret\u00e9 et du manque d\u2019options agricoles viables. Le commerce de l\u2019opium rapportait gros, mais il a conduit \u00e0  la d\u00e9pendance et au crime.<\/p>\n\n\n\n<p class=\"has-white-color has-accent-background-color has-text-color has-background has-link-color wp-elements-141a8a7853d4ccd2cf8e3e4db1e3ae8c\">Gr\u00e2ce \u00e0 des efforts nationaux et internationaux pour \u00e9radiquer la culture du pavot et combattre le trafic d\u2019opium, le Triangle d\u2019Or a r\u00e9ussi sa mutation en encourageant les agriculteurs \u00e0 se tourner vers d\u2019autres cultures, comme le th\u00e9, le caf\u00e9, le ma\u00efs et divers fruits et l\u00e9gumes.<\/p>\n\n\n\n<p class=\"has-white-color has-accent-background-color has-text-color has-background has-link-color wp-elements-a60efe0e87bd02944419c34128e9ff24\">Dans les ann\u00e9es 1980, la production d&rsquo;opium du Triangle d&rsquo;or repr\u00e9sente plus de 70&nbsp;% de la production mondiale&nbsp;; en 2007, elle n&rsquo;en repr\u00e9sente plus que 5&nbsp;% environ&nbsp;: le Triangle d&rsquo;or est \u00e9clips\u00e9 par le&nbsp;Croissant d&rsquo;or (Iran, Pakistan, Afghanistan). Mais <strong>actuellement<\/strong>, les Talibans afghans ayant interdit la culture du pavot, le Myanmar est le plus important producteur mondial d&rsquo;opium. Suite \u00e0 l&rsquo;instabilit\u00e9 du pays et \u00e0 l&rsquo;inflation galopante, de nombreux paysans se sont lanc\u00e9s dans la culture du pavot.<\/p>\n\n\n\n<p class=\"has-white-color has-accent-background-color has-text-color has-background has-link-color wp-elements-86b922c282f0566607b5ba1b0cff89de\">Le triangle d&rsquo;or, principalement le Myanmar, est donc toujours un foyer de production d&rsquo;opium mais aussi, maintenant, de drogues de synth\u00e8se comme la m\u00e9thamph\u00e9tamine !<\/p>\n\n\n\n<p class=\"has-text-align-center has-text-color has-link-color has-larger-font-size wp-elements-79ef1615e3b0f5bd1e48baac78b6f803\" style=\"color:#0173a7\"><strong>De Chiang Rai \u00e0 Chiang Mai<\/strong><\/p>\n\n\n\n<p>Situ\u00e9 \u00e0 13 km de Chiang Rai, le <strong>Wat Rong Khun<\/strong> est commun\u00e9ment appel\u00e9 temple blanc. Construit par Chalermchai<a href=\"https:\/\/fr.wikipedia.org\/wiki\/Chalermchai_Kositpipat\"> <\/a>Kositpipat, artiste tha\u00eflandais renomm\u00e9, ce temple commenc\u00e9 en 1997, et qui, au d\u00e9part devait \u00eatre achev\u00e9 en 2008, ne sera finalement termin\u00e9 qu&rsquo;en&#8230; 2070 !!!<\/p>\n\n\n\n<figure class=\"wp-block-image size-large\"><img loading=\"lazy\" decoding=\"async\" width=\"1024\" height=\"575\" src=\"https:\/\/2l-a-velo.com\/wp-content\/uploads\/2025\/02\/P1040768-1-1024x575.jpg\" alt=\"\" class=\"wp-image-13272\" srcset=\"https:\/\/2l-a-velo.com\/wp-content\/uploads\/2025\/02\/P1040768-1-1024x575.jpg 1024w, https:\/\/2l-a-velo.com\/wp-content\/uploads\/2025\/02\/P1040768-1-300x168.jpg 300w, https:\/\/2l-a-velo.com\/wp-content\/uploads\/2025\/02\/P1040768-1-768x431.jpg 768w, https:\/\/2l-a-velo.com\/wp-content\/uploads\/2025\/02\/P1040768-1-1536x862.jpg 1536w, https:\/\/2l-a-velo.com\/wp-content\/uploads\/2025\/02\/P1040768-1-2048x1149.jpg 2048w, https:\/\/2l-a-velo.com\/wp-content\/uploads\/2025\/02\/P1040768-1-900x505.jpg 900w, https:\/\/2l-a-velo.com\/wp-content\/uploads\/2025\/02\/P1040768-1-1280x718.jpg 1280w\" sizes=\"auto, (max-width: 1024px) 100vw, 1024px\" \/><\/figure>\n\n\n\n<p>Ce qui cr\u00e9e l&rsquo;\u00e9tonnement, la surprise face \u00e0 ce temple, c&rsquo;est sa blancheur qui caract\u00e9riserait la puret\u00e9 du Bouddhisme et l&rsquo;incrustation de morceaux de miroir qui sugg\u00e9rerait la \u00ab\u00a0r\u00e9flexion de l\u2019illumination\u00a0\u00bb.<\/p>\n\n\n\n<div class=\"wp-block-media-text has-media-on-the-right is-stacked-on-mobile\" style=\"grid-template-columns:auto 61%\"><div class=\"wp-block-media-text__content\">\n<p>Cette \u0153uvre d&rsquo;art, compl\u00e8tement d\u00e9lirante, sera constitu\u00e9e, \u00e0 terme, de neuf b\u00e2timents qui constitueront la vision du paradis bouddhiste sur terre !<\/p>\n<\/div><figure class=\"wp-block-media-text__media\"><img loading=\"lazy\" decoding=\"async\" width=\"1024\" height=\"575\" src=\"https:\/\/2l-a-velo.com\/wp-content\/uploads\/2025\/02\/P1040678-1024x575.jpg\" alt=\"\" class=\"wp-image-13271 size-full\" srcset=\"https:\/\/2l-a-velo.com\/wp-content\/uploads\/2025\/02\/P1040678-1024x575.jpg 1024w, https:\/\/2l-a-velo.com\/wp-content\/uploads\/2025\/02\/P1040678-300x168.jpg 300w, https:\/\/2l-a-velo.com\/wp-content\/uploads\/2025\/02\/P1040678-768x431.jpg 768w, https:\/\/2l-a-velo.com\/wp-content\/uploads\/2025\/02\/P1040678-1536x862.jpg 1536w, https:\/\/2l-a-velo.com\/wp-content\/uploads\/2025\/02\/P1040678-2048x1149.jpg 2048w, https:\/\/2l-a-velo.com\/wp-content\/uploads\/2025\/02\/P1040678-900x505.jpg 900w, https:\/\/2l-a-velo.com\/wp-content\/uploads\/2025\/02\/P1040678-1280x718.jpg 1280w\" sizes=\"auto, (max-width: 1024px) 100vw, 1024px\" \/><\/figure><\/div>\n\n\n\n<p>C&rsquo;est une vraie d\u00e9couverte de circuler dans cette enceinte. Nous entrons dans un autre monde&#8230; Mais la foule et les selfies nous ram\u00e8nent vite \u00e0 la r\u00e9alit\u00e9 !!!<\/p>\n\n\n\n<p>A noter que Laure, en bermuda, s&rsquo;est vu refuser l&rsquo;entr\u00e9e ; il a fallu mettre une jupe pour cacher les genoux. Par contre, pour les hommes, pas de soucis, ils peuvent p\u00e9n\u00e9trer en short !!! Comprenne qui pourra !!!<\/p>\n\n\n\n<div class=\"wp-block-buttons is-layout-flex wp-block-buttons-is-layout-flex\">\n<div class=\"wp-block-button has-custom-width wp-block-button__width-100 has-custom-font-size has-large-font-size\"><a class=\"wp-block-button__link has-background has-text-align-center wp-element-button\" href=\"https:\/\/photos.google.com\/share\/AF1QipNVwKEPJtFwYy3dSOV0_QWBDPLBbGUBuYTdH-ovf_6JUV3id2moXD3K7MYr6hW7nA\/photo\/AF1QipNqbcX69eALYUNVvbLF47YLTYCeWTU1zr0A7Wu2?key=eGVfLWRuNzNmX0ZZRjVGLTRHYzZfSlh3TVhESjR3\" style=\"border-radius:10px;background-color:#0173a7\">photos temple blanc<\/a><\/div>\n<\/div>\n\n\n\n<p>Nous reprenons la route bord\u00e9e de magnifiques arbres fleuris. Suite \u00e0 des travaux et \u00e0 l&rsquo;absence de panneaux, nous continuons la route au lieu de bifurquer \u00e0 droite. Nous en sommes quite pour quelques kilom\u00e8tres suppl\u00e9mentaires ! Ce soir, nous ne trouvons qu&rsquo;un h\u00f4tel un peu classe, un resort comme ils disent (vu les prix, on a un peu envie d&rsquo;en ressortir) ! Pas mal ce genre de \u00ab\u00a0truc\u00a0\u00bb de temps en temps !<\/p>\n\n\n\n<p>Un restaurant jouxte l&rsquo;h\u00f4tel et nous y mangeons fort bien, un bon plat bien occidental !<\/p>\n\n\n\n<div class=\"wp-block-media-text is-stacked-on-mobile\" style=\"grid-template-columns:54% auto\"><figure class=\"wp-block-media-text__media\"><img loading=\"lazy\" decoding=\"async\" width=\"1024\" height=\"575\" src=\"https:\/\/2l-a-velo.com\/wp-content\/uploads\/2025\/02\/P1081271-1024x575.jpg\" alt=\"\" class=\"wp-image-13273 size-full\" srcset=\"https:\/\/2l-a-velo.com\/wp-content\/uploads\/2025\/02\/P1081271-1024x575.jpg 1024w, https:\/\/2l-a-velo.com\/wp-content\/uploads\/2025\/02\/P1081271-300x168.jpg 300w, https:\/\/2l-a-velo.com\/wp-content\/uploads\/2025\/02\/P1081271-768x431.jpg 768w, https:\/\/2l-a-velo.com\/wp-content\/uploads\/2025\/02\/P1081271-1536x862.jpg 1536w, https:\/\/2l-a-velo.com\/wp-content\/uploads\/2025\/02\/P1081271-2048x1149.jpg 2048w, https:\/\/2l-a-velo.com\/wp-content\/uploads\/2025\/02\/P1081271-900x505.jpg 900w, https:\/\/2l-a-velo.com\/wp-content\/uploads\/2025\/02\/P1081271-1280x718.jpg 1280w\" sizes=\"auto, (max-width: 1024px) 100vw, 1024px\" \/><\/figure><div class=\"wp-block-media-text__content\">\n<p>La route continue, toujours \u00e0 quatre voies, bord\u00e9e de cultures de riz, d&rsquo;ananas, d&rsquo;a\u00efl, d&rsquo;oignons&#8230; Les villages n&rsquo;en finissent pas, ils s&rsquo;\u00e9tirent en longueur.<\/p>\n<\/div><\/div>\n\n\n\n<p>Nous p\u00e9n\u00e9trons dans un temple o\u00f9 les repr\u00e9sentations de divinit\u00e9s atteignent des proportions \u00e9normes. Un endroit tr\u00e8s particulier !<\/p>\n\n\n\n<div class=\"wp-block-media-text has-media-on-the-right is-stacked-on-mobile\" style=\"grid-template-columns:auto 45%\"><div class=\"wp-block-media-text__content\">\n<p>Et puis nous arrivons dans un endroit qui sent l&rsquo;\u0153uf pourri ! De bassins circulaires, des geysers jaillissent ! Nous sommes dans un endroit de sources thermales. <\/p>\n<\/div><figure class=\"wp-block-media-text__media\"><img loading=\"lazy\" decoding=\"async\" width=\"1024\" height=\"575\" src=\"https:\/\/2l-a-velo.com\/wp-content\/uploads\/2025\/02\/P1040815-1024x575.jpg\" alt=\"\" class=\"wp-image-13276 size-full\" srcset=\"https:\/\/2l-a-velo.com\/wp-content\/uploads\/2025\/02\/P1040815-1024x575.jpg 1024w, https:\/\/2l-a-velo.com\/wp-content\/uploads\/2025\/02\/P1040815-300x168.jpg 300w, https:\/\/2l-a-velo.com\/wp-content\/uploads\/2025\/02\/P1040815-768x431.jpg 768w, https:\/\/2l-a-velo.com\/wp-content\/uploads\/2025\/02\/P1040815-1536x862.jpg 1536w, https:\/\/2l-a-velo.com\/wp-content\/uploads\/2025\/02\/P1040815-2048x1149.jpg 2048w, https:\/\/2l-a-velo.com\/wp-content\/uploads\/2025\/02\/P1040815-900x505.jpg 900w, https:\/\/2l-a-velo.com\/wp-content\/uploads\/2025\/02\/P1040815-1280x718.jpg 1280w\" sizes=\"auto, (max-width: 1024px) 100vw, 1024px\" \/><\/figure><\/div>\n\n\n\n<p>Et bien s\u00fbr, un seul h\u00f4tel, cher et pas terrible, mais avec une immense baignoire que l&rsquo;on peut remplir de cette eau qui pue et&#8230; s&rsquo;y tremper !<\/p>\n\n\n\n<p>Une belle mont\u00e9e en for\u00eat, sur un asphalte de r\u00eave. Nous sommes dans un parc national, les arbres sont immenses, la route monte bien, les paysages sont tr\u00e8s agr\u00e9ables, le p\u00e9dalage est tr\u00e8s plaisant !!!  <\/p>\n\n\n\n<figure class=\"wp-block-image size-large\"><img loading=\"lazy\" decoding=\"async\" width=\"1024\" height=\"575\" src=\"https:\/\/2l-a-velo.com\/wp-content\/uploads\/2025\/02\/P1081418-1024x575.jpg\" alt=\"\" class=\"wp-image-13296\" srcset=\"https:\/\/2l-a-velo.com\/wp-content\/uploads\/2025\/02\/P1081418-1024x575.jpg 1024w, https:\/\/2l-a-velo.com\/wp-content\/uploads\/2025\/02\/P1081418-300x168.jpg 300w, https:\/\/2l-a-velo.com\/wp-content\/uploads\/2025\/02\/P1081418-768x431.jpg 768w, https:\/\/2l-a-velo.com\/wp-content\/uploads\/2025\/02\/P1081418-1536x862.jpg 1536w, https:\/\/2l-a-velo.com\/wp-content\/uploads\/2025\/02\/P1081418-2048x1149.jpg 2048w, https:\/\/2l-a-velo.com\/wp-content\/uploads\/2025\/02\/P1081418-900x505.jpg 900w, https:\/\/2l-a-velo.com\/wp-content\/uploads\/2025\/02\/P1081418-1280x718.jpg 1280w\" sizes=\"auto, (max-width: 1024px) 100vw, 1024px\" \/><\/figure>\n\n\n\n<p>Laure fait une incursion dans un village que nous qualifierons de&#8230; touristique ! Dans ce village, on a r\u00e9uni plusieurs ethnies pr\u00e9sentes en Tha\u00eflande. Cela permet aux visiteurs de voir les diff\u00e9rents costumes et leurs productions artisanales. <\/p>\n\n\n\n<div class=\"wp-block-media-text is-stacked-on-mobile\" style=\"grid-template-columns:60% auto\"><figure class=\"wp-block-media-text__media\"><img loading=\"lazy\" decoding=\"async\" width=\"1024\" height=\"575\" src=\"https:\/\/2l-a-velo.com\/wp-content\/uploads\/2025\/02\/P1081419-1024x575.jpg\" alt=\"\" class=\"wp-image-13297 size-full\" srcset=\"https:\/\/2l-a-velo.com\/wp-content\/uploads\/2025\/02\/P1081419-1024x575.jpg 1024w, https:\/\/2l-a-velo.com\/wp-content\/uploads\/2025\/02\/P1081419-300x168.jpg 300w, https:\/\/2l-a-velo.com\/wp-content\/uploads\/2025\/02\/P1081419-768x431.jpg 768w, https:\/\/2l-a-velo.com\/wp-content\/uploads\/2025\/02\/P1081419-1536x862.jpg 1536w, https:\/\/2l-a-velo.com\/wp-content\/uploads\/2025\/02\/P1081419-2048x1149.jpg 2048w, https:\/\/2l-a-velo.com\/wp-content\/uploads\/2025\/02\/P1081419-900x505.jpg 900w, https:\/\/2l-a-velo.com\/wp-content\/uploads\/2025\/02\/P1081419-1280x718.jpg 1280w\" sizes=\"auto, (max-width: 1024px) 100vw, 1024px\" \/><\/figure><div class=\"wp-block-media-text__content\">\n<p>Une ethnie un peu particuli\u00e8re, les Karen. Les femmes portent un ensemble d&rsquo;anneaux autour du cou et d&rsquo;autres aux jambes.<\/p>\n<\/div><\/div>\n\n\n\n<p>Cet ensemble d&rsquo;anneaux ne leur allonge pas le cou, c&rsquo;est seulement pour faire joli ! L&rsquo;impression d&rsquo;allongement n&rsquo;est qu&rsquo;un effet d&rsquo;optique ! Par ailleurs, Laure qui a essay\u00e9 cet objet le trouve particuli\u00e8rement lourd !<\/p>\n\n\n\n<p>Nous sommes un peu mitig\u00e9s sur ce genre d&rsquo;activit\u00e9. D&rsquo;un c\u00f4t\u00e9, cela fait un peu voyeur (toutes proportions gard\u00e9es) de photographier les habitants dans ces conditions, et d&rsquo;un autre c\u00f4t\u00e9, le prix des entr\u00e9es et la vente de leurs productions artisanales, leur permettent de gagner un peu d&rsquo;argent !<\/p>\n\n\n\n<div class=\"wp-block-buttons is-layout-flex wp-block-buttons-is-layout-flex\">\n<div class=\"wp-block-button has-custom-width wp-block-button__width-100 has-custom-font-size has-large-font-size\"><a class=\"wp-block-button__link has-background has-text-align-center wp-element-button\" href=\"https:\/\/photos.google.com\/share\/AF1QipODUFeOnY6LF6Ys8D8fs1my5GL7zW6ewH-adiV4v7M84N67VyqJWXoZ_PBoZDie-w\/photo\/AF1QipOpriQXH74D511YA7fqVy1S8xsAWxop0mnzUY1o?key=ejQ2RnNQSFV3dFYtZmswZWJoa0NZT0NETHZvQ2NR\" style=\"border-radius:10px;background-color:#0173a7\">photos de chiang rai \u00e0 chiang mai<\/a><\/div>\n<\/div>\n\n\n\n<p class=\"has-text-align-center has-text-color has-link-color has-larger-font-size wp-elements-c0af17e6986ee2a3ed0a67422cc24cbd\" style=\"color:#0173a7\"><strong>Chiang Mai<\/strong><\/p>\n\n\n\n<p>Nous voici \u00e0 Chiang Mai, environ 1 200 000 habitants, deuxi\u00e8me ville de Tha\u00eflande. Fond\u00e9e en 1296, elle fut la capitale du royaume ind\u00e9pendant de Lanna jusqu&rsquo;en 1558. <\/p>\n\n\n\n<div class=\"wp-block-media-text has-media-on-the-right is-stacked-on-mobile\" style=\"grid-template-columns:auto 57%\"><div class=\"wp-block-media-text__content\">\n<p>Sa vieille ville comprend les vestiges de remparts en briques et de douves t\u00e9moignant de son pass\u00e9 de centre culturel et religieux.&nbsp;<\/p>\n<\/div><figure class=\"wp-block-media-text__media\"><img loading=\"lazy\" decoding=\"async\" width=\"1024\" height=\"575\" src=\"https:\/\/2l-a-velo.com\/wp-content\/uploads\/2025\/02\/P1040935-1024x575.jpg\" alt=\"\" class=\"wp-image-13298 size-full\" srcset=\"https:\/\/2l-a-velo.com\/wp-content\/uploads\/2025\/02\/P1040935-1024x575.jpg 1024w, https:\/\/2l-a-velo.com\/wp-content\/uploads\/2025\/02\/P1040935-300x168.jpg 300w, https:\/\/2l-a-velo.com\/wp-content\/uploads\/2025\/02\/P1040935-768x431.jpg 768w, https:\/\/2l-a-velo.com\/wp-content\/uploads\/2025\/02\/P1040935-1536x862.jpg 1536w, https:\/\/2l-a-velo.com\/wp-content\/uploads\/2025\/02\/P1040935-2048x1149.jpg 2048w, https:\/\/2l-a-velo.com\/wp-content\/uploads\/2025\/02\/P1040935-900x505.jpg 900w, https:\/\/2l-a-velo.com\/wp-content\/uploads\/2025\/02\/P1040935-1280x718.jpg 1280w\" sizes=\"auto, (max-width: 1024px) 100vw, 1024px\" \/><\/figure><\/div>\n\n\n\n<p>Ces douves forment un quadrilat\u00e8re qui abrite le quartier historique.<\/p>\n\n\n\n<p>Quartier historique, c&rsquo;est le \u00ab\u00a0repaire\u00a0\u00bb des touristes qui y trouvent une pl\u00e9thore d&rsquo;h\u00e9bergements et de restaurants. Mais c&rsquo;est aussi un lacis de petites rues et ruelles imbriqu\u00e9es les unes dans les autres de part et d&rsquo;autres de rues plus importantes !<\/p>\n\n\n\n<div class=\"wp-block-media-text is-stacked-on-mobile\" style=\"grid-template-columns:57% auto\"><figure class=\"wp-block-media-text__media\"><img loading=\"lazy\" decoding=\"async\" width=\"1024\" height=\"575\" src=\"https:\/\/2l-a-velo.com\/wp-content\/uploads\/2025\/02\/P1040832-1024x575.jpg\" alt=\"\" class=\"wp-image-13299 size-full\" srcset=\"https:\/\/2l-a-velo.com\/wp-content\/uploads\/2025\/02\/P1040832-1024x575.jpg 1024w, https:\/\/2l-a-velo.com\/wp-content\/uploads\/2025\/02\/P1040832-300x168.jpg 300w, https:\/\/2l-a-velo.com\/wp-content\/uploads\/2025\/02\/P1040832-768x431.jpg 768w, https:\/\/2l-a-velo.com\/wp-content\/uploads\/2025\/02\/P1040832-1536x862.jpg 1536w, https:\/\/2l-a-velo.com\/wp-content\/uploads\/2025\/02\/P1040832-2048x1149.jpg 2048w, https:\/\/2l-a-velo.com\/wp-content\/uploads\/2025\/02\/P1040832-900x505.jpg 900w, https:\/\/2l-a-velo.com\/wp-content\/uploads\/2025\/02\/P1040832-1280x718.jpg 1280w\" sizes=\"auto, (max-width: 1024px) 100vw, 1024px\" \/><\/figure><div class=\"wp-block-media-text__content\">\n<p>En se baladant dans les rues de Chiang Mai, c&rsquo;est surtout le nombre de temples qui nous a surpris !<\/p>\n<\/div><\/div>\n\n\n\n<p>Chiang Mai est aussi le point de d\u00e9part de nombreuses excursions !<\/p>\n\n\n\n<div class=\"wp-block-buttons is-layout-flex wp-block-buttons-is-layout-flex\">\n<div class=\"wp-block-button has-custom-width wp-block-button__width-100 has-custom-font-size has-large-font-size\"><a class=\"wp-block-button__link has-background has-text-align-center wp-element-button\" href=\"https:\/\/photos.google.com\/share\/AF1QipMGCwBD6N35C3hTSUcykIkckWkXIs_acMLIkpaF9jdWB9KdLiArLBgHgQNdX3I3kQ\/photo\/AF1QipND1667seWmnZXJpo0E38jNGmTjM-OcgJxv18bv?key=ZmdFck9XWThiOWUxdDg0N2NpeEkwVDUxeHhfRjhB\" style=\"border-radius:10px;background-color:#0173a7\">quelques photos Chiang Mai<\/a><\/div>\n<\/div>\n\n\n\n<p>Nous nous sommes restreints question temples \u00e0 Chiang Mai ! Il y en aurait 350 !!! Nous, nous n&rsquo;en visiterons que&#8230; quatre et en photographierons quelques autres ! Gare \u00e0 l&rsquo;overdose !<\/p>\n\n\n\n<div class=\"wp-block-media-text has-media-on-the-right is-stacked-on-mobile\" style=\"grid-template-columns:auto 53%\"><div class=\"wp-block-media-text__content\">\n<p>Le <strong>Wat Chiang Man<\/strong> fond\u00e9 \u00e0 la fin du XIII<sup>\u00e8me<\/sup> si\u00e8cle est le plus ancien de la ville. Derri\u00e8re le temple, se dresse un beau chedi (stupa) \u00e0 d\u00f4me dor\u00e9 entour\u00e9 d&rsquo;\u00e9l\u00e9phants sculpt\u00e9s.<\/p>\n<\/div><figure class=\"wp-block-media-text__media\"><img loading=\"lazy\" decoding=\"async\" width=\"1024\" height=\"575\" src=\"https:\/\/2l-a-velo.com\/wp-content\/uploads\/2025\/02\/P1040845-1024x575.jpg\" alt=\"\" class=\"wp-image-13300 size-full\" srcset=\"https:\/\/2l-a-velo.com\/wp-content\/uploads\/2025\/02\/P1040845-1024x575.jpg 1024w, https:\/\/2l-a-velo.com\/wp-content\/uploads\/2025\/02\/P1040845-300x168.jpg 300w, https:\/\/2l-a-velo.com\/wp-content\/uploads\/2025\/02\/P1040845-768x431.jpg 768w, https:\/\/2l-a-velo.com\/wp-content\/uploads\/2025\/02\/P1040845-1536x862.jpg 1536w, https:\/\/2l-a-velo.com\/wp-content\/uploads\/2025\/02\/P1040845-2048x1149.jpg 2048w, https:\/\/2l-a-velo.com\/wp-content\/uploads\/2025\/02\/P1040845-900x505.jpg 900w, https:\/\/2l-a-velo.com\/wp-content\/uploads\/2025\/02\/P1040845-1280x718.jpg 1280w\" sizes=\"auto, (max-width: 1024px) 100vw, 1024px\" \/><\/figure><\/div>\n\n\n\n<div class=\"wp-block-media-text is-stacked-on-mobile\" style=\"grid-template-columns:54% auto\"><figure class=\"wp-block-media-text__media\"><img loading=\"lazy\" decoding=\"async\" width=\"1024\" height=\"575\" src=\"https:\/\/2l-a-velo.com\/wp-content\/uploads\/2025\/02\/P1040905-1024x575.jpg\" alt=\"\" class=\"wp-image-13301 size-full\" srcset=\"https:\/\/2l-a-velo.com\/wp-content\/uploads\/2025\/02\/P1040905-1024x575.jpg 1024w, https:\/\/2l-a-velo.com\/wp-content\/uploads\/2025\/02\/P1040905-300x168.jpg 300w, https:\/\/2l-a-velo.com\/wp-content\/uploads\/2025\/02\/P1040905-768x431.jpg 768w, https:\/\/2l-a-velo.com\/wp-content\/uploads\/2025\/02\/P1040905-1536x862.jpg 1536w, https:\/\/2l-a-velo.com\/wp-content\/uploads\/2025\/02\/P1040905-2048x1149.jpg 2048w, https:\/\/2l-a-velo.com\/wp-content\/uploads\/2025\/02\/P1040905-900x505.jpg 900w, https:\/\/2l-a-velo.com\/wp-content\/uploads\/2025\/02\/P1040905-1280x718.jpg 1280w\" sizes=\"auto, (max-width: 1024px) 100vw, 1024px\" \/><\/figure><div class=\"wp-block-media-text__content\">\n<p>Le<strong> Wat Phra Singh<\/strong> fond\u00e9 en 1345 est un des plus important sanctuaire de la ville. Sa particularit\u00e9 est d&rsquo;abriter les statues en cire des moines les plus v\u00e9n\u00e9r\u00e9s. <\/p>\n<\/div><\/div>\n\n\n\n<p>Mais dans l&rsquo;enceinte, il faut aussi visiter le petit temple pour sa fa\u00e7ade sculpt\u00e9e, ses fresques et un Bouddha datant du VIII<sup>\u00e8me<\/sup> si\u00e8cle.<\/p>\n\n\n\n<figure class=\"wp-block-image size-large\"><img loading=\"lazy\" decoding=\"async\" width=\"1024\" height=\"575\" src=\"https:\/\/2l-a-velo.com\/wp-content\/uploads\/2025\/02\/P1081463-1024x575.jpg\" alt=\"\" class=\"wp-image-13302\" srcset=\"https:\/\/2l-a-velo.com\/wp-content\/uploads\/2025\/02\/P1081463-1024x575.jpg 1024w, https:\/\/2l-a-velo.com\/wp-content\/uploads\/2025\/02\/P1081463-300x168.jpg 300w, https:\/\/2l-a-velo.com\/wp-content\/uploads\/2025\/02\/P1081463-768x431.jpg 768w, https:\/\/2l-a-velo.com\/wp-content\/uploads\/2025\/02\/P1081463-1536x862.jpg 1536w, https:\/\/2l-a-velo.com\/wp-content\/uploads\/2025\/02\/P1081463-2048x1149.jpg 2048w, https:\/\/2l-a-velo.com\/wp-content\/uploads\/2025\/02\/P1081463-900x505.jpg 900w, https:\/\/2l-a-velo.com\/wp-content\/uploads\/2025\/02\/P1081463-1280x718.jpg 1280w\" sizes=\"auto, (max-width: 1024px) 100vw, 1024px\" \/><\/figure>\n\n\n\n<p>Le <strong>Wat Chedi Luang<\/strong> fond\u00e9 \u00e0 la fin du XIV<sup>\u00e8me<\/sup> si\u00e8cle est un des temples les plus importants de Chiang Mai. Il poss\u00e8de un chedi en brique, construit en 1391, mesurant 44 m de large. Il mesurait 85 m de haut mais le s\u00e9isme de 1545 a r\u00e9duit sa hauteur \u00e0 60 m ! <\/p>\n\n\n\n<div class=\"wp-block-media-text has-media-on-the-right is-stacked-on-mobile\" style=\"grid-template-columns:auto 56%\"><div class=\"wp-block-media-text__content\">\n<p>A l&rsquo;entr\u00e9e, on peut voir le <em>Vihara Inthakin<\/em> o\u00f9 est conserv\u00e9 le pilier de la ville, mais seuls les hommes y ont acc\u00e8s !!!!!!!<\/p>\n<\/div><figure class=\"wp-block-media-text__media\"><img loading=\"lazy\" decoding=\"async\" width=\"1024\" height=\"575\" src=\"https:\/\/2l-a-velo.com\/wp-content\/uploads\/2025\/02\/P1040863-1024x575.jpg\" alt=\"\" class=\"wp-image-13305 size-full\" srcset=\"https:\/\/2l-a-velo.com\/wp-content\/uploads\/2025\/02\/P1040863-1024x575.jpg 1024w, https:\/\/2l-a-velo.com\/wp-content\/uploads\/2025\/02\/P1040863-300x168.jpg 300w, https:\/\/2l-a-velo.com\/wp-content\/uploads\/2025\/02\/P1040863-768x431.jpg 768w, https:\/\/2l-a-velo.com\/wp-content\/uploads\/2025\/02\/P1040863-1536x862.jpg 1536w, https:\/\/2l-a-velo.com\/wp-content\/uploads\/2025\/02\/P1040863-2048x1149.jpg 2048w, https:\/\/2l-a-velo.com\/wp-content\/uploads\/2025\/02\/P1040863-900x505.jpg 900w, https:\/\/2l-a-velo.com\/wp-content\/uploads\/2025\/02\/P1040863-1280x718.jpg 1280w\" sizes=\"auto, (max-width: 1024px) 100vw, 1024px\" \/><\/figure><\/div>\n\n\n\n<p>Le <strong>Wat Lok Molee<\/strong> est un tr\u00e8s beau temple auquel nous acc\u00e9dons par une porte en brique flanqu\u00e9e de deux \u00e9l\u00e9phants blancs. <\/p>\n\n\n\n<div class=\"wp-block-media-text is-stacked-on-mobile\" style=\"grid-template-columns:56% auto\"><figure class=\"wp-block-media-text__media\"><img loading=\"lazy\" decoding=\"async\" width=\"1024\" height=\"575\" src=\"https:\/\/2l-a-velo.com\/wp-content\/uploads\/2025\/02\/P1081528-1024x575.jpg\" alt=\"\" class=\"wp-image-13303 size-full\" srcset=\"https:\/\/2l-a-velo.com\/wp-content\/uploads\/2025\/02\/P1081528-1024x575.jpg 1024w, https:\/\/2l-a-velo.com\/wp-content\/uploads\/2025\/02\/P1081528-300x168.jpg 300w, https:\/\/2l-a-velo.com\/wp-content\/uploads\/2025\/02\/P1081528-768x431.jpg 768w, https:\/\/2l-a-velo.com\/wp-content\/uploads\/2025\/02\/P1081528-1536x862.jpg 1536w, https:\/\/2l-a-velo.com\/wp-content\/uploads\/2025\/02\/P1081528-2048x1149.jpg 2048w, https:\/\/2l-a-velo.com\/wp-content\/uploads\/2025\/02\/P1081528-900x505.jpg 900w, https:\/\/2l-a-velo.com\/wp-content\/uploads\/2025\/02\/P1081528-1280x718.jpg 1280w\" sizes=\"auto, (max-width: 1024px) 100vw, 1024px\" \/><\/figure><div class=\"wp-block-media-text__content\">\n<p>Nous d\u00e9couvrons alors un superbe vihara (monast\u00e8re bouddhiste) en bois de teck gard\u00e9 par deux n\u00e2ga !<\/p>\n<\/div><\/div>\n\n\n\n<p>A l&rsquo;int\u00e9rieur, superbe frise sculpt\u00e9e sur bois couvert d&rsquo;or et de fragments de miroirs et magnifique plafond \u00e0 caisson. Notre temple \u00ab\u00a0coup de c\u0153ur\u00a0\u00bb !<\/p>\n\n\n\n<p>Nous nous arr\u00eatons l\u00e0, m\u00eame si nous sommes immanquablement attir\u00e9s par la beaut\u00e9 des temples tha\u00eflandais ! <\/p>\n\n\n\n<div class=\"wp-block-buttons is-layout-flex wp-block-buttons-is-layout-flex\">\n<div class=\"wp-block-button has-custom-width wp-block-button__width-100 has-custom-font-size has-large-font-size\"><a class=\"wp-block-button__link has-background has-text-align-center wp-element-button\" href=\"https:\/\/photos.google.com\/share\/AF1QipPgnyNr2U9qQZJmEbm9Aq4Ngqr6tggvma5ObxAdt3qj5VVFOXMUGp6xdcyNByF_Mg\/photo\/AF1QipOnftIrxdYNlzfgweKkHvzUUbrwpg_e_cE-g-Cm?key=RzVib3VEM0xPNjgzb2xVVEl6UWg3bjFYZXl2UmZR\" style=\"border-radius:10px;background-color:#0173a7\">photos temples \u00e0 chiang mai<\/a><\/div>\n<\/div>\n\n\n\n<div class=\"wp-block-buttons is-layout-flex wp-block-buttons-is-layout-flex\">\n<div class=\"wp-block-button has-custom-width wp-block-button__width-100 has-custom-font-size has-large-font-size\"><a class=\"wp-block-button__link has-background has-text-align-center wp-element-button\" style=\"border-radius:10px;background-color:#c52003\">vid\u00e9o : de la fronti\u00e8re laotienne \u00e0 chiang mai<\/a><\/div>\n<\/div>\n\n\n\n<iframe loading=\"lazy\" width=\"560\" height=\"315\" src=\"https:\/\/www.youtube.com\/embed\/S7b5K-l0HRU?si=07vs8-Sv9E8Mjk06\" title=\"YouTube video player\" frameborder=\"0\" allow=\"accelerometer; autoplay; clipboard-write; encrypted-media; gyroscope; picture-in-picture; web-share\" referrerpolicy=\"strict-origin-when-cross-origin\" allowfullscreen><\/iframe>\n\n\n\n<p class=\"has-text-align-center has-text-color has-link-color has-larger-font-size wp-elements-9aa3029a089104ab82dd650be5035d55\" style=\"color:#0173a3\"><strong>Itin\u00e9raire<\/strong> <strong>g\u00e9n\u00e9ral depuis le d\u00e9but du voyage<\/strong><\/p>\n\n\n\n<p class=\"has-text-color has-link-color wp-elements-a6dd1f748653a2bc8ae0a0f9da33af08\" style=\"color:#a15c02\"><em>Afin que vous puissiez savoir o\u00f9 nous nous trouvons par rapport au reste de l&rsquo;itin\u00e9raire d\u00e9j\u00e0 parcouru, nous mettrons \u00e0 chaque publication la carte idoine !<\/em><\/p>\n\n\n\n<p class=\"has-text-align-center has-larger-font-size\"><strong>6327 km<\/strong> (+ 300 km en bateau)<\/p>\n\n\n\n<iframe loading=\"lazy\" src=\"https:\/\/www.google.com\/maps\/d\/embed?mid=1kErgR11NebKrvSRrhid-Ism7AsTGfq8&#038;ehbc=2E312F\" width=\"640\" height=\"480\"><\/iframe>\n","protected":false},"excerpt":{"rendered":"<p>Du 16 au 21 f\u00e9vrier 2025 Itin\u00e9raire 320 km Un grand changement \u00e0 notre entr\u00e9e en Tha\u00eflande, on roule \u00e0 gauche ! Surprenant au d\u00e9part, nous nous y faisons facilement sur les routes. En revanche, c&rsquo;est beaucoup plus difficile en ville o\u00f9 il faut penser \u00ab\u00a0\u00e0 l&rsquo;envers\u00a0\u00bb de nos habitudes ! Prudence, prudence ! Mais [&hellip;]<\/p>\n","protected":false},"author":1,"featured_media":0,"parent":13222,"menu_order":1,"comment_status":"open","ping_status":"closed","template":"","meta":{"jetpack_post_was_ever_published":false,"footnotes":""},"class_list":["post-13225","page","type-page","status-publish","hentry"],"jetpack_likes_enabled":true,"jetpack_sharing_enabled":true,"_links":{"self":[{"href":"https:\/\/2l-a-velo.com\/index.php?rest_route=\/wp\/v2\/pages\/13225","targetHints":{"allow":["GET"]}}],"collection":[{"href":"https:\/\/2l-a-velo.com\/index.php?rest_route=\/wp\/v2\/pages"}],"about":[{"href":"https:\/\/2l-a-velo.com\/index.php?rest_route=\/wp\/v2\/types\/page"}],"author":[{"embeddable":true,"href":"https:\/\/2l-a-velo.com\/index.php?rest_route=\/wp\/v2\/users\/1"}],"replies":[{"embeddable":true,"href":"https:\/\/2l-a-velo.com\/index.php?rest_route=%2Fwp%2Fv2%2Fcomments&post=13225"}],"version-history":[{"count":59,"href":"https:\/\/2l-a-velo.com\/index.php?rest_route=\/wp\/v2\/pages\/13225\/revisions"}],"predecessor-version":[{"id":13326,"href":"https:\/\/2l-a-velo.com\/index.php?rest_route=\/wp\/v2\/pages\/13225\/revisions\/13326"}],"up":[{"embeddable":true,"href":"https:\/\/2l-a-velo.com\/index.php?rest_route=\/wp\/v2\/pages\/13222"}],"wp:attachment":[{"href":"https:\/\/2l-a-velo.com\/index.php?rest_route=%2Fwp%2Fv2%2Fmedia&parent=13225"}],"curies":[{"name":"wp","href":"https:\/\/api.w.org\/{rel}","templated":true}]}}