{"id":13979,"date":"2025-04-15T16:53:10","date_gmt":"2025-04-15T14:53:10","guid":{"rendered":"https:\/\/2l-a-velo.com\/?page_id=13979"},"modified":"2025-04-15T16:54:28","modified_gmt":"2025-04-15T14:54:28","slug":"de-la-frontiere-thailandaise-a-georgetown","status":"publish","type":"page","link":"https:\/\/2l-a-velo.com\/?page_id=13979","title":{"rendered":"De la fronti\u00e8re tha\u00eflandaise \u00e0 Georgetown"},"content":{"rendered":"\n<div class=\"wp-block-media-text is-stacked-on-mobile\" style=\"grid-template-columns:59% auto\"><figure class=\"wp-block-media-text__media\"><img loading=\"lazy\" decoding=\"async\" width=\"1024\" height=\"575\" src=\"https:\/\/2l-a-velo.com\/wp-content\/uploads\/2025\/04\/P1105602-1024x575.jpg\" alt=\"\" class=\"wp-image-14024 size-full\" srcset=\"https:\/\/2l-a-velo.com\/wp-content\/uploads\/2025\/04\/P1105602-1024x575.jpg 1024w, https:\/\/2l-a-velo.com\/wp-content\/uploads\/2025\/04\/P1105602-300x168.jpg 300w, https:\/\/2l-a-velo.com\/wp-content\/uploads\/2025\/04\/P1105602-768x431.jpg 768w, https:\/\/2l-a-velo.com\/wp-content\/uploads\/2025\/04\/P1105602-1536x862.jpg 1536w, https:\/\/2l-a-velo.com\/wp-content\/uploads\/2025\/04\/P1105602-2048x1149.jpg 2048w, https:\/\/2l-a-velo.com\/wp-content\/uploads\/2025\/04\/P1105602-900x505.jpg 900w, https:\/\/2l-a-velo.com\/wp-content\/uploads\/2025\/04\/P1105602-1280x718.jpg 1280w\" sizes=\"auto, (max-width: 1024px) 100vw, 1024px\" \/><\/figure><div class=\"wp-block-media-text__content\">\n<p class=\"has-text-align-center has-larger-font-size\"><strong>Du 1o au 13 avril 2025<\/strong><\/p>\n<\/div><\/div>\n\n\n\n<p class=\"has-text-align-center has-text-color has-link-color has-larger-font-size wp-elements-1799fbd833b574bbc7658c7449b0737a\" style=\"color:#0173a7\"><strong>Itin\u00e9raire<\/strong><\/p>\n\n\n\n<p class=\"has-text-align-center has-large-font-size\"><strong>210 km<\/strong><\/p>\n\n\n\n<iframe loading=\"lazy\" src=\"https:\/\/www.google.com\/maps\/d\/embed?mid=1JIabC9oO9Bn8xxalaoXBaSPJsgqy5Xg&#038;ehbc=2E312F\" width=\"640\" height=\"480\"><\/iframe>\n\n\n\n<p class=\"has-text-align-left\">La Malaisie a subi de nombreuses occupations \u00e9trang\u00e8res. En 1511, les Portugais prennent la ville de Malacca. En 1641, les hollandais prennent \u00e0 leur tour Malacca aux Portugais.<\/p>\n\n\n\n<p>En&nbsp;1795, les&nbsp;Britanniques&nbsp;s&#8217;emparent du territoire malais, avec l\u2019\u00eele de Singapour.<\/p>\n\n\n\n<p>La Malaisie est envahie et occup\u00e9e par le&nbsp;Japon&nbsp;pendant la&nbsp;Seconde Guerre mondiale. Les troupes de l&rsquo;arm\u00e9e imp\u00e9riale japonaise&nbsp;se livr\u00e8rent \u00e0 un tr\u00e8s grand nombre d&rsquo;exactions, faisant en particulier des dizaines de milliers de morts parmi la minorit\u00e9 chinoise.<\/p>\n\n\n\n<div class=\"wp-block-media-text is-stacked-on-mobile\"><figure class=\"wp-block-media-text__media\"><img loading=\"lazy\" decoding=\"async\" width=\"1024\" height=\"591\" src=\"https:\/\/2l-a-velo.com\/wp-content\/uploads\/2025\/04\/2046138-malaisie-carte-et-drapeau-gratuit-vectoriel-2-1-1024x591.jpg\" alt=\"\" class=\"wp-image-14026 size-full\" srcset=\"https:\/\/2l-a-velo.com\/wp-content\/uploads\/2025\/04\/2046138-malaisie-carte-et-drapeau-gratuit-vectoriel-2-1-1024x591.jpg 1024w, https:\/\/2l-a-velo.com\/wp-content\/uploads\/2025\/04\/2046138-malaisie-carte-et-drapeau-gratuit-vectoriel-2-1-300x173.jpg 300w, https:\/\/2l-a-velo.com\/wp-content\/uploads\/2025\/04\/2046138-malaisie-carte-et-drapeau-gratuit-vectoriel-2-1-768x443.jpg 768w, https:\/\/2l-a-velo.com\/wp-content\/uploads\/2025\/04\/2046138-malaisie-carte-et-drapeau-gratuit-vectoriel-2-1-1536x886.jpg 1536w, https:\/\/2l-a-velo.com\/wp-content\/uploads\/2025\/04\/2046138-malaisie-carte-et-drapeau-gratuit-vectoriel-2-1-2048x1182.jpg 2048w, https:\/\/2l-a-velo.com\/wp-content\/uploads\/2025\/04\/2046138-malaisie-carte-et-drapeau-gratuit-vectoriel-2-1-900x519.jpg 900w, https:\/\/2l-a-velo.com\/wp-content\/uploads\/2025\/04\/2046138-malaisie-carte-et-drapeau-gratuit-vectoriel-2-1-1280x739.jpg 1280w\" sizes=\"auto, (max-width: 1024px) 100vw, 1024px\" \/><\/figure><div class=\"wp-block-media-text__content\">\n<p>La Malaisie actuelle r\u00e9sulte de l&rsquo;entr\u00e9e en 1963 des territoires britanniques de Born\u00e9o devenus ind\u00e9pendants dans la f\u00e9d\u00e9ration de Malaisie, elle-m\u00eame  ind\u00e9pendante depuis 1957.<\/p>\n<\/div><\/div>\n\n\n\n<p>Retrait de Singapour de la f\u00e9d\u00e9ration de Malaisie, en 1965. Cette partition de la Malaisie aura sans doute \u00e9vit\u00e9 une guerre civile entre Singapour majoritairement peupl\u00e9e de Chinois et la Malaisie peupl\u00e9e de Malais musulmans. D&rsquo;autant que les Chinois \u00e9taient favorables \u00e0 un r\u00e9gime r\u00e9publicain et les Malais \u00e0 un r\u00e9gime monarchique.<\/p>\n\n\n\n<p>Actuellement, la Malaisie est une monarchie constitutionnelle \u00e0 tendance autoritaire notamment en ce qui concerne les libert\u00e9s civiles, les droits politiques et la libert\u00e9 de religion.<\/p>\n\n\n\n<p>La&nbsp;religion d&rsquo;\u00c9tat&nbsp;est l&rsquo;islam&nbsp;du courant&nbsp;sunnite,&nbsp; observ\u00e9 principalement par la majorit\u00e9 malaise soit 63,5&nbsp;% de la population.<\/p>\n\n\n\n<p>Le&nbsp;bouddhisme&nbsp;est pratiqu\u00e9 par 18,7&nbsp;% de la population, principalement au sein de la communaut\u00e9 chinoise, alors que 9,1% de la population est chr\u00e9tienne et 6,1&nbsp;% est&nbsp;hindoue.<\/p>\n\n\n\n<p>  &nbsp;<\/p>\n\n\n\n<p class=\"has-text-align-center has-text-color has-link-color has-larger-font-size wp-elements-53747ef2c43b9806d14c7ea457654886\" style=\"color:#0173a7\"><strong>De la fronti\u00e8re \u00e0 Sanglang<\/strong><\/p>\n\n\n\n<p>Le passage de la douane malaisienne n&rsquo;est qu&rsquo;une formalit\u00e9. Coup de tampon sur le passeport accompagn\u00e9 par un \u00ab\u00a0Welcome to Malaisia\u00a0\u00bb.<\/p>\n\n\n\n<div class=\"wp-block-media-text has-media-on-the-right is-stacked-on-mobile\" style=\"grid-template-columns:auto 54%\"><div class=\"wp-block-media-text__content\">\n<p>Deux kilom\u00e8tres apr\u00e8s la fronti\u00e8re, se trouve un poste de police. Nous stoppons et on nous&#8230; offre un paquet de g\u00e2teaux avec de larges sourires !<\/p>\n<\/div><figure class=\"wp-block-media-text__media\"><img loading=\"lazy\" decoding=\"async\" width=\"1024\" height=\"575\" src=\"https:\/\/2l-a-velo.com\/wp-content\/uploads\/2025\/04\/P1105506-1-1024x575.jpg\" alt=\"\" class=\"wp-image-14028 size-full\" srcset=\"https:\/\/2l-a-velo.com\/wp-content\/uploads\/2025\/04\/P1105506-1-1024x575.jpg 1024w, https:\/\/2l-a-velo.com\/wp-content\/uploads\/2025\/04\/P1105506-1-300x168.jpg 300w, https:\/\/2l-a-velo.com\/wp-content\/uploads\/2025\/04\/P1105506-1-768x431.jpg 768w, https:\/\/2l-a-velo.com\/wp-content\/uploads\/2025\/04\/P1105506-1-1536x862.jpg 1536w, https:\/\/2l-a-velo.com\/wp-content\/uploads\/2025\/04\/P1105506-1-2048x1149.jpg 2048w, https:\/\/2l-a-velo.com\/wp-content\/uploads\/2025\/04\/P1105506-1-900x505.jpg 900w, https:\/\/2l-a-velo.com\/wp-content\/uploads\/2025\/04\/P1105506-1-1280x718.jpg 1280w\" sizes=\"auto, (max-width: 1024px) 100vw, 1024px\" \/><\/figure><\/div>\n\n\n\n<div class=\"wp-block-media-text is-stacked-on-mobile\" style=\"grid-template-columns:55% auto\"><figure class=\"wp-block-media-text__media\"><img loading=\"lazy\" decoding=\"async\" width=\"1024\" height=\"575\" src=\"https:\/\/2l-a-velo.com\/wp-content\/uploads\/2025\/04\/P1105493-1024x575.jpg\" alt=\"\" class=\"wp-image-13996 size-full\" srcset=\"https:\/\/2l-a-velo.com\/wp-content\/uploads\/2025\/04\/P1105493-1024x575.jpg 1024w, https:\/\/2l-a-velo.com\/wp-content\/uploads\/2025\/04\/P1105493-300x168.jpg 300w, https:\/\/2l-a-velo.com\/wp-content\/uploads\/2025\/04\/P1105493-768x431.jpg 768w, https:\/\/2l-a-velo.com\/wp-content\/uploads\/2025\/04\/P1105493-1536x862.jpg 1536w, https:\/\/2l-a-velo.com\/wp-content\/uploads\/2025\/04\/P1105493-2048x1149.jpg 2048w, https:\/\/2l-a-velo.com\/wp-content\/uploads\/2025\/04\/P1105493-900x505.jpg 900w, https:\/\/2l-a-velo.com\/wp-content\/uploads\/2025\/04\/P1105493-1280x718.jpg 1280w\" sizes=\"auto, (max-width: 1024px) 100vw, 1024px\" \/><\/figure><div class=\"wp-block-media-text__content\">\n<p>Une bonne grimpette de trois kilom\u00e8tres et nous plongeons vers le village de Kaki Bulit apr\u00e8s une courte halte au point de vue de Wang Kelian Perlis.<\/p>\n<\/div><\/div>\n\n\n\n<p>L\u00e0, nous savons que nous n&rsquo;avons pas de monnaie locale (ringgit) et pas d&rsquo;ATM dans le village ! Une dame \u00e0 scooter nous conduit \u00e0 l&rsquo;h\u00f4tel que, par pr\u00e9caution, nous avions r\u00e9serv\u00e9. Gentiment, le propri\u00e9taire nous \u00e9change nos derniers baths contre de ringgits.<\/p>\n\n\n\n<p>Tr\u00e8s accueillante la Malaisie !<\/p>\n\n\n\n<p>Nous profitons que nous sommes de bonne heure pour visiter la curiosit\u00e9 locale, la grotte de Gua Kalam.<br>Ce matin, nous faisons le plein d&rsquo;eau et de g\u00e2teaux et roulons en direction de Kangar sur la grande route.  <\/p>\n\n\n\n<p>Ici, fini les pickups, bonjour les voitures ! Moins de scooter aussi ! Mais, car il y a un \u00ab\u00a0mais\u00a0\u00bb ! La circulation est tr\u00e8s dense, les motos font beaucoup plus de bruit et, surtout, tout ce petit monde roule \u00e0 des vitesses impressionnantes !<\/p>\n\n\n\n<figure class=\"wp-block-image size-large\"><img loading=\"lazy\" decoding=\"async\" width=\"1024\" height=\"575\" src=\"https:\/\/2l-a-velo.com\/wp-content\/uploads\/2025\/04\/P1063970-1024x575.jpg\" alt=\"\" class=\"wp-image-13998\" srcset=\"https:\/\/2l-a-velo.com\/wp-content\/uploads\/2025\/04\/P1063970-1024x575.jpg 1024w, https:\/\/2l-a-velo.com\/wp-content\/uploads\/2025\/04\/P1063970-300x168.jpg 300w, https:\/\/2l-a-velo.com\/wp-content\/uploads\/2025\/04\/P1063970-768x431.jpg 768w, https:\/\/2l-a-velo.com\/wp-content\/uploads\/2025\/04\/P1063970-1536x862.jpg 1536w, https:\/\/2l-a-velo.com\/wp-content\/uploads\/2025\/04\/P1063970-2048x1149.jpg 2048w, https:\/\/2l-a-velo.com\/wp-content\/uploads\/2025\/04\/P1063970-900x505.jpg 900w, https:\/\/2l-a-velo.com\/wp-content\/uploads\/2025\/04\/P1063970-1280x718.jpg 1280w\" sizes=\"auto, (max-width: 1024px) 100vw, 1024px\" \/><\/figure>\n\n\n\n<p>Nous nous disons que la petite route parall\u00e8le doit \u00eatre plus calme. C&rsquo;est vrai qu&rsquo;il y a un peu moins de circulation mais plus de bande pour les deux roues sur le bord de la route !<\/p>\n\n\n\n<p>La mer est \u00e0 8 km, alors allons la voir. Et nous voici dans le village de Kuela Perlis, essai de station baln\u00e9aire bien triste avec un air d&rsquo;abandon. Peut-\u00eatre parce que nous sommes hors saison touristique ! <\/p>\n\n\n\n<div class=\"wp-block-media-text has-media-on-the-right is-stacked-on-mobile\" style=\"grid-template-columns:auto 65%\"><div class=\"wp-block-media-text__content\">\n<p>Ici, la mosqu\u00e9e est b\u00e2tie sur pilotis.<\/p>\n<\/div><figure class=\"wp-block-media-text__media\"><img loading=\"lazy\" decoding=\"async\" width=\"1024\" height=\"575\" src=\"https:\/\/2l-a-velo.com\/wp-content\/uploads\/2025\/04\/P1063978-1024x575.jpg\" alt=\"\" class=\"wp-image-13999 size-full\" srcset=\"https:\/\/2l-a-velo.com\/wp-content\/uploads\/2025\/04\/P1063978-1024x575.jpg 1024w, https:\/\/2l-a-velo.com\/wp-content\/uploads\/2025\/04\/P1063978-300x168.jpg 300w, https:\/\/2l-a-velo.com\/wp-content\/uploads\/2025\/04\/P1063978-768x431.jpg 768w, https:\/\/2l-a-velo.com\/wp-content\/uploads\/2025\/04\/P1063978-1536x862.jpg 1536w, https:\/\/2l-a-velo.com\/wp-content\/uploads\/2025\/04\/P1063978-2048x1149.jpg 2048w, https:\/\/2l-a-velo.com\/wp-content\/uploads\/2025\/04\/P1063978-900x505.jpg 900w, https:\/\/2l-a-velo.com\/wp-content\/uploads\/2025\/04\/P1063978-1280x718.jpg 1280w\" sizes=\"auto, (max-width: 1024px) 100vw, 1024px\" \/><\/figure><\/div>\n\n\n\n<div class=\"wp-block-media-text is-stacked-on-mobile\" style=\"grid-template-columns:59% auto\"><figure class=\"wp-block-media-text__media\"><img loading=\"lazy\" decoding=\"async\" width=\"1024\" height=\"575\" src=\"https:\/\/2l-a-velo.com\/wp-content\/uploads\/2025\/04\/P1063986-1024x575.jpg\" alt=\"\" class=\"wp-image-14000 size-full\" srcset=\"https:\/\/2l-a-velo.com\/wp-content\/uploads\/2025\/04\/P1063986-1024x575.jpg 1024w, https:\/\/2l-a-velo.com\/wp-content\/uploads\/2025\/04\/P1063986-300x168.jpg 300w, https:\/\/2l-a-velo.com\/wp-content\/uploads\/2025\/04\/P1063986-768x431.jpg 768w, https:\/\/2l-a-velo.com\/wp-content\/uploads\/2025\/04\/P1063986-1536x862.jpg 1536w, https:\/\/2l-a-velo.com\/wp-content\/uploads\/2025\/04\/P1063986-2048x1149.jpg 2048w, https:\/\/2l-a-velo.com\/wp-content\/uploads\/2025\/04\/P1063986-900x505.jpg 900w, https:\/\/2l-a-velo.com\/wp-content\/uploads\/2025\/04\/P1063986-1280x718.jpg 1280w\" sizes=\"auto, (max-width: 1024px) 100vw, 1024px\" \/><\/figure><div class=\"wp-block-media-text__content\">\n<p>Nous continuons sur une petite route qui longe la mer mais subissons un petit vent de face sensible, qu&rsquo;importe, c&rsquo;est calme !<\/p>\n<\/div><\/div>\n\n\n\n<div class=\"wp-block-media-text has-media-on-the-right is-stacked-on-mobile\" style=\"grid-template-columns:auto 57%\"><div class=\"wp-block-media-text__content\">\n<p>Dans le petit port de p\u00eache de Simpang Empat, les jolis bateaux color\u00e9s sont un peu diff\u00e9rents des \u00ab\u00a0longtails\u00a0\u00bb tha\u00eflandais.<\/p>\n<\/div><figure class=\"wp-block-media-text__media\"><img loading=\"lazy\" decoding=\"async\" width=\"1024\" height=\"575\" src=\"https:\/\/2l-a-velo.com\/wp-content\/uploads\/2025\/04\/P1105568-1024x575.jpg\" alt=\"\" class=\"wp-image-14001 size-full\" srcset=\"https:\/\/2l-a-velo.com\/wp-content\/uploads\/2025\/04\/P1105568-1024x575.jpg 1024w, https:\/\/2l-a-velo.com\/wp-content\/uploads\/2025\/04\/P1105568-300x168.jpg 300w, https:\/\/2l-a-velo.com\/wp-content\/uploads\/2025\/04\/P1105568-768x431.jpg 768w, https:\/\/2l-a-velo.com\/wp-content\/uploads\/2025\/04\/P1105568-1536x862.jpg 1536w, https:\/\/2l-a-velo.com\/wp-content\/uploads\/2025\/04\/P1105568-2048x1149.jpg 2048w, https:\/\/2l-a-velo.com\/wp-content\/uploads\/2025\/04\/P1105568-900x505.jpg 900w, https:\/\/2l-a-velo.com\/wp-content\/uploads\/2025\/04\/P1105568-1280x718.jpg 1280w\" sizes=\"auto, (max-width: 1024px) 100vw, 1024px\" \/><\/figure><\/div>\n\n\n\n<p>Nous voici \u00e0 Sanglang (pas tr\u00e8s glamour comme nom de village pour des Fran\u00e7ais). <\/p>\n\n\n\n<p>Le homestay qui nous h\u00e9berge cette nuit est bien un peu cher pour le service propos\u00e9 mais c&rsquo;est le seul. <\/p>\n\n\n\n<div class=\"wp-block-media-text is-stacked-on-mobile\" style=\"grid-template-columns:57% auto\"><figure class=\"wp-block-media-text__media\"><img loading=\"lazy\" decoding=\"async\" width=\"1024\" height=\"575\" src=\"https:\/\/2l-a-velo.com\/wp-content\/uploads\/2025\/04\/P1105580-1024x575.jpg\" alt=\"\" class=\"wp-image-14002 size-full\" srcset=\"https:\/\/2l-a-velo.com\/wp-content\/uploads\/2025\/04\/P1105580-1024x575.jpg 1024w, https:\/\/2l-a-velo.com\/wp-content\/uploads\/2025\/04\/P1105580-300x168.jpg 300w, https:\/\/2l-a-velo.com\/wp-content\/uploads\/2025\/04\/P1105580-768x431.jpg 768w, https:\/\/2l-a-velo.com\/wp-content\/uploads\/2025\/04\/P1105580-1536x862.jpg 1536w, https:\/\/2l-a-velo.com\/wp-content\/uploads\/2025\/04\/P1105580-2048x1149.jpg 2048w, https:\/\/2l-a-velo.com\/wp-content\/uploads\/2025\/04\/P1105580-900x505.jpg 900w, https:\/\/2l-a-velo.com\/wp-content\/uploads\/2025\/04\/P1105580-1280x718.jpg 1280w\" sizes=\"auto, (max-width: 1024px) 100vw, 1024px\" \/><\/figure><div class=\"wp-block-media-text__content\">\n<p>Mais, on nous offrira le repas du soir. Ici, c&rsquo;est une communaut\u00e9 musulmane et ce soir, c&rsquo;est un peu la f\u00eate dans l&rsquo;h\u00e9bergement.<\/p>\n<\/div><\/div>\n\n\n\n<p><\/p>\n\n\n\n<div class=\"wp-block-buttons is-layout-flex wp-block-buttons-is-layout-flex\">\n<div class=\"wp-block-button has-custom-width wp-block-button__width-100 has-custom-font-size has-large-font-size\"><a class=\"wp-block-button__link has-background has-text-align-center wp-element-button\" href=\"https:\/\/photos.google.com\/share\/AF1QipPSlj3xn32sapmfW6NEkH4zVbgyDowpLrv3iqhTBJLTSUmTkS0Awcm7xvkXJJNAOQ\/photo\/AF1QipOABX3GtI7T5oH4-Eo6fyV7EgVtNxk9zU-62wUo?key=akpOQU9razRuSzZUT3E5OS14N01hVHlHY1llNVZn\" style=\"border-radius:10px;background-color:#0173a7\">photos de la fronti\u00e8re \u00e0 sanglang<\/a><\/div>\n<\/div>\n\n\n\n<p class=\"has-text-align-center has-text-color has-link-color has-larger-font-size wp-elements-e311dab6bb5fc4e847c2d444111f3f2d\" style=\"color:#0173a7\"><strong>Grotte de Gua Kalam<\/strong><\/p>\n\n\n\n<p>La grotte de Gua Kelam se traverse de part en part en suivant une passerelle au-dessus de la rivi\u00e8re. <\/p>\n\n\n\n<div class=\"wp-block-media-text has-media-on-the-right is-stacked-on-mobile\" style=\"grid-template-columns:auto 62%\"><div class=\"wp-block-media-text__content\">\n<p>Tout le long du parcours, des \u00e9clairages dont les couleurs varient, donnent \u00e0 la balade des aspects un peu f\u00e9\u00e9riques.<\/p>\n<\/div><figure class=\"wp-block-media-text__media\"><img loading=\"lazy\" decoding=\"async\" width=\"1024\" height=\"575\" src=\"https:\/\/2l-a-velo.com\/wp-content\/uploads\/2025\/04\/P1063929-1024x575.jpg\" alt=\"\" class=\"wp-image-14004 size-full\" srcset=\"https:\/\/2l-a-velo.com\/wp-content\/uploads\/2025\/04\/P1063929-1024x575.jpg 1024w, https:\/\/2l-a-velo.com\/wp-content\/uploads\/2025\/04\/P1063929-300x168.jpg 300w, https:\/\/2l-a-velo.com\/wp-content\/uploads\/2025\/04\/P1063929-768x431.jpg 768w, https:\/\/2l-a-velo.com\/wp-content\/uploads\/2025\/04\/P1063929-1536x862.jpg 1536w, https:\/\/2l-a-velo.com\/wp-content\/uploads\/2025\/04\/P1063929-2048x1149.jpg 2048w, https:\/\/2l-a-velo.com\/wp-content\/uploads\/2025\/04\/P1063929-900x505.jpg 900w, https:\/\/2l-a-velo.com\/wp-content\/uploads\/2025\/04\/P1063929-1280x718.jpg 1280w\" sizes=\"auto, (max-width: 1024px) 100vw, 1024px\" \/><\/figure><\/div>\n\n\n\n<p>On peut y admirer quelques concr\u00e9tions mais la surprise c&rsquo;est la sortie ! <\/p>\n\n\n\n<div class=\"wp-block-media-text is-stacked-on-mobile\" style=\"grid-template-columns:55% auto\"><figure class=\"wp-block-media-text__media\"><img loading=\"lazy\" decoding=\"async\" width=\"1024\" height=\"575\" src=\"https:\/\/2l-a-velo.com\/wp-content\/uploads\/2025\/04\/P1105530-1024x575.jpg\" alt=\"\" class=\"wp-image-14005 size-full\" srcset=\"https:\/\/2l-a-velo.com\/wp-content\/uploads\/2025\/04\/P1105530-1024x575.jpg 1024w, https:\/\/2l-a-velo.com\/wp-content\/uploads\/2025\/04\/P1105530-300x168.jpg 300w, https:\/\/2l-a-velo.com\/wp-content\/uploads\/2025\/04\/P1105530-768x431.jpg 768w, https:\/\/2l-a-velo.com\/wp-content\/uploads\/2025\/04\/P1105530-1536x862.jpg 1536w, https:\/\/2l-a-velo.com\/wp-content\/uploads\/2025\/04\/P1105530-2048x1149.jpg 2048w, https:\/\/2l-a-velo.com\/wp-content\/uploads\/2025\/04\/P1105530-900x505.jpg 900w, https:\/\/2l-a-velo.com\/wp-content\/uploads\/2025\/04\/P1105530-1280x718.jpg 1280w\" sizes=\"auto, (max-width: 1024px) 100vw, 1024px\" \/><\/figure><div class=\"wp-block-media-text__content\">\n<p><\/p>\n\n\n\n<p>On d\u00e9bouche dans un \u00ab\u00a0jardin secret\u00a0\u00bb o\u00f9 poussent nombre de vari\u00e9t\u00e9s d&rsquo;arbres et de plantes. Une sorte de parc, tr\u00e8s agr\u00e9able !<\/p>\n<\/div><\/div>\n\n\n\n<p>Le retour se fait par le m\u00eame itin\u00e9raire. On nous avait dit que la grotte fermait \u00e0 17 h. A 16 h, un gardien nous demande de regagner l&rsquo;entr\u00e9e. <\/p>\n\n\n\n<figure class=\"wp-block-image size-large\"><img loading=\"lazy\" decoding=\"async\" width=\"1024\" height=\"575\" src=\"https:\/\/2l-a-velo.com\/wp-content\/uploads\/2025\/04\/P1063930-2-1024x575.jpg\" alt=\"\" class=\"wp-image-14019\" srcset=\"https:\/\/2l-a-velo.com\/wp-content\/uploads\/2025\/04\/P1063930-2-1024x575.jpg 1024w, https:\/\/2l-a-velo.com\/wp-content\/uploads\/2025\/04\/P1063930-2-300x168.jpg 300w, https:\/\/2l-a-velo.com\/wp-content\/uploads\/2025\/04\/P1063930-2-768x431.jpg 768w, https:\/\/2l-a-velo.com\/wp-content\/uploads\/2025\/04\/P1063930-2-1536x862.jpg 1536w, https:\/\/2l-a-velo.com\/wp-content\/uploads\/2025\/04\/P1063930-2-2048x1149.jpg 2048w, https:\/\/2l-a-velo.com\/wp-content\/uploads\/2025\/04\/P1063930-2-900x505.jpg 900w, https:\/\/2l-a-velo.com\/wp-content\/uploads\/2025\/04\/P1063930-2-1280x718.jpg 1280w\" sizes=\"auto, (max-width: 1024px) 100vw, 1024px\" \/><\/figure>\n\n\n\n<p>Donc nous reprenons la passerelle tranquillement mais \u00e0 une centaine de m\u00e8tres de la sortie, la lumi\u00e8re s&rsquo;\u00e9teint, il est 16 h 30 et nous voici dans le noir. Nous parcourons les derniers m\u00e8tres \u00e0 t\u00e2tons en esp\u00e9rant \u00e9viter la chute. Pas d&rsquo;heures suppl\u00e9mentaires ici&#8230; \u00e0 moins qu&rsquo;on ne veuille \u00e9conomiser l&rsquo;\u00e9nergie !<\/p>\n\n\n\n<div class=\"wp-block-media-text has-media-on-the-right is-stacked-on-mobile\" style=\"grid-template-columns:auto 68%\"><div class=\"wp-block-media-text__content\">\n<p>Quelques singes nous accompagnent de l\u00e0-haut ! <\/p>\n<\/div><figure class=\"wp-block-media-text__media\"><img loading=\"lazy\" decoding=\"async\" width=\"1024\" height=\"575\" src=\"https:\/\/2l-a-velo.com\/wp-content\/uploads\/2025\/04\/P1063966-1024x575.jpg\" alt=\"\" class=\"wp-image-14006 size-full\" srcset=\"https:\/\/2l-a-velo.com\/wp-content\/uploads\/2025\/04\/P1063966-1024x575.jpg 1024w, https:\/\/2l-a-velo.com\/wp-content\/uploads\/2025\/04\/P1063966-300x168.jpg 300w, https:\/\/2l-a-velo.com\/wp-content\/uploads\/2025\/04\/P1063966-768x431.jpg 768w, https:\/\/2l-a-velo.com\/wp-content\/uploads\/2025\/04\/P1063966-1536x862.jpg 1536w, https:\/\/2l-a-velo.com\/wp-content\/uploads\/2025\/04\/P1063966-2048x1149.jpg 2048w, https:\/\/2l-a-velo.com\/wp-content\/uploads\/2025\/04\/P1063966-900x505.jpg 900w, https:\/\/2l-a-velo.com\/wp-content\/uploads\/2025\/04\/P1063966-1280x718.jpg 1280w\" sizes=\"auto, (max-width: 1024px) 100vw, 1024px\" \/><\/figure><\/div>\n\n\n\n<p>Et notre gardien, celui qui a \u00e9teint les lumi\u00e8re, prend un bain dans la rivi\u00e8re voisine !<\/p>\n\n\n\n<div class=\"wp-block-buttons is-layout-flex wp-block-buttons-is-layout-flex\">\n<div class=\"wp-block-button has-custom-width wp-block-button__width-100 has-custom-font-size has-large-font-size\"><a class=\"wp-block-button__link has-background has-text-align-center wp-element-button\" href=\"https:\/\/photos.google.com\/share\/AF1QipM5knupJlIQEocZmYP1hZ9d0zi97A2Q3PONPlyO6NIcn51sJhwQYpwwFfDtCRwlrA\/photo\/AF1QipMjttxD1PPPJwdiDLKGR6AuywgTNSuUYVh38bcH?key=WHpqNmNrcGdUYngxVXo4alkxYTlxX3oxMU83aEN3\" style=\"border-radius:10px;background-color:#0173a7\">Photos de la grotte gua kelam<\/a><\/div>\n<\/div>\n\n\n\n<p class=\"has-text-align-center has-text-color has-link-color has-larger-font-size wp-elements-d27bc9a8232ac045c72f48a12fcb7558\" style=\"color:#0173a7\"><strong>De Sanglang \u00e0 Georgetown<\/strong><\/p>\n\n\n\n<p>Apr\u00e8s les grosses averses orageuses de la nuit, le ciel s&rsquo;\u00e9claircit ce matin. <\/p>\n\n\n\n<p>Une journ\u00e9e compl\u00e8te dans une circulation d\u00e9mentielle sur une route dangereuse par endroits car \u00e9troite et sans voie lat\u00e9rale.<\/p>\n\n\n\n<p><\/p>\n\n\n\n<figure class=\"wp-block-image size-large\"><img loading=\"lazy\" decoding=\"async\" width=\"1024\" height=\"575\" src=\"https:\/\/2l-a-velo.com\/wp-content\/uploads\/2025\/04\/P1105614-1024x575.jpg\" alt=\"\" class=\"wp-image-14014\" srcset=\"https:\/\/2l-a-velo.com\/wp-content\/uploads\/2025\/04\/P1105614-1024x575.jpg 1024w, https:\/\/2l-a-velo.com\/wp-content\/uploads\/2025\/04\/P1105614-300x168.jpg 300w, https:\/\/2l-a-velo.com\/wp-content\/uploads\/2025\/04\/P1105614-768x431.jpg 768w, https:\/\/2l-a-velo.com\/wp-content\/uploads\/2025\/04\/P1105614-1536x862.jpg 1536w, https:\/\/2l-a-velo.com\/wp-content\/uploads\/2025\/04\/P1105614-2048x1149.jpg 2048w, https:\/\/2l-a-velo.com\/wp-content\/uploads\/2025\/04\/P1105614-900x505.jpg 900w, https:\/\/2l-a-velo.com\/wp-content\/uploads\/2025\/04\/P1105614-1280x718.jpg 1280w\" sizes=\"auto, (max-width: 1024px) 100vw, 1024px\" \/><\/figure>\n\n\n\n<p>Le ciel se couvre, les nuages bien noirs s&rsquo;amoncellent et nous craignons les averses orageuses dont ce ciel a le secret. Nous appuyons un peu plus fort sur les p\u00e9dales, c&rsquo;est assez facile d&rsquo;ailleurs car le vent nous pousse.<\/p>\n\n\n\n<p>Finalement, nous atteignons Sungai Petani sans sentir la moindre goutte. C&rsquo;est plut\u00f4t avec les h\u00f4tels que nous avons les soucis. Le premier est complet, le deuxi\u00e8me n&rsquo;a rien pour abriter les v\u00e9los (chose rare) et le troisi\u00e8me, assez classe, est plus cher. <\/p>\n\n\n\n<div class=\"wp-block-media-text is-stacked-on-mobile\" style=\"grid-template-columns:57% auto\"><figure class=\"wp-block-media-text__media\"><img loading=\"lazy\" decoding=\"async\" width=\"1024\" height=\"575\" src=\"https:\/\/2l-a-velo.com\/wp-content\/uploads\/2025\/04\/P1064037-1024x575.jpg\" alt=\"\" class=\"wp-image-14011 size-full\" srcset=\"https:\/\/2l-a-velo.com\/wp-content\/uploads\/2025\/04\/P1064037-1024x575.jpg 1024w, https:\/\/2l-a-velo.com\/wp-content\/uploads\/2025\/04\/P1064037-300x168.jpg 300w, https:\/\/2l-a-velo.com\/wp-content\/uploads\/2025\/04\/P1064037-768x431.jpg 768w, https:\/\/2l-a-velo.com\/wp-content\/uploads\/2025\/04\/P1064037-1536x862.jpg 1536w, https:\/\/2l-a-velo.com\/wp-content\/uploads\/2025\/04\/P1064037-2048x1149.jpg 2048w, https:\/\/2l-a-velo.com\/wp-content\/uploads\/2025\/04\/P1064037-900x505.jpg 900w, https:\/\/2l-a-velo.com\/wp-content\/uploads\/2025\/04\/P1064037-1280x718.jpg 1280w\" sizes=\"auto, (max-width: 1024px) 100vw, 1024px\" \/><\/figure><div class=\"wp-block-media-text__content\">\n<p>Mais Laure n\u00e9gocie le prix et nous dormons ce soir dans le \u00ab\u00a0luxe\u00a0\u00bb !!!<\/p>\n<\/div><\/div>\n\n\n\n<p>Aujourd&rsquo;hui, nous gagnons l&rsquo;\u00eele de Penang et la ville de Georgetown. Plut\u00f4t que d&rsquo;utiliser le pont, relativement long, avec un imbroglio de voies de circulation, nous pr\u00e9f\u00e9rons prendre le ferry \u00e0 Butterworth.<\/p>\n\n\n\n<div class=\"wp-block-media-text has-media-on-the-right is-stacked-on-mobile\" style=\"grid-template-columns:auto 51%\"><div class=\"wp-block-media-text__content\">\n<p>Un ferry r\u00e9serv\u00e9 aux pi\u00e9tons et deux roues, que l&rsquo;on rejoint apr\u00e8s une suite de tours et contours. Trente minutes de travers\u00e9e et nous voici \u00e0 Georgetown !<\/p>\n<\/div><figure class=\"wp-block-media-text__media\"><img loading=\"lazy\" decoding=\"async\" width=\"1024\" height=\"575\" src=\"https:\/\/2l-a-velo.com\/wp-content\/uploads\/2025\/04\/P1105617-1024x575.jpg\" alt=\"\" class=\"wp-image-14012 size-full\" srcset=\"https:\/\/2l-a-velo.com\/wp-content\/uploads\/2025\/04\/P1105617-1024x575.jpg 1024w, https:\/\/2l-a-velo.com\/wp-content\/uploads\/2025\/04\/P1105617-300x168.jpg 300w, https:\/\/2l-a-velo.com\/wp-content\/uploads\/2025\/04\/P1105617-768x431.jpg 768w, https:\/\/2l-a-velo.com\/wp-content\/uploads\/2025\/04\/P1105617-1536x862.jpg 1536w, https:\/\/2l-a-velo.com\/wp-content\/uploads\/2025\/04\/P1105617-2048x1149.jpg 2048w, https:\/\/2l-a-velo.com\/wp-content\/uploads\/2025\/04\/P1105617-900x505.jpg 900w, https:\/\/2l-a-velo.com\/wp-content\/uploads\/2025\/04\/P1105617-1280x718.jpg 1280w\" sizes=\"auto, (max-width: 1024px) 100vw, 1024px\" \/><\/figure><\/div>\n\n\n\n<p class=\"has-text-align-center has-text-color has-link-color has-large-font-size wp-elements-91599d083b7bdc488be02e4973dbde69\" style=\"color:#e60303\"><strong>Nous venons de passer les 8 000 km \u00e0 v\u00e9lo depuis le d\u00e9but du voyage !<\/strong><\/p>\n\n\n\n<div class=\"wp-block-buttons is-layout-flex wp-block-buttons-is-layout-flex\">\n<div class=\"wp-block-button has-custom-width wp-block-button__width-100 has-custom-font-size has-large-font-size\"><a class=\"wp-block-button__link has-background has-text-align-center wp-element-button\" href=\"https:\/\/photos.google.com\/share\/AF1QipPZ4ytz74S0RLkxrVi55QptSkBjXsoe3Hl7s-Fo6YT6I-mL7fV61eR-Zm8XPtIRAQ\/photo\/AF1QipPThRSTj74peMMResV-9hjR8Wg4NOFUg5rIDYNT?key=ZEJwTFdGcHVlMFZhMkg0ZUVDT1ppRWlkX1BzWU5n\" style=\"border-radius:10px;background-color:#0173a7\">photos de Sanglang \u00e0 georgetown<\/a><\/div>\n<\/div>\n\n\n\n<div class=\"wp-block-buttons is-layout-flex wp-block-buttons-is-layout-flex\">\n<div class=\"wp-block-button has-custom-width wp-block-button__width-100 has-custom-font-size has-large-font-size\"><a class=\"wp-block-button__link has-background has-text-align-center wp-element-button\" style=\"border-radius:10px;background-color:#c52003\">video : premier coups de p\u00e9dale en malaisie<\/a><\/div>\n<\/div>\n\n\n\n<iframe loading=\"lazy\" width=\"560\" height=\"315\" src=\"https:\/\/www.youtube.com\/embed\/6cKLeXVbNng?si=7nVzispC-NA9IrUK\" title=\"YouTube video player\" frameborder=\"0\" allow=\"accelerometer; autoplay; clipboard-write; encrypted-media; gyroscope; picture-in-picture; web-share\" referrerpolicy=\"strict-origin-when-cross-origin\" allowfullscreen><\/iframe>\n\n\n\n<p class=\"has-text-align-center has-text-color has-link-color has-large-font-size wp-elements-0b33245f73f5d5a30d541c315d3101be\" id=\"block-85497182-815b-4a9a-8ba9-058bcd970824\" style=\"color:#0173a7\"><strong>Itin\u00e9raire<\/strong> <strong>g\u00e9n\u00e9ral depuis le d\u00e9but du voyage<\/strong><\/p>\n\n\n\n<p class=\"has-accent-color has-text-color has-link-color wp-elements-c7840535b41803dc748c341b16f867fe\" id=\"block-c57768f2-2016-477b-8e92-5d4702f6386f\"><em>Afin que vous puissiez savoir o\u00f9 nous nous trouvons par rapport au reste de l&rsquo;itin\u00e9raire d\u00e9j\u00e0 parcouru, nous mettrons \u00e0 chaque publication la carte idoine !<\/em><\/p>\n\n\n\n<p class=\"has-text-align-center has-large-font-size\" id=\"block-979b6b60-be7d-4363-8ef9-cbf9c166c520\"><strong>A ce jour, nous avons p\u00e9dal\u00e9 8076 km<\/strong><\/p>\n\n\n\n<iframe loading=\"lazy\" src=\"https:\/\/www.google.com\/maps\/d\/embed?mid=1kErgR11NebKrvSRrhid-Ism7AsTGfq8&#038;ehbc=2E312F\" width=\"640\" height=\"480\"><\/iframe>\n","protected":false},"excerpt":{"rendered":"<p>Du 1o au 13 avril 2025 Itin\u00e9raire 210 km La Malaisie a subi de nombreuses occupations \u00e9trang\u00e8res. En 1511, les Portugais prennent la ville de Malacca. En 1641, les hollandais prennent \u00e0 leur tour Malacca aux Portugais. En&nbsp;1795, les&nbsp;Britanniques&nbsp;s&#8217;emparent du territoire malais, avec l\u2019\u00eele de Singapour. La Malaisie est envahie et occup\u00e9e par le&nbsp;Japon&nbsp;pendant la&nbsp;Seconde [&hellip;]<\/p>\n","protected":false},"author":1,"featured_media":0,"parent":13971,"menu_order":1,"comment_status":"open","ping_status":"closed","template":"","meta":{"jetpack_post_was_ever_published":false,"footnotes":""},"class_list":["post-13979","page","type-page","status-publish","hentry"],"jetpack_likes_enabled":true,"jetpack_sharing_enabled":true,"_links":{"self":[{"href":"https:\/\/2l-a-velo.com\/index.php?rest_route=\/wp\/v2\/pages\/13979","targetHints":{"allow":["GET"]}}],"collection":[{"href":"https:\/\/2l-a-velo.com\/index.php?rest_route=\/wp\/v2\/pages"}],"about":[{"href":"https:\/\/2l-a-velo.com\/index.php?rest_route=\/wp\/v2\/types\/page"}],"author":[{"embeddable":true,"href":"https:\/\/2l-a-velo.com\/index.php?rest_route=\/wp\/v2\/users\/1"}],"replies":[{"embeddable":true,"href":"https:\/\/2l-a-velo.com\/index.php?rest_route=%2Fwp%2Fv2%2Fcomments&post=13979"}],"version-history":[{"count":26,"href":"https:\/\/2l-a-velo.com\/index.php?rest_route=\/wp\/v2\/pages\/13979\/revisions"}],"predecessor-version":[{"id":14032,"href":"https:\/\/2l-a-velo.com\/index.php?rest_route=\/wp\/v2\/pages\/13979\/revisions\/14032"}],"up":[{"embeddable":true,"href":"https:\/\/2l-a-velo.com\/index.php?rest_route=\/wp\/v2\/pages\/13971"}],"wp:attachment":[{"href":"https:\/\/2l-a-velo.com\/index.php?rest_route=%2Fwp%2Fv2%2Fmedia&parent=13979"}],"curies":[{"name":"wp","href":"https:\/\/api.w.org\/{rel}","templated":true}]}}