{"id":14784,"date":"2025-06-12T13:17:48","date_gmt":"2025-06-12T11:17:48","guid":{"rendered":"https:\/\/2l-a-velo.com\/?page_id=14784"},"modified":"2025-06-13T09:01:02","modified_gmt":"2025-06-13T07:01:02","slug":"lile-de-tioman","status":"publish","type":"page","link":"https:\/\/2l-a-velo.com\/?page_id=14784","title":{"rendered":"L&rsquo;\u00eele de Tioman"},"content":{"rendered":"\n<div class=\"wp-block-media-text is-stacked-on-mobile\" style=\"grid-template-columns:64% auto\"><figure class=\"wp-block-media-text__media\"><img loading=\"lazy\" decoding=\"async\" width=\"1024\" height=\"575\" src=\"https:\/\/2l-a-velo.com\/wp-content\/uploads\/2025\/06\/P1119680-1024x575.jpg\" alt=\"\" class=\"wp-image-14962 size-full\" srcset=\"https:\/\/2l-a-velo.com\/wp-content\/uploads\/2025\/06\/P1119680-1024x575.jpg 1024w, https:\/\/2l-a-velo.com\/wp-content\/uploads\/2025\/06\/P1119680-300x168.jpg 300w, https:\/\/2l-a-velo.com\/wp-content\/uploads\/2025\/06\/P1119680-768x431.jpg 768w, https:\/\/2l-a-velo.com\/wp-content\/uploads\/2025\/06\/P1119680-1536x862.jpg 1536w, https:\/\/2l-a-velo.com\/wp-content\/uploads\/2025\/06\/P1119680-2048x1149.jpg 2048w, https:\/\/2l-a-velo.com\/wp-content\/uploads\/2025\/06\/P1119680-900x505.jpg 900w, https:\/\/2l-a-velo.com\/wp-content\/uploads\/2025\/06\/P1119680-1280x718.jpg 1280w\" sizes=\"auto, (max-width: 1024px) 100vw, 1024px\" \/><\/figure><div class=\"wp-block-media-text__content\">\n<p class=\"has-text-align-center has-larger-font-size\"><strong>Du 4 au 11 juin 2025<\/strong><\/p>\n<\/div><\/div>\n\n\n\n<p class=\"has-text-align-center has-text-color has-link-color has-larger-font-size wp-elements-d17189e0792c4137a2d6024dcd9b3201\" style=\"color:#0173a2\"><strong>Ile de Tioman<\/strong><\/p>\n\n\n\n<p class=\"has-text-align-left\">Nous voici donc \u00e0 Tioman. Une \u00eele de 39 km de long pour 12 km de large. Elle compte huit villages (kampungs) tous situ\u00e9s le long de la c\u00f4te, le plus important \u00e9tant Tekek.<\/p>\n\n\n\n<div class=\"wp-block-media-text has-media-on-the-right is-stacked-on-mobile\" style=\"grid-template-columns:auto 59%\"><div class=\"wp-block-media-text__content\">\n<p>Ces villages sont reli\u00e9s par un service de bateaux taxis. Les ferrys, eux, d\u00e9posent les touristes dans chaque village en fonction de leurs lieux d&rsquo;h\u00e9bergements.<\/p>\n<\/div><figure class=\"wp-block-media-text__media\"><img loading=\"lazy\" decoding=\"async\" width=\"1024\" height=\"575\" src=\"https:\/\/2l-a-velo.com\/wp-content\/uploads\/2025\/06\/P1087978-1024x575.jpg\" alt=\"\" class=\"wp-image-14863 size-full\" srcset=\"https:\/\/2l-a-velo.com\/wp-content\/uploads\/2025\/06\/P1087978-1024x575.jpg 1024w, https:\/\/2l-a-velo.com\/wp-content\/uploads\/2025\/06\/P1087978-300x168.jpg 300w, https:\/\/2l-a-velo.com\/wp-content\/uploads\/2025\/06\/P1087978-768x431.jpg 768w, https:\/\/2l-a-velo.com\/wp-content\/uploads\/2025\/06\/P1087978-1536x862.jpg 1536w, https:\/\/2l-a-velo.com\/wp-content\/uploads\/2025\/06\/P1087978-2048x1149.jpg 2048w, https:\/\/2l-a-velo.com\/wp-content\/uploads\/2025\/06\/P1087978-900x505.jpg 900w, https:\/\/2l-a-velo.com\/wp-content\/uploads\/2025\/06\/P1087978-1280x718.jpg 1280w\" sizes=\"auto, (max-width: 1024px) 100vw, 1024px\" \/><\/figure><\/div>\n\n\n\n<p>En dehors du bateau, les villages sont isol\u00e9s les uns des autres. Certains sont reli\u00e9s par des sentiers \u00e0 travers la jungle pas toujours bien entretenus !<\/p>\n\n\n\n<p>Avec 350 esp\u00e8ces de coraux et Plus de 300 esp\u00e8ces de poissons de r\u00e9cifs coralliens, Tioman est un paradis pour la plong\u00e9e et le snorkeling. <\/p>\n\n\n\n<div class=\"wp-block-media-text is-stacked-on-mobile\" style=\"grid-template-columns:65% auto\"><figure class=\"wp-block-media-text__media\"><img loading=\"lazy\" decoding=\"async\" width=\"1024\" height=\"575\" src=\"https:\/\/2l-a-velo.com\/wp-content\/uploads\/2025\/06\/P1119467-1024x575.jpg\" alt=\"\" class=\"wp-image-14864 size-full\" srcset=\"https:\/\/2l-a-velo.com\/wp-content\/uploads\/2025\/06\/P1119467-1024x575.jpg 1024w, https:\/\/2l-a-velo.com\/wp-content\/uploads\/2025\/06\/P1119467-300x168.jpg 300w, https:\/\/2l-a-velo.com\/wp-content\/uploads\/2025\/06\/P1119467-768x431.jpg 768w, https:\/\/2l-a-velo.com\/wp-content\/uploads\/2025\/06\/P1119467-1536x862.jpg 1536w, https:\/\/2l-a-velo.com\/wp-content\/uploads\/2025\/06\/P1119467-2048x1149.jpg 2048w, https:\/\/2l-a-velo.com\/wp-content\/uploads\/2025\/06\/P1119467-900x505.jpg 900w, https:\/\/2l-a-velo.com\/wp-content\/uploads\/2025\/06\/P1119467-1280x718.jpg 1280w\" sizes=\"auto, (max-width: 1024px) 100vw, 1024px\" \/><\/figure><div class=\"wp-block-media-text__content\">\n<p>Par ailleurs, la zone de for\u00eat tropicale occupe plus de 90 % de la superficie de l&rsquo;\u00eele. <\/p>\n<\/div><\/div>\n\n\n\n<div class=\"wp-block-media-text has-media-on-the-right is-stacked-on-mobile\" style=\"grid-template-columns:auto 57%\"><div class=\"wp-block-media-text__content\">\n<p>Elle abrite 45 esp\u00e8ces de mammif\u00e8res, 138 esp\u00e8ces d&rsquo;oiseaux, des reptiles notamment des varans, des tortues, des serpents (python, cobra&#8230;) et bien s\u00fbr des insectes et des araign\u00e9es.<\/p>\n<\/div><figure class=\"wp-block-media-text__media\"><img loading=\"lazy\" decoding=\"async\" width=\"1024\" height=\"575\" src=\"https:\/\/2l-a-velo.com\/wp-content\/uploads\/2025\/06\/P1088016-1024x575.jpg\" alt=\"\" class=\"wp-image-14865 size-full\" srcset=\"https:\/\/2l-a-velo.com\/wp-content\/uploads\/2025\/06\/P1088016-1024x575.jpg 1024w, https:\/\/2l-a-velo.com\/wp-content\/uploads\/2025\/06\/P1088016-300x168.jpg 300w, https:\/\/2l-a-velo.com\/wp-content\/uploads\/2025\/06\/P1088016-768x431.jpg 768w, https:\/\/2l-a-velo.com\/wp-content\/uploads\/2025\/06\/P1088016-1536x862.jpg 1536w, https:\/\/2l-a-velo.com\/wp-content\/uploads\/2025\/06\/P1088016-2048x1149.jpg 2048w, https:\/\/2l-a-velo.com\/wp-content\/uploads\/2025\/06\/P1088016-900x505.jpg 900w, https:\/\/2l-a-velo.com\/wp-content\/uploads\/2025\/06\/P1088016-1280x718.jpg 1280w\" sizes=\"auto, (max-width: 1024px) 100vw, 1024px\" \/><\/figure><\/div>\n\n\n\n<p>Selon la l\u00e9gende, l&rsquo;\u00eele de Tioman serait le lieu de repos d&rsquo;une belle princesse dragon. En route pour&nbsp;Singapour&nbsp;pour rendre visite \u00e0 son prince, cette belle jeune fille s&rsquo;arr\u00eata pour chercher r\u00e9confort dans les eaux de la&nbsp;mer de Chine.  Tomb\u00e9e sous le charme du lieu, elle d\u00e9cida d&rsquo;interrompre son voyage. En prenant la forme d&rsquo;une \u00eele, elle s&rsquo;engagea \u00e0 offrir abri et r\u00e9confort aux voyageurs de passage.<\/p>\n\n\n\n<p class=\"has-text-align-left\">Nous s\u00e9journons dans le village de Genting, sur la c\u00f4te ouest, plut\u00f4t au sud. De notre chambre, nous avons une vue imprenable sur la mer. <\/p>\n\n\n\n<div class=\"wp-block-media-text is-stacked-on-mobile\" style=\"grid-template-columns:57% auto\"><figure class=\"wp-block-media-text__media\"><img loading=\"lazy\" decoding=\"async\" width=\"1024\" height=\"575\" src=\"https:\/\/2l-a-velo.com\/wp-content\/uploads\/2025\/06\/P1087900-1024x575.jpg\" alt=\"\" class=\"wp-image-14866 size-full\" srcset=\"https:\/\/2l-a-velo.com\/wp-content\/uploads\/2025\/06\/P1087900-1024x575.jpg 1024w, https:\/\/2l-a-velo.com\/wp-content\/uploads\/2025\/06\/P1087900-300x168.jpg 300w, https:\/\/2l-a-velo.com\/wp-content\/uploads\/2025\/06\/P1087900-768x431.jpg 768w, https:\/\/2l-a-velo.com\/wp-content\/uploads\/2025\/06\/P1087900-1536x862.jpg 1536w, https:\/\/2l-a-velo.com\/wp-content\/uploads\/2025\/06\/P1087900-2048x1149.jpg 2048w, https:\/\/2l-a-velo.com\/wp-content\/uploads\/2025\/06\/P1087900-900x505.jpg 900w, https:\/\/2l-a-velo.com\/wp-content\/uploads\/2025\/06\/P1087900-1280x718.jpg 1280w\" sizes=\"auto, (max-width: 1024px) 100vw, 1024px\" \/><\/figure><div class=\"wp-block-media-text__content\">\n<p>Au large, c&rsquo;est le ballet des bateaux et ici, ce sont les singes qui batifolent sur les toits et les fils \u00e9lectriques en qu\u00eate de quelque nourriture \u00e0 chaparder !<\/p>\n<\/div><\/div>\n\n\n\n<div class=\"wp-block-media-text has-media-on-the-right is-stacked-on-mobile\" style=\"grid-template-columns:auto 57%\"><div class=\"wp-block-media-text__content\">\n<p>La \u00ab\u00a0route\u00a0\u00bb, b\u00e9tonn\u00e9e et \u00e9troite, pas de voitures \u00e0 Genting, se faufile entre les maisons, traversant des petits ponts aux jolis parapets.<\/p>\n<\/div><figure class=\"wp-block-media-text__media\"><img loading=\"lazy\" decoding=\"async\" width=\"1024\" height=\"575\" src=\"https:\/\/2l-a-velo.com\/wp-content\/uploads\/2025\/06\/P1119590-1024x575.jpg\" alt=\"\" class=\"wp-image-14867 size-full\" srcset=\"https:\/\/2l-a-velo.com\/wp-content\/uploads\/2025\/06\/P1119590-1024x575.jpg 1024w, https:\/\/2l-a-velo.com\/wp-content\/uploads\/2025\/06\/P1119590-300x168.jpg 300w, https:\/\/2l-a-velo.com\/wp-content\/uploads\/2025\/06\/P1119590-768x431.jpg 768w, https:\/\/2l-a-velo.com\/wp-content\/uploads\/2025\/06\/P1119590-1536x862.jpg 1536w, https:\/\/2l-a-velo.com\/wp-content\/uploads\/2025\/06\/P1119590-2048x1149.jpg 2048w, https:\/\/2l-a-velo.com\/wp-content\/uploads\/2025\/06\/P1119590-900x505.jpg 900w, https:\/\/2l-a-velo.com\/wp-content\/uploads\/2025\/06\/P1119590-1280x718.jpg 1280w\" sizes=\"auto, (max-width: 1024px) 100vw, 1024px\" \/><\/figure><\/div>\n\n\n\n<p>Tout de suite derri\u00e8re les habitations, la jungle, dense, \u00e9paisse, imp\u00e9n\u00e9trable reprend ses droits et monte \u00e0 l&rsquo;assaut des collines qui culminent \u00e0 800 m environ.<\/p>\n\n\n\n<figure class=\"wp-block-image size-large\"><img loading=\"lazy\" decoding=\"async\" width=\"1024\" height=\"575\" src=\"https:\/\/2l-a-velo.com\/wp-content\/uploads\/2025\/06\/P1098173-1024x575.jpg\" alt=\"\" class=\"wp-image-14868\" srcset=\"https:\/\/2l-a-velo.com\/wp-content\/uploads\/2025\/06\/P1098173-1024x575.jpg 1024w, https:\/\/2l-a-velo.com\/wp-content\/uploads\/2025\/06\/P1098173-300x168.jpg 300w, https:\/\/2l-a-velo.com\/wp-content\/uploads\/2025\/06\/P1098173-768x431.jpg 768w, https:\/\/2l-a-velo.com\/wp-content\/uploads\/2025\/06\/P1098173-1536x862.jpg 1536w, https:\/\/2l-a-velo.com\/wp-content\/uploads\/2025\/06\/P1098173-2048x1149.jpg 2048w, https:\/\/2l-a-velo.com\/wp-content\/uploads\/2025\/06\/P1098173-900x505.jpg 900w, https:\/\/2l-a-velo.com\/wp-content\/uploads\/2025\/06\/P1098173-1280x718.jpg 1280w\" sizes=\"auto, (max-width: 1024px) 100vw, 1024px\" \/><\/figure>\n\n\n\n<p>De l&rsquo;autre c\u00f4t\u00e9, c&rsquo;est le bord de mer, le sable, les cocotiers, l&rsquo;eau, aux couleurs s&rsquo;\u00e9tageant du turquoise \u00e0 l&rsquo;indigo, et sous le soleil, on peut parler d&rsquo;endroit paradisiaque ! <\/p>\n\n\n\n<p> C&rsquo;est sur la jet\u00e9e que la vie du village est la plus intense. Les ferrys y d\u00e9posent les touristes, les bateaux cargos y d\u00e9chargent leurs cargaisons. <\/p>\n\n\n\n<div class=\"wp-block-media-text is-stacked-on-mobile\" style=\"grid-template-columns:58% auto\"><figure class=\"wp-block-media-text__media\"><img loading=\"lazy\" decoding=\"async\" width=\"1024\" height=\"575\" src=\"https:\/\/2l-a-velo.com\/wp-content\/uploads\/2025\/06\/P1098212-1024x575.jpg\" alt=\"\" class=\"wp-image-14869 size-full\" srcset=\"https:\/\/2l-a-velo.com\/wp-content\/uploads\/2025\/06\/P1098212-1024x575.jpg 1024w, https:\/\/2l-a-velo.com\/wp-content\/uploads\/2025\/06\/P1098212-300x168.jpg 300w, https:\/\/2l-a-velo.com\/wp-content\/uploads\/2025\/06\/P1098212-768x431.jpg 768w, https:\/\/2l-a-velo.com\/wp-content\/uploads\/2025\/06\/P1098212-1536x862.jpg 1536w, https:\/\/2l-a-velo.com\/wp-content\/uploads\/2025\/06\/P1098212-2048x1149.jpg 2048w, https:\/\/2l-a-velo.com\/wp-content\/uploads\/2025\/06\/P1098212-900x505.jpg 900w, https:\/\/2l-a-velo.com\/wp-content\/uploads\/2025\/06\/P1098212-1280x718.jpg 1280w\" sizes=\"auto, (max-width: 1024px) 100vw, 1024px\" \/><\/figure><div class=\"wp-block-media-text__content\">\n<p>Les locaux sur leurs side-cars transportent touristes, bagages et ravitaillement vers les h\u00e9bergements h\u00f4teliers !<\/p>\n<\/div><\/div>\n\n\n\n<p>Un peu au large, c&rsquo;est un va et vient incessant de petits bateaux qui transportent les touristes vers les sites de plong\u00e9e et de snorkeling, mais aussi d&rsquo;un village \u00e0 l&rsquo;autre et on peut m\u00eame faire le tour de l&rsquo;\u00eele.<\/p>\n\n\n\n<p>Tioman ne poss\u00e8de pas de routes si ce n&rsquo;est celle qui relie le village de Tekek sur la c\u00f4te ouest \u00e0 Juara sur la c\u00f4te est, route praticable surtout en 4X4. Il existe malgr\u00e9 tout quelques tron\u00e7ons asphalt\u00e9s vers Tekek. Mais \u00e0 Tioman, les voitures sont rares, les locaux utilisant surtout la moto, le side-car et le bateau !<\/p>\n\n\n\n<p>Nous avons test\u00e9 plusieurs restaurants \u00e0 Genting car il faut bien manger ! Rien de bien extraordinaire ! Finalement, il existe, sous notre h\u00e9bergement, un petit restaurant tenu par la m\u00e8re de notre propri\u00e9taire. C&rsquo;est simple, bien cuisin\u00e9, correct gustativement et pas trop cher, cela nous convient parfaitement ! En revanche, ici, on ne sert pas de boissons alcoolis\u00e9es dans les restaurants. Alors, nous achetons de temps en temps une bi\u00e8re au \u00ab\u00a0minimarket\u00a0\u00bb ! <\/p>\n\n\n\n<div class=\"wp-block-buttons is-layout-flex wp-block-buttons-is-layout-flex\">\n<div class=\"wp-block-button has-custom-width wp-block-button__width-100\"><a class=\"wp-block-button__link has-background has-large-font-size has-text-align-center has-custom-font-size wp-element-button\" href=\"https:\/\/photos.google.com\/share\/AF1QipOzo77qg7RJ-GUP_DeppWKmxBYcR0Ou0_nLgJrtbS6jb8Rh8M5tG_dmIMpveoit4Q\/photo\/AF1QipMfXlPGojgUMx9MRGbnl6VwAw02GSP7_wfklEOJ?key=QmRLTTJBX3dJb093SzFlWldHWVhadS1IMUZWMWRn\" style=\"border-radius:10px;background-color:#0173a2\">photos genting<\/a><\/div>\n<\/div>\n\n\n\n<p class=\"has-text-align-center has-text-color has-link-color has-large-font-size wp-elements-4b3ea8077c3b4299cc10cfcbea9eeaa8\" style=\"color:#0173a2\"><strong>\u00a7\u00a7\u00a7\u00a7\u00a7\u00a7\u00a7\u00a7\u00a7\u00a7\u00a7\u00a7\u00a7\u00a7\u00a7\u00a7\u00a7\u00a7\u00a7\u00a7\u00a7\u00a7\u00a7\u00a7\u00a7\u00a7\u00a7\u00a7\u00a7\u00a7\u00a7\u00a7\u00a7\u00a7\u00a7\u00a7\u00a7\u00a7\u00a7\u00a7\u00a7\u00a7<\/strong><\/p>\n\n\n\n<p class=\"has-text-align-center has-large-font-size\"><strong>Randonn\u00e9e de Genting \u00e0 Tekek<\/strong><\/p>\n\n\n\n<p class=\"has-normal-font-size\">Le v\u00e9lo n&rsquo;est pas utilisable pour rallier les villages alors, aujourd&rsquo;hui, ce sera une randonn\u00e9e \u00e0 pied qui nous conduira de Genting \u00e0 Tekek et retour !<\/p>\n\n\n\n<div class=\"wp-block-media-text has-media-on-the-right is-stacked-on-mobile\" style=\"grid-template-columns:auto 56%\"><div class=\"wp-block-media-text__content\">\n<p>Nous suivons vers le nord la \u00ab\u00a0route\u00a0\u00bb b\u00e9tonn\u00e9e, puis le b\u00e9ton se d\u00e9grade et fait place \u00e0 un sentier bien visible, quoique pas toujours parfaitement d\u00e9gag\u00e9.<\/p>\n<\/div><figure class=\"wp-block-media-text__media\"><img loading=\"lazy\" decoding=\"async\" width=\"1024\" height=\"575\" src=\"https:\/\/2l-a-velo.com\/wp-content\/uploads\/2025\/06\/P1087987-1024x575.jpg\" alt=\"\" class=\"wp-image-14871 size-full\" srcset=\"https:\/\/2l-a-velo.com\/wp-content\/uploads\/2025\/06\/P1087987-1024x575.jpg 1024w, https:\/\/2l-a-velo.com\/wp-content\/uploads\/2025\/06\/P1087987-300x168.jpg 300w, https:\/\/2l-a-velo.com\/wp-content\/uploads\/2025\/06\/P1087987-768x431.jpg 768w, https:\/\/2l-a-velo.com\/wp-content\/uploads\/2025\/06\/P1087987-1536x862.jpg 1536w, https:\/\/2l-a-velo.com\/wp-content\/uploads\/2025\/06\/P1087987-2048x1149.jpg 2048w, https:\/\/2l-a-velo.com\/wp-content\/uploads\/2025\/06\/P1087987-900x505.jpg 900w, https:\/\/2l-a-velo.com\/wp-content\/uploads\/2025\/06\/P1087987-1280x718.jpg 1280w\" sizes=\"auto, (max-width: 1024px) 100vw, 1024px\" \/><\/figure><\/div>\n\n\n\n<p>Bien que nous soyons dans la jungle, il est impossible de s&rsquo;\u00e9garer, il suffit de suivre le gros c\u00e2ble \u00e9lectrique qui court au sol ! <\/p>\n\n\n\n<p>Cela monte et descend sans exc\u00e8s, c&rsquo;est tr\u00e8s agr\u00e9able de marcher dans cette jungle. Nous atteignons la mer au village de Paya. Village touristique pourvu de nombreux h\u00e9bergements, et l\u00e0, beaucoup de monde !<\/p>\n\n\n\n<div class=\"wp-block-media-text is-stacked-on-mobile\" style=\"grid-template-columns:59% auto\"><figure class=\"wp-block-media-text__media\"><img loading=\"lazy\" decoding=\"async\" width=\"1024\" height=\"575\" src=\"https:\/\/2l-a-velo.com\/wp-content\/uploads\/2025\/06\/P1119561-1024x575.jpg\" alt=\"\" class=\"wp-image-14873 size-full\" srcset=\"https:\/\/2l-a-velo.com\/wp-content\/uploads\/2025\/06\/P1119561-1024x575.jpg 1024w, https:\/\/2l-a-velo.com\/wp-content\/uploads\/2025\/06\/P1119561-300x168.jpg 300w, https:\/\/2l-a-velo.com\/wp-content\/uploads\/2025\/06\/P1119561-768x431.jpg 768w, https:\/\/2l-a-velo.com\/wp-content\/uploads\/2025\/06\/P1119561-1536x862.jpg 1536w, https:\/\/2l-a-velo.com\/wp-content\/uploads\/2025\/06\/P1119561-2048x1149.jpg 2048w, https:\/\/2l-a-velo.com\/wp-content\/uploads\/2025\/06\/P1119561-900x505.jpg 900w, https:\/\/2l-a-velo.com\/wp-content\/uploads\/2025\/06\/P1119561-1280x718.jpg 1280w\" sizes=\"auto, (max-width: 1024px) 100vw, 1024px\" \/><\/figure><div class=\"wp-block-media-text__content\">\n<p>Nous retrouvons la jungle et son calme et sur cete partie, il faut se rep\u00e9rer \u00e0 la ligne \u00e9lectrique a\u00e9rienne. Mais dans la pratique, le sentier est tr\u00e8s facile \u00e0 suivre !<\/p>\n<\/div><\/div>\n\n\n\n<div class=\"wp-block-media-text has-media-on-the-right is-stacked-on-mobile\" style=\"grid-template-columns:auto 61%\"><div class=\"wp-block-media-text__content\">\n<p>La trace plonge ensuite vers la mer et nous voici sur une plage d\u00e9serte, on se prendrait presque pour Robinson Cruso\u00e9 !<\/p>\n<\/div><figure class=\"wp-block-media-text__media\"><img loading=\"lazy\" decoding=\"async\" width=\"1024\" height=\"575\" src=\"https:\/\/2l-a-velo.com\/wp-content\/uploads\/2025\/06\/P1119559-1024x575.jpg\" alt=\"\" class=\"wp-image-14875 size-full\" srcset=\"https:\/\/2l-a-velo.com\/wp-content\/uploads\/2025\/06\/P1119559-1024x575.jpg 1024w, https:\/\/2l-a-velo.com\/wp-content\/uploads\/2025\/06\/P1119559-300x168.jpg 300w, https:\/\/2l-a-velo.com\/wp-content\/uploads\/2025\/06\/P1119559-768x431.jpg 768w, https:\/\/2l-a-velo.com\/wp-content\/uploads\/2025\/06\/P1119559-1536x862.jpg 1536w, https:\/\/2l-a-velo.com\/wp-content\/uploads\/2025\/06\/P1119559-2048x1149.jpg 2048w, https:\/\/2l-a-velo.com\/wp-content\/uploads\/2025\/06\/P1119559-900x505.jpg 900w, https:\/\/2l-a-velo.com\/wp-content\/uploads\/2025\/06\/P1119559-1280x718.jpg 1280w\" sizes=\"auto, (max-width: 1024px) 100vw, 1024px\" \/><\/figure><\/div>\n\n\n\n<p>C&rsquo;est assez incroyable de se retrouver sur cette plage, avec seulement le sable, la jungle et la mer ! <\/p>\n\n\n\n<div class=\"wp-block-media-text is-stacked-on-mobile\"><figure class=\"wp-block-media-text__media\"><img loading=\"lazy\" decoding=\"async\" width=\"1024\" height=\"575\" src=\"https:\/\/2l-a-velo.com\/wp-content\/uploads\/2025\/06\/P1119551-1024x575.jpg\" alt=\"\" class=\"wp-image-14876 size-full\" srcset=\"https:\/\/2l-a-velo.com\/wp-content\/uploads\/2025\/06\/P1119551-1024x575.jpg 1024w, https:\/\/2l-a-velo.com\/wp-content\/uploads\/2025\/06\/P1119551-300x168.jpg 300w, https:\/\/2l-a-velo.com\/wp-content\/uploads\/2025\/06\/P1119551-768x431.jpg 768w, https:\/\/2l-a-velo.com\/wp-content\/uploads\/2025\/06\/P1119551-1536x862.jpg 1536w, https:\/\/2l-a-velo.com\/wp-content\/uploads\/2025\/06\/P1119551-2048x1149.jpg 2048w, https:\/\/2l-a-velo.com\/wp-content\/uploads\/2025\/06\/P1119551-900x505.jpg 900w, https:\/\/2l-a-velo.com\/wp-content\/uploads\/2025\/06\/P1119551-1280x718.jpg 1280w\" sizes=\"auto, (max-width: 1024px) 100vw, 1024px\" \/><\/figure><div class=\"wp-block-media-text__content\">\n<p>Une piste prolonge la plage, d\u00e9passe un \u00ab\u00a0camping\u00a0\u00bb o\u00f9 nous ne voyons personne, et nous voici face \u00e0 un immeuble un peu d\u00e9fra\u00eechi dont la pr\u00e9sence dans cet environnement para\u00eet un peu incongrue !<\/p>\n<\/div><\/div>\n\n\n\n<p>Tiens, voici l&rsquo;asphalte, la piste devient route ! Mais, surprise, ici, il y a un&#8230; golf !!! Nous allons le longer durant plusieurs centaines de m\u00e8tres. Bien tondu mais la cl\u00f4ture est fortement d\u00e9grad\u00e9e, les voiturettes sont en mauvais \u00e9tat, mais que fait un golf \u00e0 cet endroit ?<\/p>\n\n\n\n<div class=\"wp-block-media-text has-media-on-the-right is-stacked-on-mobile\" style=\"grid-template-columns:auto 55%\"><div class=\"wp-block-media-text__content\">\n<p>D&rsquo;ailleurs, nous n&rsquo;y voyons personne, hormis une bande de singes (mais ces animaux ne se sont pas encore mis \u00e0 ce sport) et quelques varans qui traversent nonchalamment le \u00ab\u00a0green\u00a0\u00bb ! <\/p>\n<\/div><figure class=\"wp-block-media-text__media\"><img loading=\"lazy\" decoding=\"async\" width=\"1024\" height=\"575\" src=\"https:\/\/2l-a-velo.com\/wp-content\/uploads\/2025\/06\/P1088022-1024x575.jpg\" alt=\"\" class=\"wp-image-14878 size-full\" srcset=\"https:\/\/2l-a-velo.com\/wp-content\/uploads\/2025\/06\/P1088022-1024x575.jpg 1024w, https:\/\/2l-a-velo.com\/wp-content\/uploads\/2025\/06\/P1088022-300x168.jpg 300w, https:\/\/2l-a-velo.com\/wp-content\/uploads\/2025\/06\/P1088022-768x431.jpg 768w, https:\/\/2l-a-velo.com\/wp-content\/uploads\/2025\/06\/P1088022-1536x862.jpg 1536w, https:\/\/2l-a-velo.com\/wp-content\/uploads\/2025\/06\/P1088022-2048x1149.jpg 2048w, https:\/\/2l-a-velo.com\/wp-content\/uploads\/2025\/06\/P1088022-900x505.jpg 900w, https:\/\/2l-a-velo.com\/wp-content\/uploads\/2025\/06\/P1088022-1280x718.jpg 1280w\" sizes=\"auto, (max-width: 1024px) 100vw, 1024px\" \/><\/figure><\/div>\n\n\n\n<div class=\"wp-block-media-text is-stacked-on-mobile\" style=\"grid-template-columns:64% auto\"><figure class=\"wp-block-media-text__media\"><img loading=\"lazy\" decoding=\"async\" width=\"1024\" height=\"575\" src=\"https:\/\/2l-a-velo.com\/wp-content\/uploads\/2025\/06\/P1088062-1024x575.jpg\" alt=\"\" class=\"wp-image-14879 size-full\" srcset=\"https:\/\/2l-a-velo.com\/wp-content\/uploads\/2025\/06\/P1088062-1024x575.jpg 1024w, https:\/\/2l-a-velo.com\/wp-content\/uploads\/2025\/06\/P1088062-300x168.jpg 300w, https:\/\/2l-a-velo.com\/wp-content\/uploads\/2025\/06\/P1088062-768x431.jpg 768w, https:\/\/2l-a-velo.com\/wp-content\/uploads\/2025\/06\/P1088062-1536x862.jpg 1536w, https:\/\/2l-a-velo.com\/wp-content\/uploads\/2025\/06\/P1088062-2048x1149.jpg 2048w, https:\/\/2l-a-velo.com\/wp-content\/uploads\/2025\/06\/P1088062-900x505.jpg 900w, https:\/\/2l-a-velo.com\/wp-content\/uploads\/2025\/06\/P1088062-1280x718.jpg 1280w\" sizes=\"auto, (max-width: 1024px) 100vw, 1024px\" \/><\/figure><div class=\"wp-block-media-text__content\">\n<p>Voici une nouvelle plage. On nous oblige \u00e0 l&rsquo;utiliser pour gagner Tekek car la route qui traverse un h\u00e9bergement \u00ab\u00a0grand luxe\u00a0\u00bb est priv\u00e9e. <\/p>\n<\/div><\/div>\n\n\n\n<p>Il est vrai que l&rsquo;individu lambda ab\u00eemerait s\u00fbrement la route avec ses sandales !!!<\/p>\n\n\n\n<p>Si les habitants de l&rsquo;\u00eele sont particuli\u00e8rement aimables, souriants et pr\u00e8s \u00e0 rendre service, nous ne pouvons pas en dire autant de tous ces gardiens affubl\u00e9s d&rsquo;un macaron \u00ab\u00a0s\u00e9curit\u00e9\u00a0\u00bb.<\/p>\n\n\n\n<div class=\"wp-block-media-text has-media-on-the-right is-stacked-on-mobile\" style=\"grid-template-columns:auto 53%\"><div class=\"wp-block-media-text__content\">\n<p>En descendant sur Tekek, nous voyons partir \u00e0 gauche la route qui traverse l&rsquo;\u00eele et, vu la pente, nous ne regrettons pas les v\u00e9los. D&rsquo;ailleurs un panneau indique une pente \u00e0&#8230; 45 % !!!<\/p>\n<\/div><figure class=\"wp-block-media-text__media\"><img loading=\"lazy\" decoding=\"async\" width=\"1024\" height=\"575\" src=\"https:\/\/2l-a-velo.com\/wp-content\/uploads\/2025\/06\/P1088051-1024x575.jpg\" alt=\"\" class=\"wp-image-14902 size-full\" srcset=\"https:\/\/2l-a-velo.com\/wp-content\/uploads\/2025\/06\/P1088051-1024x575.jpg 1024w, https:\/\/2l-a-velo.com\/wp-content\/uploads\/2025\/06\/P1088051-300x168.jpg 300w, https:\/\/2l-a-velo.com\/wp-content\/uploads\/2025\/06\/P1088051-768x431.jpg 768w, https:\/\/2l-a-velo.com\/wp-content\/uploads\/2025\/06\/P1088051-1536x862.jpg 1536w, https:\/\/2l-a-velo.com\/wp-content\/uploads\/2025\/06\/P1088051-2048x1149.jpg 2048w, https:\/\/2l-a-velo.com\/wp-content\/uploads\/2025\/06\/P1088051-900x505.jpg 900w, https:\/\/2l-a-velo.com\/wp-content\/uploads\/2025\/06\/P1088051-1280x718.jpg 1280w\" sizes=\"auto, (max-width: 1024px) 100vw, 1024px\" \/><\/figure><\/div>\n\n\n\n<p> Apr\u00e8s v\u00e9rification sur notre application, nous sommes plut\u00f4t autour des 15 % et ce n&rsquo;est d\u00e9j\u00e0 pas mal !<\/p>\n\n\n\n<div class=\"wp-block-media-text is-stacked-on-mobile\" style=\"grid-template-columns:57% auto\"><figure class=\"wp-block-media-text__media\"><img loading=\"lazy\" decoding=\"async\" width=\"1024\" height=\"575\" src=\"https:\/\/2l-a-velo.com\/wp-content\/uploads\/2025\/06\/P1088050-1024x575.jpg\" alt=\"\" class=\"wp-image-14880 size-full\" srcset=\"https:\/\/2l-a-velo.com\/wp-content\/uploads\/2025\/06\/P1088050-1024x575.jpg 1024w, https:\/\/2l-a-velo.com\/wp-content\/uploads\/2025\/06\/P1088050-300x168.jpg 300w, https:\/\/2l-a-velo.com\/wp-content\/uploads\/2025\/06\/P1088050-768x431.jpg 768w, https:\/\/2l-a-velo.com\/wp-content\/uploads\/2025\/06\/P1088050-1536x862.jpg 1536w, https:\/\/2l-a-velo.com\/wp-content\/uploads\/2025\/06\/P1088050-2048x1149.jpg 2048w, https:\/\/2l-a-velo.com\/wp-content\/uploads\/2025\/06\/P1088050-900x505.jpg 900w, https:\/\/2l-a-velo.com\/wp-content\/uploads\/2025\/06\/P1088050-1280x718.jpg 1280w\" sizes=\"auto, (max-width: 1024px) 100vw, 1024px\" \/><\/figure><div class=\"wp-block-media-text__content\">\n<p>Tekek, \u00ab\u00a0capitale\u00a0\u00bb de l&rsquo;\u00eele ne nous a pas enthousiasm\u00e9s. Nous ne trouvons pas le village tr\u00e8s joli et nous n&rsquo;avons aucun regrets d&rsquo;\u00eatre install\u00e9s \u00e0 Genting !<\/p>\n<\/div><\/div>\n\n\n\n<p>Le ciel couvert du matin a fait place \u00e0 un g\u00e9n\u00e9reux soleil et au retour les couleurs de la mer explosent ! C&rsquo;est beau, c&rsquo;est beau ! Nous sommes seuls ! <\/p>\n\n\n\n<figure class=\"wp-block-image size-large\"><img loading=\"lazy\" decoding=\"async\" width=\"1024\" height=\"575\" src=\"https:\/\/2l-a-velo.com\/wp-content\/uploads\/2025\/06\/P1088039-1-1024x575.jpg\" alt=\"\" class=\"wp-image-14885\" srcset=\"https:\/\/2l-a-velo.com\/wp-content\/uploads\/2025\/06\/P1088039-1-1024x575.jpg 1024w, https:\/\/2l-a-velo.com\/wp-content\/uploads\/2025\/06\/P1088039-1-300x168.jpg 300w, https:\/\/2l-a-velo.com\/wp-content\/uploads\/2025\/06\/P1088039-1-768x431.jpg 768w, https:\/\/2l-a-velo.com\/wp-content\/uploads\/2025\/06\/P1088039-1-1536x862.jpg 1536w, https:\/\/2l-a-velo.com\/wp-content\/uploads\/2025\/06\/P1088039-1-2048x1149.jpg 2048w, https:\/\/2l-a-velo.com\/wp-content\/uploads\/2025\/06\/P1088039-1-900x505.jpg 900w, https:\/\/2l-a-velo.com\/wp-content\/uploads\/2025\/06\/P1088039-1-1280x718.jpg 1280w\" sizes=\"auto, (max-width: 1024px) 100vw, 1024px\" \/><\/figure>\n\n\n\n<p>Il fait une chaleur pas possible et nous d\u00e9goulinons m\u00eame \u00e0 l&rsquo;ombre sous le couvert des arbres !!!<\/p>\n\n\n\n<div class=\"wp-block-media-text has-media-on-the-right is-stacked-on-mobile\" style=\"grid-template-columns:auto 58%\"><div class=\"wp-block-media-text__content\">\n<p>Entre Paya et Genting, de jolis petits ponts enjambent les ruisseaux descendants de la montagne. Il est dommage que ces ponts ne soient pas entretenus.<\/p>\n<\/div><figure class=\"wp-block-media-text__media\"><img loading=\"lazy\" decoding=\"async\" width=\"1024\" height=\"575\" src=\"https:\/\/2l-a-velo.com\/wp-content\/uploads\/2025\/06\/P1119566-1024x575.jpg\" alt=\"\" class=\"wp-image-14888 size-full\" srcset=\"https:\/\/2l-a-velo.com\/wp-content\/uploads\/2025\/06\/P1119566-1024x575.jpg 1024w, https:\/\/2l-a-velo.com\/wp-content\/uploads\/2025\/06\/P1119566-300x168.jpg 300w, https:\/\/2l-a-velo.com\/wp-content\/uploads\/2025\/06\/P1119566-768x431.jpg 768w, https:\/\/2l-a-velo.com\/wp-content\/uploads\/2025\/06\/P1119566-1536x862.jpg 1536w, https:\/\/2l-a-velo.com\/wp-content\/uploads\/2025\/06\/P1119566-2048x1149.jpg 2048w, https:\/\/2l-a-velo.com\/wp-content\/uploads\/2025\/06\/P1119566-900x505.jpg 900w, https:\/\/2l-a-velo.com\/wp-content\/uploads\/2025\/06\/P1119566-1280x718.jpg 1280w\" sizes=\"auto, (max-width: 1024px) 100vw, 1024px\" \/><\/figure><\/div>\n\n\n\n<p>D&rsquo;ailleurs, la piste en b\u00e9ton devait, \u00e0 l&rsquo;origine, \u00eatre continue mais faute d&rsquo;entretien, elle s&rsquo;est compl\u00e8tement d\u00e9grad\u00e9e !<\/p>\n\n\n\n<p>Une tr\u00e8s jolie randonn\u00e9e o\u00f9 l&rsquo;on go\u00fbte \u00e0 la jungle, aux plages d\u00e9sertes et o\u00f9, hors Paya et Tekek, on ne rencontre pratiquement personne !<\/p>\n\n\n\n<div class=\"wp-block-buttons is-layout-flex wp-block-buttons-is-layout-flex\">\n<div class=\"wp-block-button has-custom-width wp-block-button__width-100\"><a class=\"wp-block-button__link has-background has-large-font-size has-text-align-center has-custom-font-size wp-element-button\" href=\"https:\/\/photos.google.com\/share\/AF1QipOEHIQMJ1lTX5mkJ8R_MK_tV8StywTj-Jli9Qp3UhbyaisbhMXxol8os4uCFHGaBA\/photo\/AF1QipMZ1L3oM2HArUtkbnvYCIAQXV-WYFHEbiJ38fbk?key=dk0xOWg2MW00WUpoLVUtUGNvLTU2REpvSjFNeUtn\" style=\"border-radius:10px;background-color:#0173a2\">photos de genting \u00e0 tekek<\/a><\/div>\n<\/div>\n\n\n\n<div class=\"wp-block-buttons is-layout-flex wp-block-buttons-is-layout-flex\">\n<div class=\"wp-block-button has-custom-width wp-block-button__width-100\"><a class=\"wp-block-button__link has-background has-large-font-size has-text-align-center has-custom-font-size wp-element-button\" style=\"border-radius:10px;background-color:#c52001\">video : De genting \u00e0 Tekek<\/a><\/div>\n<\/div>\n\n\n\n<iframe loading=\"lazy\" width=\"560\" height=\"315\" src=\"https:\/\/www.youtube.com\/embed\/LOxZNHdlnIA?si=iH3R4183QOVq6gfi\" title=\"YouTube video player\" frameborder=\"0\" allow=\"accelerometer; autoplay; clipboard-write; encrypted-media; gyroscope; picture-in-picture; web-share\" referrerpolicy=\"strict-origin-when-cross-origin\" allowfullscreen><\/iframe>\n\n\n\n<p class=\"has-text-align-center has-text-color has-link-color has-large-font-size wp-elements-a3c614efb9d671211de6a08aa4f9b0ed\" style=\"color:#0173a2\"><strong>\u00a7\u00a7\u00a7\u00a7\u00a7\u00a7\u00a7\u00a7\u00a7\u00a7\u00a7\u00a7\u00a7\u00a7\u00a7\u00a7\u00a7\u00a7\u00a7\u00a7\u00a7\u00a7\u00a7\u00a7\u00a7\u00a7\u00a7\u00a7\u00a7\u00a7\u00a7\u00a7\u00a7\u00a7\u00a7\u00a7\u00a7<\/strong><\/p>\n\n\n\n<p class=\"has-text-align-center has-large-font-size\"><strong>Une visite inattendue<\/strong><\/p>\n\n\n\n<p>C&rsquo;est un plaisir de prendre notre petit d\u00e9jeuner sur le balcon de notre chambre ! Ce matin, tranquilles, nous posons boissons, biscuits et bananes sur le rebord du balcon, nous asseyons dans les fauteuils et admirons la vue qui s&rsquo;offre \u00e0 nous ! <\/p>\n\n\n\n<figure class=\"wp-block-image size-large\"><img loading=\"lazy\" decoding=\"async\" width=\"1024\" height=\"575\" src=\"https:\/\/2l-a-velo.com\/wp-content\/uploads\/2025\/06\/P1087961-1024x575.jpg\" alt=\"\" class=\"wp-image-14906\" srcset=\"https:\/\/2l-a-velo.com\/wp-content\/uploads\/2025\/06\/P1087961-1024x575.jpg 1024w, https:\/\/2l-a-velo.com\/wp-content\/uploads\/2025\/06\/P1087961-300x168.jpg 300w, https:\/\/2l-a-velo.com\/wp-content\/uploads\/2025\/06\/P1087961-768x431.jpg 768w, https:\/\/2l-a-velo.com\/wp-content\/uploads\/2025\/06\/P1087961-1536x862.jpg 1536w, https:\/\/2l-a-velo.com\/wp-content\/uploads\/2025\/06\/P1087961-2048x1149.jpg 2048w, https:\/\/2l-a-velo.com\/wp-content\/uploads\/2025\/06\/P1087961-900x505.jpg 900w, https:\/\/2l-a-velo.com\/wp-content\/uploads\/2025\/06\/P1087961-1280x718.jpg 1280w\" sizes=\"auto, (max-width: 1024px) 100vw, 1024px\" \/><\/figure>\n\n\n\n<p>Et, tout \u00e0 coup, jaillissant du toit voisin, les singes lancent l&rsquo;offensive ! Effectivement, bananes et g\u00e2teaux cela vaut bien une attaque en r\u00e8gle ! Mais, apr\u00e8s l&rsquo;effet de surprise qui nous a fait renverser nos tasses, Lionel, n&rsquo;\u00e9coutant que son courage, s&rsquo;est arm\u00e9 d&rsquo;un balai et a men\u00e9 la contre offensive face aux singes qui montraient les dents et a mis l&rsquo;ennemi en d\u00e9route !!!!!!  <\/p>\n\n\n\n<p class=\"has-text-align-center has-text-color has-link-color has-large-font-size wp-elements-e5b95850dfdca71ca7b8c951a9989255\" style=\"color:#0173a2\"><strong>\u00a7\u00a7\u00a7\u00a7\u00a7\u00a7\u00a7\u00a7\u00a7\u00a7\u00a7\u00a7\u00a7\u00a7\u00a7\u00a7\u00a7\u00a7\u00a7\u00a7\u00a7\u00a7\u00a7\u00a7\u00a7\u00a7\u00a7\u00a7\u00a7<\/strong><\/p>\n\n\n\n<p class=\"has-text-align-center has-large-font-size\"><strong>Une balade interrompue<\/strong><\/p>\n\n\n\n<p>Fiers de notre victoire, nous partons en direction du sud. Apr\u00e8s une travers\u00e9e du village, nous arrivons au d\u00e9part du sentier qui s&rsquo;ins\u00e8re dans la jungle.<\/p>\n\n\n\n<p>Le sentier est bien rep\u00e9rable mais comporte des passages un peu casse-gu&#8230;.!<\/p>\n\n\n\n<div class=\"wp-block-media-text is-stacked-on-mobile\" style=\"grid-template-columns:57% auto\"><figure class=\"wp-block-media-text__media\"><img loading=\"lazy\" decoding=\"async\" width=\"1024\" height=\"575\" src=\"https:\/\/2l-a-velo.com\/wp-content\/uploads\/2025\/06\/P1119596-1024x575.jpg\" alt=\"\" class=\"wp-image-14890 size-full\" srcset=\"https:\/\/2l-a-velo.com\/wp-content\/uploads\/2025\/06\/P1119596-1024x575.jpg 1024w, https:\/\/2l-a-velo.com\/wp-content\/uploads\/2025\/06\/P1119596-300x168.jpg 300w, https:\/\/2l-a-velo.com\/wp-content\/uploads\/2025\/06\/P1119596-768x431.jpg 768w, https:\/\/2l-a-velo.com\/wp-content\/uploads\/2025\/06\/P1119596-1536x862.jpg 1536w, https:\/\/2l-a-velo.com\/wp-content\/uploads\/2025\/06\/P1119596-2048x1149.jpg 2048w, https:\/\/2l-a-velo.com\/wp-content\/uploads\/2025\/06\/P1119596-900x505.jpg 900w, https:\/\/2l-a-velo.com\/wp-content\/uploads\/2025\/06\/P1119596-1280x718.jpg 1280w\" sizes=\"auto, (max-width: 1024px) 100vw, 1024px\" \/><\/figure><div class=\"wp-block-media-text__content\">\n<p>On jette, entre deux rochers, des troncs pour faciliter le passage. Mais ces troncs sont plus ou moins pourris et c\u00e8dent sous notre poids, Laure en a fait l&rsquo;exp\u00e9rience !<\/p>\n<\/div><\/div>\n\n\n\n<p>Au bout de deux kilom\u00e8tres de jungle, nous voici devant une passerelle dont les rares planches transversales reposent sur des traverses un peu vermoulues ! Ne voulant pas risquer un accident en fin de voyage, nous pr\u00e9f\u00e9rons faire demi tour ! Tant pis pour la balade ! <\/p>\n\n\n\n<figure class=\"wp-block-image size-large\"><img loading=\"lazy\" decoding=\"async\" width=\"1024\" height=\"575\" src=\"https:\/\/2l-a-velo.com\/wp-content\/uploads\/2025\/06\/P1119595-1024x575.jpg\" alt=\"\" class=\"wp-image-14891\" srcset=\"https:\/\/2l-a-velo.com\/wp-content\/uploads\/2025\/06\/P1119595-1024x575.jpg 1024w, https:\/\/2l-a-velo.com\/wp-content\/uploads\/2025\/06\/P1119595-300x168.jpg 300w, https:\/\/2l-a-velo.com\/wp-content\/uploads\/2025\/06\/P1119595-768x431.jpg 768w, https:\/\/2l-a-velo.com\/wp-content\/uploads\/2025\/06\/P1119595-1536x862.jpg 1536w, https:\/\/2l-a-velo.com\/wp-content\/uploads\/2025\/06\/P1119595-2048x1149.jpg 2048w, https:\/\/2l-a-velo.com\/wp-content\/uploads\/2025\/06\/P1119595-900x505.jpg 900w, https:\/\/2l-a-velo.com\/wp-content\/uploads\/2025\/06\/P1119595-1280x718.jpg 1280w\" sizes=\"auto, (max-width: 1024px) 100vw, 1024px\" \/><\/figure>\n\n\n\n<div class=\"wp-block-buttons is-layout-flex wp-block-buttons-is-layout-flex\">\n<div class=\"wp-block-button has-custom-width wp-block-button__width-100\"><a class=\"wp-block-button__link has-background has-large-font-size has-text-align-center has-custom-font-size wp-element-button\" href=\"https:\/\/photos.google.com\/share\/AF1QipOxmoYDQok1FApeWwEEs2OORgn0nYSQT6MaH5dY3yAC3t0n00q7-UUI5wQPC5hcHQ\/photo\/AF1QipMxVP4NL30UYJxR2cdDlDTPBMGfTtvWjhsqY5qs?key=cENxUzJEMXp0Y051LUI2SWMtZHJkZTlLQm8zeC1B\" style=\"border-radius:10px;background-color:#0173a2\">photos balade interrompue<\/a><\/div>\n<\/div>\n\n\n\n<div class=\"wp-block-buttons is-layout-flex wp-block-buttons-is-layout-flex\">\n<div class=\"wp-block-button has-custom-width wp-block-button__width-100\"><a class=\"wp-block-button__link has-background has-large-font-size has-text-align-center has-custom-font-size wp-element-button\" style=\"border-radius:10px;background-color:#c52001\">Vid\u00e9o : quelques pas dans la jungle<\/a><\/div>\n<\/div>\n\n\n\n<iframe loading=\"lazy\" width=\"560\" height=\"315\" src=\"https:\/\/www.youtube.com\/embed\/MsIq5EjrqCI?si=BNBYS6Qv_BEjAWoU\" title=\"YouTube video player\" frameborder=\"0\" allow=\"accelerometer; autoplay; clipboard-write; encrypted-media; gyroscope; picture-in-picture; web-share\" referrerpolicy=\"strict-origin-when-cross-origin\" allowfullscreen><\/iframe>\n\n\n\n<p class=\"has-text-align-center has-text-color has-link-color has-large-font-size wp-elements-4286493ed1b7d744381b64611e0ef849\" style=\"color:#0173a2\"><strong>\u00a7\u00a7\u00a7\u00a7\u00a7\u00a7\u00a7\u00a7\u00a7\u00a7\u00a7\u00a7\u00a7\u00a7\u00a7\u00a7\u00a7\u00a7\u00a7\u00a7\u00a7\u00a7\u00a7\u00a7\u00a7\u00a7\u00a7\u00a7\u00a7\u00a7\u00a7<\/strong><\/p>\n\n\n\n<p class=\"has-text-align-center has-large-font-size\"><strong>Un moment de f\u00eate<\/strong><\/p>\n\n\n\n<p>Aujourd&rsquo;hui, nous sommes surpris du monde dans le village, d&rsquo;habitude bien calme en fin de matin\u00e9e.<\/p>\n\n\n\n<p>Genting est un village tr\u00e8s majoritairement musulman et ce matin tout le monde est \u00ab\u00a0sur son 31\u00a0\u00bb  ! <\/p>\n\n\n\n<p>Les femmes ont rev\u00eatu des robes aux couleurs magnifiques, un voile en harmonie agr\u00e9ment\u00e9 parfois de perles de verre et certaines ont troqu\u00e9 leurs sempiternelles savates pour des chaussures !<\/p>\n\n\n\n<div class=\"wp-block-media-text has-media-on-the-right is-stacked-on-mobile\" style=\"grid-template-columns:auto 68%\"><div class=\"wp-block-media-text__content\">\n<p> Elles sont bien belles !<\/p>\n<\/div><figure class=\"wp-block-media-text__media\"><img loading=\"lazy\" decoding=\"async\" width=\"1024\" height=\"575\" src=\"https:\/\/2l-a-velo.com\/wp-content\/uploads\/2025\/06\/P1098178-1-1024x575.jpg\" alt=\"\" class=\"wp-image-14894 size-full\" srcset=\"https:\/\/2l-a-velo.com\/wp-content\/uploads\/2025\/06\/P1098178-1-1024x575.jpg 1024w, https:\/\/2l-a-velo.com\/wp-content\/uploads\/2025\/06\/P1098178-1-300x168.jpg 300w, https:\/\/2l-a-velo.com\/wp-content\/uploads\/2025\/06\/P1098178-1-768x431.jpg 768w, https:\/\/2l-a-velo.com\/wp-content\/uploads\/2025\/06\/P1098178-1-1536x862.jpg 1536w, https:\/\/2l-a-velo.com\/wp-content\/uploads\/2025\/06\/P1098178-1-2048x1149.jpg 2048w, https:\/\/2l-a-velo.com\/wp-content\/uploads\/2025\/06\/P1098178-1-900x505.jpg 900w, https:\/\/2l-a-velo.com\/wp-content\/uploads\/2025\/06\/P1098178-1-1280x718.jpg 1280w\" sizes=\"auto, (max-width: 1024px) 100vw, 1024px\" \/><\/figure><\/div>\n\n\n\n<p>Quant aux hommes, coiff\u00e9s de la taqiyah, ils portent pour la plupart un costume, veste et pantalon, en tissu satin\u00e9 uni, de couleurs vari\u00e9es, du rouge assez vif au vert pastel en passant par le jaune p\u00e2le&#8230;<\/p>\n\n\n<div class=\"wp-block-image\">\n<figure class=\"aligncenter size-large\"><img loading=\"lazy\" decoding=\"async\" width=\"1024\" height=\"575\" src=\"https:\/\/2l-a-velo.com\/wp-content\/uploads\/2025\/06\/P1119615-1024x575.jpg\" alt=\"\" class=\"wp-image-14895\" srcset=\"https:\/\/2l-a-velo.com\/wp-content\/uploads\/2025\/06\/P1119615-1024x575.jpg 1024w, https:\/\/2l-a-velo.com\/wp-content\/uploads\/2025\/06\/P1119615-300x168.jpg 300w, https:\/\/2l-a-velo.com\/wp-content\/uploads\/2025\/06\/P1119615-768x431.jpg 768w, https:\/\/2l-a-velo.com\/wp-content\/uploads\/2025\/06\/P1119615-1536x862.jpg 1536w, https:\/\/2l-a-velo.com\/wp-content\/uploads\/2025\/06\/P1119615-2048x1149.jpg 2048w, https:\/\/2l-a-velo.com\/wp-content\/uploads\/2025\/06\/P1119615-900x505.jpg 900w, https:\/\/2l-a-velo.com\/wp-content\/uploads\/2025\/06\/P1119615-1280x718.jpg 1280w\" sizes=\"auto, (max-width: 1024px) 100vw, 1024px\" \/><figcaption class=\"wp-element-caption\"><strong>Les propri\u00e9taires de notre h\u00e9bergement<\/strong><\/figcaption><\/figure>\n<\/div>\n\n\n<div class=\"wp-block-media-text is-stacked-on-mobile\" style=\"grid-template-columns:65% auto\"><figure class=\"wp-block-media-text__media\"><img loading=\"lazy\" decoding=\"async\" width=\"1024\" height=\"575\" src=\"https:\/\/2l-a-velo.com\/wp-content\/uploads\/2025\/06\/P1098255-1024x575.jpg\" alt=\"\" class=\"wp-image-14897 size-full\" srcset=\"https:\/\/2l-a-velo.com\/wp-content\/uploads\/2025\/06\/P1098255-1024x575.jpg 1024w, https:\/\/2l-a-velo.com\/wp-content\/uploads\/2025\/06\/P1098255-300x168.jpg 300w, https:\/\/2l-a-velo.com\/wp-content\/uploads\/2025\/06\/P1098255-768x431.jpg 768w, https:\/\/2l-a-velo.com\/wp-content\/uploads\/2025\/06\/P1098255-1536x862.jpg 1536w, https:\/\/2l-a-velo.com\/wp-content\/uploads\/2025\/06\/P1098255-2048x1149.jpg 2048w, https:\/\/2l-a-velo.com\/wp-content\/uploads\/2025\/06\/P1098255-900x505.jpg 900w, https:\/\/2l-a-velo.com\/wp-content\/uploads\/2025\/06\/P1098255-1280x718.jpg 1280w\" sizes=\"auto, (max-width: 1024px) 100vw, 1024px\" \/><\/figure><div class=\"wp-block-media-text__content\">\n<p>Et oui, aujourd&rsquo;hui, c&rsquo;est l&rsquo;a\u00efd el-Kebir (ou a\u00efd al-Adha) la plus importante f\u00eate musulmane ! <\/p>\n<\/div><\/div>\n\n\n\n<p>Ceci explique s\u00fbrement les feux d&rsquo;artifice d&rsquo;hier soir et de ce soir ! Une d\u00e9couverte pour nous !<\/p>\n\n\n\n<p>Cette f\u00eate comm\u00e9more la foi d&rsquo;Ibrahim qui accepte de sacrifier son fils \u00e0 la demande de son Dieu. Mais Dieu envoie l&rsquo;archange Gabriel substituer \u00e0 l&rsquo;enfant un mouton qui servira d&rsquo;offrande. C&rsquo;est en souvenir de cette d\u00e9votion que les familles musulmanes sacrifient un animal durant cette f\u00eate. <\/p>\n\n\n\n<p>Dans la tradition musulmane, la g\u00e9n\u00e9rosit\u00e9 et la solidarit\u00e9 avec les personnes les plus d\u00e9munies est mise \u00e0 l&rsquo;honneur pendant l&rsquo;a\u00efd el-Kebir. Traditionnellement, il est d&rsquo;ailleurs recommand\u00e9 de partager la viande en trois&nbsp;: une part pour la famille ayant effectu\u00e9 le sacrifice, une part pour les voisins et les amis, et une part \u00e0 offrir aux pauvres.<\/p>\n\n\n\n<div class=\"wp-block-media-text has-media-on-the-right is-stacked-on-mobile\" style=\"grid-template-columns:auto 63%\"><div class=\"wp-block-media-text__content\">\n<p>Ces gens, souriants et gentils aiment se faire prendre en photo et, aujourd&rsquo;hui, encore plus que d&rsquo;habitude !<\/p>\n<\/div><figure class=\"wp-block-media-text__media\"><img loading=\"lazy\" decoding=\"async\" width=\"1024\" height=\"575\" src=\"https:\/\/2l-a-velo.com\/wp-content\/uploads\/2025\/06\/P1098205-1024x575.jpg\" alt=\"\" class=\"wp-image-14898 size-full\" srcset=\"https:\/\/2l-a-velo.com\/wp-content\/uploads\/2025\/06\/P1098205-1024x575.jpg 1024w, https:\/\/2l-a-velo.com\/wp-content\/uploads\/2025\/06\/P1098205-300x168.jpg 300w, https:\/\/2l-a-velo.com\/wp-content\/uploads\/2025\/06\/P1098205-768x431.jpg 768w, https:\/\/2l-a-velo.com\/wp-content\/uploads\/2025\/06\/P1098205-1536x862.jpg 1536w, https:\/\/2l-a-velo.com\/wp-content\/uploads\/2025\/06\/P1098205-2048x1149.jpg 2048w, https:\/\/2l-a-velo.com\/wp-content\/uploads\/2025\/06\/P1098205-900x505.jpg 900w, https:\/\/2l-a-velo.com\/wp-content\/uploads\/2025\/06\/P1098205-1280x718.jpg 1280w\" sizes=\"auto, (max-width: 1024px) 100vw, 1024px\" \/><\/figure><\/div>\n\n\n\n<div class=\"wp-block-buttons is-layout-flex wp-block-buttons-is-layout-flex\">\n<div class=\"wp-block-button has-custom-width wp-block-button__width-100\"><a class=\"wp-block-button__link has-background has-large-font-size has-text-align-center has-custom-font-size wp-element-button\" href=\"https:\/\/photos.google.com\/share\/AF1QipO8TcApEjnKNtwgAClYlzbyS1pg1YMwgFIkREcprRlQyL73UNkeUA6fIEJKy7dllg\/photo\/AF1QipOhjMHkFDd8OrSMNKFXaO0r7kpyVvupgvw5dl7E?key=R2pvcGVyY0QxNm1UVWo2djNSQWFJUlRpbk5uWUhn\" style=\"border-radius:10px;background-color:#0173a2\">photos : un moment de f\u00eate<\/a><\/div>\n<\/div>\n\n\n\n<div class=\"wp-block-buttons is-layout-flex wp-block-buttons-is-layout-flex\">\n<div class=\"wp-block-button has-custom-width wp-block-button__width-100\"><a class=\"wp-block-button__link has-background has-large-font-size has-text-align-center has-custom-font-size wp-element-button\" style=\"border-radius:10px;background-color:#c52001\">video : Ce matin, animation dans Genting<\/a><\/div>\n<\/div>\n\n\n\n<iframe loading=\"lazy\" width=\"560\" height=\"315\" src=\"https:\/\/www.youtube.com\/embed\/iYf_KmNrJ-0?si=wiQAwW-JKScOu23n\" title=\"YouTube video player\" frameborder=\"0\" allow=\"accelerometer; autoplay; clipboard-write; encrypted-media; gyroscope; picture-in-picture; web-share\" referrerpolicy=\"strict-origin-when-cross-origin\" allowfullscreen><\/iframe>\n\n\n\n<p class=\"has-text-align-center has-text-color has-link-color has-large-font-size wp-elements-a3c614efb9d671211de6a08aa4f9b0ed\" style=\"color:#0173a2\"><strong>\u00a7\u00a7\u00a7\u00a7\u00a7\u00a7\u00a7\u00a7\u00a7\u00a7\u00a7\u00a7\u00a7\u00a7\u00a7\u00a7\u00a7\u00a7\u00a7\u00a7\u00a7\u00a7\u00a7\u00a7\u00a7\u00a7\u00a7\u00a7\u00a7\u00a7\u00a7\u00a7\u00a7\u00a7\u00a7\u00a7\u00a7<\/strong><\/p>\n\n\n\n<p class=\"has-text-align-center has-large-font-size\"><strong>Le tour de l&rsquo;\u00eele en bateau<\/strong><\/p>\n\n\n\n<div class=\"wp-block-media-text is-stacked-on-mobile\" style=\"grid-template-columns:52% auto\"><figure class=\"wp-block-media-text__media\"><img loading=\"lazy\" decoding=\"async\" width=\"1024\" height=\"575\" src=\"https:\/\/2l-a-velo.com\/wp-content\/uploads\/2025\/06\/P1119762-1024x575.jpg\" alt=\"\" class=\"wp-image-14930 size-full\" srcset=\"https:\/\/2l-a-velo.com\/wp-content\/uploads\/2025\/06\/P1119762-1024x575.jpg 1024w, https:\/\/2l-a-velo.com\/wp-content\/uploads\/2025\/06\/P1119762-300x168.jpg 300w, https:\/\/2l-a-velo.com\/wp-content\/uploads\/2025\/06\/P1119762-768x431.jpg 768w, https:\/\/2l-a-velo.com\/wp-content\/uploads\/2025\/06\/P1119762-1536x862.jpg 1536w, https:\/\/2l-a-velo.com\/wp-content\/uploads\/2025\/06\/P1119762-2048x1149.jpg 2048w, https:\/\/2l-a-velo.com\/wp-content\/uploads\/2025\/06\/P1119762-900x505.jpg 900w, https:\/\/2l-a-velo.com\/wp-content\/uploads\/2025\/06\/P1119762-1280x718.jpg 1280w\" sizes=\"auto, (max-width: 1024px) 100vw, 1024px\" \/><\/figure><div class=\"wp-block-media-text__content\">\n<p>Ce lundi, nous avons r\u00e9serv\u00e9 un tour de l&rsquo;\u00eele en bateau. Le lundi, c&rsquo;est plus calme que le week-end. Nous devions, au d\u00e9part, n&rsquo;\u00eatre que tous les deux. Mais, finalement nous serons quatre.<\/p>\n<\/div><\/div>\n\n\n\n<p>Nous avons rencontr\u00e9 dans l&rsquo;h\u00e9bergement voisin Ouarda et son fils Adam. D&rsquo;origine alg\u00e9rienne mais citoyenne britannique, Ouarda parle tr\u00e8s bien le fran\u00e7ais. Nous leur avons propos\u00e9 de se joindre \u00e0 nous lundi.<\/p>\n\n\n\n<p>Le temps est superbe aujourd&rsquo;hui, tout est pour le mieux. Nous sommes quatre touristes et trois jeunes malaisiens, vraiment \u00ab\u00a0sympas\u00a0\u00bb nous accompagnent : pilote du bateau, aides pour les arriv\u00e9es et les d\u00e9parts des lieux d&#8217;embarquement&#8230;<\/p>\n\n\n\n<div class=\"wp-block-media-text has-media-on-the-right is-stacked-on-mobile\" style=\"grid-template-columns:auto 53%\"><div class=\"wp-block-media-text__content\">\n<p>La mer est calme, les sommets de l&rsquo;\u00eele sont un peu bouch\u00e9s, mais le soleil est l\u00e0 et il fait d\u00e9j\u00e0 bien chaud ! L\u00e0-haut on distingue deux sommets jumeaux \u00e9voquant des cornes.<\/p>\n<\/div><figure class=\"wp-block-media-text__media\"><img loading=\"lazy\" decoding=\"async\" width=\"1024\" height=\"575\" src=\"https:\/\/2l-a-velo.com\/wp-content\/uploads\/2025\/06\/P1119728-1024x575.jpg\" alt=\"\" class=\"wp-image-14931 size-full\" srcset=\"https:\/\/2l-a-velo.com\/wp-content\/uploads\/2025\/06\/P1119728-1024x575.jpg 1024w, https:\/\/2l-a-velo.com\/wp-content\/uploads\/2025\/06\/P1119728-300x168.jpg 300w, https:\/\/2l-a-velo.com\/wp-content\/uploads\/2025\/06\/P1119728-768x431.jpg 768w, https:\/\/2l-a-velo.com\/wp-content\/uploads\/2025\/06\/P1119728-1536x862.jpg 1536w, https:\/\/2l-a-velo.com\/wp-content\/uploads\/2025\/06\/P1119728-2048x1149.jpg 2048w, https:\/\/2l-a-velo.com\/wp-content\/uploads\/2025\/06\/P1119728-900x505.jpg 900w, https:\/\/2l-a-velo.com\/wp-content\/uploads\/2025\/06\/P1119728-1280x718.jpg 1280w\" sizes=\"auto, (max-width: 1024px) 100vw, 1024px\" \/><\/figure><\/div>\n\n\n\n<div class=\"wp-block-media-text is-stacked-on-mobile\" style=\"grid-template-columns:53% auto\"><figure class=\"wp-block-media-text__media\"><img loading=\"lazy\" decoding=\"async\" width=\"1024\" height=\"575\" src=\"https:\/\/2l-a-velo.com\/wp-content\/uploads\/2025\/06\/P1119718-1024x575.jpg\" alt=\"\" class=\"wp-image-14932 size-full\" srcset=\"https:\/\/2l-a-velo.com\/wp-content\/uploads\/2025\/06\/P1119718-1024x575.jpg 1024w, https:\/\/2l-a-velo.com\/wp-content\/uploads\/2025\/06\/P1119718-300x168.jpg 300w, https:\/\/2l-a-velo.com\/wp-content\/uploads\/2025\/06\/P1119718-768x431.jpg 768w, https:\/\/2l-a-velo.com\/wp-content\/uploads\/2025\/06\/P1119718-1536x862.jpg 1536w, https:\/\/2l-a-velo.com\/wp-content\/uploads\/2025\/06\/P1119718-2048x1149.jpg 2048w, https:\/\/2l-a-velo.com\/wp-content\/uploads\/2025\/06\/P1119718-900x505.jpg 900w, https:\/\/2l-a-velo.com\/wp-content\/uploads\/2025\/06\/P1119718-1280x718.jpg 1280w\" sizes=\"auto, (max-width: 1024px) 100vw, 1024px\" \/><\/figure><div class=\"wp-block-media-text__content\">\n<p>Premi\u00e8re halte, une petite marche pour atteindre la cascade d&rsquo;Asah. Pas une grande cascade mais un joli site o\u00f9 l&rsquo;on peut se baigner. <\/p>\n<\/div><\/div>\n\n\n\n<p>Nous sommes au sud de l&rsquo;\u00eele et nous allons maintenant passer du c\u00f4t\u00e9 est de Tioman. C\u00f4t\u00e9 est, nous remarquons que la mer est un peu plus agit\u00e9e (c&rsquo;est tout relatif quand m\u00eame) !<\/p>\n\n\n\n<div class=\"wp-block-media-text has-media-on-the-right is-stacked-on-mobile\" style=\"grid-template-columns:auto 55%\"><div class=\"wp-block-media-text__content\">\n<p>Nous nous dirigeons vers Juara, le seul village sur la c\u00f4te est de l&rsquo;\u00eele. Un peu avant, il existe un sanctuaire pour tortues malheureusement ferm\u00e9 aujourd&rsquo;hui.<\/p>\n<\/div><figure class=\"wp-block-media-text__media\"><img loading=\"lazy\" decoding=\"async\" width=\"1024\" height=\"575\" src=\"https:\/\/2l-a-velo.com\/wp-content\/uploads\/2025\/06\/P1119737-1024x575.jpg\" alt=\"\" class=\"wp-image-14933 size-full\" srcset=\"https:\/\/2l-a-velo.com\/wp-content\/uploads\/2025\/06\/P1119737-1024x575.jpg 1024w, https:\/\/2l-a-velo.com\/wp-content\/uploads\/2025\/06\/P1119737-300x168.jpg 300w, https:\/\/2l-a-velo.com\/wp-content\/uploads\/2025\/06\/P1119737-768x431.jpg 768w, https:\/\/2l-a-velo.com\/wp-content\/uploads\/2025\/06\/P1119737-1536x862.jpg 1536w, https:\/\/2l-a-velo.com\/wp-content\/uploads\/2025\/06\/P1119737-2048x1149.jpg 2048w, https:\/\/2l-a-velo.com\/wp-content\/uploads\/2025\/06\/P1119737-900x505.jpg 900w, https:\/\/2l-a-velo.com\/wp-content\/uploads\/2025\/06\/P1119737-1280x718.jpg 1280w\" sizes=\"auto, (max-width: 1024px) 100vw, 1024px\" \/><\/figure><\/div>\n\n\n\n<div class=\"wp-block-media-text is-stacked-on-mobile\" style=\"grid-template-columns:59% auto\"><figure class=\"wp-block-media-text__media\"><img loading=\"lazy\" decoding=\"async\" width=\"1024\" height=\"575\" src=\"https:\/\/2l-a-velo.com\/wp-content\/uploads\/2025\/06\/P1119742-1-1024x575.jpg\" alt=\"\" class=\"wp-image-14936 size-full\" srcset=\"https:\/\/2l-a-velo.com\/wp-content\/uploads\/2025\/06\/P1119742-1-1024x575.jpg 1024w, https:\/\/2l-a-velo.com\/wp-content\/uploads\/2025\/06\/P1119742-1-300x168.jpg 300w, https:\/\/2l-a-velo.com\/wp-content\/uploads\/2025\/06\/P1119742-1-768x431.jpg 768w, https:\/\/2l-a-velo.com\/wp-content\/uploads\/2025\/06\/P1119742-1-1536x862.jpg 1536w, https:\/\/2l-a-velo.com\/wp-content\/uploads\/2025\/06\/P1119742-1-2048x1149.jpg 2048w, https:\/\/2l-a-velo.com\/wp-content\/uploads\/2025\/06\/P1119742-1-900x505.jpg 900w, https:\/\/2l-a-velo.com\/wp-content\/uploads\/2025\/06\/P1119742-1-1280x718.jpg 1280w\" sizes=\"auto, (max-width: 1024px) 100vw, 1024px\" \/><\/figure><div class=\"wp-block-media-text__content\">\n<p>Juara ne pr\u00e9sente rien de particulier. De ce que nous avons vu, c&rsquo;est une rue bord\u00e9e d&rsquo;h\u00e9bergements touristiques. Pourtant, on ne rencontre pas grand monde.<\/p>\n<\/div><\/div>\n\n\n\n<p>En revanche, on y voit quelques voitures qui empruntent l&rsquo;unique route de l&rsquo;\u00eele permettant de rallier Tekek.   <\/p>\n\n\n\n<p>Nous apprenons qu&rsquo;ici, le pic touristique a lieu \u00e0 la fin de l&rsquo;automne car \u00e0 cette \u00e9poque, les vagues sont tr\u00e8s importantes et Juara accueille de nombreux surfeurs ! <\/p>\n\n\n\n<div class=\"wp-block-media-text has-media-on-the-right is-stacked-on-mobile\"><div class=\"wp-block-media-text__content\">\n<p>Le bateau continue de longer cette c\u00f4te, tr\u00e8s, tr\u00e8s sauvage. Peu de plages, les montagnes recouvertes de jungle plongent directement dans la mer.<\/p>\n<\/div><figure class=\"wp-block-media-text__media\"><img loading=\"lazy\" decoding=\"async\" width=\"1024\" height=\"575\" src=\"https:\/\/2l-a-velo.com\/wp-content\/uploads\/2025\/06\/P1119752-1024x575.jpg\" alt=\"\" class=\"wp-image-14938 size-full\" srcset=\"https:\/\/2l-a-velo.com\/wp-content\/uploads\/2025\/06\/P1119752-1024x575.jpg 1024w, https:\/\/2l-a-velo.com\/wp-content\/uploads\/2025\/06\/P1119752-300x168.jpg 300w, https:\/\/2l-a-velo.com\/wp-content\/uploads\/2025\/06\/P1119752-768x431.jpg 768w, https:\/\/2l-a-velo.com\/wp-content\/uploads\/2025\/06\/P1119752-1536x862.jpg 1536w, https:\/\/2l-a-velo.com\/wp-content\/uploads\/2025\/06\/P1119752-2048x1149.jpg 2048w, https:\/\/2l-a-velo.com\/wp-content\/uploads\/2025\/06\/P1119752-900x505.jpg 900w, https:\/\/2l-a-velo.com\/wp-content\/uploads\/2025\/06\/P1119752-1280x718.jpg 1280w\" sizes=\"auto, (max-width: 1024px) 100vw, 1024px\" \/><\/figure><\/div>\n\n\n\n<div class=\"wp-block-media-text is-stacked-on-mobile\" style=\"grid-template-columns:56% auto\"><figure class=\"wp-block-media-text__media\"><img loading=\"lazy\" decoding=\"async\" width=\"1024\" height=\"575\" src=\"https:\/\/2l-a-velo.com\/wp-content\/uploads\/2025\/06\/P1119760-1024x575.jpg\" alt=\"\" class=\"wp-image-14940 size-full\" srcset=\"https:\/\/2l-a-velo.com\/wp-content\/uploads\/2025\/06\/P1119760-1024x575.jpg 1024w, https:\/\/2l-a-velo.com\/wp-content\/uploads\/2025\/06\/P1119760-300x168.jpg 300w, https:\/\/2l-a-velo.com\/wp-content\/uploads\/2025\/06\/P1119760-768x431.jpg 768w, https:\/\/2l-a-velo.com\/wp-content\/uploads\/2025\/06\/P1119760-1536x862.jpg 1536w, https:\/\/2l-a-velo.com\/wp-content\/uploads\/2025\/06\/P1119760-2048x1149.jpg 2048w, https:\/\/2l-a-velo.com\/wp-content\/uploads\/2025\/06\/P1119760-900x505.jpg 900w, https:\/\/2l-a-velo.com\/wp-content\/uploads\/2025\/06\/P1119760-1280x718.jpg 1280w\" sizes=\"auto, (max-width: 1024px) 100vw, 1024px\" \/><\/figure><div class=\"wp-block-media-text__content\">\n<p>Pass\u00e9 la pointe nord, nous retrouvons la c\u00f4te ouest, ses plages et ses villages. Salang nous accueille pour la pause d\u00e9jeuner. Un repas de plats malaisiens.<\/p>\n<\/div><\/div>\n\n\n\n<p>Et puis, nous remontons sur le bateau. Mais pour l&rsquo;atteindre, il faut marcher quelques m\u00e8tres dans l&rsquo;eau, ce qui n&rsquo;est pas forc\u00e9ment du go\u00fbt de Lionel, mais bon, pas le choix !<\/p>\n\n\n\n<p>Et maintenant va commencer l&rsquo;activit\u00e9 la plus pratiqu\u00e9e sur l&rsquo;\u00eele, le snorkeling. <\/p>\n\n\n\n<div class=\"wp-block-media-text has-media-on-the-right is-stacked-on-mobile\" style=\"grid-template-columns:auto 53%\"><div class=\"wp-block-media-text__content\">\n<p>Alors, d&rsquo;abord l&rsquo;\u00e9quipement, un masque de plong\u00e9e, un tuba, car, de temps en temps, il faut respirer et un gilet de sauvetage qui permet de flotter sans effort !<\/p>\n<\/div><figure class=\"wp-block-media-text__media\"><img loading=\"lazy\" decoding=\"async\" width=\"1024\" height=\"575\" src=\"https:\/\/2l-a-velo.com\/wp-content\/uploads\/2025\/06\/P1098430-1024x575.jpg\" alt=\"\" class=\"wp-image-14943 size-full\" srcset=\"https:\/\/2l-a-velo.com\/wp-content\/uploads\/2025\/06\/P1098430-1024x575.jpg 1024w, https:\/\/2l-a-velo.com\/wp-content\/uploads\/2025\/06\/P1098430-300x168.jpg 300w, https:\/\/2l-a-velo.com\/wp-content\/uploads\/2025\/06\/P1098430-768x431.jpg 768w, https:\/\/2l-a-velo.com\/wp-content\/uploads\/2025\/06\/P1098430-1536x862.jpg 1536w, https:\/\/2l-a-velo.com\/wp-content\/uploads\/2025\/06\/P1098430-2048x1149.jpg 2048w, https:\/\/2l-a-velo.com\/wp-content\/uploads\/2025\/06\/P1098430-900x505.jpg 900w, https:\/\/2l-a-velo.com\/wp-content\/uploads\/2025\/06\/P1098430-1280x718.jpg 1280w\" sizes=\"auto, (max-width: 1024px) 100vw, 1024px\" \/><\/figure><\/div>\n\n\n\n<p>Ensuite, il faut trouver un site adapt\u00e9 car l&rsquo;objectif est d&rsquo;observer les fonds marins proches notamment les coraux et les poissons.<\/p>\n\n\n\n<div class=\"wp-block-media-text is-stacked-on-mobile\"><figure class=\"wp-block-media-text__media\"><img loading=\"lazy\" decoding=\"async\" width=\"1024\" height=\"575\" src=\"https:\/\/2l-a-velo.com\/wp-content\/uploads\/2025\/06\/P1098434-1024x575.jpg\" alt=\"\" class=\"wp-image-14944 size-full\" srcset=\"https:\/\/2l-a-velo.com\/wp-content\/uploads\/2025\/06\/P1098434-1024x575.jpg 1024w, https:\/\/2l-a-velo.com\/wp-content\/uploads\/2025\/06\/P1098434-300x168.jpg 300w, https:\/\/2l-a-velo.com\/wp-content\/uploads\/2025\/06\/P1098434-768x431.jpg 768w, https:\/\/2l-a-velo.com\/wp-content\/uploads\/2025\/06\/P1098434-1536x862.jpg 1536w, https:\/\/2l-a-velo.com\/wp-content\/uploads\/2025\/06\/P1098434-2048x1149.jpg 2048w, https:\/\/2l-a-velo.com\/wp-content\/uploads\/2025\/06\/P1098434-900x505.jpg 900w, https:\/\/2l-a-velo.com\/wp-content\/uploads\/2025\/06\/P1098434-1280x718.jpg 1280w\" sizes=\"auto, (max-width: 1024px) 100vw, 1024px\" \/><\/figure><div class=\"wp-block-media-text__content\">\n<p>Notre premi\u00e8re arr\u00eat, la baie des singes (o\u00f9 il n&rsquo;y a aucun singe !). Adam, Ouarda et Laure s&rsquo;y essaient mais les fonds ne sont pas tr\u00e8s riches ici.<\/p>\n<\/div><\/div>\n\n\n\n<p>Deuxi\u00e8me pause, une petite \u00eele au large de Tekek, il para\u00eet que les fonds sont tr\u00e8s habit\u00e9s ! <\/p>\n\n\n\n<div class=\"wp-block-media-text has-media-on-the-right is-stacked-on-mobile\"><div class=\"wp-block-media-text__content\">\n<p>Effectivement, c&rsquo;est incroyable le nombre de poissons qui \u00e9voluent autour du bateau.<\/p>\n<\/div><figure class=\"wp-block-media-text__media\"><img loading=\"lazy\" decoding=\"async\" width=\"1024\" height=\"575\" src=\"https:\/\/2l-a-velo.com\/wp-content\/uploads\/2025\/06\/P1119764-1024x575.jpg\" alt=\"\" class=\"wp-image-14942 size-full\" srcset=\"https:\/\/2l-a-velo.com\/wp-content\/uploads\/2025\/06\/P1119764-1024x575.jpg 1024w, https:\/\/2l-a-velo.com\/wp-content\/uploads\/2025\/06\/P1119764-300x168.jpg 300w, https:\/\/2l-a-velo.com\/wp-content\/uploads\/2025\/06\/P1119764-768x431.jpg 768w, https:\/\/2l-a-velo.com\/wp-content\/uploads\/2025\/06\/P1119764-1536x862.jpg 1536w, https:\/\/2l-a-velo.com\/wp-content\/uploads\/2025\/06\/P1119764-2048x1149.jpg 2048w, https:\/\/2l-a-velo.com\/wp-content\/uploads\/2025\/06\/P1119764-900x505.jpg 900w, https:\/\/2l-a-velo.com\/wp-content\/uploads\/2025\/06\/P1119764-1280x718.jpg 1280w\" sizes=\"auto, (max-width: 1024px) 100vw, 1024px\" \/><\/figure><\/div>\n\n\n\n<p>M\u00eame Lionel, qui ne se baigne pas, les aper\u00e7oit de notre embarcation. Quant \u00e0 Laure, elle s&rsquo;est prise au jeu et filme avec la cam\u00e9ra. Elle trouve fabuleux ce monde qu&rsquo;elle ne connaissait pas, le \u00ab\u00a0monde du silence\u00a0\u00bb disait le commandant Cousteau. <\/p>\n\n\n\n<div class=\"wp-block-media-text is-stacked-on-mobile\"><figure class=\"wp-block-media-text__media\"><img loading=\"lazy\" decoding=\"async\" width=\"1024\" height=\"576\" src=\"https:\/\/2l-a-velo.com\/wp-content\/uploads\/2025\/06\/Requin-1-1024x576.jpg\" alt=\"\" class=\"wp-image-14948 size-full\" srcset=\"https:\/\/2l-a-velo.com\/wp-content\/uploads\/2025\/06\/Requin-1-1024x576.jpg 1024w, https:\/\/2l-a-velo.com\/wp-content\/uploads\/2025\/06\/Requin-1-300x169.jpg 300w, https:\/\/2l-a-velo.com\/wp-content\/uploads\/2025\/06\/Requin-1-768x432.jpg 768w, https:\/\/2l-a-velo.com\/wp-content\/uploads\/2025\/06\/Requin-1-1536x864.jpg 1536w, https:\/\/2l-a-velo.com\/wp-content\/uploads\/2025\/06\/Requin-1-2048x1152.jpg 2048w, https:\/\/2l-a-velo.com\/wp-content\/uploads\/2025\/06\/Requin-1-900x506.jpg 900w, https:\/\/2l-a-velo.com\/wp-content\/uploads\/2025\/06\/Requin-1-1280x720.jpg 1280w\" sizes=\"auto, (max-width: 1024px) 100vw, 1024px\" \/><\/figure><div class=\"wp-block-media-text__content\">\n<p>Adam emprunte la cam\u00e9ra un moment et arrive \u00e0 filmer un requin (sans danger pour l&rsquo;homme ).<\/p>\n<\/div><\/div>\n\n\n\n<p>Laure pense qu&rsquo;il faut absolument d\u00e9couvrir le snorkeling, une activit\u00e9 moins technique que la plong\u00e9e mais qui permet de go\u00fbter un peu au monde sous-marin !<\/p>\n\n\n\n<p>La sortie touche \u00e0 sa fin, mais une derni\u00e8re halte, sur une plage peu fr\u00e9quent\u00e9e, nous conduit \u00e0 un sanctuaire pour tortues. Ici, ce sont des b\u00e9n\u00e9voles plus que passionn\u00e9s qui s&rsquo;en occupent. C&rsquo;est sur cette plage que les tortues viennent pondre.<\/p>\n\n\n\n<div class=\"wp-block-media-text has-media-on-the-right is-stacked-on-mobile\" style=\"grid-template-columns:auto 53%\"><div class=\"wp-block-media-text__content\">\n<p>Les \u0153ufs sont r\u00e9cup\u00e9r\u00e9s, pour \u00e9viter qu&rsquo;ils servent de repas aux singes et aux varans, et apr\u00e8s \u00e9closion, les tortues sont \u00e9lev\u00e9es ici. Lorsqu&rsquo;elles seront assez fortes pour se d\u00e9brouiller seules, elles seront rel\u00e2ch\u00e9es dans la mer.<\/p>\n<\/div><figure class=\"wp-block-media-text__media\"><img loading=\"lazy\" decoding=\"async\" width=\"1024\" height=\"575\" src=\"https:\/\/2l-a-velo.com\/wp-content\/uploads\/2025\/06\/P1098443-1024x575.jpg\" alt=\"\" class=\"wp-image-14945 size-full\" srcset=\"https:\/\/2l-a-velo.com\/wp-content\/uploads\/2025\/06\/P1098443-1024x575.jpg 1024w, https:\/\/2l-a-velo.com\/wp-content\/uploads\/2025\/06\/P1098443-300x168.jpg 300w, https:\/\/2l-a-velo.com\/wp-content\/uploads\/2025\/06\/P1098443-768x431.jpg 768w, https:\/\/2l-a-velo.com\/wp-content\/uploads\/2025\/06\/P1098443-1536x862.jpg 1536w, https:\/\/2l-a-velo.com\/wp-content\/uploads\/2025\/06\/P1098443-2048x1149.jpg 2048w, https:\/\/2l-a-velo.com\/wp-content\/uploads\/2025\/06\/P1098443-900x505.jpg 900w, https:\/\/2l-a-velo.com\/wp-content\/uploads\/2025\/06\/P1098443-1280x718.jpg 1280w\" sizes=\"auto, (max-width: 1024px) 100vw, 1024px\" \/><\/figure><\/div>\n\n\n\n<p>Retour \u00e0 Genting, apr\u00e8s une journ\u00e9e riche en d\u00e9couvertes. D\u00e9couverte de la \u00ab\u00a0g\u00e9ographie\u00a0\u00bb de l&rsquo;\u00eele, d\u00e9couverte d&rsquo;une partie de sa faune aquatique, d\u00e9couverte de ses villages, une superbe journ\u00e9e !<\/p>\n\n\n\n<div class=\"wp-block-buttons is-layout-flex wp-block-buttons-is-layout-flex\">\n<div class=\"wp-block-button has-custom-width wp-block-button__width-100\"><a class=\"wp-block-button__link has-background has-large-font-size has-text-align-center has-custom-font-size wp-element-button\" href=\"https:\/\/photos.google.com\/share\/AF1QipPcPNyztorQEKxEKbnkA2RlepWBkTjh09q3dXX-gn_ZNONgDeGMHOhj82nU5xc1nw\/photo\/AF1QipNfMUpoQ2la68AgDugamdDT_IBpQxqga23Zn0QT?key=TkhFX21paUJFREhEcTRKbDNCZzBPTFV2bGtPanV3\" style=\"border-radius:10px;background-color:#0173a2\">Photos du tour de l&rsquo;\u00eele<\/a><\/div>\n<\/div>\n\n\n\n<div class=\"wp-block-buttons is-layout-flex wp-block-buttons-is-layout-flex\">\n<div class=\"wp-block-button has-custom-width wp-block-button__width-100\"><a class=\"wp-block-button__link has-background has-large-font-size has-text-align-center has-custom-font-size wp-element-button\" style=\"border-radius:10px;background-color:#c52001\">Video : images du tour de l&rsquo;\u00eele<\/a><\/div>\n<\/div>\n\n\n\n<iframe loading=\"lazy\" width=\"560\" height=\"315\" src=\"https:\/\/www.youtube.com\/embed\/QmouOCDSk1w?si=D0jRe4jjfR_l9-cv\" title=\"YouTube video player\" frameborder=\"0\" allow=\"accelerometer; autoplay; clipboard-write; encrypted-media; gyroscope; picture-in-picture; web-share\" referrerpolicy=\"strict-origin-when-cross-origin\" allowfullscreen><\/iframe>\n\n\n\n<p class=\"has-text-align-center has-text-color has-link-color has-large-font-size wp-elements-ec8c737b3c8d90003ac28e788930d9c9\" style=\"color:#0173a7\"><strong>\u00a7\u00a7\u00a7\u00a7\u00a7\u00a7\u00a7\u00a7\u00a7\u00a7\u00a7\u00a7\u00a7\u00a7\u00a7\u00a7\u00a7\u00a7\u00a7\u00a7\u00a7\u00a7\u00a7\u00a7\u00a7\u00a7\u00a7\u00a7\u00a7\u00a7\u00a7\u00a7\u00a7\u00a7\u00a7\u00a7\u00a7<\/strong><\/p>\n\n\n\n<figure class=\"wp-block-image size-large\"><img loading=\"lazy\" decoding=\"async\" width=\"1024\" height=\"575\" src=\"https:\/\/2l-a-velo.com\/wp-content\/uploads\/2025\/06\/P1119671-1024x575.jpg\" alt=\"\" class=\"wp-image-14952\" srcset=\"https:\/\/2l-a-velo.com\/wp-content\/uploads\/2025\/06\/P1119671-1024x575.jpg 1024w, https:\/\/2l-a-velo.com\/wp-content\/uploads\/2025\/06\/P1119671-300x168.jpg 300w, https:\/\/2l-a-velo.com\/wp-content\/uploads\/2025\/06\/P1119671-768x431.jpg 768w, https:\/\/2l-a-velo.com\/wp-content\/uploads\/2025\/06\/P1119671-1536x862.jpg 1536w, https:\/\/2l-a-velo.com\/wp-content\/uploads\/2025\/06\/P1119671-2048x1149.jpg 2048w, https:\/\/2l-a-velo.com\/wp-content\/uploads\/2025\/06\/P1119671-900x505.jpg 900w, https:\/\/2l-a-velo.com\/wp-content\/uploads\/2025\/06\/P1119671-1280x718.jpg 1280w\" sizes=\"auto, (max-width: 1024px) 100vw, 1024px\" \/><\/figure>\n\n\n\n<p class=\"has-text-align-center has-text-color has-link-color has-large-font-size wp-elements-ddb535664c74d31a7b32143f25df0e6f\" style=\"color:#0173a7\"><strong>Huit jours \u00e0 Tioman<\/strong><\/p>\n\n\n\n<p>C&rsquo;est d\u00e9j\u00e0 la fin du s\u00e9jour \u00e0 Tioman. Nous y avons pass\u00e9 huit jours. Huit jours de calme, huit jours paisibles, huit jours dans un superbe environnement tr\u00e8s sauvage finalement, huit jours dans un h\u00e9bergement tenu par une famille charmante et attentionn\u00e9e !<\/p>\n\n\n\n<div class=\"wp-block-media-text is-stacked-on-mobile\" style=\"grid-template-columns:55% auto\"><figure class=\"wp-block-media-text__media\"><img loading=\"lazy\" decoding=\"async\" width=\"1024\" height=\"575\" src=\"https:\/\/2l-a-velo.com\/wp-content\/uploads\/2025\/06\/P1098526-1024x575.jpg\" alt=\"\" class=\"wp-image-14986 size-full\" srcset=\"https:\/\/2l-a-velo.com\/wp-content\/uploads\/2025\/06\/P1098526-1024x575.jpg 1024w, https:\/\/2l-a-velo.com\/wp-content\/uploads\/2025\/06\/P1098526-300x168.jpg 300w, https:\/\/2l-a-velo.com\/wp-content\/uploads\/2025\/06\/P1098526-768x431.jpg 768w, https:\/\/2l-a-velo.com\/wp-content\/uploads\/2025\/06\/P1098526-1536x862.jpg 1536w, https:\/\/2l-a-velo.com\/wp-content\/uploads\/2025\/06\/P1098526-2048x1149.jpg 2048w, https:\/\/2l-a-velo.com\/wp-content\/uploads\/2025\/06\/P1098526-900x505.jpg 900w, https:\/\/2l-a-velo.com\/wp-content\/uploads\/2025\/06\/P1098526-1280x718.jpg 1280w\" sizes=\"auto, (max-width: 1024px) 100vw, 1024px\" \/><\/figure><div class=\"wp-block-media-text__content\">\n<p>Tioman, \u00eele d&rsquo;origine volcanique, nous a offert des plages de sable blanc quasiment d\u00e9sertes, une mer aux couleurs fantastiques, des fonds marins exceptionnels, de belles randonn\u00e9es dans la jungle, de merveilleux couchers de soleil&#8230;<\/p>\n<\/div><\/div>\n\n\n\n<div class=\"wp-block-media-text has-media-on-the-right is-stacked-on-mobile\" style=\"grid-template-columns:auto 58%\"><div class=\"wp-block-media-text__content\">\n<p>Le village de Genting, notre lieu de s\u00e9jour, vit beaucoup autour de sa jet\u00e9e o\u00f9 arrivent, tout au long de la journ\u00e9e, ferrys, cargos, bateaux de touristes. On y embarque et on y d\u00e9barque voyageurs, touristes et marchandises. <\/p>\n<\/div><figure class=\"wp-block-media-text__media\"><img loading=\"lazy\" decoding=\"async\" width=\"1024\" height=\"575\" src=\"https:\/\/2l-a-velo.com\/wp-content\/uploads\/2025\/06\/P1119786-1024x575.jpg\" alt=\"\" class=\"wp-image-14987 size-full\" srcset=\"https:\/\/2l-a-velo.com\/wp-content\/uploads\/2025\/06\/P1119786-1024x575.jpg 1024w, https:\/\/2l-a-velo.com\/wp-content\/uploads\/2025\/06\/P1119786-300x168.jpg 300w, https:\/\/2l-a-velo.com\/wp-content\/uploads\/2025\/06\/P1119786-768x431.jpg 768w, https:\/\/2l-a-velo.com\/wp-content\/uploads\/2025\/06\/P1119786-1536x862.jpg 1536w, https:\/\/2l-a-velo.com\/wp-content\/uploads\/2025\/06\/P1119786-2048x1149.jpg 2048w, https:\/\/2l-a-velo.com\/wp-content\/uploads\/2025\/06\/P1119786-900x505.jpg 900w, https:\/\/2l-a-velo.com\/wp-content\/uploads\/2025\/06\/P1119786-1280x718.jpg 1280w\" sizes=\"auto, (max-width: 1024px) 100vw, 1024px\" \/><\/figure><\/div>\n\n\n\n<div class=\"wp-block-media-text is-stacked-on-mobile\" style=\"grid-template-columns:57% auto\"><figure class=\"wp-block-media-text__media\"><img loading=\"lazy\" decoding=\"async\" width=\"1024\" height=\"575\" src=\"https:\/\/2l-a-velo.com\/wp-content\/uploads\/2025\/06\/P1087899-1-1024x575.jpg\" alt=\"\" class=\"wp-image-14992 size-full\" srcset=\"https:\/\/2l-a-velo.com\/wp-content\/uploads\/2025\/06\/P1087899-1-1024x575.jpg 1024w, https:\/\/2l-a-velo.com\/wp-content\/uploads\/2025\/06\/P1087899-1-300x168.jpg 300w, https:\/\/2l-a-velo.com\/wp-content\/uploads\/2025\/06\/P1087899-1-768x431.jpg 768w, https:\/\/2l-a-velo.com\/wp-content\/uploads\/2025\/06\/P1087899-1-1536x862.jpg 1536w, https:\/\/2l-a-velo.com\/wp-content\/uploads\/2025\/06\/P1087899-1-2048x1149.jpg 2048w, https:\/\/2l-a-velo.com\/wp-content\/uploads\/2025\/06\/P1087899-1-900x505.jpg 900w, https:\/\/2l-a-velo.com\/wp-content\/uploads\/2025\/06\/P1087899-1-1280x718.jpg 1280w\" sizes=\"auto, (max-width: 1024px) 100vw, 1024px\" \/><\/figure><div class=\"wp-block-media-text__content\">\n<p>A Genting, vit une colonie de macaques \u00e0 longue queue, des singes assez dr\u00f4les mais parfois un peu p\u00e9nibles. <\/p>\n<\/div><\/div>\n\n\n\n<p>Si notre chambre est ouverte, il n&rsquo;est pas rare de voir l&rsquo;un d&rsquo;eux pointer le bout de son nez dans l&#8217;embrasure de la porte !!! Sans parler de leur agressivit\u00e9, toute gueule ouverte, lorsque nous les chassons avec le balai !<\/p>\n\n\n\n<div class=\"wp-block-media-text has-media-on-the-right is-stacked-on-mobile\"><div class=\"wp-block-media-text__content\">\n<p>Au <strong>Coral Beach Loft,<\/strong> notre h\u00e9bergement, que nous recommandons, nous disposons d&rsquo;une chambre au premier \u00e9tage, avec vue sur la mer. Bien agr\u00e9able de se pr\u00e9lasser dans un fauteuil sur le balcon autour d&rsquo;un caf\u00e9 (ici, pas d&rsquo;ap\u00e9ro comme chez nous, on ne trouve pas d&rsquo;alcool) ! Au rez-de-chauss\u00e9e, un restaurant o\u00f9 nous avons finalement pris la majorit\u00e9 de nos repas.<\/p>\n<\/div><figure class=\"wp-block-media-text__media\"><img loading=\"lazy\" decoding=\"async\" width=\"683\" height=\"1024\" src=\"https:\/\/2l-a-velo.com\/wp-content\/uploads\/2025\/06\/P1098505-1-683x1024.jpg\" alt=\"\" class=\"wp-image-14990 size-full\" srcset=\"https:\/\/2l-a-velo.com\/wp-content\/uploads\/2025\/06\/P1098505-1-683x1024.jpg 683w, https:\/\/2l-a-velo.com\/wp-content\/uploads\/2025\/06\/P1098505-1-200x300.jpg 200w, https:\/\/2l-a-velo.com\/wp-content\/uploads\/2025\/06\/P1098505-1-768x1152.jpg 768w, https:\/\/2l-a-velo.com\/wp-content\/uploads\/2025\/06\/P1098505-1-1024x1536.jpg 1024w, https:\/\/2l-a-velo.com\/wp-content\/uploads\/2025\/06\/P1098505-1-1366x2048.jpg 1366w, https:\/\/2l-a-velo.com\/wp-content\/uploads\/2025\/06\/P1098505-1-900x1350.jpg 900w, https:\/\/2l-a-velo.com\/wp-content\/uploads\/2025\/06\/P1098505-1-1280x1920.jpg 1280w, https:\/\/2l-a-velo.com\/wp-content\/uploads\/2025\/06\/P1098505-1-scaled.jpg 1707w\" sizes=\"auto, (max-width: 683px) 100vw, 683px\" \/><\/figure><\/div>\n\n\n\n<div class=\"wp-block-media-text is-stacked-on-mobile\"><figure class=\"wp-block-media-text__media\"><img loading=\"lazy\" decoding=\"async\" width=\"1024\" height=\"575\" src=\"https:\/\/2l-a-velo.com\/wp-content\/uploads\/2025\/06\/P1098529-1024x575.jpg\" alt=\"\" class=\"wp-image-14988 size-full\" srcset=\"https:\/\/2l-a-velo.com\/wp-content\/uploads\/2025\/06\/P1098529-1024x575.jpg 1024w, https:\/\/2l-a-velo.com\/wp-content\/uploads\/2025\/06\/P1098529-300x168.jpg 300w, https:\/\/2l-a-velo.com\/wp-content\/uploads\/2025\/06\/P1098529-768x431.jpg 768w, https:\/\/2l-a-velo.com\/wp-content\/uploads\/2025\/06\/P1098529-1536x862.jpg 1536w, https:\/\/2l-a-velo.com\/wp-content\/uploads\/2025\/06\/P1098529-2048x1149.jpg 2048w, https:\/\/2l-a-velo.com\/wp-content\/uploads\/2025\/06\/P1098529-900x505.jpg 900w, https:\/\/2l-a-velo.com\/wp-content\/uploads\/2025\/06\/P1098529-1280x718.jpg 1280w\" sizes=\"auto, (max-width: 1024px) 100vw, 1024px\" \/><\/figure><div class=\"wp-block-media-text__content\">\n<p>Mais la richesse du lieu, ce sont ses propri\u00e9taires. Un jeune couple avec deux enfants et une mamie adorable et de plus bonne cuisini\u00e8re ! <\/p>\n<\/div><\/div>\n\n\n\n<p><em>Elle nous a d&rsquo;ailleurs pr\u00e9par\u00e9 un poisson fra\u00eechement p\u00each\u00e9 qui nous a chang\u00e9 de la nourriture habituelle et nous avons substitu\u00e9 les frites au riz !<\/em><\/p>\n\n\n\n<p>Tr\u00e8s attentionn\u00e9s, ils sont venus nous chercher \u00e0 l&rsquo;arriv\u00e9e du ferry et c&rsquo;est aussi gr\u00e2ce \u00e0 eux que nous avons pu mettre les v\u00e9los sur le bateau pour le retour !<\/p>\n\n\n\n<p>Mais ce sont aussi des moments agr\u00e9ables pass\u00e9s \u00e0 discuter (avec le traducteur !) certains soirs. Le restaurant se situe \u00e0 l&rsquo;ext\u00e9rieur, le long de la \u00ab\u00a0route\u00a0\u00bb, et poss\u00e8de une t\u00e9l\u00e9vision. Du coup, de nombreuses personnes s&rsquo;arr\u00eatent, passent une commande, regardent la t\u00e9l\u00e9vision et \u00ab\u00a0tra\u00eenent\u00a0\u00bb parfois assez tard ! Une ambiance de village tr\u00e8s chaleureuse !<\/p>\n\n\n\n<div class=\"wp-block-buttons is-layout-flex wp-block-buttons-is-layout-flex\">\n<div class=\"wp-block-button has-custom-width wp-block-button__width-100\"><a class=\"wp-block-button__link has-background has-large-font-size has-text-align-center has-custom-font-size wp-element-button\" href=\"https:\/\/photos.google.com\/share\/AF1QipN76vjKOaDuYEQD2O6CuzEfaGJ8IadbwigBS9dRtw64N2cOqsBnt4y-nkJ1ICoSYw\/photo\/AF1QipOSiBedKOQqkR259U80eCnJs_tykMRxv1H68BgO?key=T3V0cGpEYnRLM1d6TENKdFlLSGlWLWczUks5TWxB\" style=\"border-radius:10px;background-color:#0173a7\">Photos fin de s\u00e9jour !<\/a><\/div>\n<\/div>\n\n\n\n<p class=\"has-text-align-center has-text-color has-link-color has-large-font-size wp-elements-1400cb3e80a85a6dcd645fc38b6aeed6\" style=\"color:#0173a7\"><strong>\u00a7\u00a7\u00a7\u00a7\u00a7\u00a7\u00a7\u00a7\u00a7\u00a7\u00a7\u00a7\u00a7\u00a7\u00a7\u00a7\u00a7\u00a7\u00a7\u00a7\u00a7\u00a7\u00a7\u00a7\u00a7\u00a7\u00a7\u00a7\u00a7\u00a7\u00a7\u00a7\u00a7\u00a7\u00a7\u00a7\u00a7\u00a7\u00a7<\/strong><\/p>\n\n\n\n<p class=\"has-text-align-center has-large-font-size\"><em>Pourvu que l&rsquo;\u00eele garde son caract\u00e8re sauvage et paisible le plus longtemps possible !<\/em><\/p>\n\n\n\n<p><em> Malheureusement, un projet d&rsquo;a\u00e9roport international est en gestation malgr\u00e9 l&rsquo;opposition de la majorit\u00e9 des habitants. La construction d&rsquo;un tel a\u00e9roport, qui serait en partie gagn\u00e9 sur la mer, est-elle bien utile ? Cela am\u00e8nerait-il plus de touristes ? Quel serait l&rsquo;impact sur l&rsquo;environnement de l&rsquo;\u00eele, sur sa faune, sur ses fonds marins ? <\/em><\/p>\n\n\n\n<p class=\"has-text-align-center has-large-font-size\"><em>Ne serait-ce pas la disparition de la magie de cette \u00eele ?<\/em><\/p>\n\n\n\n<figure class=\"wp-block-image size-large\"><img loading=\"lazy\" decoding=\"async\" width=\"1024\" height=\"341\" src=\"https:\/\/2l-a-velo.com\/wp-content\/uploads\/2025\/06\/P1087909-1-1024x341.jpg\" alt=\"\" class=\"wp-image-14994\" srcset=\"https:\/\/2l-a-velo.com\/wp-content\/uploads\/2025\/06\/P1087909-1-1024x341.jpg 1024w, https:\/\/2l-a-velo.com\/wp-content\/uploads\/2025\/06\/P1087909-1-300x100.jpg 300w, https:\/\/2l-a-velo.com\/wp-content\/uploads\/2025\/06\/P1087909-1-768x256.jpg 768w, https:\/\/2l-a-velo.com\/wp-content\/uploads\/2025\/06\/P1087909-1-1536x512.jpg 1536w, https:\/\/2l-a-velo.com\/wp-content\/uploads\/2025\/06\/P1087909-1-2048x682.jpg 2048w, https:\/\/2l-a-velo.com\/wp-content\/uploads\/2025\/06\/P1087909-1-900x300.jpg 900w, https:\/\/2l-a-velo.com\/wp-content\/uploads\/2025\/06\/P1087909-1-1280x427.jpg 1280w\" sizes=\"auto, (max-width: 1024px) 100vw, 1024px\" \/><\/figure>\n\n\n\n<p><\/p>\n\n\n\n<p class=\"has-text-align-center has-text-color has-link-color has-large-font-size wp-elements-1400cb3e80a85a6dcd645fc38b6aeed6\" style=\"color:#0173a7\"><strong>\u00a7\u00a7\u00a7\u00a7\u00a7\u00a7\u00a7\u00a7\u00a7\u00a7\u00a7\u00a7\u00a7\u00a7\u00a7\u00a7\u00a7\u00a7\u00a7\u00a7\u00a7\u00a7\u00a7\u00a7\u00a7\u00a7\u00a7\u00a7\u00a7\u00a7\u00a7\u00a7\u00a7\u00a7\u00a7\u00a7\u00a7\u00a7\u00a7<\/strong><\/p>\n\n\n\n<p class=\"has-text-align-center has-text-color has-link-color has-large-font-size wp-elements-0b33245f73f5d5a30d541c315d3101be\" id=\"block-85497182-815b-4a9a-8ba9-058bcd970824\" style=\"color:#0173a7\"><strong>Itin\u00e9raire<\/strong> <strong>g\u00e9n\u00e9ral depuis le d\u00e9but du voyage<\/strong><\/p>\n\n\n\n<p class=\"has-accent-color has-text-color has-link-color wp-elements-2bf3ff51a0d2abc6276a0b7a109240f9\" id=\"block-c57768f2-2016-477b-8e92-5d4702f6386f\"><em>Afin que vous puissiez savoir o\u00f9 nous nous trouvons par rapport au reste de l&rsquo;itin\u00e9raire d\u00e9j\u00e0 parcouru, nous mettons \u00e0 chaque publication la carte idoine !<\/em><\/p>\n\n\n\n<p class=\"has-text-align-center has-large-font-size\" id=\"block-979b6b60-be7d-4363-8ef9-cbf9c166c520\"><strong>A ce jour, nous avons p\u00e9dal\u00e9 9455 km<\/strong><\/p>\n\n\n\n<iframe loading=\"lazy\" src=\"https:\/\/www.google.com\/maps\/d\/embed?mid=1kErgR11NebKrvSRrhid-Ism7AsTGfq8&#038;ehbc=2E312F\" width=\"640\" height=\"480\"><\/iframe>\n\n\n\n<p><\/p>\n","protected":false},"excerpt":{"rendered":"<p>Du 4 au 11 juin 2025 Ile de Tioman Nous voici donc \u00e0 Tioman. Une \u00eele de 39 km de long pour 12 km de large. Elle compte huit villages (kampungs) tous situ\u00e9s le long de la c\u00f4te, le plus important \u00e9tant Tekek. Ces villages sont reli\u00e9s par un service de bateaux taxis. Les ferrys, [&hellip;]<\/p>\n","protected":false},"author":1,"featured_media":0,"parent":13971,"menu_order":10,"comment_status":"open","ping_status":"closed","template":"","meta":{"jetpack_post_was_ever_published":false,"footnotes":""},"class_list":["post-14784","page","type-page","status-publish","hentry"],"jetpack_likes_enabled":true,"jetpack_sharing_enabled":true,"_links":{"self":[{"href":"https:\/\/2l-a-velo.com\/index.php?rest_route=\/wp\/v2\/pages\/14784","targetHints":{"allow":["GET"]}}],"collection":[{"href":"https:\/\/2l-a-velo.com\/index.php?rest_route=\/wp\/v2\/pages"}],"about":[{"href":"https:\/\/2l-a-velo.com\/index.php?rest_route=\/wp\/v2\/types\/page"}],"author":[{"embeddable":true,"href":"https:\/\/2l-a-velo.com\/index.php?rest_route=\/wp\/v2\/users\/1"}],"replies":[{"embeddable":true,"href":"https:\/\/2l-a-velo.com\/index.php?rest_route=%2Fwp%2Fv2%2Fcomments&post=14784"}],"version-history":[{"count":95,"href":"https:\/\/2l-a-velo.com\/index.php?rest_route=\/wp\/v2\/pages\/14784\/revisions"}],"predecessor-version":[{"id":15006,"href":"https:\/\/2l-a-velo.com\/index.php?rest_route=\/wp\/v2\/pages\/14784\/revisions\/15006"}],"up":[{"embeddable":true,"href":"https:\/\/2l-a-velo.com\/index.php?rest_route=\/wp\/v2\/pages\/13971"}],"wp:attachment":[{"href":"https:\/\/2l-a-velo.com\/index.php?rest_route=%2Fwp%2Fv2%2Fmedia&parent=14784"}],"curies":[{"name":"wp","href":"https:\/\/api.w.org\/{rel}","templated":true}]}}