{"id":1540,"date":"2019-09-29T18:03:44","date_gmt":"2019-09-29T16:03:44","guid":{"rendered":"http:\/\/2l-a-velo.com\/?page_id=1540"},"modified":"2022-03-14T11:43:28","modified_gmt":"2022-03-14T10:43:28","slug":"de-cuzco-aux-incas","status":"publish","type":"page","link":"https:\/\/2l-a-velo.com\/?page_id=1540","title":{"rendered":"De Cuzco aux Incas"},"content":{"rendered":"\n<div class=\"wp-block-media-text alignwide is-stacked-on-mobile\"><figure class=\"wp-block-media-text__media\"><img loading=\"lazy\" decoding=\"async\" width=\"1024\" height=\"682\" src=\"https:\/\/2l-a-velo.com\/wp-content\/uploads\/2019\/10\/372A5214-1024x682.jpg\" alt=\"\" class=\"wp-image-1608 size-full\" srcset=\"https:\/\/2l-a-velo.com\/wp-content\/uploads\/2019\/10\/372A5214-1024x682.jpg 1024w, https:\/\/2l-a-velo.com\/wp-content\/uploads\/2019\/10\/372A5214-300x200.jpg 300w, https:\/\/2l-a-velo.com\/wp-content\/uploads\/2019\/10\/372A5214-768x512.jpg 768w, https:\/\/2l-a-velo.com\/wp-content\/uploads\/2019\/10\/372A5214-900x600.jpg 900w, https:\/\/2l-a-velo.com\/wp-content\/uploads\/2019\/10\/372A5214-1280x853.jpg 1280w, https:\/\/2l-a-velo.com\/wp-content\/uploads\/2019\/10\/372A5214.jpg 2024w\" sizes=\"auto, (max-width: 1024px) 100vw, 1024px\" \/><\/figure><div class=\"wp-block-media-text__content\">\n<p class=\"has-large-font-size\"><strong>Du 21 au 30 septembre<\/strong><\/p>\n<\/div><\/div>\n\n\n\n<p class=\"has-text-align-center has-white-color has-text-color has-background has-larger-font-size\" style=\"background-color:#05b717\"><strong>Cuzco<\/strong><\/p>\n\n\n\n<div class=\"wp-block-media-text alignwide has-media-on-the-right is-stacked-on-mobile\"><figure class=\"wp-block-media-text__media\"><img loading=\"lazy\" decoding=\"async\" width=\"1024\" height=\"682\" src=\"https:\/\/2l-a-velo.com\/wp-content\/uploads\/2019\/09\/372A5321-1-1024x682.jpg\" alt=\"\" class=\"wp-image-1570 size-full\" srcset=\"https:\/\/2l-a-velo.com\/wp-content\/uploads\/2019\/09\/372A5321-1-1024x682.jpg 1024w, https:\/\/2l-a-velo.com\/wp-content\/uploads\/2019\/09\/372A5321-1-300x200.jpg 300w, https:\/\/2l-a-velo.com\/wp-content\/uploads\/2019\/09\/372A5321-1-768x512.jpg 768w, https:\/\/2l-a-velo.com\/wp-content\/uploads\/2019\/09\/372A5321-1-900x600.jpg 900w, https:\/\/2l-a-velo.com\/wp-content\/uploads\/2019\/09\/372A5321-1-1280x853.jpg 1280w, https:\/\/2l-a-velo.com\/wp-content\/uploads\/2019\/09\/372A5321-1.jpg 2024w\" sizes=\"auto, (max-width: 1024px) 100vw, 1024px\" \/><\/figure><div class=\"wp-block-media-text__content\">\n<p class=\"has-small-font-size\">\n\nNous voici \u00e0 Cuzco apr\u00e8s 35 h de bus. Nous nous installons \u00e0 La Estrellita, \u00ab&nbsp;repaire&nbsp;\u00bb de cyclistes et de voyageurs. C\u2019est simple mais tr\u00e8s sympathique et pratique&nbsp;: v\u00e9los dans la chambre, un grand patio ext\u00e9rieur, petit d\u00e9jeuner compris et\u2026 rencontre avec d\u2019autres voyageurs&nbsp;! Seul probl\u00e8me, la Wifi qui \u00ab\u00a0rame\u00a0\u00bb. \n\n<\/p>\n<\/div><\/div>\n\n\n\n<p class=\"has-small-font-size\">Ce qui nous interpelle \u00e0 Cuzco, c\u2019est le nombre de touristes et son corollaire le nombre d\u2019h\u00f4tels. Les prix sont nettement plus \u00e9lev\u00e9s que ceux auxquels nous sommes habitu\u00e9s ailleurs au P\u00e9rou. Dans les rues, nous sommes sans arr\u00eat h\u00e9l\u00e9s par des rabatteurs qui proposent qui des repas, qui une visite de la ville, qui un trek vers le Machu Picchu, qui\u2026 p\u00e9nible en fin de journ\u00e9e&nbsp;! Nous croisons aussi des P\u00e9ruviennes en costumes traditionnels, accompagn\u00e9es de lamas, qui nous proposent de les prendre en photo moyennant finances&nbsp;! De plus, ici, toutes les visites, m\u00eames celles des \u00e9glises\nsont payantes et il est interdit d\u2019y prendre des photos&nbsp;!!!!!<\/p>\n\n\n\n<p class=\"has-small-font-size\">Autant dire que cela nous change de ce \u00e0 quoi nous sommes\nhabitu\u00e9s au P\u00e9rou.<\/p>\n\n\n\n<div class=\"wp-block-media-text alignwide is-stacked-on-mobile\"><figure class=\"wp-block-media-text__media\"><img loading=\"lazy\" decoding=\"async\" width=\"1024\" height=\"682\" src=\"https:\/\/2l-a-velo.com\/wp-content\/uploads\/2019\/09\/372A5286-1024x682.jpg\" alt=\"\" class=\"wp-image-1557 size-full\" srcset=\"https:\/\/2l-a-velo.com\/wp-content\/uploads\/2019\/09\/372A5286-1024x682.jpg 1024w, https:\/\/2l-a-velo.com\/wp-content\/uploads\/2019\/09\/372A5286-300x200.jpg 300w, https:\/\/2l-a-velo.com\/wp-content\/uploads\/2019\/09\/372A5286-768x512.jpg 768w, https:\/\/2l-a-velo.com\/wp-content\/uploads\/2019\/09\/372A5286-900x600.jpg 900w, https:\/\/2l-a-velo.com\/wp-content\/uploads\/2019\/09\/372A5286-1280x853.jpg 1280w, https:\/\/2l-a-velo.com\/wp-content\/uploads\/2019\/09\/372A5286.jpg 2024w\" sizes=\"auto, (max-width: 1024px) 100vw, 1024px\" \/><\/figure><div class=\"wp-block-media-text__content\">\n<p class=\"has-small-font-size\">\n\nCuzco est situ\u00e9e \u00e0 3400 m d&rsquo;altitude et compte environ 300 000 habitants. Ce fut la capitale de l&#8217;empire inca. Elle fut d\u00e9truite en grande partie par les Espagnols en 1534. Actuellement, c&rsquo;est le centre du tourisme au P\u00e9rou.\n\n<\/p>\n<\/div><\/div>\n\n\n\n<p class=\"has-small-font-size\">C\u2019est une ville qui poss\u00e8de un tr\u00e8s beau centre historique. Il est plaisant d\u2019errer dans cette partie de la ville et d\u2019y d\u00e9couvrir quelques restes de murs incas, de belles villas de l\u2019\u00e9poque coloniales, de jolies places dont la superbe Plaza de Armas. Si on accepte de gravir \u00ab&nbsp;quelques&nbsp;\u00bb marches, la ville s\u2019\u00e9tale \u00e0 nos pieds, magnifique&nbsp;! Et quelle animation dans les rues&nbsp;! On a d&rsquo;ailleurs eu droit \u00e0 plusieurs d\u00e9fil\u00e9s !<\/p>\n\n\n\n<div class=\"wp-block-button aligncenter\"><a class=\"wp-block-button__link has-background\" href=\"https:\/\/photos.google.com\/share\/AF1QipOVx3HWTpteW_aQMAJS4X72CCG4u6mklrmVWuB89f1pNXmIzOai_P-f6nPvqEkmgg\/photo\/AF1QipPSOJKTztcGjYu9ZY4Hk-5Hh4grO3bUrDMhOu91?key=NDdvSFROcW9wbkc5WXJFTGRaVzJWQzdCQXE5d0J3\" style=\"background-color:#0473a3\">Album photos de Cuzco<\/a><\/div>\n\n\n\n<p class=\"has-text-align-center\"><strong>Vid\u00e9o Cuzco<\/strong><\/p>\n\n\n\n<figure><iframe loading=\"lazy\" width=\"560\" height=\"315\" src=\"https:\/\/www.youtube.com\/embed\/py4Wp2XDOmc\" allowfullscreen=\"\"><\/iframe><\/figure>\n\n\n\n<p class=\"has-text-align-center has-white-color has-text-color has-background has-larger-font-size\" style=\"background-color:#05b717\"><strong>Le Machu Picchu<\/strong><\/p>\n\n\n\n<p class=\"has-text-align-center\"><\/p>\n\n\n\n<figure class=\"wp-block-image\"><img loading=\"lazy\" decoding=\"async\" width=\"1024\" height=\"682\" src=\"https:\/\/2l-a-velo.com\/wp-content\/uploads\/2019\/09\/372A5472-1024x682.jpg\" alt=\"\" class=\"wp-image-1561\" srcset=\"https:\/\/2l-a-velo.com\/wp-content\/uploads\/2019\/09\/372A5472-1024x682.jpg 1024w, https:\/\/2l-a-velo.com\/wp-content\/uploads\/2019\/09\/372A5472-300x200.jpg 300w, https:\/\/2l-a-velo.com\/wp-content\/uploads\/2019\/09\/372A5472-768x512.jpg 768w, https:\/\/2l-a-velo.com\/wp-content\/uploads\/2019\/09\/372A5472-900x600.jpg 900w, https:\/\/2l-a-velo.com\/wp-content\/uploads\/2019\/09\/372A5472-1280x853.jpg 1280w, https:\/\/2l-a-velo.com\/wp-content\/uploads\/2019\/09\/372A5472.jpg 2024w\" sizes=\"auto, (max-width: 1024px) 100vw, 1024px\" \/><\/figure>\n\n\n\n<p class=\"has-text-align-left has-small-font-size\">Le Machu Picchu est une ancienne cit\u00e9 inca du XVe si\u00e8cle perch\u00e9e sur un promontoire rocheux. Selon des documents du XVIe si\u00e8cle, Machu Picchu aurait d\u00fb \u00eatre une r\u00e9sidence de l&#8217;empereur Pachacutec, cependant on pense aussi  que le site fut utilis\u00e9 comme un sanctuaire religieux. Abandonn\u00e9e lors de l&rsquo;effondrement de l&#8217;empire inca, la ville fut oubli\u00e9e durant des si\u00e8cles. Elle est consid\u00e9r\u00e9e comme une oeuvre ma\u00eetresse de l&rsquo;architecture inca. Elle est class\u00e9e au patrimoine mondial de l&rsquo;Unesco depuis 1983.<\/p>\n\n\n\n<p class=\"has-small-font-size\"><\/p>\n\n\n\n<div class=\"wp-block-media-text alignwide has-media-on-the-right is-stacked-on-mobile\"><figure class=\"wp-block-media-text__media\"><img loading=\"lazy\" decoding=\"async\" width=\"1024\" height=\"682\" src=\"https:\/\/2l-a-velo.com\/wp-content\/uploads\/2019\/09\/372A5473-1024x682.jpg\" alt=\"\" class=\"wp-image-1564 size-full\" srcset=\"https:\/\/2l-a-velo.com\/wp-content\/uploads\/2019\/09\/372A5473-1024x682.jpg 1024w, https:\/\/2l-a-velo.com\/wp-content\/uploads\/2019\/09\/372A5473-300x200.jpg 300w, https:\/\/2l-a-velo.com\/wp-content\/uploads\/2019\/09\/372A5473-768x512.jpg 768w, https:\/\/2l-a-velo.com\/wp-content\/uploads\/2019\/09\/372A5473-900x600.jpg 900w, https:\/\/2l-a-velo.com\/wp-content\/uploads\/2019\/09\/372A5473-1280x853.jpg 1280w, https:\/\/2l-a-velo.com\/wp-content\/uploads\/2019\/09\/372A5473.jpg 2024w\" sizes=\"auto, (max-width: 1024px) 100vw, 1024px\" \/><\/figure><div class=\"wp-block-media-text__content\">\n<p class=\"has-small-font-size\"> Le site est superbe. C\u2019est tr\u00e8s impressionnant&nbsp;! Ce n\u2019est pas \u00e9tonnant que ce lieu soit tr\u00e8s couru&nbsp;! Vraiment, les Incas avaient le go\u00fbt des endroits improbables car construire une telle ville \u00e0 un tel endroit rel\u00e8ve de l\u2019exploit. Quand on voit les pentes sur lesquelles sont construites les terrasses, on se demande comment cela est possible. <\/p>\n<\/div><\/div>\n\n\n\n<p class=\"has-small-font-size\"> Se balader dans le site est tr\u00e8s agr\u00e9able malgr\u00e9 la foule car le site est vaste (et il para\u00eet que tout n\u2019est pas d\u00e9gag\u00e9&nbsp;!). Mais nous n\u2019avons pas eu de chance avec le soleil qui \u00e9tait absent le jour de notre venue. Donc nos photos sont un peu ternes.<\/p>\n\n\n\n<div class=\"wp-block-media-text alignwide is-stacked-on-mobile\"><figure class=\"wp-block-media-text__media\"><img loading=\"lazy\" decoding=\"async\" width=\"1024\" height=\"682\" src=\"https:\/\/2l-a-velo.com\/wp-content\/uploads\/2019\/09\/372A5605-1024x682.jpg\" alt=\"\" class=\"wp-image-1572 size-full\" srcset=\"https:\/\/2l-a-velo.com\/wp-content\/uploads\/2019\/09\/372A5605-1024x682.jpg 1024w, https:\/\/2l-a-velo.com\/wp-content\/uploads\/2019\/09\/372A5605-300x200.jpg 300w, https:\/\/2l-a-velo.com\/wp-content\/uploads\/2019\/09\/372A5605-768x512.jpg 768w, https:\/\/2l-a-velo.com\/wp-content\/uploads\/2019\/09\/372A5605-900x600.jpg 900w, https:\/\/2l-a-velo.com\/wp-content\/uploads\/2019\/09\/372A5605-1280x853.jpg 1280w, https:\/\/2l-a-velo.com\/wp-content\/uploads\/2019\/09\/372A5605.jpg 2024w\" sizes=\"auto, (max-width: 1024px) 100vw, 1024px\" \/><\/figure><div class=\"wp-block-media-text__content\">\n<p class=\"has-small-font-size\">\n\nEn dehors du site, le parcours \u00e0 pied le long de la voie ferr\u00e9e n\u2019a rien de d\u00e9sagr\u00e9able. Nous y avons vu des fleurs, des oiseaux, pris un caf\u00e9 le long du chemin, regard\u00e9 passer le train (\u00e0 l\u2019aller et au retour)\u2026\n\n<\/p>\n<\/div><\/div>\n\n\n\n<p class=\"has-small-font-size\">\n\nUn des sites touristiques majeur du P\u00e9rou. De Cuzco, c\u2019est toute une (petite) aventure pour s\u2019y rendre&nbsp;! \n\n<\/p>\n\n\n\n<p class=\"has-small-font-size\"><em>C\u00f4t\u00e9 pratique&nbsp;: Pr\u00e9voir deux jours. Prendre un bus le premier jour pour de rendre \u00e0 hydro\u00e9lectrica (6 h de bus). L\u00e0 deux options, le train si vous en avez les moyens ou la marche \u00e0 pied le long de la voie ferr\u00e9e (10 km) pour rejoindre Aqua Calientes (appel\u00e9 aussi pompeusement Machu Picchu Pueblo). On peut y camper ou loger dans un des nombreux h\u00f4tels. Le deuxi\u00e8me jour, monter au site du Machu Picchu soit en bus (payant bien s\u00fbr), soit \u00e0 pied en grimpant un escalier aux marches irr\u00e9guli\u00e8res (500 m de d\u00e9nivel\u00e9). Pour le retour, m\u00eame chose mais\u2026 dans l\u2019autre sens&nbsp;! Savoir aussi que les prix sont nettement plus \u00e9lev\u00e9s que ceux que l\u2019on trouve habituellement au P\u00e9rou. Nous avons trouv\u00e9 que certaines r\u00e8gles \u00e9taient un peu limites&nbsp;: pas le droit de p\u00e9n\u00e9trer \u00e0 nouveau sur le site si vous en \u00eates sortis par exemple&nbsp;! C\u2019est un peu bizarre d\u2019autant qu\u2019il n\u2019y a pas de toilettes sur le site dont la visite demande du temps. <\/em><\/p>\n\n\n\n<div class=\"wp-block-button aligncenter\"><a class=\"wp-block-button__link has-background\" href=\"https:\/\/photos.google.com\/share\/AF1QipP2NJg4EgoQVAf2yIyGpEVGb9fpgsB9YOYyjrm7aTYQAzyoNFhiJQjaalesi4laQQ\/photo\/AF1QipP9fC6WUOR4FGTSfCm2uacWZtKUV6bw--ejho_W?key=MmwtMjV1SWxXdVZWaVpoZGppQnpCOU0yeE1RSTB3\" style=\"background-color:#0575a5\">Album photos du Machu Picchu<\/a><\/div>\n\n\n\n<p class=\"has-text-align-center\"><strong>Une petite vid\u00e9o<\/strong><\/p>\n\n\n\n<figure><iframe loading=\"lazy\" width=\"560\" height=\"315\" src=\"https:\/\/www.youtube.com\/embed\/Og4qws3twiQ\" allowfullscreen=\"\"><\/iframe><\/figure>\n\n\n\n<p class=\"has-text-align-center has-white-color has-text-color has-background has-larger-font-size\" style=\"background-color:#05b717\"><strong>La Vall\u00e9e Sacr\u00e9e des Incas<\/strong><\/p>\n\n\n\n<p class=\"has-text-align-center has-white-background-color has-background has-large-font-size\"><strong>Chinchero<\/strong><\/p>\n\n\n\n<div class=\"wp-block-media-text alignwide is-stacked-on-mobile\"><figure class=\"wp-block-media-text__media\"><img loading=\"lazy\" decoding=\"async\" width=\"1024\" height=\"682\" src=\"https:\/\/2l-a-velo.com\/wp-content\/uploads\/2019\/09\/372A5704-1024x682.jpg\" alt=\"\" class=\"wp-image-1575 size-full\" srcset=\"https:\/\/2l-a-velo.com\/wp-content\/uploads\/2019\/09\/372A5704-1024x682.jpg 1024w, https:\/\/2l-a-velo.com\/wp-content\/uploads\/2019\/09\/372A5704-300x200.jpg 300w, https:\/\/2l-a-velo.com\/wp-content\/uploads\/2019\/09\/372A5704-768x512.jpg 768w, https:\/\/2l-a-velo.com\/wp-content\/uploads\/2019\/09\/372A5704-900x600.jpg 900w, https:\/\/2l-a-velo.com\/wp-content\/uploads\/2019\/09\/372A5704-1280x853.jpg 1280w, https:\/\/2l-a-velo.com\/wp-content\/uploads\/2019\/09\/372A5704.jpg 2024w\" sizes=\"auto, (max-width: 1024px) 100vw, 1024px\" \/><\/figure><div class=\"wp-block-media-text__content\">\n<p class=\"has-small-font-size\">\n\nChinchero est situ\u00e9 \u00e0 3760 m. On y trouve des restes de constructions incas et une belle \u00e9glise coloniale construite sur les ruines du palais inca. C&rsquo;est aussi un centre textile traditionnel o\u00f9 l&rsquo;on produit des v\u00eatements de laine (moutons ou alpagas) teint\u00e9s exclusivement avec des produits naturels.\n\n<\/p>\n<\/div><\/div>\n\n\n\n<p class=\"has-text-align-center has-large-font-size\"><strong>Moray<\/strong><\/p>\n\n\n\n<div class=\"wp-block-media-text alignwide has-media-on-the-right is-stacked-on-mobile\"><figure class=\"wp-block-media-text__media\"><img loading=\"lazy\" decoding=\"async\" width=\"1024\" height=\"682\" src=\"https:\/\/2l-a-velo.com\/wp-content\/uploads\/2019\/10\/372A5738-1024x682.jpg\" alt=\"\" class=\"wp-image-1586 size-full\" srcset=\"https:\/\/2l-a-velo.com\/wp-content\/uploads\/2019\/10\/372A5738-1024x682.jpg 1024w, https:\/\/2l-a-velo.com\/wp-content\/uploads\/2019\/10\/372A5738-300x200.jpg 300w, https:\/\/2l-a-velo.com\/wp-content\/uploads\/2019\/10\/372A5738-768x512.jpg 768w, https:\/\/2l-a-velo.com\/wp-content\/uploads\/2019\/10\/372A5738-900x600.jpg 900w, https:\/\/2l-a-velo.com\/wp-content\/uploads\/2019\/10\/372A5738-1280x853.jpg 1280w, https:\/\/2l-a-velo.com\/wp-content\/uploads\/2019\/10\/372A5738.jpg 2024w\" sizes=\"auto, (max-width: 1024px) 100vw, 1024px\" \/><\/figure><div class=\"wp-block-media-text__content\">\n<p class=\"has-small-font-size\">\n\nLes terrasses circulaires de Moray \u00e9taient un centre de recherches agricoles incas. Ces formes circulaires cr\u00e9aient de micros climats : les temp\u00e9ratures les plus froides en bas, les plus chaudes au milieu et en haut des temp\u00e9ratures mod\u00e9r\u00e9es. L&rsquo;\u00e9cart entre les plus chaudes et les plus froides pouvaient atteindre 15\u00b0. Ces terrasses poss\u00e9daient en plus un syst\u00e8me d&rsquo;irrigation.\n\n<\/p>\n<\/div><\/div>\n\n\n\n<p><\/p>\n\n\n\n<p class=\"has-text-align-center has-large-font-size\"><strong>Maras Las Salinas<\/strong><\/p>\n\n\n\n<div class=\"wp-block-media-text alignwide is-stacked-on-mobile\"><figure class=\"wp-block-media-text__media\"><img loading=\"lazy\" decoding=\"async\" width=\"1024\" height=\"682\" src=\"https:\/\/2l-a-velo.com\/wp-content\/uploads\/2019\/10\/372A5777-1024x682.jpg\" alt=\"\" class=\"wp-image-1588 size-full\" srcset=\"https:\/\/2l-a-velo.com\/wp-content\/uploads\/2019\/10\/372A5777-1024x682.jpg 1024w, https:\/\/2l-a-velo.com\/wp-content\/uploads\/2019\/10\/372A5777-300x200.jpg 300w, https:\/\/2l-a-velo.com\/wp-content\/uploads\/2019\/10\/372A5777-768x512.jpg 768w, https:\/\/2l-a-velo.com\/wp-content\/uploads\/2019\/10\/372A5777-900x600.jpg 900w, https:\/\/2l-a-velo.com\/wp-content\/uploads\/2019\/10\/372A5777-1280x853.jpg 1280w, https:\/\/2l-a-velo.com\/wp-content\/uploads\/2019\/10\/372A5777.jpg 2024w\" sizes=\"auto, (max-width: 1024px) 100vw, 1024px\" \/><\/figure><div class=\"wp-block-media-text__content\">\n<p class=\"has-small-font-size\"> Situ\u00e9es \u00e0 3 300 m, les salines de Maras \u00e9taient d\u00e9j\u00e0 utilis\u00e9es par les Incas. Ces salines comportent 3 000 bassins et produisent 200 t de sel par an. L&rsquo;eau provient d&rsquo;une source qui donne naissance \u00e0 un ruisseau satur\u00e9 en chlorure de sodium. <\/p>\n<\/div><\/div>\n\n\n\n<p class=\"has-text-align-center has-large-font-size\"><strong>Ollantaytambo<\/strong><\/p>\n\n\n\n<div class=\"wp-block-media-text alignwide has-media-on-the-right is-stacked-on-mobile\"><figure class=\"wp-block-media-text__media\"><img loading=\"lazy\" decoding=\"async\" width=\"1024\" height=\"682\" src=\"https:\/\/2l-a-velo.com\/wp-content\/uploads\/2019\/10\/372A5822-1024x682.jpg\" alt=\"\" class=\"wp-image-1589 size-full\" srcset=\"https:\/\/2l-a-velo.com\/wp-content\/uploads\/2019\/10\/372A5822-1024x682.jpg 1024w, https:\/\/2l-a-velo.com\/wp-content\/uploads\/2019\/10\/372A5822-300x200.jpg 300w, https:\/\/2l-a-velo.com\/wp-content\/uploads\/2019\/10\/372A5822-768x512.jpg 768w, https:\/\/2l-a-velo.com\/wp-content\/uploads\/2019\/10\/372A5822-900x600.jpg 900w, https:\/\/2l-a-velo.com\/wp-content\/uploads\/2019\/10\/372A5822-1280x853.jpg 1280w, https:\/\/2l-a-velo.com\/wp-content\/uploads\/2019\/10\/372A5822.jpg 2024w\" sizes=\"auto, (max-width: 1024px) 100vw, 1024px\" \/><\/figure><div class=\"wp-block-media-text__content\">\n<p class=\"has-small-font-size\"> Ollantaytambo fut l&rsquo;un des plus important village de l&#8217;empire inca. C&rsquo;\u00e9tait aussi un lieu de convergence de diff\u00e9rents chemins, et un point de contr\u00f4le de la route qui menait au Machu Picchu. Ce fut le lieu de combats acharn\u00e9s entre Incas et Espagnols apr\u00e8s la chute de Cuzco. <\/p>\n<\/div><\/div>\n\n\n\n<p class=\"has-text-align-center has-large-font-size\"><strong>Pisaq<\/strong><\/p>\n\n\n\n<div class=\"wp-block-media-text alignwide is-stacked-on-mobile\"><figure class=\"wp-block-media-text__media\"><img loading=\"lazy\" decoding=\"async\" width=\"1024\" height=\"682\" src=\"https:\/\/2l-a-velo.com\/wp-content\/uploads\/2019\/10\/372A5847-1-1024x682.jpg\" alt=\"\" class=\"wp-image-1592 size-full\" srcset=\"https:\/\/2l-a-velo.com\/wp-content\/uploads\/2019\/10\/372A5847-1-1024x682.jpg 1024w, https:\/\/2l-a-velo.com\/wp-content\/uploads\/2019\/10\/372A5847-1-300x200.jpg 300w, https:\/\/2l-a-velo.com\/wp-content\/uploads\/2019\/10\/372A5847-1-768x512.jpg 768w, https:\/\/2l-a-velo.com\/wp-content\/uploads\/2019\/10\/372A5847-1-900x600.jpg 900w, https:\/\/2l-a-velo.com\/wp-content\/uploads\/2019\/10\/372A5847-1-1280x853.jpg 1280w, https:\/\/2l-a-velo.com\/wp-content\/uploads\/2019\/10\/372A5847-1.jpg 2024w\" sizes=\"auto, (max-width: 1024px) 100vw, 1024px\" \/><\/figure><div class=\"wp-block-media-text__content\">\n<p class=\"has-small-font-size\">Le site de Pisaq est un des plus important de la Vall\u00e9e Sacr\u00e9e. Il contr\u00f4lait l&rsquo;entr\u00e9e sud de la vall\u00e9e. On se rend compte, ici, comment les Incas ont r\u00e9ussi \u00e0 mettre en culture les pentes abruptes des montagnes. Certaines de ces terrasses sont encore utilis\u00e9es.<\/p>\n<\/div><\/div>\n\n\n\n<div class=\"wp-block-button aligncenter\"><a class=\"wp-block-button__link has-background\" href=\"https:\/\/photos.google.com\/share\/AF1QipM7gcZqkO8bPISqDJwF4zWCSO03Ify4b2lhGteHOzHUNT3GRixOKc8tzkqTZGsb0A\/photo\/AF1QipNnPFp4ct8jR9oAySoxOKwOh1niBZUd4dicv-0m?key=a1E0M1dtNHFNZFg4TFZRa25xd3Eya1J5cGFaOW13\" style=\"background-color:#0472a1\">Album photos de la Vall\u00e9e Sacr\u00e9e<\/a><\/div>\n\n\n\n<p class=\"has-text-align-center\"><strong>Une vid\u00e9o dans la Vall\u00e9e sacr\u00e9e<\/strong><\/p>\n\n\n\n<figure><iframe loading=\"lazy\" width=\"560\" height=\"315\" src=\"https:\/\/www.youtube.com\/embed\/d-1acIEmSOI\" allowfullscreen=\"\"><\/iframe><\/figure>\n\n\n\n<p><\/p>\n","protected":false},"excerpt":{"rendered":"<p>Du 21 au 30 septembre Cuzco Nous voici \u00e0 Cuzco apr\u00e8s 35 h de bus. Nous nous installons \u00e0 La Estrellita, \u00ab&nbsp;repaire&nbsp;\u00bb de cyclistes et de voyageurs. C\u2019est simple mais tr\u00e8s sympathique et pratique&nbsp;: v\u00e9los dans la chambre, un grand patio ext\u00e9rieur, petit d\u00e9jeuner compris et\u2026 rencontre avec d\u2019autres voyageurs&nbsp;! Seul probl\u00e8me, la Wifi qui [&hellip;]<\/p>\n","protected":false},"author":1,"featured_media":0,"parent":126,"menu_order":7,"comment_status":"open","ping_status":"closed","template":"","meta":{"jetpack_post_was_ever_published":false,"footnotes":""},"class_list":["post-1540","page","type-page","status-publish","hentry"],"jetpack_likes_enabled":true,"jetpack_sharing_enabled":true,"_links":{"self":[{"href":"https:\/\/2l-a-velo.com\/index.php?rest_route=\/wp\/v2\/pages\/1540","targetHints":{"allow":["GET"]}}],"collection":[{"href":"https:\/\/2l-a-velo.com\/index.php?rest_route=\/wp\/v2\/pages"}],"about":[{"href":"https:\/\/2l-a-velo.com\/index.php?rest_route=\/wp\/v2\/types\/page"}],"author":[{"embeddable":true,"href":"https:\/\/2l-a-velo.com\/index.php?rest_route=\/wp\/v2\/users\/1"}],"replies":[{"embeddable":true,"href":"https:\/\/2l-a-velo.com\/index.php?rest_route=%2Fwp%2Fv2%2Fcomments&post=1540"}],"version-history":[{"count":47,"href":"https:\/\/2l-a-velo.com\/index.php?rest_route=\/wp\/v2\/pages\/1540\/revisions"}],"predecessor-version":[{"id":4773,"href":"https:\/\/2l-a-velo.com\/index.php?rest_route=\/wp\/v2\/pages\/1540\/revisions\/4773"}],"up":[{"embeddable":true,"href":"https:\/\/2l-a-velo.com\/index.php?rest_route=\/wp\/v2\/pages\/126"}],"wp:attachment":[{"href":"https:\/\/2l-a-velo.com\/index.php?rest_route=%2Fwp%2Fv2%2Fmedia&parent=1540"}],"curies":[{"name":"wp","href":"https:\/\/api.w.org\/{rel}","templated":true}]}}