{"id":2257,"date":"2019-12-21T08:00:37","date_gmt":"2019-12-21T07:00:37","guid":{"rendered":"http:\/\/2l-a-velo.com\/?page_id=2257"},"modified":"2022-03-14T11:54:01","modified_gmt":"2022-03-14T10:54:01","slug":"de-mendoza-a-la-frontiere-chilienne","status":"publish","type":"page","link":"https:\/\/2l-a-velo.com\/?page_id=2257","title":{"rendered":"De Mendoza \u00e0 la fronti\u00e8re chilienne"},"content":{"rendered":"\n<div class=\"wp-block-media-text alignwide is-stacked-on-mobile\"><figure class=\"wp-block-media-text__media\"><img loading=\"lazy\" decoding=\"async\" width=\"1024\" height=\"682\" src=\"https:\/\/2l-a-velo.com\/wp-content\/uploads\/2019\/12\/P1084043-1024x682.jpg\" alt=\"\" class=\"wp-image-2329 size-full\" srcset=\"https:\/\/2l-a-velo.com\/wp-content\/uploads\/2019\/12\/P1084043-1024x682.jpg 1024w, https:\/\/2l-a-velo.com\/wp-content\/uploads\/2019\/12\/P1084043-300x200.jpg 300w, https:\/\/2l-a-velo.com\/wp-content\/uploads\/2019\/12\/P1084043-768x512.jpg 768w, https:\/\/2l-a-velo.com\/wp-content\/uploads\/2019\/12\/P1084043-900x600.jpg 900w, https:\/\/2l-a-velo.com\/wp-content\/uploads\/2019\/12\/P1084043-1280x853.jpg 1280w, https:\/\/2l-a-velo.com\/wp-content\/uploads\/2019\/12\/P1084043.jpg 2024w\" sizes=\"auto, (max-width: 1024px) 100vw, 1024px\" \/><\/figure><div class=\"wp-block-media-text__content\">\n<p class=\"has-text-align-center has-large-font-size\"> <strong>Du 13 au 18 d\u00e9cembre  <\/strong><\/p>\n<\/div><\/div>\n\n\n\n<p class=\"has-text-align-center has-white-color has-text-color has-background\" style=\"background-color:#05b717;font-size:30px\"><strong>Sur la Ruta 7<\/strong><\/p>\n\n\n\n<p class=\"has-small-font-size\">Nous quittons Mendoza et rejoignons la Ruta 40 qui, ici, est une 2 fois 3 voies. La circulation est tr\u00e8s dense et cela roule tr\u00e8s, tr\u00e8s vite. Malgr\u00e9 la bande d&rsquo;arr\u00eat d&rsquo;urgence, nous ne trouvons pas cela bien agr\u00e9able. Aussi, nous abandonnons notre Ruta 40 \u00e0 Lujan de Cuyo pour emprunter une route calme, d&rsquo;autant plus calme qu&rsquo;il y a une piste cyclable. Une bien belle route bord\u00e9e de magnifiques platanes. Nous rejoignons la Ruta 7 qui nous conduira jusqu&rsquo;\u00e0 la fronti\u00e8re chilienne. <\/p>\n\n\n\n<div class=\"wp-block-media-text alignwide is-stacked-on-mobile\"><figure class=\"wp-block-media-text__media\"><img loading=\"lazy\" decoding=\"async\" width=\"1024\" height=\"682\" src=\"https:\/\/2l-a-velo.com\/wp-content\/uploads\/2019\/12\/372A8955-1024x682.jpg\" alt=\"\" class=\"wp-image-2305 size-full\" srcset=\"https:\/\/2l-a-velo.com\/wp-content\/uploads\/2019\/12\/372A8955-1024x682.jpg 1024w, https:\/\/2l-a-velo.com\/wp-content\/uploads\/2019\/12\/372A8955-300x200.jpg 300w, https:\/\/2l-a-velo.com\/wp-content\/uploads\/2019\/12\/372A8955-768x512.jpg 768w, https:\/\/2l-a-velo.com\/wp-content\/uploads\/2019\/12\/372A8955-900x600.jpg 900w, https:\/\/2l-a-velo.com\/wp-content\/uploads\/2019\/12\/372A8955-1280x853.jpg 1280w, https:\/\/2l-a-velo.com\/wp-content\/uploads\/2019\/12\/372A8955.jpg 2024w\" sizes=\"auto, (max-width: 1024px) 100vw, 1024px\" \/><\/figure><div class=\"wp-block-media-text__content\">\n<p class=\"has-small-font-size\"> Cette Ruta 7 appel\u00e9e  Carretera Libertador General San Mart\u00edn, traverse l&rsquo;Argentine d&rsquo;ouest en est, de la fronti\u00e8re chilienne \u00e0 l&rsquo;oc\u00e9an Atlantique et se prolonge au Chili jusqu&rsquo;\u00e0 Valparaiso sous le nom de route CH 60. Sa longueur est de plus de 1200 km, en Argentine. Nous allons y passer plusieurs jours, de Mendoza au col d&rsquo;Uspallata (appel\u00e9 aussi col du Cristo Redentor) et parcourir environ 210 km. <\/p>\n<\/div><\/div>\n\n\n\n<p class=\"has-small-font-size\"> Jusqu&rsquo;\u00e0 Potrerillos, la circulation, qu&rsquo;on nous avait annonc\u00e9e p\u00e9nible est assez faible et nous profitons des paysages, de plus les mont\u00e9es sont douces. A Potrerillos, le camping \u00e9tant bien cher, nous bivouaquerons dans un coin \u00ab\u00a0barbecue\u00a0\u00bb o\u00f9 se trouvent d\u00e9j\u00e0 quatre tentes Mais une fois la tente mont\u00e9e, le bivouac bien install\u00e9, les matelas gonfl\u00e9s et les v\u00e9los attach\u00e9s, on nous informe gentiment que, la nuit, on ouvre les vannes d&rsquo;un canal pour arroser les cultures et que nous risquons d&rsquo;\u00eatre inond\u00e9s. Alors, on d\u00e9m\u00e9nage notre bazar pour un endroit plus propice aux nuits calmes !!! <\/p>\n\n\n\n<div class=\"wp-block-media-text alignwide has-media-on-the-right is-stacked-on-mobile\"><figure class=\"wp-block-media-text__media\"><img loading=\"lazy\" decoding=\"async\" width=\"1024\" height=\"682\" src=\"https:\/\/2l-a-velo.com\/wp-content\/uploads\/2019\/12\/372A8915-1024x682.jpg\" alt=\"\" class=\"wp-image-2307 size-full\" srcset=\"https:\/\/2l-a-velo.com\/wp-content\/uploads\/2019\/12\/372A8915-1024x682.jpg 1024w, https:\/\/2l-a-velo.com\/wp-content\/uploads\/2019\/12\/372A8915-300x200.jpg 300w, https:\/\/2l-a-velo.com\/wp-content\/uploads\/2019\/12\/372A8915-768x512.jpg 768w, https:\/\/2l-a-velo.com\/wp-content\/uploads\/2019\/12\/372A8915-900x600.jpg 900w, https:\/\/2l-a-velo.com\/wp-content\/uploads\/2019\/12\/372A8915-1280x853.jpg 1280w, https:\/\/2l-a-velo.com\/wp-content\/uploads\/2019\/12\/372A8915.jpg 2024w\" sizes=\"auto, (max-width: 1024px) 100vw, 1024px\" \/><\/figure><div class=\"wp-block-media-text__content\">\n<p class=\"has-small-font-size\">\n\nLa journ\u00e9e du lendemain nous emm\u00e8nera \u00e0 Uspallata en traversant de superbes paysages o\u00f9 la vari\u00e9t\u00e9 des couleurs de roches est assez extraordinaire. Quelques tunnels agr\u00e9mentent, si l&rsquo;on peut dire, le parcours mais ils sont courts heureusement. \n\n<\/p>\n<\/div><\/div>\n\n\n\n<p class=\"has-small-font-size\"> Un peu plus de camions aujourd&rsquo;hui mais plut\u00f4t dans l&rsquo;autre sens. Des mont\u00e9es toujours bien tranquilles, un soleil majoritairement pr\u00e9sent, et bien s\u00fbr les \u00e9ternels oratoires d\u00e9di\u00e9s \u00e0 la Difunta Correa qui d\u00e9bordent de bouteilles d&rsquo;eau, impressionnant !!! On retrouve un peu avant Uspallata Emilie et St\u00e9phanie. Dans ce village, nous trouverons une hospedaje car les deux campings ne sont pas bien attirants !<\/p>\n\n\n\n<div class=\"wp-block-media-text alignwide is-stacked-on-mobile\"><figure class=\"wp-block-media-text__media\"><img loading=\"lazy\" decoding=\"async\" width=\"1024\" height=\"682\" src=\"https:\/\/2l-a-velo.com\/wp-content\/uploads\/2019\/12\/372A8952-1024x682.jpg\" alt=\"\" class=\"wp-image-2309 size-full\" srcset=\"https:\/\/2l-a-velo.com\/wp-content\/uploads\/2019\/12\/372A8952-1024x682.jpg 1024w, https:\/\/2l-a-velo.com\/wp-content\/uploads\/2019\/12\/372A8952-300x200.jpg 300w, https:\/\/2l-a-velo.com\/wp-content\/uploads\/2019\/12\/372A8952-768x512.jpg 768w, https:\/\/2l-a-velo.com\/wp-content\/uploads\/2019\/12\/372A8952-900x600.jpg 900w, https:\/\/2l-a-velo.com\/wp-content\/uploads\/2019\/12\/372A8952-1280x853.jpg 1280w, https:\/\/2l-a-velo.com\/wp-content\/uploads\/2019\/12\/372A8952.jpg 2024w\" sizes=\"auto, (max-width: 1024px) 100vw, 1024px\" \/><\/figure><div class=\"wp-block-media-text__content\">\n<p class=\"has-small-font-size\"> Encore des paysages magnifiques&nbsp;! Cette route est tr\u00e8s belle ! Amis cyclos-voyageurs, ne prenez pas le bus sur cette portion, faites-la \u00e0 v\u00e9lo. Il y a bien quelques camions mais sans plus. Aujourd\u2019hui, la route monte plus qu\u2019elle ne descend mais la pente est raisonnable. <\/p>\n<\/div><\/div>\n\n\n\n<p class=\"has-small-font-size\"> Ce qui n\u2019est pas raisonnable, c\u2019est le vent de face \u00e0 partir de midi. Tr\u00e8s violent, il nous d\u00e9porte parfois et surtout nous ralentit dans les c\u00f4tes et m\u00eame sur le plat. Nous n\u2019avan\u00e7ons pas bien vite mais nous fatiguons beaucoup et c\u2019est bien contents que nous nous arr\u00eatons au refuge \u00ab&nbsp;Mundo Perdido&nbsp;\u00bb. Ce refuge est en fait une ancienne gare ferroviaire. Nous profitons de cet endroit finalement simple mais agr\u00e9able et pratique pour nettoyer les cha\u00eenes des v\u00e9los, changer les piles des compteurs, recharger les batteries diverses\u2026 Nous ne sommes plus qu\u2019\u00e0 30 km de la fronti\u00e8re chilienne&nbsp;! Apr\u00e8s cette fin de journ\u00e9e un peu difficile, nous nous offrirons une bouteille de Malbec, un tr\u00e8s bon vin argentin&nbsp;!!!<\/p>\n\n\n\n<p class=\"has-text-align-center has-white-color has-text-color has-background\" style=\"background-color:#05b717;font-size:28px\"><strong>Parc Provincial de l&rsquo;Aconcagua<\/strong><\/p>\n\n\n\n<div class=\"wp-block-media-text alignwide has-media-on-the-right is-stacked-on-mobile\"><figure class=\"wp-block-media-text__media\"><img loading=\"lazy\" decoding=\"async\" width=\"1024\" height=\"682\" src=\"https:\/\/2l-a-velo.com\/wp-content\/uploads\/2019\/12\/372A9035-1024x682.jpg\" alt=\"\" class=\"wp-image-2311 size-full\" srcset=\"https:\/\/2l-a-velo.com\/wp-content\/uploads\/2019\/12\/372A9035-1024x682.jpg 1024w, https:\/\/2l-a-velo.com\/wp-content\/uploads\/2019\/12\/372A9035-300x200.jpg 300w, https:\/\/2l-a-velo.com\/wp-content\/uploads\/2019\/12\/372A9035-768x512.jpg 768w, https:\/\/2l-a-velo.com\/wp-content\/uploads\/2019\/12\/372A9035-900x600.jpg 900w, https:\/\/2l-a-velo.com\/wp-content\/uploads\/2019\/12\/372A9035-1280x853.jpg 1280w, https:\/\/2l-a-velo.com\/wp-content\/uploads\/2019\/12\/372A9035.jpg 2024w\" sizes=\"auto, (max-width: 1024px) 100vw, 1024px\" \/><\/figure><div class=\"wp-block-media-text__content\">\n<p class=\"has-small-font-size\"> Une journ\u00e9e o\u00f9 nous faisons peu de kilom\u00e8tres. En effet, nous avons donn\u00e9 la priorit\u00e9 \u00e0 la montagne. Nous gagnons le village de Puente del Inca puis le parc Provincial de l&rsquo;Acongagua. Nous allons marcher (et oui !) sur le sentier de la lagune. <\/p>\n<\/div><\/div>\n\n\n\n<p class=\"has-black-color has-text-color has-small-font-size\"> Apr\u00e8s avoir laiss\u00e9 nos v\u00e9los aux bons soins des employ\u00e9s du parc, nous profiterons de vues superbes sur l&rsquo;Acongagua, encore bien enneig\u00e9, plus haut sommet des Am\u00e9riques qui culmine \u00e0 6962 m.  La premi\u00e8re ascension vers l&rsquo;Aconcagua a \u00e9t\u00e9 effectu\u00e9e en&nbsp;<a href=\"https:\/\/es.wikipedia.org\/wiki\/1897\">1897<\/a>&nbsp;par une exp\u00e9dition dirig\u00e9e par le britannique&nbsp;<a href=\"https:\/\/es.wikipedia.org\/wiki\/Edward_FitzGerald_(monta%C3%B1ista)\">Edward FitzGerald<\/a>.&nbsp;Le sommet a \u00e9t\u00e9 atteint par le Suisse&nbsp;<a href=\"https:\/\/es.wikipedia.org\/wiki\/Matthias_Zurbriggen\">Matthias Zurbriggen<\/a>&nbsp;le&nbsp;<a href=\"https:\/\/es.wikipedia.org\/wiki\/14_de_enero\">14 janvier<\/a>.<\/p>\n\n\n\n<div class=\"wp-block-media-text alignwide is-stacked-on-mobile\"><figure class=\"wp-block-media-text__media\"><img loading=\"lazy\" decoding=\"async\" width=\"1024\" height=\"682\" src=\"https:\/\/2l-a-velo.com\/wp-content\/uploads\/2019\/12\/P1084197-1024x682.jpg\" alt=\"\" class=\"wp-image-2313 size-full\" srcset=\"https:\/\/2l-a-velo.com\/wp-content\/uploads\/2019\/12\/P1084197-1024x682.jpg 1024w, https:\/\/2l-a-velo.com\/wp-content\/uploads\/2019\/12\/P1084197-300x200.jpg 300w, https:\/\/2l-a-velo.com\/wp-content\/uploads\/2019\/12\/P1084197-768x512.jpg 768w, https:\/\/2l-a-velo.com\/wp-content\/uploads\/2019\/12\/P1084197-900x600.jpg 900w, https:\/\/2l-a-velo.com\/wp-content\/uploads\/2019\/12\/P1084197-1280x853.jpg 1280w, https:\/\/2l-a-velo.com\/wp-content\/uploads\/2019\/12\/P1084197.jpg 2024w\" sizes=\"auto, (max-width: 1024px) 100vw, 1024px\" \/><\/figure><div class=\"wp-block-media-text__content\">\n<p class=\"has-small-font-size\">Hormis l&rsquo;Aconcagua, les montagnes environnantes, m\u00eame si elles sont moins imposantes, nous gratifient d&rsquo;une palette de couleurs incroyables, c&rsquo;est fascinant ! <\/p>\n<\/div><\/div>\n\n\n\n<p class=\"has-small-font-size\"> Nous passerons un peu de temps \u00e0 observer oiseaux et fleurs. Nous retournerons \u00e0 Puente del Inca. Le compteur n&rsquo;affichera que 20 km aujourd&rsquo;hui, mais l&rsquo;Aconcagua m\u00e9rite bien qu&rsquo;on lui consacre un peu de temps ! <\/p>\n\n\n\n<div class=\"wp-block-button aligncenter\"><a class=\"wp-block-button__link has-background\" href=\"https:\/\/photos.google.com\/share\/AF1QipP20-_dJecpNWF5tqFn5qnUR5IZ98VisVlXue0NAW8X_LXruOdkQHJjf9JtG9zI9g\/photo\/AF1QipOSM38_oAalGW5JpIau8T_3QYWnUFY5rFGBhUYF?key=d2ZMOU01SXdHUXZuRzdkOWZzenJhcDREbzIzS2pR\" style=\"background-color:#0674a3\">Album photos Parc Provincia Aconcagua (cliquez)<\/a><\/div>\n\n\n\n<p class=\"has-text-align-center has-white-color has-text-color has-background has-larger-font-size\" style=\"background-color:#05b717\"><strong>Vid\u00e9o : Dans le parc Provincial de l&rsquo;Aconcagua<\/strong><\/p>\n\n\n\n<figure><iframe loading=\"lazy\" width=\"560\" height=\"315\" src=\"https:\/\/www.youtube.com\/embed\/AZBm57savcg\" allowfullscreen=\"\"><\/iframe><\/figure>\n\n\n\n<p class=\"has-text-align-center\"><strong>Retour sur la Ruta 7<\/strong><\/p>\n\n\n\n<p class=\"has-accent-background-color has-background has-small-font-size\">La curiosit\u00e9 de Puente del Inca c&rsquo;est&#8230; le Puente del Inca ! C&rsquo;est une curiosit\u00e9 g\u00e9omorphologique produite par l&rsquo;\u00e9rosion de la rivi\u00e8re Las Cuevas qui a cr\u00e9\u00e9 un passage \u00e0 travers les moraines d\u00e9pos\u00e9es par les glaciers. Les eaux mini\u00e8res thermiques ont ensuite ciment\u00e9 la zone avec une enveloppe ferrugineuse ce qui lui a donn\u00e9 cette forme et ces tons d&rsquo;orange, de jaune et d&rsquo;ocre. A hauteur du pont, sur la rive droite de la rivi\u00e8re, coulent cinq sources thermales qui auraient des propri\u00e9t\u00e9s cicatrisantes et antistress !!!<\/p>\n\n\n\n<figure class=\"wp-block-image\"><img loading=\"lazy\" decoding=\"async\" width=\"1024\" height=\"423\" src=\"https:\/\/2l-a-velo.com\/wp-content\/uploads\/2019\/12\/Group-1-372A9091_372A9093-3-images-1024x423.jpg\" alt=\"\" class=\"wp-image-2318\" srcset=\"https:\/\/2l-a-velo.com\/wp-content\/uploads\/2019\/12\/Group-1-372A9091_372A9093-3-images-1024x423.jpg 1024w, https:\/\/2l-a-velo.com\/wp-content\/uploads\/2019\/12\/Group-1-372A9091_372A9093-3-images-300x124.jpg 300w, https:\/\/2l-a-velo.com\/wp-content\/uploads\/2019\/12\/Group-1-372A9091_372A9093-3-images-768x318.jpg 768w, https:\/\/2l-a-velo.com\/wp-content\/uploads\/2019\/12\/Group-1-372A9091_372A9093-3-images-900x372.jpg 900w, https:\/\/2l-a-velo.com\/wp-content\/uploads\/2019\/12\/Group-1-372A9091_372A9093-3-images-1280x529.jpg 1280w, https:\/\/2l-a-velo.com\/wp-content\/uploads\/2019\/12\/Group-1-372A9091_372A9093-3-images.jpg 2024w\" sizes=\"auto, (max-width: 1024px) 100vw, 1024px\" \/><figcaption>Le Puente del Inca<\/figcaption><\/figure>\n\n\n\n<p class=\"has-small-font-size\">Dans cette vall\u00e9e o\u00f9 coule le rio Mendoza, circulait jadis un train qui reliait la ville chilienne de Los Andes \u00e0 la ville argentine de Mendoza. Inaugur\u00e9 en 1910, ce train fonctionnera jusqu&rsquo;en 1984. <\/p>\n\n\n\n<div class=\"wp-block-media-text alignwide has-media-on-the-right is-stacked-on-mobile\"><figure class=\"wp-block-media-text__media\"><img loading=\"lazy\" decoding=\"async\" width=\"1024\" height=\"682\" src=\"https:\/\/2l-a-velo.com\/wp-content\/uploads\/2019\/12\/372A8963-1024x682.jpg\" alt=\"\" class=\"wp-image-2322 size-full\" srcset=\"https:\/\/2l-a-velo.com\/wp-content\/uploads\/2019\/12\/372A8963-1024x682.jpg 1024w, https:\/\/2l-a-velo.com\/wp-content\/uploads\/2019\/12\/372A8963-300x200.jpg 300w, https:\/\/2l-a-velo.com\/wp-content\/uploads\/2019\/12\/372A8963-768x512.jpg 768w, https:\/\/2l-a-velo.com\/wp-content\/uploads\/2019\/12\/372A8963-900x600.jpg 900w, https:\/\/2l-a-velo.com\/wp-content\/uploads\/2019\/12\/372A8963-1280x853.jpg 1280w, https:\/\/2l-a-velo.com\/wp-content\/uploads\/2019\/12\/372A8963.jpg 2024w\" sizes=\"auto, (max-width: 1024px) 100vw, 1024px\" \/><\/figure><div class=\"wp-block-media-text__content\">\n<p class=\"has-small-font-size\"> Tout le long de la route, on d\u00e9couvre les ouvrages construits pour ce trans-andin : les gares, dont certaines ont \u00e9t\u00e9 recycl\u00e9es en refuges, les ponts, les tunnels, les ouvrages paravalanches&#8230;   Actuellement, cette ligne est en ruines. N&rsquo;aurait-il pas \u00e9t\u00e9 possible de la remettre en \u00e9tat et \u00e9viter ainsi la circulation d&rsquo;autant de camions ?  <\/p>\n<\/div><\/div>\n\n\n\n<p class=\"has-small-font-size\">Derni\u00e8re partie de cette superbe route, la mont\u00e9e finale au col d&rsquo;Uspallata \u00e0 3854 m d&rsquo;altitude. Nous n&rsquo;avons pas pris le tunnel mais sommes mont\u00e9s au col par la piste, donc nous n&rsquo;\u00e9tions plus sur la Ruta 7. Seulement huit kilom\u00e8tres et demi \u00e0 8 % sur de beaux lacets mais avec le poids du v\u00e9lo et l&rsquo;\u00e9tat de la piste, ce n&rsquo;est pas forc\u00e9ment facile. Nous venons de passer le cap des 8000 km !!!<\/p>\n\n\n\n<div class=\"wp-block-media-text alignwide is-stacked-on-mobile\"><figure class=\"wp-block-media-text__media\"><img loading=\"lazy\" decoding=\"async\" width=\"1024\" height=\"682\" src=\"https:\/\/2l-a-velo.com\/wp-content\/uploads\/2019\/12\/372A9120-1-1024x682.jpg\" alt=\"\" class=\"wp-image-2350 size-full\" srcset=\"https:\/\/2l-a-velo.com\/wp-content\/uploads\/2019\/12\/372A9120-1-1024x682.jpg 1024w, https:\/\/2l-a-velo.com\/wp-content\/uploads\/2019\/12\/372A9120-1-300x200.jpg 300w, https:\/\/2l-a-velo.com\/wp-content\/uploads\/2019\/12\/372A9120-1-768x512.jpg 768w, https:\/\/2l-a-velo.com\/wp-content\/uploads\/2019\/12\/372A9120-1-900x600.jpg 900w, https:\/\/2l-a-velo.com\/wp-content\/uploads\/2019\/12\/372A9120-1-1280x853.jpg 1280w, https:\/\/2l-a-velo.com\/wp-content\/uploads\/2019\/12\/372A9120-1.jpg 2024w\" sizes=\"auto, (max-width: 1024px) 100vw, 1024px\" \/><\/figure><div class=\"wp-block-media-text__content\">\n<p class=\"has-small-font-size\"> Au sommet, tr\u00f4ne la statue du Christ Redempteur des Andes. Cette oeuvre, due au sculpteur Mateo Alonso est en bronze et mesure 12 m de haut. Les morceaux de la statue ont \u00e9t\u00e9 transport\u00e9s en train jusqu&rsquo;\u00e0 Las Cuevas puis jusqu&rsquo;au col \u00e0 dos de mulets.  <\/p>\n<\/div><\/div>\n\n\n\n<p class=\"has-small-font-size\">\n\nInaugur\u00e9e en 1904, elle symbolise le r\u00e8glement pacifique d&rsquo;un conflit qui avait conduit les Argentins et les Chiliens au bord de la guerre.\n\n<\/p>\n\n\n\n<div class=\"wp-block-button aligncenter\"><a class=\"wp-block-button__link has-background\" href=\"https:\/\/photos.google.com\/share\/AF1QipPCcHCY3Pqhx0sN5nOLvg9cX5XexEWp3LfZBILLiBn076_hJ9OxRNcev-uvqzHxTQ\/photo\/AF1QipONql0KgJASQRTJdHNkohw0FSvrV40a51ZGYVR9?key=SHJKZnY3cUYtZW5tMU45Z3UtVXJOekw4UXkwTzZ3\" style=\"background-color:#0375a5\">Album photos : De Mendoza \u00e0 la fronti\u00e8re chilienne (cliquez)<\/a><\/div>\n\n\n\n<p class=\"has-text-align-center has-white-color has-text-color has-background has-larger-font-size\" style=\"background-color:#05b717\"><strong>Video : Sur la Ruta 7<\/strong><\/p>\n\n\n\n<figure><iframe loading=\"lazy\" width=\"560\" height=\"315\" src=\"https:\/\/www.youtube.com\/embed\/BCbkC-G8SOY\" allowfullscreen=\"\"><\/iframe><\/figure>\n\n\n\n<p class=\"has-small-font-size\"><em>Nous allons entrer de nouveau au Chili mais nous reviendrons en Argentine un peu plus tard dans le voyage<\/em>.\n\n<\/p>\n\n\n\n<p class=\"has-text-color has-background has-small-font-size\" style=\"background-color:#22e94d;color:#df0417\">Nous souhaitons \u00e0 tous un joyeux No\u00ebl et en profitons pour remercier tous ceux qui nous laissent des commentaires, des messages, des mails&#8230; Nous passons le No\u00ebl \u00e0 Valparaiso avec un temps splendide et une temp\u00e9rature de 30 \u00b0. Nous d\u00e9gustons melons, cerises, abricots et avocats&#8230; cela ne nous \u00e9tait jamais arriv\u00e9 \u00e0 la fin du mois de d\u00e9cembre !!!<\/p>\n","protected":false},"excerpt":{"rendered":"<p>Du 13 au 18 d\u00e9cembre Sur la Ruta 7 Nous quittons Mendoza et rejoignons la Ruta 40 qui, ici, est une 2 fois 3 voies. La circulation est tr\u00e8s dense et cela roule tr\u00e8s, tr\u00e8s vite. Malgr\u00e9 la bande d&rsquo;arr\u00eat d&rsquo;urgence, nous ne trouvons pas cela bien agr\u00e9able. Aussi, nous abandonnons notre Ruta 40 \u00e0 [&hellip;]<\/p>\n","protected":false},"author":1,"featured_media":0,"parent":132,"menu_order":3,"comment_status":"open","ping_status":"closed","template":"","meta":{"jetpack_post_was_ever_published":false,"footnotes":""},"class_list":["post-2257","page","type-page","status-publish","hentry"],"jetpack_likes_enabled":true,"jetpack_sharing_enabled":true,"_links":{"self":[{"href":"https:\/\/2l-a-velo.com\/index.php?rest_route=\/wp\/v2\/pages\/2257","targetHints":{"allow":["GET"]}}],"collection":[{"href":"https:\/\/2l-a-velo.com\/index.php?rest_route=\/wp\/v2\/pages"}],"about":[{"href":"https:\/\/2l-a-velo.com\/index.php?rest_route=\/wp\/v2\/types\/page"}],"author":[{"embeddable":true,"href":"https:\/\/2l-a-velo.com\/index.php?rest_route=\/wp\/v2\/users\/1"}],"replies":[{"embeddable":true,"href":"https:\/\/2l-a-velo.com\/index.php?rest_route=%2Fwp%2Fv2%2Fcomments&post=2257"}],"version-history":[{"count":82,"href":"https:\/\/2l-a-velo.com\/index.php?rest_route=\/wp\/v2\/pages\/2257\/revisions"}],"predecessor-version":[{"id":4780,"href":"https:\/\/2l-a-velo.com\/index.php?rest_route=\/wp\/v2\/pages\/2257\/revisions\/4780"}],"up":[{"embeddable":true,"href":"https:\/\/2l-a-velo.com\/index.php?rest_route=\/wp\/v2\/pages\/132"}],"wp:attachment":[{"href":"https:\/\/2l-a-velo.com\/index.php?rest_route=%2Fwp%2Fv2%2Fmedia&parent=2257"}],"curies":[{"name":"wp","href":"https:\/\/api.w.org\/{rel}","templated":true}]}}