{"id":2932,"date":"2020-11-04T15:14:24","date_gmt":"2020-11-04T14:14:24","guid":{"rendered":"http:\/\/2l-a-velo.com\/?page_id=2932"},"modified":"2024-11-06T05:34:22","modified_gmt":"2024-11-06T04:34:22","slug":"ete-2020-direction-la-camargue","status":"publish","type":"page","link":"https:\/\/2l-a-velo.com\/?page_id=2932","title":{"rendered":"2020 Sud France, direction la Camargue"},"content":{"rendered":"<p><!--StartFragment--><\/p>\n\n\n<p>Notre premier voyage de cet \u00e9t\u00e9 2020, du 21 juillet au 20 ao\u00fbt, nous a emmen\u00e9s d&rsquo;Annecy en Camargue, et retour, via la Chartreuse, le Vercors, le Diois, le Luberon, Arles, la Camargue pour l&rsquo;aller et le Luberon, la r\u00e9gion de Digne les Bains, le D\u00e9voluy, le Tri\u00e8ves, Grenoble et la Chartreuse pour le retour.<\/p>\n\n\n\n<p>Un voyage sous un beau temps permanent. Nous avons parcouru 1400 km et gravi 17 624 m de d\u00e9nivel\u00e9. Nous ne connaissions pas la Camargue et bien c&rsquo;est&#8230; plat !!!<\/p>\n\n\n\n<p><em>Beaucoup d&rsquo;albums (trop ?) donc beaucoup de photos (beaucoup trop ?)<\/em>&#8230; <em>peut-\u00eatre, mais nous avons du mal \u00e0 nous limiter&#8230;<\/em><\/p>\n\n\n\n<h2 class=\"wp-block-heading\"><\/h2>\n\n\n\n<figure><iframe loading=\"lazy\" src=\"https:\/\/www.google.com\/maps\/d\/embed?mid=1Ocag0DjViFUkz-ckUnFaS155p9vpEcBJ&amp;hl=fr\" width=\"640\" height=\"480\"><\/iframe><\/figure>\n\n\n\n<div class=\"wp-block-media-text is-stacked-on-mobile\"><figure class=\"wp-block-media-text__media\"><img loading=\"lazy\" decoding=\"async\" width=\"1024\" height=\"683\" src=\"https:\/\/2l-a-velo.com\/wp-content\/uploads\/2020\/10\/IMG_3745_DxO-1024x683.jpg\" alt=\"\" class=\"wp-image-2901 size-full\" srcset=\"https:\/\/2l-a-velo.com\/wp-content\/uploads\/2020\/10\/IMG_3745_DxO-1024x683.jpg 1024w, https:\/\/2l-a-velo.com\/wp-content\/uploads\/2020\/10\/IMG_3745_DxO-300x200.jpg 300w, https:\/\/2l-a-velo.com\/wp-content\/uploads\/2020\/10\/IMG_3745_DxO-768x512.jpg 768w, https:\/\/2l-a-velo.com\/wp-content\/uploads\/2020\/10\/IMG_3745_DxO-900x600.jpg 900w, https:\/\/2l-a-velo.com\/wp-content\/uploads\/2020\/10\/IMG_3745_DxO-1280x853.jpg 1280w, https:\/\/2l-a-velo.com\/wp-content\/uploads\/2020\/10\/IMG_3745_DxO.jpg 1500w\" sizes=\"auto, (max-width: 1024px) 100vw, 1024px\" \/><\/figure><div class=\"wp-block-media-text__content\">\n<p class=\"has-text-align-center has-white-color has-text-color has-background has-regular-font-size\" style=\"background-color:#0376a8\"><strong><a href=\"https:\/\/photos.google.com\/share\/AF1QipNzfmSHo-1amF8G5hB5DxTYGlBcl0N4g5MS_PzIg7uHBL8rdL0taVnLzlnuQmB2vg\/photo\/AF1QipMJZvU5ji56-9vJLKb3NGBuXSvhU4eUrwZbp80v?key=QnhPbU5NYmUyTFpQYXdPZC1kM2VCY09KUlY3MlJR\">Album photos de la Chartreuse voyage aller<\/a><\/strong><\/p>\n<\/div><\/div>\n\n\n\n<div class=\"wp-block-media-text has-media-on-the-right is-stacked-on-mobile\"><figure class=\"wp-block-media-text__media\"><img loading=\"lazy\" decoding=\"async\" width=\"1024\" height=\"683\" src=\"https:\/\/2l-a-velo.com\/wp-content\/uploads\/2020\/10\/P1000330_DxO-1024x683.jpg\" alt=\"\" class=\"wp-image-2904 size-full\" srcset=\"https:\/\/2l-a-velo.com\/wp-content\/uploads\/2020\/10\/P1000330_DxO-1024x683.jpg 1024w, https:\/\/2l-a-velo.com\/wp-content\/uploads\/2020\/10\/P1000330_DxO-300x200.jpg 300w, https:\/\/2l-a-velo.com\/wp-content\/uploads\/2020\/10\/P1000330_DxO-768x512.jpg 768w, https:\/\/2l-a-velo.com\/wp-content\/uploads\/2020\/10\/P1000330_DxO-900x600.jpg 900w, https:\/\/2l-a-velo.com\/wp-content\/uploads\/2020\/10\/P1000330_DxO-1280x853.jpg 1280w, https:\/\/2l-a-velo.com\/wp-content\/uploads\/2020\/10\/P1000330_DxO.jpg 1500w\" sizes=\"auto, (max-width: 1024px) 100vw, 1024px\" \/><\/figure><div class=\"wp-block-media-text__content\">\n<p class=\"has-text-align-center has-white-color has-text-color has-background has-regular-font-size\" style=\"background-color:#0376a8\"><strong><a href=\"https:\/\/photos.google.com\/share\/AF1QipP_Xpmt6huYSkLdKNhWq12yKCgNtvONoaidTp4_kl3lZZi1SCiw5aD8K-uec21O2A\/photo\/AF1QipNkq1bBTr7TUDBUvtr4vA8U4Y3iaGjV6wc4tzpY?key=Q21HUFYtZ21JaUlTeGdSNmhobVN5S1hRV0JVTGtB\">Album photos du Vercors<\/a><\/strong><\/p>\n<\/div><\/div>\n\n\n\n<div class=\"wp-block-media-text is-stacked-on-mobile\"><figure class=\"wp-block-media-text__media\"><img loading=\"lazy\" decoding=\"async\" width=\"1024\" height=\"683\" src=\"https:\/\/2l-a-velo.com\/wp-content\/uploads\/2020\/10\/P1000384_DxO-1024x683.jpg\" alt=\"\" class=\"wp-image-2906 size-full\" srcset=\"https:\/\/2l-a-velo.com\/wp-content\/uploads\/2020\/10\/P1000384_DxO-1024x683.jpg 1024w, https:\/\/2l-a-velo.com\/wp-content\/uploads\/2020\/10\/P1000384_DxO-300x200.jpg 300w, https:\/\/2l-a-velo.com\/wp-content\/uploads\/2020\/10\/P1000384_DxO-768x512.jpg 768w, https:\/\/2l-a-velo.com\/wp-content\/uploads\/2020\/10\/P1000384_DxO-900x600.jpg 900w, https:\/\/2l-a-velo.com\/wp-content\/uploads\/2020\/10\/P1000384_DxO-1280x853.jpg 1280w, https:\/\/2l-a-velo.com\/wp-content\/uploads\/2020\/10\/P1000384_DxO.jpg 1500w\" sizes=\"auto, (max-width: 1024px) 100vw, 1024px\" \/><\/figure><div class=\"wp-block-media-text__content\">\n<p class=\"has-text-align-center has-white-color has-text-color has-background has-regular-font-size\" style=\"background-color:#0474a4\"><strong><a href=\"https:\/\/photos.google.com\/share\/AF1QipPD2ZcYR_bkmFfPHCIdcWN-1FxsGeatprcbm9DJRyq7SZu3BKQ1d-yI4ctS6NJlEg\/photo\/AF1QipN674cTjXYX_ioJlyCx31GnhgJBXOVAUz3F4svT?key=LU8xaFh6WUtQZ3RTN3B5RTROc2JNWUN3QnRjQXhn\">Album photos du Diois<\/a><\/strong><\/p>\n<\/div><\/div>\n\n\n\n<div class=\"wp-block-media-text has-media-on-the-right is-stacked-on-mobile\"><figure class=\"wp-block-media-text__media\"><img loading=\"lazy\" decoding=\"async\" width=\"1024\" height=\"683\" src=\"https:\/\/2l-a-velo.com\/wp-content\/uploads\/2020\/10\/IMG_3850_DxO-1024x683.jpg\" alt=\"\" class=\"wp-image-2907 size-full\" srcset=\"https:\/\/2l-a-velo.com\/wp-content\/uploads\/2020\/10\/IMG_3850_DxO-1024x683.jpg 1024w, https:\/\/2l-a-velo.com\/wp-content\/uploads\/2020\/10\/IMG_3850_DxO-300x200.jpg 300w, https:\/\/2l-a-velo.com\/wp-content\/uploads\/2020\/10\/IMG_3850_DxO-768x512.jpg 768w, https:\/\/2l-a-velo.com\/wp-content\/uploads\/2020\/10\/IMG_3850_DxO-900x600.jpg 900w, https:\/\/2l-a-velo.com\/wp-content\/uploads\/2020\/10\/IMG_3850_DxO-1280x853.jpg 1280w, https:\/\/2l-a-velo.com\/wp-content\/uploads\/2020\/10\/IMG_3850_DxO.jpg 1500w\" sizes=\"auto, (max-width: 1024px) 100vw, 1024px\" \/><\/figure><div class=\"wp-block-media-text__content\">\n<p class=\"has-text-align-center has-white-color has-text-color has-background has-regular-font-size\" style=\"background-color:#0472a1\"><strong><a href=\"https:\/\/photos.google.com\/share\/AF1QipNNbwCcLhs02dz6AZf-bkvu93h8m6wsx3m0TNJnJ-ds2elLDYl_yV4TtuTg6Rs7Xw\/photo\/AF1QipM2akmQ4ORsyvKTsvY01ZPGiZTAjoLheIHdkzPV?key=RTRrZlp1dVYwVnhNSnl3MDBJMG5LWGJ2NXB2cXBB\">Album photos de la Dr\u00f4me proven\u00e7ale<\/a><\/strong><\/p>\n<\/div><\/div>\n\n\n\n<div class=\"wp-block-media-text is-stacked-on-mobile\"><figure class=\"wp-block-media-text__media\"><img loading=\"lazy\" decoding=\"async\" width=\"1024\" height=\"683\" src=\"https:\/\/2l-a-velo.com\/wp-content\/uploads\/2020\/10\/P1000487_DxO-1024x683.jpg\" alt=\"\" class=\"wp-image-2908 size-full\" srcset=\"https:\/\/2l-a-velo.com\/wp-content\/uploads\/2020\/10\/P1000487_DxO-1024x683.jpg 1024w, https:\/\/2l-a-velo.com\/wp-content\/uploads\/2020\/10\/P1000487_DxO-300x200.jpg 300w, https:\/\/2l-a-velo.com\/wp-content\/uploads\/2020\/10\/P1000487_DxO-768x512.jpg 768w, https:\/\/2l-a-velo.com\/wp-content\/uploads\/2020\/10\/P1000487_DxO-900x600.jpg 900w, https:\/\/2l-a-velo.com\/wp-content\/uploads\/2020\/10\/P1000487_DxO-1280x853.jpg 1280w, https:\/\/2l-a-velo.com\/wp-content\/uploads\/2020\/10\/P1000487_DxO.jpg 1500w\" sizes=\"auto, (max-width: 1024px) 100vw, 1024px\" \/><\/figure><div class=\"wp-block-media-text__content\">\n<p class=\"has-text-align-center has-white-color has-text-color has-background has-regular-font-size\" style=\"background-color:#0373a3\"><strong><a href=\"https:\/\/photos.google.com\/share\/AF1QipMszVSUIFc8zfLXPZAOjU_RPXD_dkQ2S1ry1xdAD0NegAuBy2p64f89Q8P1cbXCQQ\/photo\/AF1QipM0ZUK5s2nVt4UdBUYwv4LWtviXRcVhYVTegKEs?key=UGtjWVEzRFBmV3djdkxCZnNGSk9xSC00Snp0RTZn\">Album photos du Luberon, voyage aller<\/a><\/strong><\/p>\n<\/div><\/div>\n\n\n\n<div class=\"wp-block-media-text has-media-on-the-right is-stacked-on-mobile\"><figure class=\"wp-block-media-text__media\"><img loading=\"lazy\" decoding=\"async\" width=\"1024\" height=\"683\" src=\"https:\/\/2l-a-velo.com\/wp-content\/uploads\/2020\/10\/IMG_4020_DxO-1024x683.jpg\" alt=\"\" class=\"wp-image-2916 size-full\" srcset=\"https:\/\/2l-a-velo.com\/wp-content\/uploads\/2020\/10\/IMG_4020_DxO-1024x683.jpg 1024w, https:\/\/2l-a-velo.com\/wp-content\/uploads\/2020\/10\/IMG_4020_DxO-300x200.jpg 300w, https:\/\/2l-a-velo.com\/wp-content\/uploads\/2020\/10\/IMG_4020_DxO-768x512.jpg 768w, https:\/\/2l-a-velo.com\/wp-content\/uploads\/2020\/10\/IMG_4020_DxO-900x600.jpg 900w, https:\/\/2l-a-velo.com\/wp-content\/uploads\/2020\/10\/IMG_4020_DxO-1280x853.jpg 1280w, https:\/\/2l-a-velo.com\/wp-content\/uploads\/2020\/10\/IMG_4020_DxO.jpg 1800w\" sizes=\"auto, (max-width: 1024px) 100vw, 1024px\" \/><\/figure><div class=\"wp-block-media-text__content\">\n<p class=\"has-text-align-center has-white-color has-text-color has-background has-regular-font-size\" style=\"background-color:#0576a6\"><strong><a href=\"https:\/\/photos.google.com\/share\/AF1QipPKKIbgRrm4tTTrz2_pbISfhI6HnoqgnM06NwJdJgbnfq0vtynX3yMPzzrWD4-89Q\/photo\/AF1QipOyE9usUZWHOEhKu_wETAiTPGPbSc0jESugrTBE?key=NllZbUt1SVRJelUxWXpzakVDclJISVdtSXZ1ZVpR\">Album photos Saint R\u00e9my de Provence et environs<\/a><\/strong><\/p>\n<\/div><\/div>\n\n\n\n<div class=\"wp-block-media-text is-stacked-on-mobile\"><figure class=\"wp-block-media-text__media\"><img loading=\"lazy\" decoding=\"async\" width=\"1024\" height=\"683\" src=\"https:\/\/2l-a-velo.com\/wp-content\/uploads\/2020\/10\/P1000660_DxO-1024x683.jpg\" alt=\"\" class=\"wp-image-2917 size-full\" srcset=\"https:\/\/2l-a-velo.com\/wp-content\/uploads\/2020\/10\/P1000660_DxO-1024x683.jpg 1024w, https:\/\/2l-a-velo.com\/wp-content\/uploads\/2020\/10\/P1000660_DxO-300x200.jpg 300w, https:\/\/2l-a-velo.com\/wp-content\/uploads\/2020\/10\/P1000660_DxO-768x512.jpg 768w, https:\/\/2l-a-velo.com\/wp-content\/uploads\/2020\/10\/P1000660_DxO-900x600.jpg 900w, https:\/\/2l-a-velo.com\/wp-content\/uploads\/2020\/10\/P1000660_DxO-1280x853.jpg 1280w, https:\/\/2l-a-velo.com\/wp-content\/uploads\/2020\/10\/P1000660_DxO.jpg 1800w\" sizes=\"auto, (max-width: 1024px) 100vw, 1024px\" \/><\/figure><div class=\"wp-block-media-text__content\">\n<p class=\"has-text-align-center has-white-color has-text-color has-background has-regular-font-size\" style=\"background-color:#0474a4\"><strong><a href=\"https:\/\/photos.google.com\/share\/AF1QipOAESGcxsa4zVT8VElmtNVZ-O1gG93I82Qa20FeAKpOOoHREK359yI8avzZ3AYW_w\/photo\/AF1QipP-OXLSyGUagb_Q6MP_mCwqSHPaj_JffCSlAJ76?key=NUpnVUVsYjFsQm5nYjJrMlV2bnhObEY4cnFYMWZ3\">Album photos Les Baux de Provence et environs<\/a><\/strong><a href=\"https:\/\/photos.google.com\/share\/AF1QipOAESGcxsa4zVT8VElmtNVZ-O1gG93I82Qa20FeAKpOOoHREK359yI8avzZ3AYW_w\/photo\/AF1QipP-OXLSyGUagb_Q6MP_mCwqSHPaj_JffCSlAJ76?key=NUpnVUVsYjFsQm5nYjJrMlV2bnhObEY4cnFYMWZ3\">. <\/a><strong><a href=\"https:\/\/photos.google.com\/share\/AF1QipOAESGcxsa4zVT8VElmtNVZ-O1gG93I82Qa20FeAKpOOoHREK359yI8avzZ3AYW_w\/photo\/AF1QipP-OXLSyGUagb_Q6MP_mCwqSHPaj_JffCSlAJ76?key=NUpnVUVsYjFsQm5nYjJrMlV2bnhObEY4cnFYMWZ3\">Carri\u00e8res de Lumi\u00e8re<\/a><\/strong><a href=\"https:\/\/photos.google.com\/share\/AF1QipOAESGcxsa4zVT8VElmtNVZ-O1gG93I82Qa20FeAKpOOoHREK359yI8avzZ3AYW_w\/photo\/AF1QipP-OXLSyGUagb_Q6MP_mCwqSHPaj_JffCSlAJ76?key=NUpnVUVsYjFsQm5nYjJrMlV2bnhObEY4cnFYMWZ3\">s<\/a><\/p>\n<\/div><\/div>\n\n\n\n<div class=\"wp-block-media-text has-media-on-the-right is-stacked-on-mobile\"><figure class=\"wp-block-media-text__media\"><img loading=\"lazy\" decoding=\"async\" width=\"1024\" height=\"682\" src=\"https:\/\/2l-a-velo.com\/wp-content\/uploads\/2020\/10\/IMG_4100_DxO-1024x682.jpg\" alt=\"\" class=\"wp-image-2918 size-full\" srcset=\"https:\/\/2l-a-velo.com\/wp-content\/uploads\/2020\/10\/IMG_4100_DxO-1024x682.jpg 1024w, https:\/\/2l-a-velo.com\/wp-content\/uploads\/2020\/10\/IMG_4100_DxO-300x200.jpg 300w, https:\/\/2l-a-velo.com\/wp-content\/uploads\/2020\/10\/IMG_4100_DxO-768x512.jpg 768w, https:\/\/2l-a-velo.com\/wp-content\/uploads\/2020\/10\/IMG_4100_DxO-900x600.jpg 900w, https:\/\/2l-a-velo.com\/wp-content\/uploads\/2020\/10\/IMG_4100_DxO-1280x853.jpg 1280w, https:\/\/2l-a-velo.com\/wp-content\/uploads\/2020\/10\/IMG_4100_DxO.jpg 2000w\" sizes=\"auto, (max-width: 1024px) 100vw, 1024px\" \/><\/figure><div class=\"wp-block-media-text__content\">\n<p class=\"has-text-align-center has-white-color has-text-color has-background has-regular-font-size\" style=\"background-color:#047caf\"><strong><a href=\"https:\/\/photos.google.com\/share\/AF1QipMg2M7g7-tyXa6AMRUFknxjGuuM3w-Y_NDQwr96spAGbaJwni7g8i4F1HSySlDttw\/photo\/AF1QipP0oEj9pAm2FWg7PYOf3yWLClYPHYp_B33d01fu?key=R2tSNENld1dMMDlYUWxiMTRMMV9EaGdmU2M0VzNB\">Album photos Arles<\/a><\/strong><\/p>\n<\/div><\/div>\n\n\n\n<div class=\"wp-block-media-text is-stacked-on-mobile\"><figure class=\"wp-block-media-text__media\"><img loading=\"lazy\" decoding=\"async\" width=\"1024\" height=\"683\" src=\"https:\/\/2l-a-velo.com\/wp-content\/uploads\/2020\/10\/IMG_4205_DxO-1024x683.jpg\" alt=\"\" class=\"wp-image-2919 size-full\" srcset=\"https:\/\/2l-a-velo.com\/wp-content\/uploads\/2020\/10\/IMG_4205_DxO-1024x683.jpg 1024w, https:\/\/2l-a-velo.com\/wp-content\/uploads\/2020\/10\/IMG_4205_DxO-300x200.jpg 300w, https:\/\/2l-a-velo.com\/wp-content\/uploads\/2020\/10\/IMG_4205_DxO-768x512.jpg 768w, https:\/\/2l-a-velo.com\/wp-content\/uploads\/2020\/10\/IMG_4205_DxO-900x600.jpg 900w, https:\/\/2l-a-velo.com\/wp-content\/uploads\/2020\/10\/IMG_4205_DxO-1280x854.jpg 1280w\" sizes=\"auto, (max-width: 1024px) 100vw, 1024px\" \/><\/figure><div class=\"wp-block-media-text__content\">\n<p class=\"has-text-align-center has-white-color has-text-color has-background has-regular-font-size\" style=\"background-color:#0476a6\"><strong><a href=\"https:\/\/photos.google.com\/share\/AF1QipO2BcCKW5SW5G-asVk45FUEwHCz7ana6WwOfJOyq3CwqVCQehGVw3d6LSllZCw0nQ\/photo\/AF1QipPvzRmqVj0M0kJGyv9TsgV6zhfuPuCgzQmTLOr6?key=cTVSVXY0SXZKSU9OckFEemxzSlRPY0ZRZkZaNFVB\">Album photos La Camargue<\/a><\/strong><\/p>\n<\/div><\/div>\n\n\n\n<div class=\"wp-block-media-text has-media-on-the-right is-stacked-on-mobile\"><figure class=\"wp-block-media-text__media\"><img loading=\"lazy\" decoding=\"async\" width=\"1024\" height=\"683\" src=\"https:\/\/2l-a-velo.com\/wp-content\/uploads\/2020\/10\/IMG_4180_DxO-1024x683.jpg\" alt=\"\" class=\"wp-image-2920 size-full\" srcset=\"https:\/\/2l-a-velo.com\/wp-content\/uploads\/2020\/10\/IMG_4180_DxO-1024x683.jpg 1024w, https:\/\/2l-a-velo.com\/wp-content\/uploads\/2020\/10\/IMG_4180_DxO-300x200.jpg 300w, https:\/\/2l-a-velo.com\/wp-content\/uploads\/2020\/10\/IMG_4180_DxO-768x512.jpg 768w, https:\/\/2l-a-velo.com\/wp-content\/uploads\/2020\/10\/IMG_4180_DxO-900x600.jpg 900w, https:\/\/2l-a-velo.com\/wp-content\/uploads\/2020\/10\/IMG_4180_DxO-1280x854.jpg 1280w\" sizes=\"auto, (max-width: 1024px) 100vw, 1024px\" \/><\/figure><div class=\"wp-block-media-text__content\">\n<p class=\"has-text-align-center has-white-color has-text-color has-background has-regular-font-size\" style=\"background-color:#0374a4\"><strong><a href=\"https:\/\/photos.google.com\/share\/AF1QipNHvayvfug4lck0ei5TQnErLiKSvYxHQiAFbDuJGwK-ByR3MNpsHBGzQybjN5ZtKA\/photo\/AF1QipOgImvknMKhh3FTxtSFRq72UDwV9lSg556xP345?key=MWRrMFMtTXVYMkQ5ZDJHZlo0czdyVG1vUkU2bTVB\">Album photos Aigues-Mortes et environs<\/a><\/strong><\/p>\n<\/div><\/div>\n\n\n\n<div class=\"wp-block-media-text is-stacked-on-mobile\"><figure class=\"wp-block-media-text__media\"><img loading=\"lazy\" decoding=\"async\" width=\"1024\" height=\"683\" src=\"https:\/\/2l-a-velo.com\/wp-content\/uploads\/2020\/10\/P1000930_DxO-1024x683.jpg\" alt=\"\" class=\"wp-image-2910 size-full\" srcset=\"https:\/\/2l-a-velo.com\/wp-content\/uploads\/2020\/10\/P1000930_DxO-1024x683.jpg 1024w, https:\/\/2l-a-velo.com\/wp-content\/uploads\/2020\/10\/P1000930_DxO-300x200.jpg 300w, https:\/\/2l-a-velo.com\/wp-content\/uploads\/2020\/10\/P1000930_DxO-768x512.jpg 768w, https:\/\/2l-a-velo.com\/wp-content\/uploads\/2020\/10\/P1000930_DxO-900x600.jpg 900w, https:\/\/2l-a-velo.com\/wp-content\/uploads\/2020\/10\/P1000930_DxO-1280x854.jpg 1280w\" sizes=\"auto, (max-width: 1024px) 100vw, 1024px\" \/><\/figure><div class=\"wp-block-media-text__content\">\n<p class=\"has-text-align-center has-white-color has-text-color has-background has-regular-font-size\" style=\"background-color:#0674a3\"><strong><a href=\"https:\/\/photos.google.com\/share\/AF1QipN7eD4ZGogrpk8wtmorJhclxGgWUz6YtjSpsdeISewKiKU2z-BcASCP78xC9xEVjw\/photo\/AF1QipO_JJknaD62tSAgHqfYP_Afa8x60VFqIwnn5cSP?key=dlIycTQydGk5TVhobk5oYjJNV2F0LUVpWW5WdFJB\">Album photos Le Luberon voyage retour<\/a><\/strong><\/p>\n<\/div><\/div>\n\n\n\n<div class=\"wp-block-media-text has-media-on-the-right is-stacked-on-mobile\"><figure class=\"wp-block-media-text__media\"><img loading=\"lazy\" decoding=\"async\" width=\"1024\" height=\"683\" src=\"https:\/\/2l-a-velo.com\/wp-content\/uploads\/2020\/10\/P1001031_DxO-1024x683.jpg\" alt=\"\" class=\"wp-image-2924 size-full\" srcset=\"https:\/\/2l-a-velo.com\/wp-content\/uploads\/2020\/10\/P1001031_DxO-1024x683.jpg 1024w, https:\/\/2l-a-velo.com\/wp-content\/uploads\/2020\/10\/P1001031_DxO-300x200.jpg 300w, https:\/\/2l-a-velo.com\/wp-content\/uploads\/2020\/10\/P1001031_DxO-768x512.jpg 768w, https:\/\/2l-a-velo.com\/wp-content\/uploads\/2020\/10\/P1001031_DxO-900x600.jpg 900w, https:\/\/2l-a-velo.com\/wp-content\/uploads\/2020\/10\/P1001031_DxO-1280x854.jpg 1280w\" sizes=\"auto, (max-width: 1024px) 100vw, 1024px\" \/><\/figure><div class=\"wp-block-media-text__content\">\n<p class=\"has-text-align-center has-white-color has-text-color has-background has-regular-font-size\" style=\"background-color:#04709f\"><strong><a href=\"https:\/\/photos.google.com\/share\/AF1QipO35VZAR9q7nsKTL3wNtRC0nx9i0JvD9Ytnm4j-8YhMbe_djJAZ_Ptua5erl8Agbw\/photo\/AF1QipPswBh23WuvnHxBzy2MpyK1zw9GCKR67Lkftfap?key=Zmx2bWVYVWVMZThhMkRtay1UTGdkendDcFhQZWRn\">Album photo de Manosque \u00e0 Sisteron<\/a><\/strong><\/p>\n<\/div><\/div>\n\n\n\n<div class=\"wp-block-media-text is-stacked-on-mobile\"><figure class=\"wp-block-media-text__media\"><img loading=\"lazy\" decoding=\"async\" width=\"1024\" height=\"683\" src=\"https:\/\/2l-a-velo.com\/wp-content\/uploads\/2020\/10\/IMG_4472_DxO-1024x683.jpg\" alt=\"\" class=\"wp-image-2925 size-full\" srcset=\"https:\/\/2l-a-velo.com\/wp-content\/uploads\/2020\/10\/IMG_4472_DxO-1024x683.jpg 1024w, https:\/\/2l-a-velo.com\/wp-content\/uploads\/2020\/10\/IMG_4472_DxO-300x200.jpg 300w, https:\/\/2l-a-velo.com\/wp-content\/uploads\/2020\/10\/IMG_4472_DxO-768x512.jpg 768w, https:\/\/2l-a-velo.com\/wp-content\/uploads\/2020\/10\/IMG_4472_DxO-900x600.jpg 900w, https:\/\/2l-a-velo.com\/wp-content\/uploads\/2020\/10\/IMG_4472_DxO-1280x854.jpg 1280w\" sizes=\"auto, (max-width: 1024px) 100vw, 1024px\" \/><\/figure><div class=\"wp-block-media-text__content\">\n<p class=\"has-text-align-center has-white-color has-text-color has-background has-regular-font-size\" style=\"background-color:#04709f\"><strong><a href=\"https:\/\/photos.google.com\/share\/AF1QipOSAYwcOTv7BPi7xM2573x6JlOvUARAQo4Y6yCQNxNPxqrNlaTkuJem91qeUQqZ1w\/photo\/AF1QipO96TTv9n2hd8wBjinwgpIUNcVe-ynnyXj2AS53?key=cktLclhKTms4a1RYRU15RWlYWE1QbmlwRzVRUVN3\">Album photos de Sisteron \u00e0 Mens<\/a><\/strong><\/p>\n<\/div><\/div>\n\n\n\n<div class=\"wp-block-media-text has-media-on-the-right is-stacked-on-mobile\"><figure class=\"wp-block-media-text__media\"><img loading=\"lazy\" decoding=\"async\" width=\"1024\" height=\"683\" src=\"https:\/\/2l-a-velo.com\/wp-content\/uploads\/2020\/10\/P1011227_DxO-1024x683.jpg\" alt=\"\" class=\"wp-image-2926 size-full\" srcset=\"https:\/\/2l-a-velo.com\/wp-content\/uploads\/2020\/10\/P1011227_DxO-1024x683.jpg 1024w, https:\/\/2l-a-velo.com\/wp-content\/uploads\/2020\/10\/P1011227_DxO-300x200.jpg 300w, https:\/\/2l-a-velo.com\/wp-content\/uploads\/2020\/10\/P1011227_DxO-768x512.jpg 768w, https:\/\/2l-a-velo.com\/wp-content\/uploads\/2020\/10\/P1011227_DxO-900x600.jpg 900w, https:\/\/2l-a-velo.com\/wp-content\/uploads\/2020\/10\/P1011227_DxO-1280x854.jpg 1280w\" sizes=\"auto, (max-width: 1024px) 100vw, 1024px\" \/><\/figure><div class=\"wp-block-media-text__content\">\n<p class=\"has-text-align-center has-white-color has-text-color has-background has-regular-font-size\" style=\"background-color:#0472a1\"><strong><a href=\"https:\/\/photos.google.com\/share\/AF1QipMWx-_8jaAAQByp1yxFpS3aQrPSiyYQwrGElmXdgCC1V0-MXC3v7lt1P-yumE2P0A\/photo\/AF1QipMztFrzRLhLYhfq4YNgOaOgikV7Si-fq7IOjEg-?key=UFpJZjdUdXJZMko4SkN1T2R1Wm0ybnFFWG9WUmhR\">Album photos de Mens \u00e0 Grenoble<\/a><\/strong><\/p>\n<\/div><\/div>\n\n\n\n<div class=\"wp-block-media-text is-stacked-on-mobile\"><figure class=\"wp-block-media-text__media\"><img loading=\"lazy\" decoding=\"async\" width=\"1024\" height=\"683\" src=\"https:\/\/2l-a-velo.com\/wp-content\/uploads\/2020\/10\/P1011268_DxO-1024x683.jpg\" alt=\"\" class=\"wp-image-2913 size-full\" srcset=\"https:\/\/2l-a-velo.com\/wp-content\/uploads\/2020\/10\/P1011268_DxO-1024x683.jpg 1024w, https:\/\/2l-a-velo.com\/wp-content\/uploads\/2020\/10\/P1011268_DxO-300x200.jpg 300w, https:\/\/2l-a-velo.com\/wp-content\/uploads\/2020\/10\/P1011268_DxO-768x512.jpg 768w, https:\/\/2l-a-velo.com\/wp-content\/uploads\/2020\/10\/P1011268_DxO-900x600.jpg 900w, https:\/\/2l-a-velo.com\/wp-content\/uploads\/2020\/10\/P1011268_DxO-1280x854.jpg 1280w\" sizes=\"auto, (max-width: 1024px) 100vw, 1024px\" \/><\/figure><div class=\"wp-block-media-text__content\">\n<p class=\"has-text-align-center has-white-color has-text-color has-background has-regular-font-size\" style=\"background-color:#0572a1\"><strong><a href=\"https:\/\/photos.google.com\/share\/AF1QipO-x8Bhnl6bCXMxQ4kpLttMPzFHxV_d_FGIiQrfPGZ7CYWGxipvkllGEFQelVs5EQ\/photo\/AF1QipM5VjjdXoWPD8NqHu1gqyK1ER6FMm0sUjSHXeu2?key=NFFmdDRORGpxc2pKX3RsV3ZYXzUzZlM0VmctQWFn\">Album photos de la Chartreuse, voyage retour<\/a><\/strong><\/p>\n<\/div><\/div>\n\n\n\n<p><em>Vid\u00e9o \u00e0 venir&#8230;<\/em><\/p>\n","protected":false},"excerpt":{"rendered":"<p>Notre premier voyage de cet \u00e9t\u00e9 2020, du 21 juillet au 20 ao\u00fbt, nous a emmen\u00e9s d&rsquo;Annecy en Camargue, et retour, via la Chartreuse, le Vercors, le Diois, le Luberon, Arles, la Camargue pour l&rsquo;aller et le Luberon, la r\u00e9gion de Digne les Bains, le D\u00e9voluy, le Tri\u00e8ves, Grenoble et la Chartreuse pour le retour. [&hellip;]<\/p>\n","protected":false},"author":1,"featured_media":0,"parent":2886,"menu_order":0,"comment_status":"open","ping_status":"closed","template":"","meta":{"jetpack_post_was_ever_published":false,"footnotes":""},"class_list":["post-2932","page","type-page","status-publish","hentry"],"jetpack_likes_enabled":true,"jetpack_sharing_enabled":true,"_links":{"self":[{"href":"https:\/\/2l-a-velo.com\/index.php?rest_route=\/wp\/v2\/pages\/2932","targetHints":{"allow":["GET"]}}],"collection":[{"href":"https:\/\/2l-a-velo.com\/index.php?rest_route=\/wp\/v2\/pages"}],"about":[{"href":"https:\/\/2l-a-velo.com\/index.php?rest_route=\/wp\/v2\/types\/page"}],"author":[{"embeddable":true,"href":"https:\/\/2l-a-velo.com\/index.php?rest_route=\/wp\/v2\/users\/1"}],"replies":[{"embeddable":true,"href":"https:\/\/2l-a-velo.com\/index.php?rest_route=%2Fwp%2Fv2%2Fcomments&post=2932"}],"version-history":[{"count":9,"href":"https:\/\/2l-a-velo.com\/index.php?rest_route=\/wp\/v2\/pages\/2932\/revisions"}],"predecessor-version":[{"id":4782,"href":"https:\/\/2l-a-velo.com\/index.php?rest_route=\/wp\/v2\/pages\/2932\/revisions\/4782"}],"up":[{"embeddable":true,"href":"https:\/\/2l-a-velo.com\/index.php?rest_route=\/wp\/v2\/pages\/2886"}],"wp:attachment":[{"href":"https:\/\/2l-a-velo.com\/index.php?rest_route=%2Fwp%2Fv2%2Fmedia&parent=2932"}],"curies":[{"name":"wp","href":"https:\/\/api.w.org\/{rel}","templated":true}]}}