{"id":3157,"date":"2021-06-24T18:21:01","date_gmt":"2021-06-24T16:21:01","guid":{"rendered":"http:\/\/2l-a-velo.com\/?page_id=3157"},"modified":"2022-03-14T11:59:24","modified_gmt":"2022-03-14T10:59:24","slug":"de-santa-teresa-gallura-au-capo-caccia","status":"publish","type":"page","link":"https:\/\/2l-a-velo.com\/?page_id=3157","title":{"rendered":"De Santa Teresa Gallura au Capo Caccia"},"content":{"rendered":"\n<div class=\"wp-block-media-text alignwide is-stacked-on-mobile\"><figure class=\"wp-block-media-text__media\"><img loading=\"lazy\" decoding=\"async\" width=\"1024\" height=\"575\" src=\"https:\/\/2l-a-velo.com\/wp-content\/uploads\/2021\/06\/P1015276-1024x575.jpg\" alt=\"\" class=\"wp-image-3160 size-full\" srcset=\"https:\/\/2l-a-velo.com\/wp-content\/uploads\/2021\/06\/P1015276-1024x575.jpg 1024w, https:\/\/2l-a-velo.com\/wp-content\/uploads\/2021\/06\/P1015276-300x168.jpg 300w, https:\/\/2l-a-velo.com\/wp-content\/uploads\/2021\/06\/P1015276-768x431.jpg 768w, https:\/\/2l-a-velo.com\/wp-content\/uploads\/2021\/06\/P1015276-900x505.jpg 900w, https:\/\/2l-a-velo.com\/wp-content\/uploads\/2021\/06\/P1015276-1280x719.jpg 1280w\" sizes=\"auto, (max-width: 1024px) 100vw, 1024px\" \/><\/figure><div class=\"wp-block-media-text__content\">\n<p class=\"has-text-align-center has-larger-font-size\"><strong>Du 19 au 23 juin<\/strong><\/p>\n<\/div><\/div>\n\n\n\n<p class=\"has-text-align-center has-white-color has-text-color has-background has-large-font-size\" style=\"background-color:#00a302\"><strong>Itin\u00e9raire<\/strong><\/p>\n\n\n\n<iframe loading=\"lazy\" src=\"https:\/\/www.google.com\/maps\/d\/embed?mid=1lTTrIgODGBAj366_AJ_n2NbDBtvc_yUj&amp;hl=fr\" width=\"640\" height=\"480\"><\/iframe>\n\n\n\n<p class=\"has-text-align-center has-white-color has-text-color has-background has-large-font-size\" style=\"background-color:#00a302\"><strong>De Santa Teresa Gallura \u00e0 Sassari<\/strong><\/p>\n\n\n\n<p>Embarquement \u00e0 destination de la Sardaigne sous un ciel brumeux. Arriv\u00e9s \u00e0 Santa Teresa de Gallura, nous prenons la direction du Capo Testa sur une route o\u00f9 mont\u00e9es et descentes se succ\u00e8dent. Mais les efforts seront r\u00e9compens\u00e9s, c&rsquo;est superbe !!! Nous faisons demi-tour et retournons \u00e0 Santa Teresa de Gallura. La suite est tr\u00e8s facile sur une route peu pentue avec une faible circulation.<\/p>\n\n\n\n<p>Le lendemain, temps couvert, vent fort et chaud, sur cette route plus vallonn\u00e9e. Nous bifurquons vers Isla Rosa. Cela descend bien.<\/p>\n\n\n\n<p><\/p>\n\n\n\n<div class=\"wp-block-media-text alignwide has-media-on-the-right is-stacked-on-mobile\"><figure class=\"wp-block-media-text__media\"><img loading=\"lazy\" decoding=\"async\" width=\"1024\" height=\"575\" src=\"https:\/\/2l-a-velo.com\/wp-content\/uploads\/2021\/06\/P1015298-1024x575.jpg\" alt=\"\" class=\"wp-image-3161 size-full\" srcset=\"https:\/\/2l-a-velo.com\/wp-content\/uploads\/2021\/06\/P1015298-1024x575.jpg 1024w, https:\/\/2l-a-velo.com\/wp-content\/uploads\/2021\/06\/P1015298-300x168.jpg 300w, https:\/\/2l-a-velo.com\/wp-content\/uploads\/2021\/06\/P1015298-768x431.jpg 768w, https:\/\/2l-a-velo.com\/wp-content\/uploads\/2021\/06\/P1015298-900x505.jpg 900w, https:\/\/2l-a-velo.com\/wp-content\/uploads\/2021\/06\/P1015298-1280x719.jpg 1280w\" sizes=\"auto, (max-width: 1024px) 100vw, 1024px\" \/><\/figure><div class=\"wp-block-media-text__content\">\n<p class=\"has-text-align-left\">Isla Rosa est un hameau de p\u00eacheurs devenu tr\u00e8s touristique du fait de sa proximit\u00e9 avec la mer. Lorsque l&rsquo;on voit la couleur des rochers, on comprend pourquoi le village porte ce nom.<\/p>\n<\/div><\/div>\n\n\n\n<p>Nous gagnons Valladoria et le camping International que nous vous recommandons. Du \u00ab\u00a0top\u00a0\u00bb pour un prix raisonnable ! nous avons droit \u00e0 quelques gouttes orageuses, rien de bien m\u00e9chant !<\/p>\n\n\n\n<div class=\"wp-block-media-text alignwide is-stacked-on-mobile\"><figure class=\"wp-block-media-text__media\"><img loading=\"lazy\" decoding=\"async\" width=\"1024\" height=\"683\" src=\"https:\/\/2l-a-velo.com\/wp-content\/uploads\/2021\/06\/P1108298-1024x683.jpg\" alt=\"\" class=\"wp-image-3165 size-full\" srcset=\"https:\/\/2l-a-velo.com\/wp-content\/uploads\/2021\/06\/P1108298-1024x683.jpg 1024w, https:\/\/2l-a-velo.com\/wp-content\/uploads\/2021\/06\/P1108298-300x200.jpg 300w, https:\/\/2l-a-velo.com\/wp-content\/uploads\/2021\/06\/P1108298-768x512.jpg 768w, https:\/\/2l-a-velo.com\/wp-content\/uploads\/2021\/06\/P1108298-900x600.jpg 900w, https:\/\/2l-a-velo.com\/wp-content\/uploads\/2021\/06\/P1108298-1280x853.jpg 1280w\" sizes=\"auto, (max-width: 1024px) 100vw, 1024px\" \/><\/figure><div class=\"wp-block-media-text__content\">\n<p>Le rocher de l&rsquo;El\u00e9phant est une masse rocheuse dont la forme rappelle celle d&rsquo;un \u00e9l\u00e9phant. Il mesure environ quatre m\u00e8tres de haut. Le rocher a aussi une importance arch\u00e9ologique. Deux \u00ab\u00a0domus de Janas\u00a0\u00bb (s\u00e9pultures pr\u00e9historiques creus\u00e9es dans la roche) sont log\u00e9s \u00e0 l&rsquo;int\u00e9rieur.<\/p>\n<\/div><\/div>\n\n\n\n<div class=\"wp-block-media-text alignwide has-media-on-the-right is-stacked-on-mobile\"><figure class=\"wp-block-media-text__media\"><img loading=\"lazy\" decoding=\"async\" width=\"1024\" height=\"575\" src=\"https:\/\/2l-a-velo.com\/wp-content\/uploads\/2021\/06\/P1015333-1-1024x575.jpg\" alt=\"\" class=\"wp-image-3180 size-full\" srcset=\"https:\/\/2l-a-velo.com\/wp-content\/uploads\/2021\/06\/P1015333-1-1024x575.jpg 1024w, https:\/\/2l-a-velo.com\/wp-content\/uploads\/2021\/06\/P1015333-1-300x168.jpg 300w, https:\/\/2l-a-velo.com\/wp-content\/uploads\/2021\/06\/P1015333-1-768x431.jpg 768w, https:\/\/2l-a-velo.com\/wp-content\/uploads\/2021\/06\/P1015333-1-900x505.jpg 900w, https:\/\/2l-a-velo.com\/wp-content\/uploads\/2021\/06\/P1015333-1-1280x719.jpg 1280w\" sizes=\"auto, (max-width: 1024px) 100vw, 1024px\" \/><\/figure><div class=\"wp-block-media-text__content\">\n<p>Castelsardo est situ\u00e9 sur un promontoire rocheux face au golfe d&rsquo;Asinara. L&rsquo;ancien nom de la ville \u00e9tait \u00ab\u00a0Casteldoria\u00a0\u00bb car fond\u00e9 en 1270 par G\u00eanes et appartenant \u00e0 la famille Doria. Elle n&rsquo;a pris son nom que le 8 mai 1767 avec le royaume de la Sardaigne  attribu\u00e9 \u00e0 la Maison de Savoie.<\/p>\n<\/div><\/div>\n\n\n\n<p>Castelsardo est domin\u00e9 par le ch\u00e2teau. Sa cath\u00e9drale, Sant&rsquo;Antonio  Abate (1586) poss\u00e8de un clocher ferm\u00e9 par un d\u00f4me de fa\u00efence. C&rsquo;est toujours bien raides de monter dans ces villes avec nos v\u00e9los charg\u00e9s.<\/p>\n\n\n\n<p>Pour rejoindre Sassari, nous passons par les villages perch\u00e9s (et bien perch\u00e9s) de Sorso et Sennori. Il fait chaud, \u00e7a monte fort, nous \u00ab\u00a0d\u00e9goulinons\u00a0\u00bb.<\/p>\n\n\n\n<p class=\"has-text-align-center has-white-color has-text-color has-background has-large-font-size\" style=\"background-color:#0779aa\"><strong><a href=\"https:\/\/photos.google.com\/share\/AF1QipO4nrVYwbk3b2-8Hmc5Okmyd1waOkmBSRP7c4WKkpbh_Ig8p8HdU7rqmQQkvXuJ7A\/photo\/AF1QipN8t2EBb8kJtOd2haq81tArSu1RN2EfSOE6AWhk?key=VmRmb3FVTkFEY3VzZ3ctdFlqOWlFbWpHZEhzR05B\">Album Photos Santa Teresa Gallura \u00e0 Sennori<\/a><\/strong><\/p>\n\n\n\n<p class=\"has-text-align-center has-white-color has-text-color has-background has-large-font-size\" style=\"background-color:#0abe13\"><strong>Sassari<\/strong><\/p>\n\n\n\n<div class=\"wp-block-media-text alignwide is-stacked-on-mobile\"><figure class=\"wp-block-media-text__media\"><img loading=\"lazy\" decoding=\"async\" width=\"1024\" height=\"683\" src=\"https:\/\/2l-a-velo.com\/wp-content\/uploads\/2021\/06\/P1108335-1024x683.jpg\" alt=\"\" class=\"wp-image-3168 size-full\" srcset=\"https:\/\/2l-a-velo.com\/wp-content\/uploads\/2021\/06\/P1108335-1024x683.jpg 1024w, https:\/\/2l-a-velo.com\/wp-content\/uploads\/2021\/06\/P1108335-300x200.jpg 300w, https:\/\/2l-a-velo.com\/wp-content\/uploads\/2021\/06\/P1108335-768x512.jpg 768w, https:\/\/2l-a-velo.com\/wp-content\/uploads\/2021\/06\/P1108335-900x600.jpg 900w, https:\/\/2l-a-velo.com\/wp-content\/uploads\/2021\/06\/P1108335-1280x853.jpg 1280w\" sizes=\"auto, (max-width: 1024px) 100vw, 1024px\" \/><\/figure><div class=\"wp-block-media-text__content\">\n<p class=\"has-text-align-left\">Sassari est la deuxi\u00e8me ville de Sardaigne et compte environ 130 000 habitants. C&rsquo;est une ville jeune puisque l&rsquo;on en parle qu&rsquo;au XII\u00e8me si\u00e8cle. Elle devint une commune en 1294 avec la promulgation des statuts de Sassari. <\/p>\n<\/div><\/div>\n\n\n\n<div class=\"wp-block-media-text alignwide has-media-on-the-right is-stacked-on-mobile\"><figure class=\"wp-block-media-text__media\"><img loading=\"lazy\" decoding=\"async\" width=\"1024\" height=\"683\" src=\"https:\/\/2l-a-velo.com\/wp-content\/uploads\/2021\/06\/P1108329-1024x683.jpg\" alt=\"\" class=\"wp-image-3187 size-full\" srcset=\"https:\/\/2l-a-velo.com\/wp-content\/uploads\/2021\/06\/P1108329-1024x683.jpg 1024w, https:\/\/2l-a-velo.com\/wp-content\/uploads\/2021\/06\/P1108329-300x200.jpg 300w, https:\/\/2l-a-velo.com\/wp-content\/uploads\/2021\/06\/P1108329-768x512.jpg 768w, https:\/\/2l-a-velo.com\/wp-content\/uploads\/2021\/06\/P1108329-900x600.jpg 900w, https:\/\/2l-a-velo.com\/wp-content\/uploads\/2021\/06\/P1108329-1280x853.jpg 1280w\" sizes=\"auto, (max-width: 1024px) 100vw, 1024px\" \/><\/figure><div class=\"wp-block-media-text__content\">\n<p>\n\nL&rsquo;un des symboles de la ville est la superbe Place d&rsquo;Italie. C&rsquo;est une vaste zone pi\u00e9tonne au milieu de laquelle tr\u00f4ne la statue de Victor-Emmanuel II.\n\n<\/p>\n<\/div><\/div>\n\n\n\n<div class=\"wp-block-media-text alignwide is-stacked-on-mobile\"><figure class=\"wp-block-media-text__media\"><img loading=\"lazy\" decoding=\"async\" width=\"1024\" height=\"575\" src=\"https:\/\/2l-a-velo.com\/wp-content\/uploads\/2021\/06\/P1015376-1024x575.jpg\" alt=\"\" class=\"wp-image-3189 size-full\" srcset=\"https:\/\/2l-a-velo.com\/wp-content\/uploads\/2021\/06\/P1015376-1024x575.jpg 1024w, https:\/\/2l-a-velo.com\/wp-content\/uploads\/2021\/06\/P1015376-300x168.jpg 300w, https:\/\/2l-a-velo.com\/wp-content\/uploads\/2021\/06\/P1015376-768x431.jpg 768w, https:\/\/2l-a-velo.com\/wp-content\/uploads\/2021\/06\/P1015376-900x505.jpg 900w, https:\/\/2l-a-velo.com\/wp-content\/uploads\/2021\/06\/P1015376-1280x719.jpg 1280w\" sizes=\"auto, (max-width: 1024px) 100vw, 1024px\" \/><\/figure><div class=\"wp-block-media-text__content\">\n<p>\n\nLa cath\u00e9drale San Nicolas date du XII\u00e8me si\u00e8cle. Le portail en calcaire blanc date du XVII\u00e8me si\u00e8cle est richement d\u00e9cor\u00e9 dans un style baroque espagnol.\n\n<\/p>\n<\/div><\/div>\n\n\n\n<p> La vieille ville a gard\u00e9 toute son authenticit\u00e9. Ici, pas de boutiques \u00e0 touristes mais des rues \u00e9troites, pleines de charmes. Le petit bistrot de la via Al Rosello o\u00f9 nous avons pris un caf\u00e9 nous rappelle les \u00ab\u00a0bistrots de quartier\u00a0\u00bb fran\u00e7ais : accueil chaleureux et ambiance \u00ab\u00a0locale\u00a0\u00bb. Sassari nous a beaucoup plu. <\/p>\n\n\n\n<p class=\"has-text-align-center has-white-color has-text-color has-background has-large-font-size\" style=\"background-color:#077cad\"><strong><a href=\"https:\/\/photos.google.com\/share\/AF1QipPUAVXcNAzc8pYaRWKbWQY3O2gnyxxGMtjHVUcDAU3FJJnRDvdjLlN8ZpjesNKw9g\/photo\/AF1QipMMdqeJdktrBP2txaJGfGt3jTg_TrBrFJRWFyJH?key=VXk3ZDRheTdjUUt5czA5cl9pTjk3OEZuYVJpUTZB\">Album photos Sassari<\/a><\/strong><\/p>\n\n\n\n<p>De Sassari \u00e0 Platamona, nous longeons une route \u00e0 quatre voies sur une piste cyclable bien rassurante pour la s\u00e9curit\u00e9 mais dont l&rsquo;entretien laisse un peu \u00e0 d\u00e9sirer. Les ronces qui vous \u00ab\u00a0caressent\u00a0\u00bb les bras ou les jambes n&rsquo;ont rien de bien agr\u00e9ables !!!  <\/p>\n\n\n\n<p class=\"has-text-align-center has-white-color has-text-color has-background has-large-font-size\" style=\"background-color:#0abe13\"><strong>Porto Torres<\/strong><\/p>\n\n\n\n<div class=\"wp-block-media-text alignwide has-media-on-the-right is-stacked-on-mobile\"><figure class=\"wp-block-media-text__media\"><img loading=\"lazy\" decoding=\"async\" width=\"1024\" height=\"683\" src=\"https:\/\/2l-a-velo.com\/wp-content\/uploads\/2021\/06\/P1108363-1024x683.jpg\" alt=\"\" class=\"wp-image-3169 size-full\" srcset=\"https:\/\/2l-a-velo.com\/wp-content\/uploads\/2021\/06\/P1108363-1024x683.jpg 1024w, https:\/\/2l-a-velo.com\/wp-content\/uploads\/2021\/06\/P1108363-300x200.jpg 300w, https:\/\/2l-a-velo.com\/wp-content\/uploads\/2021\/06\/P1108363-768x512.jpg 768w, https:\/\/2l-a-velo.com\/wp-content\/uploads\/2021\/06\/P1108363-900x600.jpg 900w, https:\/\/2l-a-velo.com\/wp-content\/uploads\/2021\/06\/P1108363-1280x853.jpg 1280w\" sizes=\"auto, (max-width: 1024px) 100vw, 1024px\" \/><\/figure><div class=\"wp-block-media-text__content\">\n<p>Porto Torres est l&rsquo;un des centres essentiels de la Sardaigne. C&rsquo;est aussi un des ports parmi les plus importants pour le trafic passagers (en provenance d&rsquo;Europe et d&rsquo;Italie du Nord). Pour sortir de Porto Torres, nous avons travers\u00e9 une immense zone industrielle o\u00f9 beaucoup d&rsquo;usines sont \u00e0 l&rsquo;abandon !!!<\/p>\n\n\n\n<p><\/p>\n<\/div><\/div>\n\n\n\n<div class=\"wp-block-media-text alignwide is-stacked-on-mobile\"><figure class=\"wp-block-media-text__media\"><img loading=\"lazy\" decoding=\"async\" width=\"1024\" height=\"683\" src=\"https:\/\/2l-a-velo.com\/wp-content\/uploads\/2021\/06\/P1108375-1024x683.jpg\" alt=\"\" class=\"wp-image-3192 size-full\" srcset=\"https:\/\/2l-a-velo.com\/wp-content\/uploads\/2021\/06\/P1108375-1024x683.jpg 1024w, https:\/\/2l-a-velo.com\/wp-content\/uploads\/2021\/06\/P1108375-300x200.jpg 300w, https:\/\/2l-a-velo.com\/wp-content\/uploads\/2021\/06\/P1108375-768x512.jpg 768w, https:\/\/2l-a-velo.com\/wp-content\/uploads\/2021\/06\/P1108375-900x600.jpg 900w, https:\/\/2l-a-velo.com\/wp-content\/uploads\/2021\/06\/P1108375-1280x853.jpg 1280w\" sizes=\"auto, (max-width: 1024px) 100vw, 1024px\" \/><\/figure><div class=\"wp-block-media-text__content\">\n<p>\n\nEdifi\u00e9e vers l&rsquo;an 1100, la basilique San Gavino de Porto Torres repr\u00e9sente l&rsquo;un des plus beaux vestiges romans de Sardaigne. Cette basilique ne poss\u00e8de pas de transepts, pas de fa\u00e7ade (on entre par le c\u00f4t\u00e9), par contre elle dispose de deux absides !!! Sous l&rsquo;\u00e9glise une immense crypte abrite les reliques de trois martyrs. \n\n<\/p>\n<\/div><\/div>\n\n\n\n<p class=\"has-text-align-center has-white-color has-text-color has-background has-large-font-size\" style=\"background-color:#0abe13\">De <strong>Stintino<\/strong> <strong>\u00e0 Porticciolo<\/strong><\/p>\n\n\n\n<p> Nous arrivons \u00e0 Stintino apr\u00e8s un parcours assez longuet. Le village est assez plaisant, il a gard\u00e9 un certain charme. L&rsquo;int\u00e9r\u00eat touristique de la presqu&rsquo;ile de Stintino est la tr\u00e8s belle plage de la Pelosa, une immense \u00e9tendue de sable blanc bord\u00e9e d&rsquo;une mer d&rsquo;un bleu turquoise extraordinaire. Mais revers de la m\u00e9daille, une fr\u00e9quentation importante. <\/p>\n\n\n\n<div class=\"wp-block-media-text alignwide is-stacked-on-mobile\"><figure class=\"wp-block-media-text__media\"><img loading=\"lazy\" decoding=\"async\" width=\"1024\" height=\"683\" src=\"https:\/\/2l-a-velo.com\/wp-content\/uploads\/2021\/06\/P1108385-1024x683.jpg\" alt=\"\" class=\"wp-image-3170 size-full\" srcset=\"https:\/\/2l-a-velo.com\/wp-content\/uploads\/2021\/06\/P1108385-1024x683.jpg 1024w, https:\/\/2l-a-velo.com\/wp-content\/uploads\/2021\/06\/P1108385-300x200.jpg 300w, https:\/\/2l-a-velo.com\/wp-content\/uploads\/2021\/06\/P1108385-768x512.jpg 768w, https:\/\/2l-a-velo.com\/wp-content\/uploads\/2021\/06\/P1108385-900x600.jpg 900w, https:\/\/2l-a-velo.com\/wp-content\/uploads\/2021\/06\/P1108385-1280x853.jpg 1280w\" sizes=\"auto, (max-width: 1024px) 100vw, 1024px\" \/><\/figure><div class=\"wp-block-media-text__content\">\n<p><\/p>\n\n\n\n<p>On y trouve la Torre delle Pelosa, une tour aragonaise construite en 1578. La plage est prot\u00e9g\u00e9e par le Capo Falcone, cap que nous n&rsquo;avons pu atteindre, la route se terminant dans uns propri\u00e9t\u00e9 priv\u00e9e !!!<\/p>\n\n\n\n<p><\/p>\n<\/div><\/div>\n\n\n\n<p>La fin de cette longue \u00e9tape (98 km) sera interminable dans  des paysages pourtant assez agr\u00e9ables. Nous remarquons que l&rsquo;\u00e9levage (vaches et moutons) est assez d\u00e9velopp\u00e9 et que le maquis occupe moins d&rsquo;espace qu&rsquo;en Corse <\/p>\n\n\n\n<div class=\"wp-block-media-text alignwide has-media-on-the-right is-stacked-on-mobile\"><figure class=\"wp-block-media-text__media\"><img loading=\"lazy\" decoding=\"async\" width=\"1024\" height=\"575\" src=\"https:\/\/2l-a-velo.com\/wp-content\/uploads\/2021\/06\/P1015451-1024x575.jpg\" alt=\"\" class=\"wp-image-3172 size-full\" srcset=\"https:\/\/2l-a-velo.com\/wp-content\/uploads\/2021\/06\/P1015451-1024x575.jpg 1024w, https:\/\/2l-a-velo.com\/wp-content\/uploads\/2021\/06\/P1015451-300x168.jpg 300w, https:\/\/2l-a-velo.com\/wp-content\/uploads\/2021\/06\/P1015451-768x431.jpg 768w, https:\/\/2l-a-velo.com\/wp-content\/uploads\/2021\/06\/P1015451-900x505.jpg 900w, https:\/\/2l-a-velo.com\/wp-content\/uploads\/2021\/06\/P1015451-1280x719.jpg 1280w\" sizes=\"auto, (max-width: 1024px) 100vw, 1024px\" \/><\/figure><div class=\"wp-block-media-text__content\">\n<p>Nous arrivons au camping de Porticciolo assez tard mais l&rsquo;endroit est superbe. Une tour aragonaise domine la plage entour\u00e9e d&rsquo;une v\u00e9g\u00e9tation dense. Le coucher de soleil sera \u00e0 la hauteur du lieu !<\/p>\n\n\n\n<p><\/p>\n<\/div><\/div>\n\n\n\n<p class=\"has-text-align-center has-white-color has-text-color has-background has-large-font-size\" style=\"background-color:#0576a6\"><strong><a href=\"https:\/\/photos.google.com\/share\/AF1QipNoqFdCr2jspJCUoM9iACmnDTvTL4UG_b5EARS0kp7w2ftu4QktLSx1suZvEQ0dWA\/photo\/AF1QipOuv8pVTyiN2y6P26V6oT5bUJd5gT03O3DGUWms?key=NTE1QndVRzRCck8yNzktTWNfTlBsOEVkN2dUNU93\">Album photo de Sassari \u00e0 Porticciolo<\/a><\/strong><\/p>\n\n\n\n<p class=\"has-text-align-center has-white-color has-text-color has-background has-large-font-size\" style=\"background-color:#0abe13\"><strong>Capo Caccia et grotte Netuno<\/strong><\/p>\n\n\n\n<p>Nous prenons la direction du Capo Caccia, presqu&rsquo;\u00eele calcaire \u00e0 l&rsquo;extr\u00e9mit\u00e9 nord occidentale de la Sardaigne. Il doit son nom (cap Chasse en Fran\u00e7ais) \u00e0 la chasse aux pigeons qu&rsquo;organisaient les notables au XIX\u00e8me si\u00e8cle autour du cap depuis leurs embarcations. De nombreuses grottes sont pr\u00e9sentes dans sa partie inf\u00e9rieure.<\/p>\n\n\n\n<p>\n\nLa Grotte de Nettuno est accessible soit par mer, soit par un escalier de 654 marches qui serpente le long de la paroi du capo Caccia. La longueur de la grotte est de 2770 m mais seulement quelques centaines de m\u00e8tres sont ouvertes au public. \n\n<\/p>\n\n\n\n<div class=\"wp-block-media-text alignwide is-stacked-on-mobile\"><figure class=\"wp-block-media-text__media\"><img loading=\"lazy\" decoding=\"async\" width=\"1024\" height=\"575\" src=\"https:\/\/2l-a-velo.com\/wp-content\/uploads\/2021\/06\/P1015494-1024x575.jpg\" alt=\"\" class=\"wp-image-3175 size-full\" srcset=\"https:\/\/2l-a-velo.com\/wp-content\/uploads\/2021\/06\/P1015494-1024x575.jpg 1024w, https:\/\/2l-a-velo.com\/wp-content\/uploads\/2021\/06\/P1015494-300x168.jpg 300w, https:\/\/2l-a-velo.com\/wp-content\/uploads\/2021\/06\/P1015494-768x431.jpg 768w, https:\/\/2l-a-velo.com\/wp-content\/uploads\/2021\/06\/P1015494-900x505.jpg 900w, https:\/\/2l-a-velo.com\/wp-content\/uploads\/2021\/06\/P1015494-1280x719.jpg 1280w\" sizes=\"auto, (max-width: 1024px) 100vw, 1024px\" \/><\/figure><div class=\"wp-block-media-text__content\">\n<p>L&rsquo;int\u00e9rieur est form\u00e9 de salles aux colonnes de stalactites et de stalagmites et du Lago Lamarmora d&rsquo;environ 120 m de long et dont le niveau est le m\u00eame que celui de la mer.<\/p>\n\n\n\n<p><\/p>\n<\/div><\/div>\n\n\n\n<p>Nous avons failli ne rien visiter. Arriv\u00e9s avec nos v\u00e9los charg\u00e9s (comme d&rsquo;habitude) apr\u00e8s une belle mont\u00e9e, il est 9 h 50. La visite commence \u00e0 10 h et les suivantes sont compl\u00e8tes, donc pas le choix ! Nous avons 10 minutes pour pr\u00e9parer nos affaires (appareils photos, papiers, masques&#8230;) et descendre les 654 marches. Mais nous y sommes quand m\u00eame parvenus. C&rsquo;est tr\u00e8s spectaculaire autant la grotte que cet escalier que certains auront bien du mal \u00e0 remonter tout \u00e0 l&rsquo;heure !!!<\/p>\n\n\n\n<p class=\"has-text-align-center has-white-color has-text-color has-background has-large-font-size\" style=\"background-color:#06719f\"><strong><a href=\"https:\/\/photos.google.com\/share\/AF1QipNOTjEBGUwYFSg5M5RSs_YoOle_OGWxiV1y7h5Ndw0Sfnlmo5wqwyJEQ5WJP_w4bg\/photo\/AF1QipPRCYLEW-Vkjd2P6eu8H7bsklB0hvTZ1A9PYb61?key=bk1KX1VEcFhUTjZOZlAxMFpIU3RSRVlzV1FCcW1B\">Album photo capo Caccia grotte de Netuno<\/a><\/strong><\/p>\n\n\n\n<p><\/p>\n\n\n\n<p class=\"has-text-align-center has-white-color has-text-color has-background has-large-font-size\" style=\"background-color:#0abe13\"><strong><em>Premi\u00e8res impressions <\/em><\/strong><\/p>\n\n\n\n<p><em>Apr\u00e8s cinq jours pass\u00e9s en Sardaigne, nous avons d\u00e9couvert une \u00eele plaisante. On dit souvent qu&rsquo;elle est moins belle que la Corse, mais non, elle est diff\u00e9rente, quoique ! Elle poss\u00e8de aussi des paysages vari\u00e9s, des eaux d&rsquo;un bleu intense, des villes tr\u00e8s vivantes&#8230; <\/em><\/p>\n\n\n\n<p><em>Nous avons beaucoup, pour l&rsquo;instant, utilis\u00e9 les campings : un peu plus chers qu&rsquo;en France mais bien tenus et offrant de nombreux services.<\/em><\/p>\n\n\n\n<p><em>Quant aux Sardes, ce sont des personnes bien agr\u00e9ables et beaucoup parlent le Fran\u00e7ais.<\/em><\/p>\n","protected":false},"excerpt":{"rendered":"<p>Du 19 au 23 juin Itin\u00e9raire De Santa Teresa Gallura \u00e0 Sassari Embarquement \u00e0 destination de la Sardaigne sous un ciel brumeux. Arriv\u00e9s \u00e0 Santa Teresa de Gallura, nous prenons la direction du Capo Testa sur une route o\u00f9 mont\u00e9es et descentes se succ\u00e8dent. Mais les efforts seront r\u00e9compens\u00e9s, c&rsquo;est superbe !!! Nous faisons demi-tour [&hellip;]<\/p>\n","protected":false},"author":1,"featured_media":0,"parent":2995,"menu_order":1,"comment_status":"open","ping_status":"closed","template":"","meta":{"jetpack_post_was_ever_published":false,"footnotes":""},"class_list":["post-3157","page","type-page","status-publish","hentry"],"jetpack_likes_enabled":true,"jetpack_sharing_enabled":true,"_links":{"self":[{"href":"https:\/\/2l-a-velo.com\/index.php?rest_route=\/wp\/v2\/pages\/3157","targetHints":{"allow":["GET"]}}],"collection":[{"href":"https:\/\/2l-a-velo.com\/index.php?rest_route=\/wp\/v2\/pages"}],"about":[{"href":"https:\/\/2l-a-velo.com\/index.php?rest_route=\/wp\/v2\/types\/page"}],"author":[{"embeddable":true,"href":"https:\/\/2l-a-velo.com\/index.php?rest_route=\/wp\/v2\/users\/1"}],"replies":[{"embeddable":true,"href":"https:\/\/2l-a-velo.com\/index.php?rest_route=%2Fwp%2Fv2%2Fcomments&post=3157"}],"version-history":[{"count":46,"href":"https:\/\/2l-a-velo.com\/index.php?rest_route=\/wp\/v2\/pages\/3157\/revisions"}],"predecessor-version":[{"id":4789,"href":"https:\/\/2l-a-velo.com\/index.php?rest_route=\/wp\/v2\/pages\/3157\/revisions\/4789"}],"up":[{"embeddable":true,"href":"https:\/\/2l-a-velo.com\/index.php?rest_route=\/wp\/v2\/pages\/2995"}],"wp:attachment":[{"href":"https:\/\/2l-a-velo.com\/index.php?rest_route=%2Fwp%2Fv2%2Fmedia&parent=3157"}],"curies":[{"name":"wp","href":"https:\/\/api.w.org\/{rel}","templated":true}]}}