{"id":3474,"date":"2021-07-17T10:25:34","date_gmt":"2021-07-17T08:25:34","guid":{"rendered":"http:\/\/2l-a-velo.com\/?page_id=3474"},"modified":"2021-07-17T20:44:07","modified_gmt":"2021-07-17T18:44:07","slug":"de-palerme-a-marsala","status":"publish","type":"page","link":"https:\/\/2l-a-velo.com\/?page_id=3474","title":{"rendered":"De Palerme \u00e0 Marsala"},"content":{"rendered":"\n<div class=\"wp-block-media-text alignwide\"><figure class=\"wp-block-media-text__media\"><img loading=\"lazy\" decoding=\"async\" width=\"1024\" height=\"577\" src=\"https:\/\/2l-a-velo.com\/wp-content\/uploads\/2021\/07\/P1109296-1024x577.jpg\" alt=\"\" class=\"wp-image-3549\" srcset=\"https:\/\/2l-a-velo.com\/wp-content\/uploads\/2021\/07\/P1109296-1024x577.jpg 1024w, https:\/\/2l-a-velo.com\/wp-content\/uploads\/2021\/07\/P1109296-300x169.jpg 300w, https:\/\/2l-a-velo.com\/wp-content\/uploads\/2021\/07\/P1109296-768x432.jpg 768w, https:\/\/2l-a-velo.com\/wp-content\/uploads\/2021\/07\/P1109296-900x507.jpg 900w, https:\/\/2l-a-velo.com\/wp-content\/uploads\/2021\/07\/P1109296-1280x721.jpg 1280w\" sizes=\"auto, (max-width: 1024px) 100vw, 1024px\" \/><\/figure><div class=\"wp-block-media-text__content\">\n<p style=\"text-align:center\" class=\"has-large-font-size\"><strong>Du 9 au 14 juillet<\/strong><\/p>\n<\/div><\/div>\n\n\n\n<p style=\"background-color:#05a445;text-align:center\" class=\"has-text-color has-background has-large-font-size has-white-color\"><strong>Itin\u00e9raire<\/strong><\/p>\n\n\n\n<iframe loading=\"lazy\" src=\"https:\/\/www.google.com\/maps\/d\/embed?mid=1zHsrHbNBhK2dQk-9FMdZZ1uuoko4-5GA\" width=\"640\" height=\"480\"><\/iframe>\n\n\n\n<p style=\"background-color:#039f2f;text-align:center\" class=\"has-text-color has-background has-large-font-size has-white-color\"><strong>De Palerme \u00e0 Castellammare del Golfo<\/strong><\/p>\n\n\n\n<p>De Sferracavallo \u00e0 Alcamo Marina, nous suivons une route de bord de mer mais souvent loin de la grande bleue, surtout au d\u00e9part. De tr\u00e8s nombreux cyclistes empruntent cette route facile et peu pentue. Elle croise plusieurs fois l&rsquo;autoroute puis rejoint d\u00e9finitivement la mer au village de Trappeto. <\/p>\n\n\n\n<div class=\"wp-block-media-text alignwide\"><figure class=\"wp-block-media-text__media\"><img loading=\"lazy\" decoding=\"async\" width=\"1024\" height=\"575\" src=\"https:\/\/2l-a-velo.com\/wp-content\/uploads\/2021\/07\/P1016381-1024x575.jpg\" alt=\"\" class=\"wp-image-3485\" srcset=\"https:\/\/2l-a-velo.com\/wp-content\/uploads\/2021\/07\/P1016381-1024x575.jpg 1024w, https:\/\/2l-a-velo.com\/wp-content\/uploads\/2021\/07\/P1016381-300x168.jpg 300w, https:\/\/2l-a-velo.com\/wp-content\/uploads\/2021\/07\/P1016381-768x431.jpg 768w, https:\/\/2l-a-velo.com\/wp-content\/uploads\/2021\/07\/P1016381-900x505.jpg 900w, https:\/\/2l-a-velo.com\/wp-content\/uploads\/2021\/07\/P1016381-1280x719.jpg 1280w\" sizes=\"auto, (max-width: 1024px) 100vw, 1024px\" \/><\/figure><div class=\"wp-block-media-text__content\">\n<p> Apr\u00e8s Alcamo Marina, la route se redresse jusqu&rsquo;\u00e0 un belv\u00e9d\u00e8re d&rsquo;o\u00f9 nous dominons le tr\u00e8s beau golfe de Castellammare del golfo et nous profitons de tr\u00e8s belles vues sur le village \u00e9ponyme.<\/p>\n<\/div><\/div>\n\n\n\n<p>\n\nNous continuons vers le village de Scopello mais d\u00e9ception. Nous croyions trouver un joli village mais ce ne sont que bars et restaurants. Heureusement que la route, m\u00eame si elle monte un peu, offre de tr\u00e8s belles vues sur le golfe ! \n\n<\/p>\n\n\n\n<div class=\"wp-block-media-text alignwide has-media-on-the-right\"><figure class=\"wp-block-media-text__media\"><img loading=\"lazy\" decoding=\"async\" width=\"1024\" height=\"577\" src=\"https:\/\/2l-a-velo.com\/wp-content\/uploads\/2021\/07\/P1109286-1024x577.jpg\" alt=\"\" class=\"wp-image-3484\" srcset=\"https:\/\/2l-a-velo.com\/wp-content\/uploads\/2021\/07\/P1109286-1024x577.jpg 1024w, https:\/\/2l-a-velo.com\/wp-content\/uploads\/2021\/07\/P1109286-300x169.jpg 300w, https:\/\/2l-a-velo.com\/wp-content\/uploads\/2021\/07\/P1109286-768x432.jpg 768w, https:\/\/2l-a-velo.com\/wp-content\/uploads\/2021\/07\/P1109286-900x507.jpg 900w, https:\/\/2l-a-velo.com\/wp-content\/uploads\/2021\/07\/P1109286-1280x721.jpg 1280w\" sizes=\"auto, (max-width: 1024px) 100vw, 1024px\" \/><\/figure><div class=\"wp-block-media-text__content\">\n<p> Retour \u00e0 Castellammare del Golfo o\u00f9 nous nous installons au camping (tr\u00e8s bien d&rsquo;ailleurs). Nous profiterons d&rsquo;un beau coucher de soleil (et aussi d&rsquo;un petit feu d&rsquo;artifice). <\/p>\n<\/div><\/div>\n\n\n\n<p style=\"background-color:#0674a3;text-align:center\" class=\"has-text-color has-background has-large-font-size has-white-color\"><strong><a href=\"https:\/\/photos.google.com\/share\/AF1QipNwUvYvr5jyCzm-CcFyM-h5rCTBOAwj-PPIkPUJAWhcEyXtfgquhCKcKmPFutWEaw\/photo\/AF1QipOyGgdpisDthyvfr22yv1Vy7O7jmFyzUbcRGPqp?key=bG1oRHdxYlJnRml1eF9OUDg4WWk2R0tGNWxucXB3\">Album photos de Palerme \u00e0 Castellammare del Golfo<\/a><\/strong><\/p>\n\n\n\n<p style=\"background-color:#10a102;text-align:center\" class=\"has-text-color has-background has-large-font-size has-white-color\"><strong>Segeste<\/strong><\/p>\n\n\n\n<div class=\"wp-block-media-text alignwide\"><figure class=\"wp-block-media-text__media\"><img loading=\"lazy\" decoding=\"async\" width=\"1024\" height=\"577\" src=\"https:\/\/2l-a-velo.com\/wp-content\/uploads\/2021\/07\/P1109303-1024x577.jpg\" alt=\"\" class=\"wp-image-3495\" srcset=\"https:\/\/2l-a-velo.com\/wp-content\/uploads\/2021\/07\/P1109303-1024x577.jpg 1024w, https:\/\/2l-a-velo.com\/wp-content\/uploads\/2021\/07\/P1109303-300x169.jpg 300w, https:\/\/2l-a-velo.com\/wp-content\/uploads\/2021\/07\/P1109303-768x432.jpg 768w, https:\/\/2l-a-velo.com\/wp-content\/uploads\/2021\/07\/P1109303-900x507.jpg 900w, https:\/\/2l-a-velo.com\/wp-content\/uploads\/2021\/07\/P1109303-1280x721.jpg 1280w\" sizes=\"auto, (max-width: 1024px) 100vw, 1024px\" \/><\/figure><div class=\"wp-block-media-text__content\">\n<p>\n\nMagnifique lever du soleil. Nous sommes pr\u00eats t\u00f4t pour gagner Segeste de bonne heure avant la chaleur et la foule. Une heure trente de v\u00e9lo \u00ab\u00a0\u00e0 vide\u00a0\u00bb pour rejoindre le site.  \n\n<\/p>\n<\/div><\/div>\n\n\n\n<div class=\"wp-block-media-text alignwide has-media-on-the-right\"><figure class=\"wp-block-media-text__media\"><img loading=\"lazy\" decoding=\"async\" width=\"1024\" height=\"575\" src=\"https:\/\/2l-a-velo.com\/wp-content\/uploads\/2021\/07\/P1016475-1024x575.jpg\" alt=\"\" class=\"wp-image-3496\" srcset=\"https:\/\/2l-a-velo.com\/wp-content\/uploads\/2021\/07\/P1016475-1024x575.jpg 1024w, https:\/\/2l-a-velo.com\/wp-content\/uploads\/2021\/07\/P1016475-300x168.jpg 300w, https:\/\/2l-a-velo.com\/wp-content\/uploads\/2021\/07\/P1016475-768x431.jpg 768w, https:\/\/2l-a-velo.com\/wp-content\/uploads\/2021\/07\/P1016475-900x505.jpg 900w, https:\/\/2l-a-velo.com\/wp-content\/uploads\/2021\/07\/P1016475-1280x719.jpg 1280w\" sizes=\"auto, (max-width: 1024px) 100vw, 1024px\" \/><\/figure><div class=\"wp-block-media-text__content\">\n<p> Un kilom\u00e8tre et demi de marche et nous d\u00e9couvrons le th\u00e9\u00e2tre. Nous sommes seuls sur le site, pratique pour les photos. Le th\u00e9\u00e2tre, (III\u00e8me si\u00e8cle AV JC) est construit sur le mont Barbaro. B\u00e2ti dans le tuf local, il pouvait contenir 4000 personnes.  <\/p>\n<\/div><\/div>\n\n\n\n<p>\n\nDans son voisinage, se trouvent les ruines d&rsquo;un ch\u00e2teau m\u00e9di\u00e9val (XIII\u00e8me si\u00e8cle), celles de la premi\u00e8re mosqu\u00e9e de Sicile, les vestiges d&rsquo;une \u00e9glise du XV\u00e8me si\u00e8cle et ceux de l&rsquo;agora (V\u00e8me au II\u00e8me si\u00e8cles AV JC).\n\n<\/p>\n\n\n\n<p> La vue est extraordinaire. La Sicile nous offre ici un vrai patchwork de ses cultures : vignes, oliviers, c\u00e9r\u00e9ales&#8230; <\/p>\n\n\n\n<div class=\"wp-block-media-text alignwide\"><figure class=\"wp-block-media-text__media\"><img loading=\"lazy\" decoding=\"async\" width=\"1024\" height=\"824\" src=\"https:\/\/2l-a-velo.com\/wp-content\/uploads\/2021\/07\/P1016524-Panorama-1024x824.jpg\" alt=\"\" class=\"wp-image-3500\" srcset=\"https:\/\/2l-a-velo.com\/wp-content\/uploads\/2021\/07\/P1016524-Panorama-1024x824.jpg 1024w, https:\/\/2l-a-velo.com\/wp-content\/uploads\/2021\/07\/P1016524-Panorama-300x241.jpg 300w, https:\/\/2l-a-velo.com\/wp-content\/uploads\/2021\/07\/P1016524-Panorama-768x618.jpg 768w, https:\/\/2l-a-velo.com\/wp-content\/uploads\/2021\/07\/P1016524-Panorama-900x724.jpg 900w, https:\/\/2l-a-velo.com\/wp-content\/uploads\/2021\/07\/P1016524-Panorama-1280x1029.jpg 1280w\" sizes=\"auto, (max-width: 1024px) 100vw, 1024px\" \/><\/figure><div class=\"wp-block-media-text__content\">\n<p> Le temple de Segeste est malheureusement en restauration et un ensemble d&rsquo;\u00e9chafaudages peu esth\u00e9tiques en masque la fa\u00e7ade. Qu&rsquo;importe, c&rsquo;est malgr\u00e9 tout tr\u00e8s impressionnant d&rsquo;autant que la couleur jaune-orange des pierres et le bleu intense du ciel s&rsquo;harmonisent merveilleusement. <\/p>\n<\/div><\/div>\n\n\n\n<p>De plus pur style dorique (V\u00e8me si\u00e8cle AV JC), le temple s&rsquo;int\u00e8gre parfaitement dans ce paysage de collines. Il poss\u00e8de trente-six colonnes non cannel\u00e9es, signe qu&rsquo;il ne fut jamais achev\u00e9. Il semble \u00e9galement qu&rsquo;il n&rsquo;a jamais eu de cella (salle centrale o\u00f9 se tenait le culte). Ce monument aurait \u00e9t\u00e9 plut\u00f4t un p\u00e9ristyle qu&rsquo;un temple.<\/p>\n\n\n\n<p style=\"background-color:#0474a4;text-align:center\" class=\"has-text-color has-background has-large-font-size has-white-color\"><strong><a href=\"https:\/\/photos.google.com\/share\/AF1QipNAtLPSN9FLG6YO6TbKGcDwjn5HtEORgwoD9-saPF5_Wc3KbvUWAvP0IKBe_XmIhA\/photo\/AF1QipNeLFmzr2legqvF3QFyqny0ZF8LPOMd8hRdpAU5?key=Q0c1UTZqNHFXWVg3VTRtOXBYT0tweTJtNEc3OUJ3\">Album photos Segeste<\/a><\/strong><\/p>\n\n\n\n<p style=\"background-color:#049f13;text-align:center\" class=\"has-text-color has-background has-large-font-size has-white-color\"><strong>De Castellammare del Golfo \u00e0 Cortiglio<\/strong><\/p>\n\n\n\n<p>Une route agr\u00e9able nous offre de belles vues sur la Sicile agricole et bient\u00f4t sur les carri\u00e8res de marbre de Custonaci. Puis, c&rsquo;est la bifurcation vers San Vito lo Capo et l\u00e0, c&rsquo;est une circulation de dingue, \u00e0 croire que toute la Sicile se rend \u00e0 la plage !!! Nous montons une pente bien raide avant de descendre un autre pente qu&rsquo;il faudra remonter tout \u00e0 l&rsquo;heure puisque cette route est un cul-de-sac ! San Vito lo Capo est une station baln\u00e9aire o\u00f9 il y a peu \u00e0 voir si ce n&rsquo;est l&rsquo;\u00e9glise qui \u00e9voque plus une maison forte qu&rsquo;une \u00e9glise. <\/p>\n\n\n\n<div class=\"wp-block-media-text alignwide\"><figure class=\"wp-block-media-text__media\"><img loading=\"lazy\" decoding=\"async\" width=\"1024\" height=\"577\" src=\"https:\/\/2l-a-velo.com\/wp-content\/uploads\/2021\/07\/P1109391-1024x577.jpg\" alt=\"\" class=\"wp-image-3518\" srcset=\"https:\/\/2l-a-velo.com\/wp-content\/uploads\/2021\/07\/P1109391-1024x577.jpg 1024w, https:\/\/2l-a-velo.com\/wp-content\/uploads\/2021\/07\/P1109391-300x169.jpg 300w, https:\/\/2l-a-velo.com\/wp-content\/uploads\/2021\/07\/P1109391-768x432.jpg 768w, https:\/\/2l-a-velo.com\/wp-content\/uploads\/2021\/07\/P1109391-900x507.jpg 900w, https:\/\/2l-a-velo.com\/wp-content\/uploads\/2021\/07\/P1109391-1280x721.jpg 1280w\" sizes=\"auto, (max-width: 1024px) 100vw, 1024px\" \/><\/figure><div class=\"wp-block-media-text__content\">\n<p>Par contre, de tr\u00e8s beaux petits sommets rocheux se dressent le long de cette route.<\/p>\n\n\n\n<p><\/p>\n<\/div><\/div>\n\n\n\n<p>Nous parcourons l&rsquo;itin\u00e9raire en sens inverse pour rallier Cortiglio. Le retour en pleine chaleur (49\u00b0 sur les compteurs des v\u00e9los) \u00e9puisa&#8230; nos gourdes d&rsquo;eau !!!<\/p>\n\n\n\n<p style=\"background-color:#0374a4;text-align:center\" class=\"has-text-color has-background has-large-font-size has-white-color\"><strong><a href=\"https:\/\/photos.google.com\/share\/AF1QipMwibHjtpAxJeXsQt_Ma36QvF2YxHKxSYm_UJSGiulKtIRIs_246PeQUBPT-monRg\/photo\/AF1QipMM-R8dYnTIYs6aSWh8sIh3dCoC4yl-FUVG1A_i?key=OXFndENFcEJ2RFJNbDlaUXpPTG53RFN5QjJ0YV9B\">Album photos de Castellammare \u00e0 Cortiglio<\/a><\/strong><\/p>\n\n\n\n<p style=\"background-color:#00a33c;text-align:center\" class=\"has-text-color has-background has-large-font-size has-white-color\"><strong>De Cortiglio \u00e0 Erice<\/strong><\/p>\n\n\n\n<p>Un vent violent ce matin ! Il faut \u00eatre prudent car nous nous d\u00e9portons bien involontairement. Il y a 750 m \u00e0 monter en 14 km pour atteindre le village d&rsquo;Erice perch\u00e9 l\u00e0-haut sur son piton rocheux. La pente est raide au d\u00e9part (8%), puis devient plus douce (de 6% \u00e0 7%). Mais le plus dur, c&rsquo;est le vent !!!  Les vues seraient superbes si le ciel n&rsquo;\u00e9tait pas voil\u00e9 ! <\/p>\n\n\n\n<div class=\"wp-block-media-text alignwide has-media-on-the-right\"><figure class=\"wp-block-media-text__media\"><img loading=\"lazy\" decoding=\"async\" width=\"1024\" height=\"577\" src=\"https:\/\/2l-a-velo.com\/wp-content\/uploads\/2021\/07\/P1109462-1024x577.jpg\" alt=\"\" class=\"wp-image-3524\" srcset=\"https:\/\/2l-a-velo.com\/wp-content\/uploads\/2021\/07\/P1109462-1024x577.jpg 1024w, https:\/\/2l-a-velo.com\/wp-content\/uploads\/2021\/07\/P1109462-300x169.jpg 300w, https:\/\/2l-a-velo.com\/wp-content\/uploads\/2021\/07\/P1109462-768x432.jpg 768w, https:\/\/2l-a-velo.com\/wp-content\/uploads\/2021\/07\/P1109462-900x507.jpg 900w, https:\/\/2l-a-velo.com\/wp-content\/uploads\/2021\/07\/P1109462-1280x721.jpg 1280w\" sizes=\"auto, (max-width: 1024px) 100vw, 1024px\" \/><\/figure><div class=\"wp-block-media-text__content\">\n<p style=\"text-align:left\">Connue dans l&rsquo;antiquit\u00e9 sous le nom d&rsquo;Eryx, la ville commen\u00e7a \u00e0 se d\u00e9velopper en 831 avec l&rsquo;arriv\u00e9e des Arabes.  Conquise par le Comte Roger, en 1067, elle devient normande. Au milieu du Moyen \u00c2ge, elle atteint un plein essor avec l&rsquo;influence normande (ch\u00e2teau des XII\u00e8me et XIII\u00e8me si\u00e8cles construit sur les ruines du temple de la V\u00e9nus Erycine). <\/p>\n\n\n\n<p><\/p>\n<\/div><\/div>\n\n\n\n<p>La situation d&rsquo;Erice est assez impressionnante. Le village, perch\u00e9 \u00e0 750 m, domine la baie de Trapani. Il renferme quelques belles \u00e9glises et le ch\u00e2teau fort bien conserv\u00e9. Si nous avons beaucoup mont\u00e9 pour arriver au village, nous continuons de grimper dans les ruelles mais cette fois en poussant les v\u00e9los, le pavement des rues emp\u00eachant tout p\u00e9dalage. Alors,  pour nous remettre de tout cela, nous nous sommes offert quelques g\u00e2teaux \u00e0 la p\u00e2tisserie \u00ab\u00a0Chez Michele\u00a0\u00bb. <\/p>\n\n\n\n<p>C&rsquo;est souvent, dans ces lieux touristiques, que des personnes viennent \u00e0 notre rencontre pour nous questionner sur notre voyage. C&rsquo;est mieux lorsqu&rsquo;ils parlent le Fran\u00e7ais car nous sommes bien limit\u00e9 avec notre Italien plus que balbutiant ! <\/p>\n\n\n\n<p style=\"background-color:#0473a3;text-align:center\" class=\"has-text-color has-background has-large-font-size has-white-color\"><strong><a href=\"https:\/\/photos.google.com\/share\/AF1QipODHXMhu3exZFMUflg9KzCGmLeqehXoNGPDsUQJPCoaBNoiQOlW0OVkl0eOpYJ6Lg\/photo\/AF1QipOwgNHCrTYDKw2PKgkXwjVN5xpWtVw3Z-0RvnWu?key=VGpzVURUOGhrS2pocjBmYkM5QWhPNE9kSEsxelBR\">Album photos de Cortiglio \u00e0 Erice<\/a><\/strong><\/p>\n\n\n\n<p style=\"background-color:#17a300;text-align:center\" class=\"has-text-color has-background has-large-font-size has-white-color\"><strong>Trapani<\/strong><\/p>\n\n\n\n<p> <\/p>\n\n\n\n<div class=\"wp-block-media-text alignwide\"><figure class=\"wp-block-media-text__media\"><img loading=\"lazy\" decoding=\"async\" width=\"1024\" height=\"577\" src=\"https:\/\/2l-a-velo.com\/wp-content\/uploads\/2021\/07\/P1109469-1024x577.jpg\" alt=\"\" class=\"wp-image-3523\" srcset=\"https:\/\/2l-a-velo.com\/wp-content\/uploads\/2021\/07\/P1109469-1024x577.jpg 1024w, https:\/\/2l-a-velo.com\/wp-content\/uploads\/2021\/07\/P1109469-300x169.jpg 300w, https:\/\/2l-a-velo.com\/wp-content\/uploads\/2021\/07\/P1109469-768x432.jpg 768w, https:\/\/2l-a-velo.com\/wp-content\/uploads\/2021\/07\/P1109469-900x507.jpg 900w, https:\/\/2l-a-velo.com\/wp-content\/uploads\/2021\/07\/P1109469-1280x721.jpg 1280w\" sizes=\"auto, (max-width: 1024px) 100vw, 1024px\" \/><\/figure><div class=\"wp-block-media-text__content\">\n<p>C&rsquo;est une magnifique route en lacets, offrant des vues superbes sur la ville et les \u00eeles Egades, qui nous conduit \u00e0 Trapani. Malheureusement, le ciel est gris et laisse m\u00eame \u00e9chapper quelques gouttes. Nous arrivons \u00e0 Trapani par une longue et belle avenue qui nous fait traverser la ville moderne et nous nous retrouvons dans la vieille ville. Superbe, ce quartier ancien. Nous le  traversons  en empruntant rues et ruelles bord\u00e9es de tr\u00e8s beaux b\u00e2timents et d&rsquo;\u00e9glises non moins belles. Nous aboutissons \u00e0 l&rsquo;extr\u00eame pointe de la ville marqu\u00e9e par le phare. Nous aurions aim\u00e9 avoir plus de temps pour profiter encore mieux de l&rsquo;endroit !<\/p>\n<\/div><\/div>\n\n\n\n<p> Important port ph\u00e9nicien, puis romain, la ville fut conquise par les Vandales, puis par les Byzantins et enfin par les Arabes. Ce fut sous la domination Arabe que les artistes du corail donn\u00e8rent une forte impulsion \u00e0 l\u2019activit\u00e9 maritime, Trapani b\u00e9n\u00e9ficia alors d\u2019une p\u00e9riode de grande prosp\u00e9rit\u00e9.  Conquise par les Normands en 1077, Trapani re\u00e7ut une nouvelle impulsion, elle devint particuli\u00e8rement florissante sous la domination aragonaise gr\u00e2ce au commerce du sel, du corail et du thon. Bien qu\u2019elle soit devenue capitale de la province en 1817, Trapani perdit sa splendeur pass\u00e9e. <\/p>\n\n\n\n<p style=\"background-color:#0675a4;text-align:center\" class=\"has-text-color has-background has-large-font-size has-white-color\"><strong><a href=\"https:\/\/photos.google.com\/share\/AF1QipOhj-8ociR6Ct8IhIyBOvNnvGKXSVuibIDZh2mCzb8iZGrB8nDJNl7hiwz_QBzd7A\/photo\/AF1QipPInqnNXt0Deyp9vUENLtXOSTLbdoD4uuU8YMqi?key=UkRTT015STJWcUwtamFibXlyeDdyMGFVNm5kcnRB\">Album photo Trapani<\/a><\/strong><\/p>\n\n\n\n<p style=\"background-color:#06a633;text-align:center\" class=\"has-text-color has-background has-large-font-size has-white-color\"><strong>Les Salines<\/strong><\/p>\n\n\n\n<p>Nous quittons ce matin notre \u00ab\u00a0agricampeggio\u00a0\u00bb o\u00f9 nous avons dormi. Tenu par un couple de personnes \u00e2g\u00e9es d&rsquo;une gentillesse extraordinaire, nous y avons pass\u00e9 un tr\u00e8s bon moment sous les pins. Nous allons suivre la c\u00f4te jusqu&rsquo;\u00e0 Marsala. Un itin\u00e9raire fl\u00e9ch\u00e9 \u00ab\u00a0Itin\u00e9raire cyclotouriste\u00a0\u00bb nous emm\u00e8ne sur une tr\u00e8s belle piste cyclable. Nous longeons alors les salines desquelles \u00e9mergent quelques moulins \u00e0 vent sous une lumi\u00e8re superbe ! A l&rsquo;approche de Marsala, nous retrouvons la route et une intense circulation !<\/p>\n\n\n\n<div class=\"wp-block-media-text alignwide has-media-on-the-right\"><figure class=\"wp-block-media-text__media\"><img loading=\"lazy\" decoding=\"async\" width=\"1024\" height=\"575\" src=\"https:\/\/2l-a-velo.com\/wp-content\/uploads\/2021\/07\/P1016675-1024x575.jpg\" alt=\"\" class=\"wp-image-3533\" srcset=\"https:\/\/2l-a-velo.com\/wp-content\/uploads\/2021\/07\/P1016675-1024x575.jpg 1024w, https:\/\/2l-a-velo.com\/wp-content\/uploads\/2021\/07\/P1016675-300x168.jpg 300w, https:\/\/2l-a-velo.com\/wp-content\/uploads\/2021\/07\/P1016675-768x431.jpg 768w, https:\/\/2l-a-velo.com\/wp-content\/uploads\/2021\/07\/P1016675-900x505.jpg 900w, https:\/\/2l-a-velo.com\/wp-content\/uploads\/2021\/07\/P1016675-1280x719.jpg 1280w\" sizes=\"auto, (max-width: 1024px) 100vw, 1024px\" \/><\/figure><div class=\"wp-block-media-text__content\">\n<p> L\u2019histoire de &nbsp;ces marais salants remonte au temps des Ph\u00e9niciens et de la d\u00e9couverte de l\u2019importance du sel pour conserver les denr\u00e9es alimentaires. Mis au point par les Normands qui introduisirent le monopole d\u2019\u00c9tat du sel, ils furent ensuite lib\u00e9ralis\u00e9s et la production arriva \u00e0 son apog\u00e9e pendant la domination Espagnole. <\/p>\n<\/div><\/div>\n\n\n\n<p style=\"text-align:left\"> Le sel de Trapani est un sel naturel, tr\u00e8s connu en Italie, un peu comme ceux de Gu\u00e9rande ou de Noirmoutier en France. Vous ne verrez pas de tas de sel sur les photos car il se r\u00e9colte en ao\u00fbt. Particularit\u00e9, on le fait s\u00e9cher sous des tuiles. <\/p>\n\n\n\n<div class=\"wp-block-media-text alignwide\"><figure class=\"wp-block-media-text__media\"><img loading=\"lazy\" decoding=\"async\" width=\"1024\" height=\"575\" src=\"https:\/\/2l-a-velo.com\/wp-content\/uploads\/2021\/07\/P1016688-1024x575.jpg\" alt=\"\" class=\"wp-image-3545\" srcset=\"https:\/\/2l-a-velo.com\/wp-content\/uploads\/2021\/07\/P1016688-1024x575.jpg 1024w, https:\/\/2l-a-velo.com\/wp-content\/uploads\/2021\/07\/P1016688-300x168.jpg 300w, https:\/\/2l-a-velo.com\/wp-content\/uploads\/2021\/07\/P1016688-768x431.jpg 768w, https:\/\/2l-a-velo.com\/wp-content\/uploads\/2021\/07\/P1016688-900x505.jpg 900w, https:\/\/2l-a-velo.com\/wp-content\/uploads\/2021\/07\/P1016688-1280x719.jpg 1280w\" sizes=\"auto, (max-width: 1024px) 100vw, 1024px\" \/><\/figure><div class=\"wp-block-media-text__content\">\n<p>Un mot sur les moulins. Leur r\u00f4le \u00e9tait double. Ils servaient \u00e0 remonter l&rsquo;eau dans les bassin et aussi \u00e0 moudre le sel. Aujourd&rsquo;hui, ils donnent du relief \u00e0 ces paysages de marais.<\/p>\n<\/div><\/div>\n\n\n\n<p style=\"background-color:#06719f;text-align:center\" class=\"has-text-color has-background has-large-font-size has-white-color\"><strong><a href=\"https:\/\/photos.google.com\/share\/AF1QipO0JYX3sRX-vcEI0jTd_2bL5cQPrttVFH70Pao7xm_NyW5SmiGovylybJiImJ5IKg\/photo\/AF1QipPkdmJEKR0s8Pn-WXtAbChMQgfTdckAZkpTOHve?key=LUQyd1Rja2Z2NHFweXhVVk9qQzJpUTZYTEJpMnNB\">Album photos des Salines<\/a><\/strong><\/p>\n","protected":false},"excerpt":{"rendered":"<p>Du 9 au 14 juillet Itin\u00e9raire De Palerme \u00e0 Castellammare del Golfo De Sferracavallo \u00e0 Alcamo Marina, nous suivons une route de bord de mer mais souvent loin de la grande bleue, surtout au d\u00e9part. De tr\u00e8s nombreux cyclistes empruntent cette route facile et peu pentue. Elle croise plusieurs fois l&rsquo;autoroute puis rejoint d\u00e9finitivement la [&hellip;]<\/p>\n","protected":false},"author":1,"featured_media":0,"parent":2997,"menu_order":2,"comment_status":"open","ping_status":"closed","template":"","meta":{"jetpack_post_was_ever_published":false,"footnotes":""},"class_list":["post-3474","page","type-page","status-publish","hentry"],"jetpack_likes_enabled":true,"jetpack_sharing_enabled":true,"_links":{"self":[{"href":"https:\/\/2l-a-velo.com\/index.php?rest_route=\/wp\/v2\/pages\/3474","targetHints":{"allow":["GET"]}}],"collection":[{"href":"https:\/\/2l-a-velo.com\/index.php?rest_route=\/wp\/v2\/pages"}],"about":[{"href":"https:\/\/2l-a-velo.com\/index.php?rest_route=\/wp\/v2\/types\/page"}],"author":[{"embeddable":true,"href":"https:\/\/2l-a-velo.com\/index.php?rest_route=\/wp\/v2\/users\/1"}],"replies":[{"embeddable":true,"href":"https:\/\/2l-a-velo.com\/index.php?rest_route=%2Fwp%2Fv2%2Fcomments&post=3474"}],"version-history":[{"count":75,"href":"https:\/\/2l-a-velo.com\/index.php?rest_route=\/wp\/v2\/pages\/3474\/revisions"}],"predecessor-version":[{"id":3607,"href":"https:\/\/2l-a-velo.com\/index.php?rest_route=\/wp\/v2\/pages\/3474\/revisions\/3607"}],"up":[{"embeddable":true,"href":"https:\/\/2l-a-velo.com\/index.php?rest_route=\/wp\/v2\/pages\/2997"}],"wp:attachment":[{"href":"https:\/\/2l-a-velo.com\/index.php?rest_route=%2Fwp%2Fv2%2Fmedia&parent=3474"}],"curies":[{"name":"wp","href":"https:\/\/api.w.org\/{rel}","templated":true}]}}