{"id":4101,"date":"2021-09-01T09:27:31","date_gmt":"2021-09-01T07:27:31","guid":{"rendered":"http:\/\/2l-a-velo.com\/?page_id=4101"},"modified":"2022-03-14T12:06:18","modified_gmt":"2022-03-14T11:06:18","slug":"monreale-et-derniers-coups-de-pedale-en-sicile","status":"publish","type":"page","link":"https:\/\/2l-a-velo.com\/?page_id=4101","title":{"rendered":"Monreale  et derniers coups de p\u00e9dale en Sicile"},"content":{"rendered":"\n<p><\/p>\n\n\n\n<div class=\"wp-block-media-text alignwide is-stacked-on-mobile\"><figure class=\"wp-block-media-text__media\"><img loading=\"lazy\" decoding=\"async\" width=\"1024\" height=\"729\" src=\"https:\/\/2l-a-velo.com\/wp-content\/uploads\/2021\/08\/P1018695-Panorama-1024x729.jpg\" alt=\"\" class=\"wp-image-4104 size-full\" srcset=\"https:\/\/2l-a-velo.com\/wp-content\/uploads\/2021\/08\/P1018695-Panorama-1024x729.jpg 1024w, https:\/\/2l-a-velo.com\/wp-content\/uploads\/2021\/08\/P1018695-Panorama-300x213.jpg 300w, https:\/\/2l-a-velo.com\/wp-content\/uploads\/2021\/08\/P1018695-Panorama-768x546.jpg 768w, https:\/\/2l-a-velo.com\/wp-content\/uploads\/2021\/08\/P1018695-Panorama-900x640.jpg 900w, https:\/\/2l-a-velo.com\/wp-content\/uploads\/2021\/08\/P1018695-Panorama-1280x911.jpg 1280w\" sizes=\"auto, (max-width: 1024px) 100vw, 1024px\" \/><\/figure><div class=\"wp-block-media-text__content\">\n<p class=\"has-text-align-center has-larger-font-size\"><strong>Du 22 au 25 ao\u00fbt<\/strong><\/p>\n<\/div><\/div>\n\n\n\n<p class=\"has-text-align-center has-white-color has-text-color has-background has-larger-font-size\" style=\"background-color:#00a30b\"><strong>Itin\u00e9raire<\/strong><\/p>\n\n\n\n<iframe loading=\"lazy\" src=\"https:\/\/www.google.com\/maps\/d\/embed?mid=1QHRt0kd8NEezrkO7X4sPHSfj0Is83LZU\" width=\"640\" height=\"480\"><\/iframe>\n\n\n\n<p class=\"has-text-align-center has-accent-background-color has-background has-larger-font-size\"><strong>LA CATHEDRALE DE MONREALE<\/strong><\/p>\n\n\n\n<p class=\"has-drop-cap\"><em><strong>Nous avions commenc\u00e9 la visite de la Sicile par la superbe chapelle Palatine et nous allons la terminer par la non moins superbe cath\u00e9drale de Monreale. Et oui, l&rsquo;art religieux est tr\u00e8s pr\u00e9sent en Sicile !<\/strong><\/em><\/p>\n\n\n\n<p class=\"has-text-align-center has-white-color has-text-color has-background has-large-font-size\" style=\"background-color:#03a300\"><strong>La cath\u00e9drale de Monreale<\/strong><\/p>\n\n\n\n<p>Fond\u00e9e en 1172 par le Normand guillaume II, la cath\u00e9drale porte au sommet l&rsquo;art arabo-normand. Elle marie les styles qui se sont succ\u00e9d\u00e9s en Sicile. Les deux tours sont des exemples de l&rsquo;art normand. A l&rsquo;int\u00e9rieur, les muqarnas (stalactites) au-dessus du ch\u0153ur appartiennent \u00e0 la tradition arabe.   <\/p>\n\n\n\n<div class=\"wp-block-media-text alignwide has-media-on-the-right is-stacked-on-mobile\"><figure class=\"wp-block-media-text__media\"><img loading=\"lazy\" decoding=\"async\" width=\"1024\" height=\"575\" src=\"https:\/\/2l-a-velo.com\/wp-content\/uploads\/2021\/08\/P1018731-1024x575.jpg\" alt=\"\" class=\"wp-image-4130 size-full\" srcset=\"https:\/\/2l-a-velo.com\/wp-content\/uploads\/2021\/08\/P1018731-1024x575.jpg 1024w, https:\/\/2l-a-velo.com\/wp-content\/uploads\/2021\/08\/P1018731-300x168.jpg 300w, https:\/\/2l-a-velo.com\/wp-content\/uploads\/2021\/08\/P1018731-768x431.jpg 768w, https:\/\/2l-a-velo.com\/wp-content\/uploads\/2021\/08\/P1018731-900x505.jpg 900w, https:\/\/2l-a-velo.com\/wp-content\/uploads\/2021\/08\/P1018731-1280x719.jpg 1280w\" sizes=\"auto, (max-width: 1024px) 100vw, 1024px\" \/><\/figure><div class=\"wp-block-media-text__content\">\n<p>\n\nMais ce qui nous a \u00e9merveill\u00e9, lorsque nous avons pass\u00e9 l&rsquo;entr\u00e9e, ce sont les mosa\u00efques sur fond or. Typiques de l&rsquo;\u00e9cole de Venise, elles s&rsquo;\u00e9loignent du plus pur style byzantin. Elles couvrent une surface de 6 340 m\u00b2 et illustrent des \u00e9pisodes de l&rsquo;Ancien Testament. C&rsquo;est tout en finesse, tr\u00e8s impressionnant !!!\n\n<\/p>\n<\/div><\/div>\n\n\n\n<div class=\"wp-block-media-text alignwide is-stacked-on-mobile\"><figure class=\"wp-block-media-text__media\"><img loading=\"lazy\" decoding=\"async\" width=\"1024\" height=\"575\" src=\"https:\/\/2l-a-velo.com\/wp-content\/uploads\/2021\/08\/P1018712-1024x575.jpg\" alt=\"\" class=\"wp-image-4131 size-full\" srcset=\"https:\/\/2l-a-velo.com\/wp-content\/uploads\/2021\/08\/P1018712-1024x575.jpg 1024w, https:\/\/2l-a-velo.com\/wp-content\/uploads\/2021\/08\/P1018712-300x168.jpg 300w, https:\/\/2l-a-velo.com\/wp-content\/uploads\/2021\/08\/P1018712-768x431.jpg 768w, https:\/\/2l-a-velo.com\/wp-content\/uploads\/2021\/08\/P1018712-900x505.jpg 900w, https:\/\/2l-a-velo.com\/wp-content\/uploads\/2021\/08\/P1018712-1280x719.jpg 1280w\" sizes=\"auto, (max-width: 1024px) 100vw, 1024px\" \/><\/figure><div class=\"wp-block-media-text__content\">\n<p>\n\nLe Christ pantocrator est la plus grande ic\u00f4ne byzantine du monde : 7 m entre les mains et un visage de pr\u00e8s de 4 m de haut. \n\n<\/p>\n<\/div><\/div>\n\n\n\n<p class=\"has-text-align-center has-white-color has-text-color has-background has-large-font-size\" style=\"background-color:#026f9d\"><strong><a href=\"https:\/\/photos.google.com\/share\/AF1QipPSftt2EEEnyPJlfvQv9cW3TTt2NG8Sjec10WzzdZ3g92gt5IqiP2-o5O3Gt___0w\/photo\/AF1QipPdU435fEfxpU1COhV5ocrkpsHA2TAU1HVX69M4?key=T0NUWDREbmNtVXc5dHRTU1RENGVVQWdFbm9wc3l3\">Album photos de la cath\u00e9drale de Monreale<\/a><\/strong><\/p>\n\n\n\n<p class=\"has-text-align-center has-white-color has-text-color has-background has-large-font-size\" style=\"background-color:#00a315\"><strong>La chapelle Roano<\/strong><\/p>\n\n\n\n<p>Du transept nord, on acc\u00e8de \u00e0 la chapelle Roano. On reste interloqu\u00e9 devant ce chef-d&rsquo;\u0153uvre du baroque j\u00e9suite. C&rsquo;est d\u00e9lirant ! <\/p>\n\n\n\n<div class=\"wp-block-media-text alignwide has-media-on-the-right is-stacked-on-mobile\"><figure class=\"wp-block-media-text__media\"><img loading=\"lazy\" decoding=\"async\" width=\"1024\" height=\"646\" src=\"https:\/\/2l-a-velo.com\/wp-content\/uploads\/2021\/08\/P1018721-Panorama-1024x646.jpg\" alt=\"\" class=\"wp-image-4132 size-full\" srcset=\"https:\/\/2l-a-velo.com\/wp-content\/uploads\/2021\/08\/P1018721-Panorama-1024x646.jpg 1024w, https:\/\/2l-a-velo.com\/wp-content\/uploads\/2021\/08\/P1018721-Panorama-300x189.jpg 300w, https:\/\/2l-a-velo.com\/wp-content\/uploads\/2021\/08\/P1018721-Panorama-768x484.jpg 768w, https:\/\/2l-a-velo.com\/wp-content\/uploads\/2021\/08\/P1018721-Panorama-900x568.jpg 900w, https:\/\/2l-a-velo.com\/wp-content\/uploads\/2021\/08\/P1018721-Panorama-1280x807.jpg 1280w\" sizes=\"auto, (max-width: 1024px) 100vw, 1024px\" \/><\/figure><div class=\"wp-block-media-text__content\">\n<p>\n\nUne polychromie de marbre, une dentelle tellement les d\u00e9tails sont fins. C&rsquo;est aussi tout un monde de symboles religieux \u00e0 d\u00e9crypter. On n&rsquo;aime ou on n&rsquo;aime pas, c&rsquo;est selon !!! \n\n<\/p>\n<\/div><\/div>\n\n\n\n<p class=\"has-text-align-center has-white-color has-text-color has-background has-large-font-size\" style=\"background-color:#0575a4\"><strong><a href=\"https:\/\/photos.google.com\/share\/AF1QipO0A98_lCea6LgJ7r2wz8aR7A1CQHsAhPkRRx7_UJIB6T1amjNLpFVw-kzR6OKAyw\/photo\/AF1QipOnqR7vvSHyemO3KHuHEcaTXGEZCY8HotWzCUCj?key=U3BmamhoZUkwSWlGYmNWMnI2THcwUU9MTWVvMG9R\">Album photos de la chapelle Roano<\/a><\/strong><\/p>\n\n\n\n<p class=\"has-text-align-center has-white-color has-text-color has-background has-large-font-size\" style=\"background-color:#00a333\"><strong>Sur la \u00ab\u00a0terrasse\u00a0\u00bb de la cath\u00e9drale<\/strong><\/p>\n\n\n\n<div class=\"wp-block-media-text alignwide has-media-on-the-right is-stacked-on-mobile\"><figure class=\"wp-block-media-text__media\"><img loading=\"lazy\" decoding=\"async\" width=\"1024\" height=\"575\" src=\"https:\/\/2l-a-velo.com\/wp-content\/uploads\/2021\/08\/P1018745-1024x575.jpg\" alt=\"\" class=\"wp-image-4133 size-full\" srcset=\"https:\/\/2l-a-velo.com\/wp-content\/uploads\/2021\/08\/P1018745-1024x575.jpg 1024w, https:\/\/2l-a-velo.com\/wp-content\/uploads\/2021\/08\/P1018745-300x168.jpg 300w, https:\/\/2l-a-velo.com\/wp-content\/uploads\/2021\/08\/P1018745-768x431.jpg 768w, https:\/\/2l-a-velo.com\/wp-content\/uploads\/2021\/08\/P1018745-900x505.jpg 900w, https:\/\/2l-a-velo.com\/wp-content\/uploads\/2021\/08\/P1018745-1280x719.jpg 1280w\" sizes=\"auto, (max-width: 1024px) 100vw, 1024px\" \/><\/figure><div class=\"wp-block-media-text__content\">\n<p>\n\nDe la cath\u00e9drale, on monte \u00e0 un balcon situ\u00e9 au-dessus du clo\u00eetre puis par un couloir vout\u00e9 on acc\u00e8de \u00e0 un point de vue, appel\u00e9 \u00ab\u00a0terrasse\u00a0\u00bb, qui offre un panorama sur Monreale et sur la baie de Palerme.\n\n<\/p>\n<\/div><\/div>\n\n\n\n<p class=\"has-text-align-center has-white-color has-text-color has-background has-large-font-size\" style=\"background-color:#0578aa\"><strong><a href=\"https:\/\/photos.google.com\/share\/AF1QipMJigaHdsc1N05fkXhELQ_JT5HJa_Y2FuYiPOOtu9ZxKWP9cSJljkH_qnwZRo_kXg\/photo\/AF1QipN7rClv35l0geHFWL-t02imTpJcnW1yKaUGjBfq?key=TU1HWnM4ZXZWSEc3emVlSnFBNG1Ma18xbWRBOVZn\">Album photos de la terrasse de la cath\u00e9drale<\/a><\/strong><\/p>\n\n\n\n<p class=\"has-text-align-center has-white-color has-text-color has-background has-large-font-size\" style=\"background-color:#00a31a\"><strong>Le clo\u00eetre<\/strong><\/p>\n\n\n\n<p>Epoustouflant ! C&rsquo;est l&rsquo;adjectif qui nous est venu \u00e0 l&rsquo;esprit quand nous avons p\u00e9n\u00e9tr\u00e9 dans le clo\u00eetre !<\/p>\n\n\n\n<div class=\"wp-block-media-text alignwide is-stacked-on-mobile\"><figure class=\"wp-block-media-text__media\"><img loading=\"lazy\" decoding=\"async\" width=\"1024\" height=\"575\" src=\"https:\/\/2l-a-velo.com\/wp-content\/uploads\/2021\/08\/P1018826-1024x575.jpg\" alt=\"\" class=\"wp-image-4136 size-full\" srcset=\"https:\/\/2l-a-velo.com\/wp-content\/uploads\/2021\/08\/P1018826-1024x575.jpg 1024w, https:\/\/2l-a-velo.com\/wp-content\/uploads\/2021\/08\/P1018826-300x168.jpg 300w, https:\/\/2l-a-velo.com\/wp-content\/uploads\/2021\/08\/P1018826-768x431.jpg 768w, https:\/\/2l-a-velo.com\/wp-content\/uploads\/2021\/08\/P1018826-900x505.jpg 900w, https:\/\/2l-a-velo.com\/wp-content\/uploads\/2021\/08\/P1018826-1280x719.jpg 1280w\" sizes=\"auto, (max-width: 1024px) 100vw, 1024px\" \/><\/figure><div class=\"wp-block-media-text__content\">\n<p>\n\nC&rsquo;est un festival d&rsquo;arcades et de colonnettes g\u00e9min\u00e9es. Une parfaite harmonie de l&rsquo;art normand et arabe. Les chapiteaux sont tous diff\u00e9rents et une colonnette sur deux est orn\u00e9e de mosa\u00efques.  \n\n<\/p>\n<\/div><\/div>\n\n\n\n<div class=\"wp-block-media-text alignwide has-media-on-the-right is-stacked-on-mobile\"><figure class=\"wp-block-media-text__media\"><img loading=\"lazy\" decoding=\"async\" width=\"1024\" height=\"575\" src=\"https:\/\/2l-a-velo.com\/wp-content\/uploads\/2021\/08\/P1018830-1-1024x575.jpg\" alt=\"\" class=\"wp-image-4137 size-full\" srcset=\"https:\/\/2l-a-velo.com\/wp-content\/uploads\/2021\/08\/P1018830-1-1024x575.jpg 1024w, https:\/\/2l-a-velo.com\/wp-content\/uploads\/2021\/08\/P1018830-1-300x168.jpg 300w, https:\/\/2l-a-velo.com\/wp-content\/uploads\/2021\/08\/P1018830-1-768x431.jpg 768w, https:\/\/2l-a-velo.com\/wp-content\/uploads\/2021\/08\/P1018830-1-900x505.jpg 900w, https:\/\/2l-a-velo.com\/wp-content\/uploads\/2021\/08\/P1018830-1-1280x719.jpg 1280w\" sizes=\"auto, (max-width: 1024px) 100vw, 1024px\" \/><\/figure><div class=\"wp-block-media-text__content\">\n<p>  Carr\u00e9s, triangles, \u00e9toiles, lignes verticales, spirales ou zigzags dont les carreaux (tesselles) or, noirs et rouges symbolisent diff\u00e9rents \u00e9l\u00e9ments naturels (l&rsquo;eau, le feu, l&rsquo;air et la terre).  <\/p>\n<\/div><\/div>\n\n\n\n<p>Un des c\u00f4t\u00e9s du clo\u00eetre est en r\u00e9novation et il n&rsquo;est pas possible d&rsquo;avoir acc\u00e8s \u00e0 la fontaine au grand regret de Laure. En effet, la l\u00e9gende veut que les femmes qui s&rsquo;y lavent les mains rajeunissent de dix ans !!!<\/p>\n\n\n\n<p class=\"has-text-align-center has-white-color has-text-color has-background has-large-font-size\" style=\"background-color:#0472a1\"><strong><a href=\"https:\/\/photos.google.com\/share\/AF1QipODBVLOc4hxUAGeXvwIgntOBm8abrxWcnrC5ph--WbOn0WDySVyRPa3MKeID_Wamw\/photo\/AF1QipOVOyzYFO8F9o86S2GFC5zIp6GW7pnoP6Tz7Rko?key=ZndnbEZmR25BekphZHlJTm1uQ2VITjhibTh5UWtB\">Album photos du clo\u00eetre<\/a><\/strong><\/p>\n\n\n\n<p class=\"has-text-align-center has-accent-background-color has-background has-larger-font-size\"><strong>Derniers coups de p\u00e9dale en Sicile<\/strong><\/p>\n\n\n\n<p class=\"has-text-align-center has-white-color has-text-color has-background has-large-font-size\" style=\"background-color:#00a30b\"><strong>De Santa Flavia \u00e0 Palerme<\/strong><\/p>\n\n\n\n<p>Nous quittons Santa Flavia, son rocher et son phare pour retrouver Palerme. La route qui longe la c\u00f4te est tr\u00e8s agr\u00e9able.<\/p>\n\n\n\n<div class=\"wp-block-media-text alignwide is-stacked-on-mobile\"><figure class=\"wp-block-media-text__media\"><img loading=\"lazy\" decoding=\"async\" width=\"1024\" height=\"575\" src=\"https:\/\/2l-a-velo.com\/wp-content\/uploads\/2021\/09\/P1018879-1024x575.jpg\" alt=\"\" class=\"wp-image-4154 size-full\" srcset=\"https:\/\/2l-a-velo.com\/wp-content\/uploads\/2021\/09\/P1018879-1024x575.jpg 1024w, https:\/\/2l-a-velo.com\/wp-content\/uploads\/2021\/09\/P1018879-300x168.jpg 300w, https:\/\/2l-a-velo.com\/wp-content\/uploads\/2021\/09\/P1018879-768x431.jpg 768w, https:\/\/2l-a-velo.com\/wp-content\/uploads\/2021\/09\/P1018879-900x505.jpg 900w, https:\/\/2l-a-velo.com\/wp-content\/uploads\/2021\/09\/P1018879-1280x719.jpg 1280w\" sizes=\"auto, (max-width: 1024px) 100vw, 1024px\" \/><\/figure><div class=\"wp-block-media-text__content\">\n<p>\n\nLe petit port de p\u00eache d&rsquo;Aspra nous livre de belles lumi\u00e8res sur les petits bateaux color\u00e9s typiques de la Sicile.\n\n<\/p>\n<\/div><\/div>\n\n\n\n<p>Nous retrouvons Palerme, sa circulation mais surtout son centre historique. Il y a beaucoup plus de monde qu&rsquo;au d\u00e9but du mois de juillet. Les monuments, eux, sont fid\u00e8les \u00e0 eux-m\u00eames, toujours aussi beaux et <a href=\"https:\/\/2l-a-velo.com\/?page_id=3383\">Palerme<\/a> toujours aussi attachante. Nous profitons de ce deuxi\u00e8me passage \u00e0 Palerme pour d\u00e9couvrir deux tr\u00e8s belles \u00e9glises que nous n&rsquo;avions pas eu le temps de voir lors de notre premi\u00e8re visite.<\/p>\n\n\n\n<p class=\"has-text-align-center has-white-color has-text-color has-background has-large-font-size\" style=\"background-color:#05719f\"><strong><a href=\"https:\/\/photos.google.com\/share\/AF1QipNfnmWS1mRN_fDMKXQ06JPe4NHPtpuGZjEAz6ZcHacygSvyouglJL9_r5p89OQCMA\/photo\/AF1QipOlss9eo1ELcfzS5Txavxe-2oCQVkJQ0kpmJdFy?key=dm42YlpoclNfclAyWkxhcFJQcDA5WWNQVkw1aktB\">Album photos de Santa Flavia \u00e0 Palerme<\/a><\/strong><\/p>\n\n\n\n<p class=\"has-text-align-center has-white-color has-text-color has-background has-large-font-size\" style=\"background-color:#00a34b\"><strong><a href=\"https:\/\/photos.google.com\/share\/AF1QipPIctgJESgHf92QIWRMzGYMxZ1T0FW1fXLLE9yx5lac8JYVmHg-ZSdbkUSU7paJKA\/photo\/AF1QipPfjigEEFzyYNgeqE0aQfhKLq0NMwoDN7al_L6O?key=ekFteXU2d1hVb2Y5Y3dyOGRXTTlHQ1dfTnRBTjJ3\">Eglise Santa Maria dell&rsquo;Ammiraglio<\/a><\/strong><\/p>\n\n\n\n<div class=\"wp-block-media-text alignwide has-media-on-the-right is-stacked-on-mobile\"><figure class=\"wp-block-media-text__media\"><img loading=\"lazy\" decoding=\"async\" width=\"1024\" height=\"575\" src=\"https:\/\/2l-a-velo.com\/wp-content\/uploads\/2021\/09\/P1013993-1024x575.jpg\" alt=\"\" class=\"wp-image-4160 size-full\" srcset=\"https:\/\/2l-a-velo.com\/wp-content\/uploads\/2021\/09\/P1013993-1024x575.jpg 1024w, https:\/\/2l-a-velo.com\/wp-content\/uploads\/2021\/09\/P1013993-300x168.jpg 300w, https:\/\/2l-a-velo.com\/wp-content\/uploads\/2021\/09\/P1013993-768x431.jpg 768w, https:\/\/2l-a-velo.com\/wp-content\/uploads\/2021\/09\/P1013993-900x505.jpg 900w, https:\/\/2l-a-velo.com\/wp-content\/uploads\/2021\/09\/P1013993-1280x719.jpg 1280w\" sizes=\"auto, (max-width: 1024px) 100vw, 1024px\" \/><\/figure><div class=\"wp-block-media-text__content\">\n<p>\n\nAppel\u00e9e aussi Martorana, cette \u00e9glise orthodoxe du XII\u00e8me si\u00e8cle a conserv\u00e9 des mosa\u00efque byzantines exceptionnelles sans doute les plus anciennes de la Sicile. La Martorana conserve encore le rite chr\u00e9tien oriental.\n\n<\/p>\n<\/div><\/div>\n\n\n\n<p class=\"has-text-align-center has-white-color has-text-color has-background has-large-font-size\" style=\"background-color:#0576a6\"><strong><a href=\"https:\/\/photos.google.com\/share\/AF1QipPIctgJESgHf92QIWRMzGYMxZ1T0FW1fXLLE9yx5lac8JYVmHg-ZSdbkUSU7paJKA\/photo\/AF1QipPfjigEEFzyYNgeqE0aQfhKLq0NMwoDN7al_L6O?key=ekFteXU2d1hVb2Y5Y3dyOGRXTTlHQ1dfTnRBTjJ3\">Album photos \u00e9glise Santa Maria<\/a><\/strong><\/p>\n\n\n\n<p class=\"has-text-align-center has-white-color has-text-color has-background has-large-font-size\" style=\"background-color:#00a30b\"><strong>Eglise di San Cataldo<\/strong><\/p>\n\n\n\n<div class=\"wp-block-media-text alignwide is-stacked-on-mobile\"><figure class=\"wp-block-media-text__media\"><img loading=\"lazy\" decoding=\"async\" width=\"1024\" height=\"575\" src=\"https:\/\/2l-a-velo.com\/wp-content\/uploads\/2021\/09\/P1018897-1024x575.jpg\" alt=\"\" class=\"wp-image-4163 size-full\" srcset=\"https:\/\/2l-a-velo.com\/wp-content\/uploads\/2021\/09\/P1018897-1024x575.jpg 1024w, https:\/\/2l-a-velo.com\/wp-content\/uploads\/2021\/09\/P1018897-300x168.jpg 300w, https:\/\/2l-a-velo.com\/wp-content\/uploads\/2021\/09\/P1018897-768x431.jpg 768w, https:\/\/2l-a-velo.com\/wp-content\/uploads\/2021\/09\/P1018897-900x505.jpg 900w, https:\/\/2l-a-velo.com\/wp-content\/uploads\/2021\/09\/P1018897-1280x719.jpg 1280w\" sizes=\"auto, (max-width: 1024px) 100vw, 1024px\" \/><\/figure><div class=\"wp-block-media-text__content\">\n<p> L&rsquo;\u00e9glise San Cataldo date aussi du XII\u00e8me si\u00e8cle. Transform\u00e9e en bureau de poste au XVIII\u00e8me si\u00e8cle, propri\u00e9t\u00e9 de l&rsquo;ordre des chevaliers du Saint S\u00e9pulcre depuis 1937, c&rsquo;est un exemple de la fusion entre architecture religieuse arabe et chr\u00e9tienne. C&rsquo;est une construction embl\u00e9matique de l&rsquo;architecture arabo-normande en Sicile. <\/p>\n<\/div><\/div>\n\n\n\n<p><\/p>\n\n\n\n<p class=\"has-text-align-center has-white-color has-text-color has-background has-large-font-size\" style=\"background-color:#04719f\"><strong><a href=\"https:\/\/photos.google.com\/share\/AF1QipMtJ0RRpwYll6GEf5dYYelAQNP2kJuZypf-EftUbQAqzwugCite_G-h7LM71v75zw\/photo\/AF1QipPG70c3E4nB6uPkofPIm3fRCmhz3GfdV3G3tfz0?key=RVVwTGpfdThnU1Y1N1RNVEQ2dTBWcUZHT0t1d3dR\">Album photo \u00e9glise di San Cataldo<\/a><\/strong><\/p>\n\n\n\n<div class=\"wp-block-media-text alignwide has-media-on-the-right is-stacked-on-mobile\"><figure class=\"wp-block-media-text__media\"><img loading=\"lazy\" decoding=\"async\" width=\"1024\" height=\"315\" src=\"https:\/\/2l-a-velo.com\/wp-content\/uploads\/2021\/09\/P1018942-Panorama-1024x315.jpg\" alt=\"\" class=\"wp-image-4168 size-full\" srcset=\"https:\/\/2l-a-velo.com\/wp-content\/uploads\/2021\/09\/P1018942-Panorama-1024x315.jpg 1024w, https:\/\/2l-a-velo.com\/wp-content\/uploads\/2021\/09\/P1018942-Panorama-300x92.jpg 300w, https:\/\/2l-a-velo.com\/wp-content\/uploads\/2021\/09\/P1018942-Panorama-768x236.jpg 768w, https:\/\/2l-a-velo.com\/wp-content\/uploads\/2021\/09\/P1018942-Panorama-900x277.jpg 900w, https:\/\/2l-a-velo.com\/wp-content\/uploads\/2021\/09\/P1018942-Panorama-1280x394.jpg 1280w\" sizes=\"auto, (max-width: 1024px) 100vw, 1024px\" \/><\/figure><div class=\"wp-block-media-text__content\">\n<p> Nous quittons la Sicile apr\u00e8s cinquante jours pass\u00e9s dans cette \u00eele qui rec\u00e8le tant de richesses ! Nous y avons parcouru 2104 km ! <\/p>\n<\/div><\/div>\n\n\n\n<p class=\"has-text-align-center has-white-color has-text-color has-background has-large-font-size\" style=\"background-color:#00a34b\"><strong>Petit bilan de notre s\u00e9jour en Sicile<\/strong><\/p>\n\n\n\n<p class=\"has-text-align-center has-accent-background-color has-background\"><strong>Itin\u00e9raire g\u00e9n\u00e9ral en Sicile<\/strong><\/p>\n\n\n\n<iframe loading=\"lazy\" src=\"https:\/\/www.google.com\/maps\/d\/u\/0\/embed?mid=1rlMvncBTL_eo0B__mN17E0wSSn2_aKmE\" width=\"640\" height=\"480\"><\/iframe>\n\n\n\n<p class=\"has-text-align-center has-accent-background-color has-background\"><strong>Ce que nous avons aim\u00e9 <\/strong><\/p>\n\n\n\n<p>La sympathie des Siciliens en g\u00e9n\u00e9ral<\/p>\n\n\n\n<p>Les tr\u00e8s beaux monuments de diff\u00e9rentes \u00e9poques<\/p>\n\n\n\n<p>Les paysages vari\u00e9s d&rsquo;une partie de l&rsquo;\u00eele \u00e0 l&rsquo;autre<\/p>\n\n\n\n<p>Le beau temps permanent et chaleur garantie avec souvent, \u00e0 v\u00e9lo, une petite brise agr\u00e9able<\/p>\n\n\n\n<p>Une nourriture bonne et vari\u00e9e \u00e0 des prix mod\u00e9r\u00e9s<\/p>\n\n\n\n<p>Les excellentes glaces et granite<\/p>\n\n\n\n<p class=\"has-text-align-center has-accent-background-color has-background\"><strong>Ce que nous avons regrett\u00e9<\/strong><\/p>\n\n\n\n<p><strong>Les poubelles que sont les bords des routes, impensable !<\/strong><\/p>\n\n\n\n<p>Les prix abusifs de certains campings au regard des services propos\u00e9s<\/p>\n","protected":false},"excerpt":{"rendered":"<p>Du 22 au 25 ao\u00fbt Itin\u00e9raire LA CATHEDRALE DE MONREALE Nous avions commenc\u00e9 la visite de la Sicile par la superbe chapelle Palatine et nous allons la terminer par la non moins superbe cath\u00e9drale de Monreale. Et oui, l&rsquo;art religieux est tr\u00e8s pr\u00e9sent en Sicile ! La cath\u00e9drale de Monreale Fond\u00e9e en 1172 par le [&hellip;]<\/p>\n","protected":false},"author":1,"featured_media":0,"parent":2997,"menu_order":9,"comment_status":"open","ping_status":"closed","template":"","meta":{"jetpack_post_was_ever_published":false,"footnotes":""},"class_list":["post-4101","page","type-page","status-publish","hentry"],"jetpack_likes_enabled":true,"jetpack_sharing_enabled":true,"_links":{"self":[{"href":"https:\/\/2l-a-velo.com\/index.php?rest_route=\/wp\/v2\/pages\/4101","targetHints":{"allow":["GET"]}}],"collection":[{"href":"https:\/\/2l-a-velo.com\/index.php?rest_route=\/wp\/v2\/pages"}],"about":[{"href":"https:\/\/2l-a-velo.com\/index.php?rest_route=\/wp\/v2\/types\/page"}],"author":[{"embeddable":true,"href":"https:\/\/2l-a-velo.com\/index.php?rest_route=\/wp\/v2\/users\/1"}],"replies":[{"embeddable":true,"href":"https:\/\/2l-a-velo.com\/index.php?rest_route=%2Fwp%2Fv2%2Fcomments&post=4101"}],"version-history":[{"count":60,"href":"https:\/\/2l-a-velo.com\/index.php?rest_route=\/wp\/v2\/pages\/4101\/revisions"}],"predecessor-version":[{"id":4797,"href":"https:\/\/2l-a-velo.com\/index.php?rest_route=\/wp\/v2\/pages\/4101\/revisions\/4797"}],"up":[{"embeddable":true,"href":"https:\/\/2l-a-velo.com\/index.php?rest_route=\/wp\/v2\/pages\/2997"}],"wp:attachment":[{"href":"https:\/\/2l-a-velo.com\/index.php?rest_route=%2Fwp%2Fv2%2Fmedia&parent=4101"}],"curies":[{"name":"wp","href":"https:\/\/api.w.org\/{rel}","templated":true}]}}