{"id":7924,"date":"2023-04-09T20:37:49","date_gmt":"2023-04-09T18:37:49","guid":{"rendered":"https:\/\/2l-a-velo.com\/?page_id=7924"},"modified":"2023-04-14T20:29:00","modified_gmt":"2023-04-14T18:29:00","slug":"ushuaia","status":"publish","type":"page","link":"https:\/\/2l-a-velo.com\/?page_id=7924","title":{"rendered":"Ushua\u00efa"},"content":{"rendered":"\n<div class=\"wp-block-media-text alignwide is-stacked-on-mobile\" style=\"grid-template-columns:60% auto\"><figure class=\"wp-block-media-text__media\"><img loading=\"lazy\" decoding=\"async\" width=\"1024\" height=\"575\" src=\"https:\/\/2l-a-velo.com\/wp-content\/uploads\/2023\/04\/PANA5741-1024x575.jpg\" alt=\"\" class=\"wp-image-7978 size-full\" srcset=\"https:\/\/2l-a-velo.com\/wp-content\/uploads\/2023\/04\/PANA5741-1024x575.jpg 1024w, https:\/\/2l-a-velo.com\/wp-content\/uploads\/2023\/04\/PANA5741-300x168.jpg 300w, https:\/\/2l-a-velo.com\/wp-content\/uploads\/2023\/04\/PANA5741-768x431.jpg 768w, https:\/\/2l-a-velo.com\/wp-content\/uploads\/2023\/04\/PANA5741-1536x862.jpg 1536w, https:\/\/2l-a-velo.com\/wp-content\/uploads\/2023\/04\/PANA5741-2048x1149.jpg 2048w, https:\/\/2l-a-velo.com\/wp-content\/uploads\/2023\/04\/PANA5741-900x505.jpg 900w, https:\/\/2l-a-velo.com\/wp-content\/uploads\/2023\/04\/PANA5741-1280x718.jpg 1280w\" sizes=\"auto, (max-width: 1024px) 100vw, 1024px\" \/><\/figure><div class=\"wp-block-media-text__content\">\n<p class=\"has-text-align-center has-large-font-size\"><strong>Du 5 au 14 avril<\/strong><\/p>\n<\/div><\/div>\n\n\n\n<p><strong>54 \u00b049&prime; de latitude sud, \u00e0 1 000 km seulement de l&rsquo;Antarctique, nous sommes \u00e0 Ushua\u00efa <\/strong>!<\/p>\n\n\n\n<div class=\"wp-block-media-text alignwide has-media-on-the-right is-stacked-on-mobile\" style=\"grid-template-columns:auto 53%\"><div class=\"wp-block-media-text__content\">\n<p>C&rsquo;est le bout de notre premi\u00e8re partie de voyage (et aussi un peu la fin du voyage de 2019 !). C&rsquo;est un bonheur pour nous d&rsquo;\u00eatre arriv\u00e9s ici. Car, qu&rsquo;on le veuille ou non, qu&rsquo;on pense d&rsquo;Ushua\u00efa ce qu&rsquo;on veut, c&rsquo;est quand m\u00eame un endroit marquant pour des voyageurs : Fin del Mundo, la Fin du Monde ! <\/p>\n<\/div><figure class=\"wp-block-media-text__media\"><img loading=\"lazy\" decoding=\"async\" width=\"1024\" height=\"575\" src=\"https:\/\/2l-a-velo.com\/wp-content\/uploads\/2023\/04\/PANA5708-1-1024x575.jpg\" alt=\"\" class=\"wp-image-7948 size-full\" srcset=\"https:\/\/2l-a-velo.com\/wp-content\/uploads\/2023\/04\/PANA5708-1-1024x575.jpg 1024w, https:\/\/2l-a-velo.com\/wp-content\/uploads\/2023\/04\/PANA5708-1-300x168.jpg 300w, https:\/\/2l-a-velo.com\/wp-content\/uploads\/2023\/04\/PANA5708-1-768x431.jpg 768w, https:\/\/2l-a-velo.com\/wp-content\/uploads\/2023\/04\/PANA5708-1-1536x862.jpg 1536w, https:\/\/2l-a-velo.com\/wp-content\/uploads\/2023\/04\/PANA5708-1-2048x1149.jpg 2048w, https:\/\/2l-a-velo.com\/wp-content\/uploads\/2023\/04\/PANA5708-1-900x505.jpg 900w, https:\/\/2l-a-velo.com\/wp-content\/uploads\/2023\/04\/PANA5708-1-1280x718.jpg 1280w\" sizes=\"auto, (max-width: 1024px) 100vw, 1024px\" \/><\/figure><\/div>\n\n\n\n<p>La Fin del Mundo ! Si on veut ! Ce n&rsquo;est pas l&rsquo;endroit le plus au sud. C&rsquo;est effectivement la <strong>ville<\/strong> la plus au sud mais, encore un peu plus au sud, de l&rsquo;autre c\u00f4t\u00e9 du canal de Beagle, existe le village de Puerto William, sur l&rsquo;\u00eele de Navarino au Chili. Malheureusement pour nous, il n&rsquo;y a plus de liaison entre les deux villes au mois d&rsquo;avril !<\/p>\n\n\n\n<div class=\"wp-block-media-text alignwide is-stacked-on-mobile\" style=\"grid-template-columns:55% auto\"><figure class=\"wp-block-media-text__media\"><img loading=\"lazy\" decoding=\"async\" width=\"1024\" height=\"683\" src=\"https:\/\/2l-a-velo.com\/wp-content\/uploads\/2023\/04\/372A2154-1024x683.jpg\" alt=\"\" class=\"wp-image-7950 size-full\" srcset=\"https:\/\/2l-a-velo.com\/wp-content\/uploads\/2023\/04\/372A2154-1024x683.jpg 1024w, https:\/\/2l-a-velo.com\/wp-content\/uploads\/2023\/04\/372A2154-300x200.jpg 300w, https:\/\/2l-a-velo.com\/wp-content\/uploads\/2023\/04\/372A2154-768x512.jpg 768w, https:\/\/2l-a-velo.com\/wp-content\/uploads\/2023\/04\/372A2154-1536x1024.jpg 1536w, https:\/\/2l-a-velo.com\/wp-content\/uploads\/2023\/04\/372A2154-2048x1366.jpg 2048w, https:\/\/2l-a-velo.com\/wp-content\/uploads\/2023\/04\/372A2154-900x600.jpg 900w, https:\/\/2l-a-velo.com\/wp-content\/uploads\/2023\/04\/372A2154-1280x854.jpg 1280w\" sizes=\"auto, (max-width: 1024px) 100vw, 1024px\" \/><\/figure><div class=\"wp-block-media-text__content\">\n<p>L&rsquo;arriv\u00e9e \u00e0 Ushua\u00efa n&rsquo;est pas tr\u00e8s jolie car on y p\u00e9n\u00e8tre en traversant la zone industrielle. Par contre, le centre ville, et notamment la rue San Martin, bord\u00e9e de beaux magasins, de caf\u00e9s, de restaurants, de boutiques diverses, est tr\u00e8s anim\u00e9e m\u00eame s&rsquo;il y a moins de touristes \u00e0 ce moment de l&rsquo;ann\u00e9e. <\/p>\n<\/div><\/div>\n\n\n\n<p>Nous aimons bien, apr\u00e8s plusieurs semaines dans des endroits d\u00e9serts, retrouver un peu d&rsquo;animation le temps d&rsquo;une pause !<\/p>\n\n\n\n<div class=\"wp-block-media-text alignwide has-media-on-the-right is-stacked-on-mobile\" style=\"grid-template-columns:auto 53%\"><div class=\"wp-block-media-text__content\">\n<p>Mais, aux rues anim\u00e9es, nous pr\u00e9f\u00e9rons le front de mer qui offre de belles vues sur les montagnes environnantes. <\/p>\n<\/div><figure class=\"wp-block-media-text__media\"><img loading=\"lazy\" decoding=\"async\" width=\"1024\" height=\"575\" src=\"https:\/\/2l-a-velo.com\/wp-content\/uploads\/2023\/04\/PANA5812-1024x575.jpg\" alt=\"\" class=\"wp-image-7951 size-full\" srcset=\"https:\/\/2l-a-velo.com\/wp-content\/uploads\/2023\/04\/PANA5812-1024x575.jpg 1024w, https:\/\/2l-a-velo.com\/wp-content\/uploads\/2023\/04\/PANA5812-300x168.jpg 300w, https:\/\/2l-a-velo.com\/wp-content\/uploads\/2023\/04\/PANA5812-768x431.jpg 768w, https:\/\/2l-a-velo.com\/wp-content\/uploads\/2023\/04\/PANA5812-1536x862.jpg 1536w, https:\/\/2l-a-velo.com\/wp-content\/uploads\/2023\/04\/PANA5812-2048x1149.jpg 2048w, https:\/\/2l-a-velo.com\/wp-content\/uploads\/2023\/04\/PANA5812-900x505.jpg 900w, https:\/\/2l-a-velo.com\/wp-content\/uploads\/2023\/04\/PANA5812-1280x718.jpg 1280w\" sizes=\"auto, (max-width: 1024px) 100vw, 1024px\" \/><\/figure><\/div>\n\n\n\n<p>On peut y circuler \u00e0 v\u00e9lo tranquillement car il existe un \u00ab\u00a0trottoir voie cyclable\u00a0\u00bb, ce qui est plut\u00f4t rassurant vu la conduite \u00ab\u00a0particuli\u00e8re\u00a0\u00bb des locaux !<\/p>\n\n\n\n<p>Pendant notre s\u00e9jour, nous logeons \u00e0 l&rsquo;hostal  1903 (anciennement Lo de Momo). Les prix sont particuli\u00e8rement raisonnables et le confort tr\u00e8s correct.<\/p>\n\n\n\n<figure class=\"wp-block-image size-large\"><img loading=\"lazy\" decoding=\"async\" width=\"1024\" height=\"575\" src=\"https:\/\/2l-a-velo.com\/wp-content\/uploads\/2023\/04\/PANA5824-1024x575.jpg\" alt=\"\" class=\"wp-image-7953\" srcset=\"https:\/\/2l-a-velo.com\/wp-content\/uploads\/2023\/04\/PANA5824-1024x575.jpg 1024w, https:\/\/2l-a-velo.com\/wp-content\/uploads\/2023\/04\/PANA5824-300x168.jpg 300w, https:\/\/2l-a-velo.com\/wp-content\/uploads\/2023\/04\/PANA5824-768x431.jpg 768w, https:\/\/2l-a-velo.com\/wp-content\/uploads\/2023\/04\/PANA5824-1536x862.jpg 1536w, https:\/\/2l-a-velo.com\/wp-content\/uploads\/2023\/04\/PANA5824-2048x1149.jpg 2048w, https:\/\/2l-a-velo.com\/wp-content\/uploads\/2023\/04\/PANA5824-900x505.jpg 900w, https:\/\/2l-a-velo.com\/wp-content\/uploads\/2023\/04\/PANA5824-1280x718.jpg 1280w\" sizes=\"auto, (max-width: 1024px) 100vw, 1024px\" \/><\/figure>\n\n\n\n<p>Aujourd&rsquo;hui, c&rsquo;est P\u00e2ques et la neige s&rsquo;est invit\u00e9e \u00e0 la f\u00eate ! Il est vrai qu&rsquo;ici, le temps change vite ! Les quatre saisons dans la m\u00eame journ\u00e9e ? Presque !<\/p>\n\n\n\n<div class=\"wp-block-group has-luminous-vivid-amber-to-luminous-vivid-orange-gradient-background has-background\"><div class=\"wp-block-group__inner-container is-layout-constrained wp-block-group-is-layout-constrained\">\n<p>Ushua\u00efa fut fond\u00e9e le&nbsp;12&nbsp;octobre&nbsp;1884&nbsp;au fond de la&nbsp;baie \u00e9ponyme&nbsp;ouverte sur le canal de Beagle. Durant la plus grande partie de la premi\u00e8re moiti\u00e9 du&nbsp;xx<sup>e<\/sup>&nbsp;si\u00e8cle, la ville se d\u00e9veloppa autour d&rsquo;une&nbsp;prison&nbsp;destin\u00e9e \u00e0 des criminels particuli\u00e8rement dangereux&nbsp;: s&rsquo;\u00e9chapper d&rsquo;une prison sur une \u00eele aussi isol\u00e9e est pratiquement impossible. Les prisonniers devinrent ainsi des colons et leurs principales activit\u00e9s \u00e9taient de couper du bois sur les terrains environnant la prison et de construire la ville.<\/p>\n\n\n\n<p><\/p>\n\n\n\n<p>Actuellement, la ville compte environ 80 000 habitants. Le nom de la ville vient de la langue indig\u00e8ne yagan (ou yamana) :&nbsp;<strong>ush <\/strong>(au fond)<strong> <\/strong>et<strong> wuaia <\/strong>(baie ou crique). <\/p>\n\n\n\n<p><\/p>\n\n\n\n<p>C&rsquo;est une ville o\u00f9 le tourisme est roi car, hormis tout ce que l&rsquo;on peut faire et voir dans les alentours d&rsquo;Ushua\u00efa, c&rsquo;est la porte d&rsquo;entr\u00e9e vers les r\u00e9gions les plus australes du globe et notamment de l&rsquo;Antarctique (si vous en avez les moyens !).<\/p>\n<\/div><\/div>\n\n\n\n<p>Une sortie jusqu&rsquo;\u00e0 la Balise Escarpados nous offre de splendides vues sur la ville et la baie avec en arri\u00e8re plan les montagnes enneig\u00e9es ! Superbe ! <\/p>\n\n\n\n<figure class=\"wp-block-image size-large\"><img loading=\"lazy\" decoding=\"async\" width=\"1024\" height=\"683\" src=\"https:\/\/2l-a-velo.com\/wp-content\/uploads\/2023\/04\/372A2272-1024x683.jpg\" alt=\"\" class=\"wp-image-8001\" srcset=\"https:\/\/2l-a-velo.com\/wp-content\/uploads\/2023\/04\/372A2272-1024x683.jpg 1024w, https:\/\/2l-a-velo.com\/wp-content\/uploads\/2023\/04\/372A2272-300x200.jpg 300w, https:\/\/2l-a-velo.com\/wp-content\/uploads\/2023\/04\/372A2272-768x512.jpg 768w, https:\/\/2l-a-velo.com\/wp-content\/uploads\/2023\/04\/372A2272-1536x1024.jpg 1536w, https:\/\/2l-a-velo.com\/wp-content\/uploads\/2023\/04\/372A2272-2048x1366.jpg 2048w, https:\/\/2l-a-velo.com\/wp-content\/uploads\/2023\/04\/372A2272-900x600.jpg 900w, https:\/\/2l-a-velo.com\/wp-content\/uploads\/2023\/04\/372A2272-1280x854.jpg 1280w\" sizes=\"auto, (max-width: 1024px) 100vw, 1024px\" \/><\/figure>\n\n\n\n<div class=\"wp-block-media-text alignwide has-media-on-the-right is-stacked-on-mobile\" style=\"grid-template-columns:auto 55%\"><div class=\"wp-block-media-text__content\">\n<p>Il arrive qu&rsquo;ici on aper\u00e7oive quelquefois des baleines mais nous n&rsquo;avons pas eu cette chance aujourd&rsquo;hui. Le soleil \u00e9tait pr\u00e9sent mais aussi un vent froid fort d\u00e9sagr\u00e9able. Par contre, cette c\u00f4te, le long du canal de Beagle, est magnifique !<\/p>\n<\/div><figure class=\"wp-block-media-text__media\"><img loading=\"lazy\" decoding=\"async\" width=\"1024\" height=\"575\" src=\"https:\/\/2l-a-velo.com\/wp-content\/uploads\/2023\/04\/PANA5924-1024x575.jpg\" alt=\"\" class=\"wp-image-8002 size-full\" srcset=\"https:\/\/2l-a-velo.com\/wp-content\/uploads\/2023\/04\/PANA5924-1024x575.jpg 1024w, https:\/\/2l-a-velo.com\/wp-content\/uploads\/2023\/04\/PANA5924-300x168.jpg 300w, https:\/\/2l-a-velo.com\/wp-content\/uploads\/2023\/04\/PANA5924-768x431.jpg 768w, https:\/\/2l-a-velo.com\/wp-content\/uploads\/2023\/04\/PANA5924-1536x862.jpg 1536w, https:\/\/2l-a-velo.com\/wp-content\/uploads\/2023\/04\/PANA5924-2048x1149.jpg 2048w, https:\/\/2l-a-velo.com\/wp-content\/uploads\/2023\/04\/PANA5924-900x505.jpg 900w, https:\/\/2l-a-velo.com\/wp-content\/uploads\/2023\/04\/PANA5924-1280x718.jpg 1280w\" sizes=\"auto, (max-width: 1024px) 100vw, 1024px\" \/><\/figure><\/div>\n\n\n\n<figure class=\"wp-block-image\"><img decoding=\"async\" src=\"https:\/\/2l-a-velo.com\/wp-content\/uploads\/2023\/04\/372A2220-1024x683.jpg\" alt=\"\"\/><\/figure>\n\n\n\n<p id=\"block-e4fab000-0119-45a3-9c9b-9e1075be48f4\">La sp\u00e9cialit\u00e9 locale, c&rsquo;est le crabe royal de Patagonie. Un petit restaurant d&rsquo;un soir nous permet de go\u00fbter \u00e0 ce plat ! Finalement, c&rsquo;est bon mais&#8230; pour un crabe <strong>royal<\/strong>, le n\u00f4tre \u00e9tait bien petit, un crabe \u00ab\u00a0<strong>princier<\/strong>\u00a0\u00bb peut-\u00eatre ?<\/p>\n\n\n\n<div class=\"wp-block-buttons is-layout-flex wp-block-buttons-is-layout-flex\">\n<div class=\"wp-block-button has-custom-width wp-block-button__width-100 is-style-fill\"><a class=\"wp-block-button__link has-background has-text-align-center wp-element-button\" href=\"https:\/\/photos.google.com\/share\/AF1QipPMXk_KLkDxqwJ8n217l45aR_zXHcLgvsExgkCPsiis5fq-heCSQemnBAu1YMGH3A\/photo\/AF1QipPKhpRmE6x-YfqK0V6LEKWMtbCKBACsJJ09M1g_?key=bWpLOFVnenpfbnkycWw4X3dVdmJURDJ2YUZxUkt3\" style=\"border-radius:10px;background-color:#0173a3\">album photos ushua\u00efa<\/a><\/div>\n<\/div>\n\n\n\n<p class=\"has-text-align-center\"><strong>Mus\u00e9e Maritime d&rsquo;Ushua\u00efa<\/strong><\/p>\n\n\n\n<div class=\"wp-block-media-text alignwide is-stacked-on-mobile\" style=\"grid-template-columns:53% auto\"><figure class=\"wp-block-media-text__media\"><img loading=\"lazy\" decoding=\"async\" width=\"1024\" height=\"683\" src=\"https:\/\/2l-a-velo.com\/wp-content\/uploads\/2023\/04\/372A2251-1024x683.jpg\" alt=\"\" class=\"wp-image-7961 size-full\" srcset=\"https:\/\/2l-a-velo.com\/wp-content\/uploads\/2023\/04\/372A2251-1024x683.jpg 1024w, https:\/\/2l-a-velo.com\/wp-content\/uploads\/2023\/04\/372A2251-300x200.jpg 300w, https:\/\/2l-a-velo.com\/wp-content\/uploads\/2023\/04\/372A2251-768x512.jpg 768w, https:\/\/2l-a-velo.com\/wp-content\/uploads\/2023\/04\/372A2251-1536x1024.jpg 1536w, https:\/\/2l-a-velo.com\/wp-content\/uploads\/2023\/04\/372A2251-2048x1366.jpg 2048w, https:\/\/2l-a-velo.com\/wp-content\/uploads\/2023\/04\/372A2251-900x600.jpg 900w, https:\/\/2l-a-velo.com\/wp-content\/uploads\/2023\/04\/372A2251-1280x854.jpg 1280w\" sizes=\"auto, (max-width: 1024px) 100vw, 1024px\" \/><\/figure><div class=\"wp-block-media-text__content\">\n<p>Il ne faut pas rater le mus\u00e9e Maritime de Ushua\u00efa. On peut y voir de nombreuses maquettes de bateaux depuis le Trinidad de Magellan jusqu&rsquo;aux modernes navires d&rsquo;exploration actuels, mais aussi toute l&rsquo;histoire maritime de la ville.<\/p>\n<\/div><\/div>\n\n\n\n<div class=\"wp-block-media-text alignwide has-media-on-the-right is-stacked-on-mobile\"><div class=\"wp-block-media-text__content\">\n<p>Le mus\u00e9e, install\u00e9 dans l&rsquo;ancien bagne d&rsquo;Ushua\u00efa, nous conte aussi l&rsquo;histoire de cette prison. Les reconstitutions de nombreuses cellules nous plongent dans un univers carc\u00e9ral qui devait \u00eatre particuli\u00e8rement dur <\/p>\n<\/div><figure class=\"wp-block-media-text__media\"><img loading=\"lazy\" decoding=\"async\" width=\"858\" height=\"1024\" src=\"https:\/\/2l-a-velo.com\/wp-content\/uploads\/2023\/04\/PANA5855-2-858x1024.jpg\" alt=\"\" class=\"wp-image-7974 size-full\" srcset=\"https:\/\/2l-a-velo.com\/wp-content\/uploads\/2023\/04\/PANA5855-2-858x1024.jpg 858w, https:\/\/2l-a-velo.com\/wp-content\/uploads\/2023\/04\/PANA5855-2-251x300.jpg 251w, https:\/\/2l-a-velo.com\/wp-content\/uploads\/2023\/04\/PANA5855-2-768x916.jpg 768w, https:\/\/2l-a-velo.com\/wp-content\/uploads\/2023\/04\/PANA5855-2-1287x1536.jpg 1287w, https:\/\/2l-a-velo.com\/wp-content\/uploads\/2023\/04\/PANA5855-2-1716x2048.jpg 1716w, https:\/\/2l-a-velo.com\/wp-content\/uploads\/2023\/04\/PANA5855-2-900x1074.jpg 900w, https:\/\/2l-a-velo.com\/wp-content\/uploads\/2023\/04\/PANA5855-2-1280x1527.jpg 1280w\" sizes=\"auto, (max-width: 858px) 100vw, 858px\" \/><\/figure><\/div>\n\n\n\n<p> On le ressent encore plus dans le pavillon historique o\u00f9 rien, volontairement, n&rsquo;a \u00e9t\u00e9 r\u00e9nov\u00e9. C&rsquo;est dans l&rsquo;\u00e9tat de 1947, ann\u00e9e o\u00f9 l&rsquo;on ferma la prison !<\/p>\n\n\n\n<figure class=\"wp-block-image size-large\"><img loading=\"lazy\" decoding=\"async\" width=\"1024\" height=\"575\" src=\"https:\/\/2l-a-velo.com\/wp-content\/uploads\/2023\/04\/PANA5878-1024x575.jpg\" alt=\"\" class=\"wp-image-7966\" srcset=\"https:\/\/2l-a-velo.com\/wp-content\/uploads\/2023\/04\/PANA5878-1024x575.jpg 1024w, https:\/\/2l-a-velo.com\/wp-content\/uploads\/2023\/04\/PANA5878-300x168.jpg 300w, https:\/\/2l-a-velo.com\/wp-content\/uploads\/2023\/04\/PANA5878-768x431.jpg 768w, https:\/\/2l-a-velo.com\/wp-content\/uploads\/2023\/04\/PANA5878-1536x862.jpg 1536w, https:\/\/2l-a-velo.com\/wp-content\/uploads\/2023\/04\/PANA5878-2048x1149.jpg 2048w, https:\/\/2l-a-velo.com\/wp-content\/uploads\/2023\/04\/PANA5878-900x505.jpg 900w, https:\/\/2l-a-velo.com\/wp-content\/uploads\/2023\/04\/PANA5878-1280x718.jpg 1280w\" sizes=\"auto, (max-width: 1024px) 100vw, 1024px\" \/><\/figure>\n\n\n\n<p>Il existe aussi divers petits mus\u00e9es distribu\u00e9s dans les anciennes cellules : mus\u00e9e Antarctique, mus\u00e9e p\u00e9nitentiaire, Ushua\u00efa autrefois et m\u00eame une galerie d&rsquo;art.<\/p>\n\n\n\n<p>A l&rsquo;ext\u00e9rieur, on a reconstitu\u00e9 le phare <strong>San Juan de Salvamento<\/strong>, plus connu, depuis le roman de Jules Vernes, sous l&rsquo;appellation de <strong>Phare du Bout du Monde<\/strong>. Une autre reconstitution existe \u00e0 l&rsquo;endroit exact o\u00f9 se situait le phare original sur l&rsquo;isle de Los Estados (l&rsquo;\u00eele des Etats).  <\/p>\n\n\n\n<p> <\/p>\n\n\n\n<p><\/p>\n\n\n<div class=\"wp-block-image\">\n<figure class=\"aligncenter size-large\"><img loading=\"lazy\" decoding=\"async\" width=\"1024\" height=\"575\" src=\"https:\/\/2l-a-velo.com\/wp-content\/uploads\/2023\/04\/PANA5889-2-1024x575.jpg\" alt=\"\" class=\"wp-image-7969\" srcset=\"https:\/\/2l-a-velo.com\/wp-content\/uploads\/2023\/04\/PANA5889-2-1024x575.jpg 1024w, https:\/\/2l-a-velo.com\/wp-content\/uploads\/2023\/04\/PANA5889-2-300x168.jpg 300w, https:\/\/2l-a-velo.com\/wp-content\/uploads\/2023\/04\/PANA5889-2-768x431.jpg 768w, https:\/\/2l-a-velo.com\/wp-content\/uploads\/2023\/04\/PANA5889-2-1536x862.jpg 1536w, https:\/\/2l-a-velo.com\/wp-content\/uploads\/2023\/04\/PANA5889-2-2048x1149.jpg 2048w, https:\/\/2l-a-velo.com\/wp-content\/uploads\/2023\/04\/PANA5889-2-900x505.jpg 900w, https:\/\/2l-a-velo.com\/wp-content\/uploads\/2023\/04\/PANA5889-2-1280x718.jpg 1280w\" sizes=\"auto, (max-width: 1024px) 100vw, 1024px\" \/><figcaption class=\"wp-element-caption\"><strong>Reconstitution du phare du Bout du Monde<\/strong><\/figcaption><\/figure>\n<\/div>\n\n\n<div class=\"wp-block-buttons is-layout-flex wp-block-buttons-is-layout-flex\">\n<div class=\"wp-block-button has-custom-width wp-block-button__width-100\"><a class=\"wp-block-button__link has-background wp-element-button\" href=\"https:\/\/photos.google.com\/share\/AF1QipMLJJV3BR9g6PdKgLz1JU1Xj5cQlpnx3oiIqWVKvq0BpkxD-Hmtl118EOyOy4OdyA\/photo\/AF1QipNtdCM6j6ZkqpHA4JsQquuOMr_TcjwwQsGQNKh_?key=NmthYnR6RDZZejNCQWNrTGZEYXl1RzNFaEdueXdn\" style=\"border-radius:10px;background-color:#0173a3\">album photos mus\u00e9e<\/a><\/div>\n<\/div>\n\n\n\n<p class=\"has-text-align-center has-large-font-size\"><strong>Une balade en bateau<\/strong><\/p>\n\n\n\n<div class=\"wp-block-media-text alignwide has-media-on-the-right is-stacked-on-mobile\"><div class=\"wp-block-media-text__content\">\n<p>Pour terminer notre s\u00e9jour \u00e0 Ushua\u00efa, nous d\u00e9cidons de d\u00e9couvrir la baie et le canal de Beagle en bateau. Une promenade de trois heures parmi les \u00eeles et la faune de ce canal.<\/p>\n<\/div><figure class=\"wp-block-media-text__media\"><img loading=\"lazy\" decoding=\"async\" width=\"1024\" height=\"683\" src=\"https:\/\/2l-a-velo.com\/wp-content\/uploads\/2023\/04\/372A2497-1024x683.jpg\" alt=\"\" class=\"wp-image-8012 size-full\" srcset=\"https:\/\/2l-a-velo.com\/wp-content\/uploads\/2023\/04\/372A2497-1024x683.jpg 1024w, https:\/\/2l-a-velo.com\/wp-content\/uploads\/2023\/04\/372A2497-300x200.jpg 300w, https:\/\/2l-a-velo.com\/wp-content\/uploads\/2023\/04\/372A2497-768x512.jpg 768w, https:\/\/2l-a-velo.com\/wp-content\/uploads\/2023\/04\/372A2497-1536x1024.jpg 1536w, https:\/\/2l-a-velo.com\/wp-content\/uploads\/2023\/04\/372A2497-2048x1366.jpg 2048w, https:\/\/2l-a-velo.com\/wp-content\/uploads\/2023\/04\/372A2497-900x600.jpg 900w, https:\/\/2l-a-velo.com\/wp-content\/uploads\/2023\/04\/372A2497-1280x854.jpg 1280w\" sizes=\"auto, (max-width: 1024px) 100vw, 1024px\" \/><\/figure><\/div>\n\n\n\n<p>Parlons-en de la faune ! Apr\u00e8s avoir admir\u00e9 les colonies de cormorans royaux et les lions de mer qui se pr\u00e9lassent sur les rochers, nous allons observer un animal bien plus difficile \u00e0 voir ! <\/p>\n\n\n\n<figure class=\"wp-block-image size-large\"><img loading=\"lazy\" decoding=\"async\" width=\"1024\" height=\"683\" src=\"https:\/\/2l-a-velo.com\/wp-content\/uploads\/2023\/04\/372A2539-1024x683.jpg\" alt=\"\" class=\"wp-image-8013\" srcset=\"https:\/\/2l-a-velo.com\/wp-content\/uploads\/2023\/04\/372A2539-1024x683.jpg 1024w, https:\/\/2l-a-velo.com\/wp-content\/uploads\/2023\/04\/372A2539-300x200.jpg 300w, https:\/\/2l-a-velo.com\/wp-content\/uploads\/2023\/04\/372A2539-768x512.jpg 768w, https:\/\/2l-a-velo.com\/wp-content\/uploads\/2023\/04\/372A2539-1536x1024.jpg 1536w, https:\/\/2l-a-velo.com\/wp-content\/uploads\/2023\/04\/372A2539-2048x1366.jpg 2048w, https:\/\/2l-a-velo.com\/wp-content\/uploads\/2023\/04\/372A2539-900x600.jpg 900w, https:\/\/2l-a-velo.com\/wp-content\/uploads\/2023\/04\/372A2539-1280x854.jpg 1280w\" sizes=\"auto, (max-width: 1024px) 100vw, 1024px\" \/><\/figure>\n\n\n\n<div class=\"wp-block-media-text alignwide is-stacked-on-mobile\"><figure class=\"wp-block-media-text__media\"><img loading=\"lazy\" decoding=\"async\" width=\"1024\" height=\"575\" src=\"https:\/\/2l-a-velo.com\/wp-content\/uploads\/2023\/04\/PANA6056-1024x575.jpg\" alt=\"\" class=\"wp-image-8014 size-full\" srcset=\"https:\/\/2l-a-velo.com\/wp-content\/uploads\/2023\/04\/PANA6056-1024x575.jpg 1024w, https:\/\/2l-a-velo.com\/wp-content\/uploads\/2023\/04\/PANA6056-300x168.jpg 300w, https:\/\/2l-a-velo.com\/wp-content\/uploads\/2023\/04\/PANA6056-768x431.jpg 768w, https:\/\/2l-a-velo.com\/wp-content\/uploads\/2023\/04\/PANA6056-1536x862.jpg 1536w, https:\/\/2l-a-velo.com\/wp-content\/uploads\/2023\/04\/PANA6056-2048x1149.jpg 2048w, https:\/\/2l-a-velo.com\/wp-content\/uploads\/2023\/04\/PANA6056-900x505.jpg 900w, https:\/\/2l-a-velo.com\/wp-content\/uploads\/2023\/04\/PANA6056-1280x718.jpg 1280w\" sizes=\"auto, (max-width: 1024px) 100vw, 1024px\" \/><\/figure><div class=\"wp-block-media-text__content\">\n<p>Un jet d&rsquo;eau qui semble jaillir de l&rsquo;oc\u00e9an, une ombre qui appara\u00eet sous la surface, un dos rond qui \u00e9merge et enfin une queue qui se dresse vers le ciel avant de dispara\u00eetre ! Une baleine vient de nous \u00ab\u00a0saluer\u00a0\u00bb !<\/p>\n<\/div><\/div>\n\n\n\n<p> En r\u00e9alit\u00e9, elles sont tr\u00e8s nombreuses et nous en verrons plusieurs. D&rsquo;ailleurs, En se baladant le long de la c\u00f4te, Laure en avait aper\u00e7u un nombre important ce matin.<\/p>\n\n\n\n<figure class=\"wp-block-image size-large\"><img loading=\"lazy\" decoding=\"async\" width=\"1024\" height=\"683\" src=\"https:\/\/2l-a-velo.com\/wp-content\/uploads\/2023\/04\/372A2615-1024x683.jpg\" alt=\"\" class=\"wp-image-8015\" srcset=\"https:\/\/2l-a-velo.com\/wp-content\/uploads\/2023\/04\/372A2615-1024x683.jpg 1024w, https:\/\/2l-a-velo.com\/wp-content\/uploads\/2023\/04\/372A2615-300x200.jpg 300w, https:\/\/2l-a-velo.com\/wp-content\/uploads\/2023\/04\/372A2615-768x512.jpg 768w, https:\/\/2l-a-velo.com\/wp-content\/uploads\/2023\/04\/372A2615-1536x1024.jpg 1536w, https:\/\/2l-a-velo.com\/wp-content\/uploads\/2023\/04\/372A2615-2048x1366.jpg 2048w, https:\/\/2l-a-velo.com\/wp-content\/uploads\/2023\/04\/372A2615-900x600.jpg 900w, https:\/\/2l-a-velo.com\/wp-content\/uploads\/2023\/04\/372A2615-1280x854.jpg 1280w\" sizes=\"auto, (max-width: 1024px) 100vw, 1024px\" \/><\/figure>\n\n\n\n<p>C&rsquo;est merveilleux de rencontrer cet animal. Cela cl\u00f4ture d&rsquo;une belle mani\u00e8re notre voyage en Patagonie ! <\/p>\n\n\n\n<p>Durant cette balade, nous avons rencontr\u00e9 trois gar\u00e7ons fort sympathiques, Tancr\u00e8de, Benjamin et Augustin, qui voyagent en bus \u00e0 travers l&rsquo;Am\u00e9rique du sud. Nous leur souhaitons bon vent, surtout ici&#8230; en Patagonie !<\/p>\n\n\n\n<div class=\"wp-block-buttons is-layout-flex wp-block-buttons-is-layout-flex\">\n<div class=\"wp-block-button has-custom-width wp-block-button__width-100\"><a class=\"wp-block-button__link has-background has-text-align-center wp-element-button\" href=\"https:\/\/photos.google.com\/share\/AF1QipOSYc86jnrjMrZPBMl3llG7bcP2S6fDB8rhnogYupajcPcKexdV6I9MHF2cTeba7g\/photo\/AF1QipN1oaWYDt7d7giLMYe-IXDoyjv-n9vBgh4bI6K7?key=QmJ1UEdHSjkxX1A0OUpnRTltZVMzZFBxRFJVcFFR\" style=\"border-radius:10px;background-color:#0173a3\">album photos balade en bateau<\/a><\/div>\n<\/div>\n\n\n\n<p class=\"has-text-align-center has-white-color has-text-color has-background has-large-font-size\" style=\"background-color:#c52003\"><strong>Vid\u00e9o : Une balade en bateau<\/strong><\/p>\n\n\n\n<iframe loading=\"lazy\" width=\"560\" height=\"315\" src=\"https:\/\/www.youtube.com\/embed\/f9ABKisGkPQ\" title=\"YouTube video player\" frameborder=\"0\" allow=\"accelerometer; autoplay; clipboard-write; encrypted-media; gyroscope; picture-in-picture; web-share\" allowfullscreen><\/iframe>\n\n\n\n<p>Nous avons fait une agr\u00e9able pause \u00e0 Ushua\u00efa m\u00eame si la m\u00e9t\u00e9o y est capricieuse, la neige un jour, le printemps le lendemain. et aussi, beaucoup de rencontres ici : la gentille Emma, Gabriel, Dorian&#8230; pour ne citer qu&rsquo;eux ! <\/p>\n\n\n\n<p>C\u00f4t\u00e9 pratique, il nous faut maintenant chercher film \u00e9tirable, ruban adh\u00e9sif et cartons pour emballer v\u00e9los et sacoches car nous prenons l&rsquo;avion pour Salta dans deux jours. Impossible de trouver des cartons pour v\u00e9los, il faudra faire avec des cartons divers et vari\u00e9s !!!<\/p>\n","protected":false},"excerpt":{"rendered":"<p>Du 5 au 14 avril 54 \u00b049&prime; de latitude sud, \u00e0 1 000 km seulement de l&rsquo;Antarctique, nous sommes \u00e0 Ushua\u00efa ! C&rsquo;est le bout de notre premi\u00e8re partie de voyage (et aussi un peu la fin du voyage de 2019 !). C&rsquo;est un bonheur pour nous d&rsquo;\u00eatre arriv\u00e9s ici. Car, qu&rsquo;on le veuille ou [&hellip;]<\/p>\n","protected":false},"author":1,"featured_media":0,"parent":6736,"menu_order":9,"comment_status":"open","ping_status":"closed","template":"","meta":{"jetpack_post_was_ever_published":false,"footnotes":""},"class_list":["post-7924","page","type-page","status-publish","hentry"],"jetpack_likes_enabled":true,"jetpack_sharing_enabled":true,"_links":{"self":[{"href":"https:\/\/2l-a-velo.com\/index.php?rest_route=\/wp\/v2\/pages\/7924","targetHints":{"allow":["GET"]}}],"collection":[{"href":"https:\/\/2l-a-velo.com\/index.php?rest_route=\/wp\/v2\/pages"}],"about":[{"href":"https:\/\/2l-a-velo.com\/index.php?rest_route=\/wp\/v2\/types\/page"}],"author":[{"embeddable":true,"href":"https:\/\/2l-a-velo.com\/index.php?rest_route=\/wp\/v2\/users\/1"}],"replies":[{"embeddable":true,"href":"https:\/\/2l-a-velo.com\/index.php?rest_route=%2Fwp%2Fv2%2Fcomments&post=7924"}],"version-history":[{"count":75,"href":"https:\/\/2l-a-velo.com\/index.php?rest_route=\/wp\/v2\/pages\/7924\/revisions"}],"predecessor-version":[{"id":8032,"href":"https:\/\/2l-a-velo.com\/index.php?rest_route=\/wp\/v2\/pages\/7924\/revisions\/8032"}],"up":[{"embeddable":true,"href":"https:\/\/2l-a-velo.com\/index.php?rest_route=\/wp\/v2\/pages\/6736"}],"wp:attachment":[{"href":"https:\/\/2l-a-velo.com\/index.php?rest_route=%2Fwp%2Fv2%2Fmedia&parent=7924"}],"curies":[{"name":"wp","href":"https:\/\/api.w.org\/{rel}","templated":true}]}}