{"id":8341,"date":"2023-05-14T00:00:49","date_gmt":"2023-05-13T22:00:49","guid":{"rendered":"https:\/\/2l-a-velo.com\/?page_id=8341"},"modified":"2023-05-16T16:13:29","modified_gmt":"2023-05-16T14:13:29","slug":"de-villazon-a-potosi","status":"publish","type":"page","link":"https:\/\/2l-a-velo.com\/?page_id=8341","title":{"rendered":"De Villazon \u00e0 Potosi"},"content":{"rendered":"\n<div class=\"wp-block-media-text alignwide is-stacked-on-mobile\" style=\"grid-template-columns:58% auto\"><figure class=\"wp-block-media-text__media\"><img loading=\"lazy\" decoding=\"async\" width=\"1024\" height=\"575\" src=\"https:\/\/2l-a-velo.com\/wp-content\/uploads\/2023\/05\/PANA7535-1024x575.jpg\" alt=\"\" class=\"wp-image-8432 size-full\" srcset=\"https:\/\/2l-a-velo.com\/wp-content\/uploads\/2023\/05\/PANA7535-1024x575.jpg 1024w, https:\/\/2l-a-velo.com\/wp-content\/uploads\/2023\/05\/PANA7535-300x168.jpg 300w, https:\/\/2l-a-velo.com\/wp-content\/uploads\/2023\/05\/PANA7535-768x431.jpg 768w, https:\/\/2l-a-velo.com\/wp-content\/uploads\/2023\/05\/PANA7535-1536x862.jpg 1536w, https:\/\/2l-a-velo.com\/wp-content\/uploads\/2023\/05\/PANA7535-2048x1149.jpg 2048w, https:\/\/2l-a-velo.com\/wp-content\/uploads\/2023\/05\/PANA7535-900x505.jpg 900w, https:\/\/2l-a-velo.com\/wp-content\/uploads\/2023\/05\/PANA7535-1280x718.jpg 1280w\" sizes=\"auto, (max-width: 1024px) 100vw, 1024px\" \/><\/figure><div class=\"wp-block-media-text__content\">\n<p class=\"has-text-align-center has-large-font-size\"><strong>Du 6 au 13 mai<\/strong><\/p>\n<\/div><\/div>\n\n\n\n<p><em>La route qui conduit de Villazon \u00e0 Potosi est tr\u00e8s plaisante. D&rsquo;une longueur de 340 km avec 5090 m de d\u00e9nivel\u00e9 positif et 4550 de n\u00e9gatif, elle ne circule pas \u00e9norm\u00e9ment si ce n&rsquo;est dans la derni\u00e8re partie. Son altitude oscille entre 2600 m et 4350 m. Alors, m<em>\u00eame si cela monte bien par moments,<\/em> la parcourir \u00e0 v\u00e9lo est agr\u00e9able, d&rsquo;autant qu&rsquo;il est facile de bivouaquer si on prend la peine de porter de l&rsquo;eau. En effet, pas d&rsquo;eau dans la nature, ni lac, ni cours d&rsquo;eau (ou si peu) mais dans tous les villages, pratiquement, on trouve une tienda pour s&rsquo;en procurer. <\/em><\/p>\n\n\n\n<p class=\"has-text-align-center\"><\/p>\n\n\n\n<p class=\"has-text-align-center has-white-color has-text-color has-background has-large-font-size\" style=\"background-color:#08aa20\"><strong>Itin\u00e9raire<\/strong><\/p>\n\n\n\n<iframe loading=\"lazy\" src=\"https:\/\/www.google.com\/maps\/d\/embed?mid=1sNppg1O7XQ9V4cnjyU-AxTvI8yQ4dMI&#038;ehbc=2E312F\" width=\"640\" height=\"480\"><\/iframe>\n\n\n\n<p class=\"has-text-align-center has-white-color has-text-color has-background has-large-font-size\" style=\"background-color:#08aa20\"><strong>Villazon<\/strong><\/p>\n\n\n\n<p><\/p>\n\n\n\n<div class=\"wp-block-media-text alignwide has-media-on-the-right is-stacked-on-mobile\"><div class=\"wp-block-media-text__content\">\n<p>Nous voici en Bolivie dans la ville fronti\u00e8re de Villaz\u00f3n. La ville est tr\u00e8s anim\u00e9e, les rues sont bord\u00e9es de nombreux magasins et cela circule beaucoup !<\/p>\n<\/div><figure class=\"wp-block-media-text__media\"><img loading=\"lazy\" decoding=\"async\" width=\"1024\" height=\"683\" src=\"https:\/\/2l-a-velo.com\/wp-content\/uploads\/2023\/05\/372A4384-1024x683.jpg\" alt=\"\" class=\"wp-image-8354 size-full\" srcset=\"https:\/\/2l-a-velo.com\/wp-content\/uploads\/2023\/05\/372A4384-1024x683.jpg 1024w, https:\/\/2l-a-velo.com\/wp-content\/uploads\/2023\/05\/372A4384-300x200.jpg 300w, https:\/\/2l-a-velo.com\/wp-content\/uploads\/2023\/05\/372A4384-768x512.jpg 768w, https:\/\/2l-a-velo.com\/wp-content\/uploads\/2023\/05\/372A4384-1536x1024.jpg 1536w, https:\/\/2l-a-velo.com\/wp-content\/uploads\/2023\/05\/372A4384-2048x1366.jpg 2048w, https:\/\/2l-a-velo.com\/wp-content\/uploads\/2023\/05\/372A4384-900x600.jpg 900w, https:\/\/2l-a-velo.com\/wp-content\/uploads\/2023\/05\/372A4384-1280x854.jpg 1280w\" sizes=\"auto, (max-width: 1024px) 100vw, 1024px\" \/><\/figure><\/div>\n\n\n\n<p>Villazon compte environ 50 000 habitants et est situ\u00e9e \u00e0 3400 m d&rsquo;altitude. <\/p>\n\n\n\n<p>Villaz\u00f3n est une ville frontali\u00e8re typique, le commerce de marchandises l\u00e9gales et&nbsp;de contrebande&nbsp;est l&rsquo;industrie dominante.&nbsp;Il y a un intense mouvement commercial avec la ville&nbsp;argentine&nbsp;de&nbsp;La Quiaca&nbsp;, dont une grande partie est de la contrebande.&nbsp;<\/p>\n\n\n\n<div class=\"wp-block-media-text alignwide is-stacked-on-mobile\"><figure class=\"wp-block-media-text__media\"><img loading=\"lazy\" decoding=\"async\" width=\"1024\" height=\"683\" src=\"https:\/\/2l-a-velo.com\/wp-content\/uploads\/2023\/05\/372A4337-1024x683.jpg\" alt=\"\" class=\"wp-image-8360 size-full\" srcset=\"https:\/\/2l-a-velo.com\/wp-content\/uploads\/2023\/05\/372A4337-1024x683.jpg 1024w, https:\/\/2l-a-velo.com\/wp-content\/uploads\/2023\/05\/372A4337-300x200.jpg 300w, https:\/\/2l-a-velo.com\/wp-content\/uploads\/2023\/05\/372A4337-768x512.jpg 768w, https:\/\/2l-a-velo.com\/wp-content\/uploads\/2023\/05\/372A4337-1536x1024.jpg 1536w, https:\/\/2l-a-velo.com\/wp-content\/uploads\/2023\/05\/372A4337-2048x1366.jpg 2048w, https:\/\/2l-a-velo.com\/wp-content\/uploads\/2023\/05\/372A4337-900x600.jpg 900w, https:\/\/2l-a-velo.com\/wp-content\/uploads\/2023\/05\/372A4337-1280x854.jpg 1280w\" sizes=\"auto, (max-width: 1024px) 100vw, 1024px\" \/><\/figure><div class=\"wp-block-media-text__content\">\n<p>Nous sommes accueillis par une petite f\u00eate sur la place principale. Nous sommes en Am\u00e9rique du sud, voyons ! <\/p>\n<\/div><\/div>\n\n\n\n<div class=\"wp-block-media-text alignwide has-media-on-the-right is-stacked-on-mobile\"><div class=\"wp-block-media-text__content\">\n<p>Nous cherchons un endroit pour  prendre un caf\u00e9 et un Bolivien nous emm\u00e8ne au march\u00e9 municipal. Il tient un \u00e9tal de mercerie et surveille nos v\u00e9los !!!<\/p>\n<\/div><figure class=\"wp-block-media-text__media\"><img loading=\"lazy\" decoding=\"async\" width=\"1024\" height=\"683\" src=\"https:\/\/2l-a-velo.com\/wp-content\/uploads\/2023\/05\/372A4320-1024x683.jpg\" alt=\"\" class=\"wp-image-8355 size-full\" srcset=\"https:\/\/2l-a-velo.com\/wp-content\/uploads\/2023\/05\/372A4320-1024x683.jpg 1024w, https:\/\/2l-a-velo.com\/wp-content\/uploads\/2023\/05\/372A4320-300x200.jpg 300w, https:\/\/2l-a-velo.com\/wp-content\/uploads\/2023\/05\/372A4320-768x512.jpg 768w, https:\/\/2l-a-velo.com\/wp-content\/uploads\/2023\/05\/372A4320-1536x1024.jpg 1536w, https:\/\/2l-a-velo.com\/wp-content\/uploads\/2023\/05\/372A4320-2048x1366.jpg 2048w, https:\/\/2l-a-velo.com\/wp-content\/uploads\/2023\/05\/372A4320-900x600.jpg 900w, https:\/\/2l-a-velo.com\/wp-content\/uploads\/2023\/05\/372A4320-1280x854.jpg 1280w\" sizes=\"auto, (max-width: 1024px) 100vw, 1024px\" \/><\/figure><\/div>\n\n\n\n<div class=\"wp-block-media-text alignwide is-stacked-on-mobile\"><figure class=\"wp-block-media-text__media\"><img loading=\"lazy\" decoding=\"async\" width=\"1024\" height=\"575\" src=\"https:\/\/2l-a-velo.com\/wp-content\/uploads\/2023\/05\/PANA7271-1024x575.jpg\" alt=\"\" class=\"wp-image-8356 size-full\" srcset=\"https:\/\/2l-a-velo.com\/wp-content\/uploads\/2023\/05\/PANA7271-1024x575.jpg 1024w, https:\/\/2l-a-velo.com\/wp-content\/uploads\/2023\/05\/PANA7271-300x168.jpg 300w, https:\/\/2l-a-velo.com\/wp-content\/uploads\/2023\/05\/PANA7271-768x431.jpg 768w, https:\/\/2l-a-velo.com\/wp-content\/uploads\/2023\/05\/PANA7271-1536x862.jpg 1536w, https:\/\/2l-a-velo.com\/wp-content\/uploads\/2023\/05\/PANA7271-2048x1149.jpg 2048w, https:\/\/2l-a-velo.com\/wp-content\/uploads\/2023\/05\/PANA7271-900x505.jpg 900w, https:\/\/2l-a-velo.com\/wp-content\/uploads\/2023\/05\/PANA7271-1280x718.jpg 1280w\" sizes=\"auto, (max-width: 1024px) 100vw, 1024px\" \/><\/figure><div class=\"wp-block-media-text__content\">\n<p>Au terminal de bus, pas de gros bus mais des collectivos, dans les rues des vendeurs de tout, des femmes avec des chapeaux et de gros jupons, c&rsquo;est bien la Bolivie !!!<\/p>\n<\/div><\/div>\n\n\n\n<p>Nous trouvons un Alojamientos (hostal bolivien) tr\u00e8s \u00ab\u00a0bolivien\u00a0\u00bb mais la chambre est propre ! Dans cette hostal, ils lavent les draps \u00e0 la main et tout s\u00e8che sur les rambardes du patio ! <\/p>\n\n\n\n<figure class=\"wp-block-image size-large\"><img loading=\"lazy\" decoding=\"async\" width=\"1024\" height=\"683\" src=\"https:\/\/2l-a-velo.com\/wp-content\/uploads\/2023\/05\/372A4383-1024x683.jpg\" alt=\"\" class=\"wp-image-8357\" srcset=\"https:\/\/2l-a-velo.com\/wp-content\/uploads\/2023\/05\/372A4383-1024x683.jpg 1024w, https:\/\/2l-a-velo.com\/wp-content\/uploads\/2023\/05\/372A4383-300x200.jpg 300w, https:\/\/2l-a-velo.com\/wp-content\/uploads\/2023\/05\/372A4383-768x512.jpg 768w, https:\/\/2l-a-velo.com\/wp-content\/uploads\/2023\/05\/372A4383-1536x1024.jpg 1536w, https:\/\/2l-a-velo.com\/wp-content\/uploads\/2023\/05\/372A4383-2048x1366.jpg 2048w, https:\/\/2l-a-velo.com\/wp-content\/uploads\/2023\/05\/372A4383-900x600.jpg 900w, https:\/\/2l-a-velo.com\/wp-content\/uploads\/2023\/05\/372A4383-1280x854.jpg 1280w\" sizes=\"auto, (max-width: 1024px) 100vw, 1024px\" \/><\/figure>\n\n\n\n<p>Toute la nuit, nous subissons un va et vient incessant. Au matin, nous comprenons en voyant un tas de bazar partout dans le patio : aujourd&rsquo;hui, c&rsquo;est la feria (sorte de foire, braderie) et de nombreux petits vendeurs viennent de toute la r\u00e9gion vendre leurs produits. <\/p>\n\n\n\n<figure class=\"wp-block-image size-large\"><img loading=\"lazy\" decoding=\"async\" width=\"1024\" height=\"683\" src=\"https:\/\/2l-a-velo.com\/wp-content\/uploads\/2023\/05\/372A4369-1-1024x683.jpg\" alt=\"\" class=\"wp-image-8362\" srcset=\"https:\/\/2l-a-velo.com\/wp-content\/uploads\/2023\/05\/372A4369-1-1024x683.jpg 1024w, https:\/\/2l-a-velo.com\/wp-content\/uploads\/2023\/05\/372A4369-1-300x200.jpg 300w, https:\/\/2l-a-velo.com\/wp-content\/uploads\/2023\/05\/372A4369-1-768x512.jpg 768w, https:\/\/2l-a-velo.com\/wp-content\/uploads\/2023\/05\/372A4369-1-1536x1024.jpg 1536w, https:\/\/2l-a-velo.com\/wp-content\/uploads\/2023\/05\/372A4369-1-2048x1366.jpg 2048w, https:\/\/2l-a-velo.com\/wp-content\/uploads\/2023\/05\/372A4369-1-900x600.jpg 900w, https:\/\/2l-a-velo.com\/wp-content\/uploads\/2023\/05\/372A4369-1-1280x854.jpg 1280w\" sizes=\"auto, (max-width: 1024px) 100vw, 1024px\" \/><\/figure>\n\n\n\n<p>Nous voulons prendre le petit d\u00e9jeuner \u00e0 8 h mais rien d&rsquo;ouvert ! Etonnant ! Nous d\u00e9gottons quand m\u00eame un petit \u00ab\u00a0restaurant\u00a0\u00bb et l\u00e0, surprise, il y a deux pendules ! L&rsquo;une indique 7 h et l&rsquo;autre, sous laquelle est inscrit \u00ab\u00a0Argentine\u00a0\u00bb, 8 h ! Et oui, il y a effectivement une heure de diff\u00e9rence entre la Bolivie et l&rsquo;Argentine !!!<\/p>\n\n\n\n<p><\/p>\n\n\n\n<div class=\"wp-block-buttons is-layout-flex wp-block-buttons-is-layout-flex\">\n<div class=\"wp-block-button has-custom-width wp-block-button__width-100\"><a class=\"wp-block-button__link has-background has-text-align-center wp-element-button\" href=\"https:\/\/photos.google.com\/share\/AF1QipPSz_pKiG0aq7E7MSbY6IHZWecX-o-IKLZaRrnScXNKKgJ7r7_t_XNvbgsrLNkt6g\/photo\/AF1QipMlvp_PPwUwnErfldIX5cLjzGFLCzLTRmrCfN-G?key=WU03SjRDUS1Wd21wMFlxZjBBVEZyRG43cTVQdVVn\" style=\"border-radius:10px;background-color:#0173a3\">album photos villazon<\/a><\/div>\n<\/div>\n\n\n\n<p class=\"has-text-align-center has-white-color has-text-color has-background has-large-font-size\" style=\"background-color:#08aa20\"><strong>De Villazon \u00e0 Cotagaita<\/strong><\/p>\n\n\n\n<div class=\"wp-block-media-text alignwide has-media-on-the-right is-stacked-on-mobile\" style=\"grid-template-columns:auto 54%\"><div class=\"wp-block-media-text__content\">\n<p>Nous quittons Villazon par une belle route asphalt\u00e9e qui monte bien au d\u00e9part puis alternent ensuite petites mont\u00e9es et petites descentes dans un paysage de pampa. La pampa c\u00e8de ensuite la place \u00e0 de petits canyons de chaque c\u00f4t\u00e9 de la chauss\u00e9e.<\/p>\n<\/div><figure class=\"wp-block-media-text__media\"><img loading=\"lazy\" decoding=\"async\" width=\"1024\" height=\"683\" src=\"https:\/\/2l-a-velo.com\/wp-content\/uploads\/2023\/05\/372A4388-1024x683.jpg\" alt=\"\" class=\"wp-image-8372 size-full\" srcset=\"https:\/\/2l-a-velo.com\/wp-content\/uploads\/2023\/05\/372A4388-1024x683.jpg 1024w, https:\/\/2l-a-velo.com\/wp-content\/uploads\/2023\/05\/372A4388-300x200.jpg 300w, https:\/\/2l-a-velo.com\/wp-content\/uploads\/2023\/05\/372A4388-768x512.jpg 768w, https:\/\/2l-a-velo.com\/wp-content\/uploads\/2023\/05\/372A4388-1536x1024.jpg 1536w, https:\/\/2l-a-velo.com\/wp-content\/uploads\/2023\/05\/372A4388-2048x1366.jpg 2048w, https:\/\/2l-a-velo.com\/wp-content\/uploads\/2023\/05\/372A4388-900x600.jpg 900w, https:\/\/2l-a-velo.com\/wp-content\/uploads\/2023\/05\/372A4388-1280x854.jpg 1280w\" sizes=\"auto, (max-width: 1024px) 100vw, 1024px\" \/><\/figure><\/div>\n\n\n\n<p>Une fabuleuse descente nous conduit au village de Yuruma o\u00f9 une communaut\u00e9 indienne pr\u00e9pare des repas chauds (style march\u00e9s municipaux) pour les camionneurs et voyageurs de passage.<\/p>\n\n\n\n<div class=\"wp-block-media-text alignwide is-stacked-on-mobile\"><figure class=\"wp-block-media-text__media\"><img loading=\"lazy\" decoding=\"async\" width=\"1024\" height=\"683\" src=\"https:\/\/2l-a-velo.com\/wp-content\/uploads\/2023\/05\/372A4404-1024x683.jpg\" alt=\"\" class=\"wp-image-8373 size-full\" srcset=\"https:\/\/2l-a-velo.com\/wp-content\/uploads\/2023\/05\/372A4404-1024x683.jpg 1024w, https:\/\/2l-a-velo.com\/wp-content\/uploads\/2023\/05\/372A4404-300x200.jpg 300w, https:\/\/2l-a-velo.com\/wp-content\/uploads\/2023\/05\/372A4404-768x512.jpg 768w, https:\/\/2l-a-velo.com\/wp-content\/uploads\/2023\/05\/372A4404-1536x1024.jpg 1536w, https:\/\/2l-a-velo.com\/wp-content\/uploads\/2023\/05\/372A4404-2048x1366.jpg 2048w, https:\/\/2l-a-velo.com\/wp-content\/uploads\/2023\/05\/372A4404-900x600.jpg 900w, https:\/\/2l-a-velo.com\/wp-content\/uploads\/2023\/05\/372A4404-1280x854.jpg 1280w\" sizes=\"auto, (max-width: 1024px) 100vw, 1024px\" \/><\/figure><div class=\"wp-block-media-text__content\">\n<p>Nous traversons le rio San Juan del Oro o\u00f9 l&rsquo;eau coule, ce qui est rare ici \u00e0 cette p\u00e9riode ! Suit une succession de petits villages qui poss\u00e8dent chacun une tienda (petit magasin) o\u00f9 nous pouvons nous ravitailler en eau et trouver quelques produits alimentaires.<\/p>\n<\/div><\/div>\n\n\n\n<div class=\"wp-block-media-text alignwide has-media-on-the-right is-stacked-on-mobile\" style=\"grid-template-columns:auto 60%\"><div class=\"wp-block-media-text__content\">\n<p>De nombreux champs sont couverts de gerbes, pas de bl\u00e9 mais de ma\u00efs, culture principale ici.<\/p>\n<\/div><figure class=\"wp-block-media-text__media\"><img loading=\"lazy\" decoding=\"async\" width=\"1024\" height=\"683\" src=\"https:\/\/2l-a-velo.com\/wp-content\/uploads\/2023\/05\/372A4410-1024x683.jpg\" alt=\"\" class=\"wp-image-8374 size-full\" srcset=\"https:\/\/2l-a-velo.com\/wp-content\/uploads\/2023\/05\/372A4410-1024x683.jpg 1024w, https:\/\/2l-a-velo.com\/wp-content\/uploads\/2023\/05\/372A4410-300x200.jpg 300w, https:\/\/2l-a-velo.com\/wp-content\/uploads\/2023\/05\/372A4410-768x512.jpg 768w, https:\/\/2l-a-velo.com\/wp-content\/uploads\/2023\/05\/372A4410-1536x1024.jpg 1536w, https:\/\/2l-a-velo.com\/wp-content\/uploads\/2023\/05\/372A4410-2048x1366.jpg 2048w, https:\/\/2l-a-velo.com\/wp-content\/uploads\/2023\/05\/372A4410-900x600.jpg 900w, https:\/\/2l-a-velo.com\/wp-content\/uploads\/2023\/05\/372A4410-1280x854.jpg 1280w\" sizes=\"auto, (max-width: 1024px) 100vw, 1024px\" \/><\/figure><\/div>\n\n\n\n<p>Le jour avan\u00e7ant, nous trouvons un tr\u00e8s joli coin de bivouac au milieu des arbustes \u00e9pineux , des cactus et autres arbres. Nous ne sommes qu&rsquo;\u00e0 2950 m ce soir.  <\/p>\n\n\n\n<figure class=\"wp-block-image size-large\"><img loading=\"lazy\" decoding=\"async\" width=\"1024\" height=\"575\" src=\"https:\/\/2l-a-velo.com\/wp-content\/uploads\/2023\/05\/PANA7321-1024x575.jpg\" alt=\"\" class=\"wp-image-8376\" srcset=\"https:\/\/2l-a-velo.com\/wp-content\/uploads\/2023\/05\/PANA7321-1024x575.jpg 1024w, https:\/\/2l-a-velo.com\/wp-content\/uploads\/2023\/05\/PANA7321-300x168.jpg 300w, https:\/\/2l-a-velo.com\/wp-content\/uploads\/2023\/05\/PANA7321-768x431.jpg 768w, https:\/\/2l-a-velo.com\/wp-content\/uploads\/2023\/05\/PANA7321-1536x862.jpg 1536w, https:\/\/2l-a-velo.com\/wp-content\/uploads\/2023\/05\/PANA7321-2048x1149.jpg 2048w, https:\/\/2l-a-velo.com\/wp-content\/uploads\/2023\/05\/PANA7321-900x505.jpg 900w, https:\/\/2l-a-velo.com\/wp-content\/uploads\/2023\/05\/PANA7321-1280x718.jpg 1280w\" sizes=\"auto, (max-width: 1024px) 100vw, 1024px\" \/><\/figure>\n\n\n\n<p>Le soleil est absent ce matin, dommage car les paysages sont tr\u00e8s beaux ! On sent ici un paysage plus montagneux. <\/p>\n\n\n\n<p><\/p>\n\n\n\n<figure class=\"wp-block-image size-large\"><img loading=\"lazy\" decoding=\"async\" width=\"1024\" height=\"683\" src=\"https:\/\/2l-a-velo.com\/wp-content\/uploads\/2023\/05\/372A4448-1024x683.jpg\" alt=\"\" class=\"wp-image-8378\" srcset=\"https:\/\/2l-a-velo.com\/wp-content\/uploads\/2023\/05\/372A4448-1024x683.jpg 1024w, https:\/\/2l-a-velo.com\/wp-content\/uploads\/2023\/05\/372A4448-300x200.jpg 300w, https:\/\/2l-a-velo.com\/wp-content\/uploads\/2023\/05\/372A4448-768x512.jpg 768w, https:\/\/2l-a-velo.com\/wp-content\/uploads\/2023\/05\/372A4448-1536x1024.jpg 1536w, https:\/\/2l-a-velo.com\/wp-content\/uploads\/2023\/05\/372A4448-2048x1366.jpg 2048w, https:\/\/2l-a-velo.com\/wp-content\/uploads\/2023\/05\/372A4448-900x600.jpg 900w, https:\/\/2l-a-velo.com\/wp-content\/uploads\/2023\/05\/372A4448-1280x854.jpg 1280w\" sizes=\"auto, (max-width: 1024px) 100vw, 1024px\" \/><\/figure>\n\n\n\n<p>La route se poursuit vers la ville de Tupiza, seule ville importante avant Potosi.<\/p>\n\n\n\n<div class=\"wp-block-media-text alignwide is-stacked-on-mobile\" style=\"grid-template-columns:56% auto\"><figure class=\"wp-block-media-text__media\"><img loading=\"lazy\" decoding=\"async\" width=\"1024\" height=\"575\" src=\"https:\/\/2l-a-velo.com\/wp-content\/uploads\/2023\/05\/PANA7359-1024x575.jpg\" alt=\"\" class=\"wp-image-8377 size-full\" srcset=\"https:\/\/2l-a-velo.com\/wp-content\/uploads\/2023\/05\/PANA7359-1024x575.jpg 1024w, https:\/\/2l-a-velo.com\/wp-content\/uploads\/2023\/05\/PANA7359-300x168.jpg 300w, https:\/\/2l-a-velo.com\/wp-content\/uploads\/2023\/05\/PANA7359-768x431.jpg 768w, https:\/\/2l-a-velo.com\/wp-content\/uploads\/2023\/05\/PANA7359-1536x862.jpg 1536w, https:\/\/2l-a-velo.com\/wp-content\/uploads\/2023\/05\/PANA7359-2048x1149.jpg 2048w, https:\/\/2l-a-velo.com\/wp-content\/uploads\/2023\/05\/PANA7359-900x505.jpg 900w, https:\/\/2l-a-velo.com\/wp-content\/uploads\/2023\/05\/PANA7359-1280x718.jpg 1280w\" sizes=\"auto, (max-width: 1024px) 100vw, 1024px\" \/><\/figure><div class=\"wp-block-media-text__content\">\n<p>A notre grande surprise, nous voyons \u00e9norm\u00e9ment de tuk-tuk comme au P\u00e9rou. La Bolivie se serait-elle mise \u00e0 ce mode de taxi ? <\/p>\n<\/div><\/div>\n\n\n\n<div class=\"wp-block-media-text alignwide has-media-on-the-right is-stacked-on-mobile\" style=\"grid-template-columns:auto 52%\"><div class=\"wp-block-media-text__content\">\n<p>Nous rencontrons un couple de Fran\u00e7ais, Rita et Victor qui voyagent en (tr\u00e8s) gros camion avec leurs deux enfants. Partis du Canada, il y a un an et demi pour un voyage de deux ans, ils vont maintenant descendre plus au sud et terminer leur voyage dans six mois. Ils nous d\u00e9pannent de six \u0153ufs qu&rsquo;ils nous font m\u00eame cuire !<\/p>\n<\/div><figure class=\"wp-block-media-text__media\"><img loading=\"lazy\" decoding=\"async\" width=\"1024\" height=\"683\" src=\"https:\/\/2l-a-velo.com\/wp-content\/uploads\/2023\/05\/372A4472-1024x683.jpg\" alt=\"\" class=\"wp-image-8380 size-full\" srcset=\"https:\/\/2l-a-velo.com\/wp-content\/uploads\/2023\/05\/372A4472-1024x683.jpg 1024w, https:\/\/2l-a-velo.com\/wp-content\/uploads\/2023\/05\/372A4472-300x200.jpg 300w, https:\/\/2l-a-velo.com\/wp-content\/uploads\/2023\/05\/372A4472-768x512.jpg 768w, https:\/\/2l-a-velo.com\/wp-content\/uploads\/2023\/05\/372A4472-1536x1024.jpg 1536w, https:\/\/2l-a-velo.com\/wp-content\/uploads\/2023\/05\/372A4472-2048x1366.jpg 2048w, https:\/\/2l-a-velo.com\/wp-content\/uploads\/2023\/05\/372A4472-900x600.jpg 900w, https:\/\/2l-a-velo.com\/wp-content\/uploads\/2023\/05\/372A4472-1280x854.jpg 1280w\" sizes=\"auto, (max-width: 1024px) 100vw, 1024px\" \/><\/figure><\/div>\n\n\n\n<p>Nous faisons quelques courses au mercado (march\u00e9) central car dans cette ville pas de supermarch\u00e9 !<\/p>\n\n\n\n<p>Apr\u00e8s r\u00e9flexion, nous d\u00e9cidons de quitter Tupiza et de chercher un coin pour bivouaquer. Oui, mais voil\u00e0, la route monte, monte, c&rsquo;est pentu de chaque c\u00f4t\u00e9 et au bout de 10 km, pas d&rsquo;endroit satisfaisant ! Il reste encore 8 km de mont\u00e9e et nous sommes un peu fatigu\u00e9s. <\/p>\n\n\n\n<div class=\"wp-block-media-text alignwide is-stacked-on-mobile\"><figure class=\"wp-block-media-text__media\"><img loading=\"lazy\" decoding=\"async\" width=\"1024\" height=\"683\" src=\"https:\/\/2l-a-velo.com\/wp-content\/uploads\/2023\/05\/372A4485-1024x683.jpg\" alt=\"\" class=\"wp-image-8381 size-full\" srcset=\"https:\/\/2l-a-velo.com\/wp-content\/uploads\/2023\/05\/372A4485-1024x683.jpg 1024w, https:\/\/2l-a-velo.com\/wp-content\/uploads\/2023\/05\/372A4485-300x200.jpg 300w, https:\/\/2l-a-velo.com\/wp-content\/uploads\/2023\/05\/372A4485-768x512.jpg 768w, https:\/\/2l-a-velo.com\/wp-content\/uploads\/2023\/05\/372A4485-1536x1024.jpg 1536w, https:\/\/2l-a-velo.com\/wp-content\/uploads\/2023\/05\/372A4485-2048x1366.jpg 2048w, https:\/\/2l-a-velo.com\/wp-content\/uploads\/2023\/05\/372A4485-900x600.jpg 900w, https:\/\/2l-a-velo.com\/wp-content\/uploads\/2023\/05\/372A4485-1280x854.jpg 1280w\" sizes=\"auto, (max-width: 1024px) 100vw, 1024px\" \/><\/figure><div class=\"wp-block-media-text__content\">\n<p>Alors nous nous installons dans le lit d&rsquo;une rivi\u00e8re (ass\u00e9ch\u00e9e, bien s\u00fbr). Pas terrible comme endroit : un peu en pente, sol caillouteux, arbustes \u00e9pineux&#8230; mais faute de mieux !<\/p>\n<\/div><\/div>\n\n\n\n<p>Les aboiements d&rsquo;un chien de la maison du dessus nous r\u00e9veillent vers 6 h. Une bonne nuit malgr\u00e9 tout, car couch\u00e9s \u00e0 19 h ! En effet, nous sommes sous les tropiques et \u00e0 cette saison, la nuit tombe \u00e0 19 h et le jour se l\u00e8ve vers 6 h ! Et en bivouac, s&rsquo;il fait noir, il n&rsquo;y a pas d&rsquo;autre chose \u00e0 faire que se coucher car la temp\u00e9rature baisse vite !<\/p>\n\n\n\n<div class=\"wp-block-media-text alignwide has-media-on-the-right is-stacked-on-mobile\" style=\"grid-template-columns:auto 55%\"><div class=\"wp-block-media-text__content\">\n<p>Nous attaquons 8 km de mont\u00e9e avant de descendre sur le village de Hornillos. Le paysage change, les cactus et les arbustes \u00e9pineux sont de nouveaux pr\u00e9sents. <\/p>\n<\/div><figure class=\"wp-block-media-text__media\"><img loading=\"lazy\" decoding=\"async\" width=\"1024\" height=\"683\" src=\"https:\/\/2l-a-velo.com\/wp-content\/uploads\/2023\/05\/372A4497-1024x683.jpg\" alt=\"\" class=\"wp-image-8384 size-full\" srcset=\"https:\/\/2l-a-velo.com\/wp-content\/uploads\/2023\/05\/372A4497-1024x683.jpg 1024w, https:\/\/2l-a-velo.com\/wp-content\/uploads\/2023\/05\/372A4497-300x200.jpg 300w, https:\/\/2l-a-velo.com\/wp-content\/uploads\/2023\/05\/372A4497-768x512.jpg 768w, https:\/\/2l-a-velo.com\/wp-content\/uploads\/2023\/05\/372A4497-1536x1024.jpg 1536w, https:\/\/2l-a-velo.com\/wp-content\/uploads\/2023\/05\/372A4497-2048x1366.jpg 2048w, https:\/\/2l-a-velo.com\/wp-content\/uploads\/2023\/05\/372A4497-900x600.jpg 900w, https:\/\/2l-a-velo.com\/wp-content\/uploads\/2023\/05\/372A4497-1280x854.jpg 1280w\" sizes=\"auto, (max-width: 1024px) 100vw, 1024px\" \/><\/figure><\/div>\n\n\n\n<div class=\"wp-block-media-text alignwide is-stacked-on-mobile\"><figure class=\"wp-block-media-text__media\"><img loading=\"lazy\" decoding=\"async\" width=\"1024\" height=\"575\" src=\"https:\/\/2l-a-velo.com\/wp-content\/uploads\/2023\/05\/PANA7392-1024x575.jpg\" alt=\"\" class=\"wp-image-8385 size-full\" srcset=\"https:\/\/2l-a-velo.com\/wp-content\/uploads\/2023\/05\/PANA7392-1024x575.jpg 1024w, https:\/\/2l-a-velo.com\/wp-content\/uploads\/2023\/05\/PANA7392-300x168.jpg 300w, https:\/\/2l-a-velo.com\/wp-content\/uploads\/2023\/05\/PANA7392-768x431.jpg 768w, https:\/\/2l-a-velo.com\/wp-content\/uploads\/2023\/05\/PANA7392-1536x862.jpg 1536w, https:\/\/2l-a-velo.com\/wp-content\/uploads\/2023\/05\/PANA7392-2048x1149.jpg 2048w, https:\/\/2l-a-velo.com\/wp-content\/uploads\/2023\/05\/PANA7392-900x505.jpg 900w, https:\/\/2l-a-velo.com\/wp-content\/uploads\/2023\/05\/PANA7392-1280x718.jpg 1280w\" sizes=\"auto, (max-width: 1024px) 100vw, 1024px\" \/><\/figure><div class=\"wp-block-media-text__content\">\n<p>La descente continue jusqu&rsquo;\u00e0 Rio Blanco, village sur les bords du rio \u00e9ponyme. La principale activit\u00e9 de ce village semble \u00eatre l&rsquo;\u00e9levage de ch\u00e8vres<\/p>\n<\/div><\/div>\n\n\n\n<p>Le village de Ramatidas nous sert de lieu de pique-nique. C&rsquo;est bien mort avec de nombreuses maisons abandonn\u00e9es et rien pour ravitailler. C&rsquo;est vrai que nous voyons de nombreuses habitations abandonn\u00e9es sur les bords de la route mais en g\u00e9n\u00e9ral peu dans les villages.<\/p>\n\n\n\n<figure class=\"wp-block-image size-large\"><img loading=\"lazy\" decoding=\"async\" width=\"1024\" height=\"575\" src=\"https:\/\/2l-a-velo.com\/wp-content\/uploads\/2023\/05\/PANA7379-1024x575.jpg\" alt=\"\" class=\"wp-image-8388\" srcset=\"https:\/\/2l-a-velo.com\/wp-content\/uploads\/2023\/05\/PANA7379-1024x575.jpg 1024w, https:\/\/2l-a-velo.com\/wp-content\/uploads\/2023\/05\/PANA7379-300x168.jpg 300w, https:\/\/2l-a-velo.com\/wp-content\/uploads\/2023\/05\/PANA7379-768x431.jpg 768w, https:\/\/2l-a-velo.com\/wp-content\/uploads\/2023\/05\/PANA7379-1536x862.jpg 1536w, https:\/\/2l-a-velo.com\/wp-content\/uploads\/2023\/05\/PANA7379-2048x1149.jpg 2048w, https:\/\/2l-a-velo.com\/wp-content\/uploads\/2023\/05\/PANA7379-900x505.jpg 900w, https:\/\/2l-a-velo.com\/wp-content\/uploads\/2023\/05\/PANA7379-1280x718.jpg 1280w\" sizes=\"auto, (max-width: 1024px) 100vw, 1024px\" \/><\/figure>\n\n\n\n<p>Apr\u00e8s une ultime descente, c&rsquo;est dans le gros village de San Francisco de Cotagaita, situ\u00e9 \u00e0 2650 m, que nous terminons la journ\u00e9e ! Nous sommes bien descendus !<\/p>\n\n\n\n<figure class=\"wp-block-image size-large\"><img loading=\"lazy\" decoding=\"async\" width=\"1024\" height=\"683\" src=\"https:\/\/2l-a-velo.com\/wp-content\/uploads\/2023\/05\/372A4544-1024x683.jpg\" alt=\"\" class=\"wp-image-8386\" srcset=\"https:\/\/2l-a-velo.com\/wp-content\/uploads\/2023\/05\/372A4544-1024x683.jpg 1024w, https:\/\/2l-a-velo.com\/wp-content\/uploads\/2023\/05\/372A4544-300x200.jpg 300w, https:\/\/2l-a-velo.com\/wp-content\/uploads\/2023\/05\/372A4544-768x512.jpg 768w, https:\/\/2l-a-velo.com\/wp-content\/uploads\/2023\/05\/372A4544-1536x1024.jpg 1536w, https:\/\/2l-a-velo.com\/wp-content\/uploads\/2023\/05\/372A4544-2048x1366.jpg 2048w, https:\/\/2l-a-velo.com\/wp-content\/uploads\/2023\/05\/372A4544-900x600.jpg 900w, https:\/\/2l-a-velo.com\/wp-content\/uploads\/2023\/05\/372A4544-1280x854.jpg 1280w\" sizes=\"auto, (max-width: 1024px) 100vw, 1024px\" \/><\/figure>\n\n\n\n<p>Il y a de l&rsquo;animation dans les rues ici, c&rsquo;est le moins que l&rsquo;on puisse dire ! Nous d\u00e9cidons d&rsquo;y passer la nuit mais impossible de bivouaquer. <\/p>\n\n\n\n<div class=\"wp-block-media-text alignwide has-media-on-the-right is-stacked-on-mobile\"><div class=\"wp-block-media-text__content\">\n<p>Nous nous installons dans un \u00ab\u00a0alojamiento\u00a0\u00bb tr\u00e8s, tr\u00e8s bolivien. Nous retrouvons la douche, que d&rsquo;aucuns avaient surnomm\u00e9e \u00ab\u00a0douche Claude Fran\u00e7ois\u00a0\u00bb en regard de l&rsquo;installation \u00e9lectrique. Douche qui, de plus, coule au milieu de la salle de bain ! Et ni papier WC, ni serviette, ni wifi mais en contrepartie ce n&rsquo;est pas cher ! <\/p>\n<\/div><figure class=\"wp-block-media-text__media\"><img loading=\"lazy\" decoding=\"async\" width=\"1024\" height=\"575\" src=\"https:\/\/2l-a-velo.com\/wp-content\/uploads\/2023\/05\/PANA7408-1024x575.jpg\" alt=\"\" class=\"wp-image-8387 size-full\" srcset=\"https:\/\/2l-a-velo.com\/wp-content\/uploads\/2023\/05\/PANA7408-1024x575.jpg 1024w, https:\/\/2l-a-velo.com\/wp-content\/uploads\/2023\/05\/PANA7408-300x168.jpg 300w, https:\/\/2l-a-velo.com\/wp-content\/uploads\/2023\/05\/PANA7408-768x431.jpg 768w, https:\/\/2l-a-velo.com\/wp-content\/uploads\/2023\/05\/PANA7408-1536x862.jpg 1536w, https:\/\/2l-a-velo.com\/wp-content\/uploads\/2023\/05\/PANA7408-2048x1149.jpg 2048w, https:\/\/2l-a-velo.com\/wp-content\/uploads\/2023\/05\/PANA7408-900x505.jpg 900w, https:\/\/2l-a-velo.com\/wp-content\/uploads\/2023\/05\/PANA7408-1280x718.jpg 1280w\" sizes=\"auto, (max-width: 1024px) 100vw, 1024px\" \/><\/figure><\/div>\n\n\n\n<p>Ah oui, les draps ne nous semblant pas trop nets, nous avons dormi dans nos draps sacs !!!<\/p>\n\n\n\n<p>L&rsquo;\u00e9conomie de la commune est bas\u00e9e sur la production agricole (pommes de terre, ma\u00efs et l\u00e9gumes) et l&rsquo;\u00e9levage (principalement ch\u00e8vres) destin\u00e9s \u00e0 la consommation familiale et au commerce, qui est compl\u00e9t\u00e9e par la production de tissus artisanaux. On y cultive aussi des arbres fruitiers (p\u00eaches, raisin) dont le produit approvisionne les d\u00e9partements de Potos\u00ed et d&rsquo;Oruro.&nbsp;<\/p>\n\n\n\n<div class=\"wp-block-buttons is-layout-flex wp-block-buttons-is-layout-flex\">\n<div class=\"wp-block-button has-custom-width wp-block-button__width-100\"><a class=\"wp-block-button__link has-background has-text-align-center wp-element-button\" href=\"https:\/\/photos.google.com\/share\/AF1QipNGgzMLy3buk5Gmy6mvWB0VwE9khnXz-pbjblvl_wOuyNQ_Epau5cz0QfcU8XP8cg\/photo\/AF1QipMs8PdMeAj4kqraU76NAIBB9Zoo5Y_LPv0aj_5A?key=RUw1Q284QnJ2RUVkRTB4aDNJRHhSekVJeDNNLTFR\" style=\"border-radius:10px;background-color:#0173a3\">album photos de Villazon \u00e0 Cotogaita<\/a><\/div>\n<\/div>\n\n\n\n<p class=\"has-text-align-center has-white-color has-text-color has-background has-large-font-size\" style=\"background-color:#08aa20\"><strong>De Cotagaita \u00e0 Cuchu Ingenio<\/strong><\/p>\n\n\n\n<p>Ce matin, rien d&rsquo;ouvert ! Nous achetons des \u00ab\u00a0tortas\u00a0\u00bb (sortes de galettes de ma\u00efs frites) dans le rue pour le petit d\u00e9jeuner. <\/p>\n\n\n\n<div class=\"wp-block-media-text alignwide is-stacked-on-mobile\" style=\"grid-template-columns:53% auto\"><figure class=\"wp-block-media-text__media\"><img loading=\"lazy\" decoding=\"async\" width=\"1024\" height=\"683\" src=\"https:\/\/2l-a-velo.com\/wp-content\/uploads\/2023\/05\/372A4562-1024x683.jpg\" alt=\"\" class=\"wp-image-8397 size-full\" srcset=\"https:\/\/2l-a-velo.com\/wp-content\/uploads\/2023\/05\/372A4562-1024x683.jpg 1024w, https:\/\/2l-a-velo.com\/wp-content\/uploads\/2023\/05\/372A4562-300x200.jpg 300w, https:\/\/2l-a-velo.com\/wp-content\/uploads\/2023\/05\/372A4562-768x512.jpg 768w, https:\/\/2l-a-velo.com\/wp-content\/uploads\/2023\/05\/372A4562-1536x1024.jpg 1536w, https:\/\/2l-a-velo.com\/wp-content\/uploads\/2023\/05\/372A4562-2048x1366.jpg 2048w, https:\/\/2l-a-velo.com\/wp-content\/uploads\/2023\/05\/372A4562-900x600.jpg 900w, https:\/\/2l-a-velo.com\/wp-content\/uploads\/2023\/05\/372A4562-1280x854.jpg 1280w\" sizes=\"auto, (max-width: 1024px) 100vw, 1024px\" \/><\/figure><div class=\"wp-block-media-text__content\">\n<p>La journ\u00e9e commence par une premi\u00e8re mont\u00e9e qui nous emm\u00e8ne de 2500 m \u00e0 un col \u00e0 3000 m. Au sommet, nous apercevons la deuxi\u00e8me mont\u00e9e, impressionnant, il va falloir monter tout \u00e7a ? C&rsquo;est tr\u00e8s montagneux ici !<\/p>\n<\/div><\/div>\n\n\n\n<div class=\"wp-block-media-text alignwide has-media-on-the-right is-stacked-on-mobile\"><div class=\"wp-block-media-text__content\">\n<p>Nous nous laissons glisser vers le village de Tumasla o\u00f9 nous traversons le rio \u00e9ponyme. Halte repas dans un \u00ab\u00a0restaurant\u00a0\u00bb bolivien de bord de route o\u00f9 nous avons mang\u00e9 une bonne soupe de quinoa ! Nous y achetons 6 l d&rsquo;eau pour le bivouac de ce soir car la r\u00e9gion est tr\u00e8s s\u00e8che et il n&rsquo;y a ni cours d&rsquo;eau, ni petits lacs<\/p>\n<\/div><figure class=\"wp-block-media-text__media\"><img loading=\"lazy\" decoding=\"async\" width=\"1024\" height=\"683\" src=\"https:\/\/2l-a-velo.com\/wp-content\/uploads\/2023\/05\/372A4566-1024x683.jpg\" alt=\"\" class=\"wp-image-8398 size-full\" srcset=\"https:\/\/2l-a-velo.com\/wp-content\/uploads\/2023\/05\/372A4566-1024x683.jpg 1024w, https:\/\/2l-a-velo.com\/wp-content\/uploads\/2023\/05\/372A4566-300x200.jpg 300w, https:\/\/2l-a-velo.com\/wp-content\/uploads\/2023\/05\/372A4566-768x512.jpg 768w, https:\/\/2l-a-velo.com\/wp-content\/uploads\/2023\/05\/372A4566-1536x1024.jpg 1536w, https:\/\/2l-a-velo.com\/wp-content\/uploads\/2023\/05\/372A4566-2048x1366.jpg 2048w, https:\/\/2l-a-velo.com\/wp-content\/uploads\/2023\/05\/372A4566-900x600.jpg 900w, https:\/\/2l-a-velo.com\/wp-content\/uploads\/2023\/05\/372A4566-1280x854.jpg 1280w\" sizes=\"auto, (max-width: 1024px) 100vw, 1024px\" \/><\/figure><\/div>\n\n\n\n<p>Deuxi\u00e8me mont\u00e9e de 8 km qui nous hisse \u00e0 3050 m, puis 2km de descente avant de remonter \u00e0 un col \u00e0 3150 m ! Ouf ! Finies les mont\u00e9es pour aujourd&rsquo;hui. <\/p>\n\n\n\n<div class=\"wp-block-media-text alignwide is-stacked-on-mobile\" style=\"grid-template-columns:57% auto\"><figure class=\"wp-block-media-text__media\"><img loading=\"lazy\" decoding=\"async\" width=\"1024\" height=\"575\" src=\"https:\/\/2l-a-velo.com\/wp-content\/uploads\/2023\/05\/PANA7464-1024x575.jpg\" alt=\"\" class=\"wp-image-8403 size-full\" srcset=\"https:\/\/2l-a-velo.com\/wp-content\/uploads\/2023\/05\/PANA7464-1024x575.jpg 1024w, https:\/\/2l-a-velo.com\/wp-content\/uploads\/2023\/05\/PANA7464-300x168.jpg 300w, https:\/\/2l-a-velo.com\/wp-content\/uploads\/2023\/05\/PANA7464-768x431.jpg 768w, https:\/\/2l-a-velo.com\/wp-content\/uploads\/2023\/05\/PANA7464-1536x862.jpg 1536w, https:\/\/2l-a-velo.com\/wp-content\/uploads\/2023\/05\/PANA7464-2048x1149.jpg 2048w, https:\/\/2l-a-velo.com\/wp-content\/uploads\/2023\/05\/PANA7464-900x505.jpg 900w, https:\/\/2l-a-velo.com\/wp-content\/uploads\/2023\/05\/PANA7464-1280x718.jpg 1280w\" sizes=\"auto, (max-width: 1024px) 100vw, 1024px\" \/><\/figure><div class=\"wp-block-media-text__content\">\n<p>En r\u00e9compense, le coin de bivouac d\u00e9nich\u00e9 par Laure \u00e0 2935 m est superbe au milieu d&rsquo;un hameau abandonn\u00e9 ! Tranquillit\u00e9 parmi les vieilles pierres et les cactus. Seules les ch\u00e8vres de la ferme proche se font entendre !<\/p>\n<\/div><\/div>\n\n\n\n<p>Une nouvelle journ\u00e9e de mont\u00e9es et descentes ! Les paysages changent ! De vallonn\u00e9s et d\u00e9sertiques, nous passons \u00e0 un village tous les 5 km car nous suivons le cours d&rsquo;un rio o\u00f9 coule un peu d&rsquo;eau. Cela permet un peu d&rsquo;agriculture notamment du ma\u00efs et de l&rsquo;\u00e9levage.<\/p>\n\n\n\n<figure class=\"wp-block-image size-large\"><img loading=\"lazy\" decoding=\"async\" width=\"1024\" height=\"683\" src=\"https:\/\/2l-a-velo.com\/wp-content\/uploads\/2023\/05\/372A4631-1024x683.jpg\" alt=\"\" class=\"wp-image-8402\" srcset=\"https:\/\/2l-a-velo.com\/wp-content\/uploads\/2023\/05\/372A4631-1024x683.jpg 1024w, https:\/\/2l-a-velo.com\/wp-content\/uploads\/2023\/05\/372A4631-300x200.jpg 300w, https:\/\/2l-a-velo.com\/wp-content\/uploads\/2023\/05\/372A4631-768x512.jpg 768w, https:\/\/2l-a-velo.com\/wp-content\/uploads\/2023\/05\/372A4631-1536x1024.jpg 1536w, https:\/\/2l-a-velo.com\/wp-content\/uploads\/2023\/05\/372A4631-2048x1366.jpg 2048w, https:\/\/2l-a-velo.com\/wp-content\/uploads\/2023\/05\/372A4631-900x600.jpg 900w, https:\/\/2l-a-velo.com\/wp-content\/uploads\/2023\/05\/372A4631-1280x854.jpg 1280w\" sizes=\"auto, (max-width: 1024px) 100vw, 1024px\" \/><\/figure>\n\n\n\n<div class=\"wp-block-media-text alignwide has-media-on-the-right is-stacked-on-mobile\"><div class=\"wp-block-media-text__content\">\n<p>Petite pause au village de Vitichi, puis pause repas sur un restaurant de bord de route o\u00f9 l&rsquo;hygi\u00e8ne est parfois douteuse ! On cuisine sur un feu de bois dans de grandes gamelles.<\/p>\n<\/div><figure class=\"wp-block-media-text__media\"><img loading=\"lazy\" decoding=\"async\" width=\"1024\" height=\"683\" src=\"https:\/\/2l-a-velo.com\/wp-content\/uploads\/2023\/05\/372A4644-1024x683.jpg\" alt=\"\" class=\"wp-image-8404 size-full\" srcset=\"https:\/\/2l-a-velo.com\/wp-content\/uploads\/2023\/05\/372A4644-1024x683.jpg 1024w, https:\/\/2l-a-velo.com\/wp-content\/uploads\/2023\/05\/372A4644-300x200.jpg 300w, https:\/\/2l-a-velo.com\/wp-content\/uploads\/2023\/05\/372A4644-768x512.jpg 768w, https:\/\/2l-a-velo.com\/wp-content\/uploads\/2023\/05\/372A4644-1536x1024.jpg 1536w, https:\/\/2l-a-velo.com\/wp-content\/uploads\/2023\/05\/372A4644-2048x1366.jpg 2048w, https:\/\/2l-a-velo.com\/wp-content\/uploads\/2023\/05\/372A4644-900x600.jpg 900w, https:\/\/2l-a-velo.com\/wp-content\/uploads\/2023\/05\/372A4644-1280x854.jpg 1280w\" sizes=\"auto, (max-width: 1024px) 100vw, 1024px\" \/><\/figure><\/div>\n\n\n\n<p>On nous sert une soupe, sorte de bouillon gras dans lequel flottent quelques pommes de terre et un morceau de viande. Viande si dure que nous pouvons \u00e0 peine la couper alors la m\u00e2cher&#8230; Une assiette de riz et crudit\u00e9s compl\u00e8te ce repas.  <\/p>\n\n\n\n<figure class=\"wp-block-image size-large\"><img loading=\"lazy\" decoding=\"async\" width=\"1024\" height=\"683\" src=\"https:\/\/2l-a-velo.com\/wp-content\/uploads\/2023\/05\/372A4637-1024x683.jpg\" alt=\"\" class=\"wp-image-8405\" srcset=\"https:\/\/2l-a-velo.com\/wp-content\/uploads\/2023\/05\/372A4637-1024x683.jpg 1024w, https:\/\/2l-a-velo.com\/wp-content\/uploads\/2023\/05\/372A4637-300x200.jpg 300w, https:\/\/2l-a-velo.com\/wp-content\/uploads\/2023\/05\/372A4637-768x512.jpg 768w, https:\/\/2l-a-velo.com\/wp-content\/uploads\/2023\/05\/372A4637-1536x1024.jpg 1536w, https:\/\/2l-a-velo.com\/wp-content\/uploads\/2023\/05\/372A4637-2048x1366.jpg 2048w, https:\/\/2l-a-velo.com\/wp-content\/uploads\/2023\/05\/372A4637-900x600.jpg 900w, https:\/\/2l-a-velo.com\/wp-content\/uploads\/2023\/05\/372A4637-1280x854.jpg 1280w\" sizes=\"auto, (max-width: 1024px) 100vw, 1024px\" \/><\/figure>\n\n\n\n<p>Nous continuons les \u00ab\u00a0montagnes russes\u00a0\u00bb, achetons 6 l d&rsquo;eau et cherchons un coin de bivouac. Ce n&rsquo;est pas facile par ici car les villages sont proches et les habitations nombreuses. <\/p>\n\n\n\n<div class=\"wp-block-media-text alignwide is-stacked-on-mobile\" style=\"grid-template-columns:55% auto\"><figure class=\"wp-block-media-text__media\"><img loading=\"lazy\" decoding=\"async\" width=\"1024\" height=\"575\" src=\"https:\/\/2l-a-velo.com\/wp-content\/uploads\/2023\/05\/PANA7491-1024x575.jpg\" alt=\"\" class=\"wp-image-8407 size-full\" srcset=\"https:\/\/2l-a-velo.com\/wp-content\/uploads\/2023\/05\/PANA7491-1024x575.jpg 1024w, https:\/\/2l-a-velo.com\/wp-content\/uploads\/2023\/05\/PANA7491-300x168.jpg 300w, https:\/\/2l-a-velo.com\/wp-content\/uploads\/2023\/05\/PANA7491-768x431.jpg 768w, https:\/\/2l-a-velo.com\/wp-content\/uploads\/2023\/05\/PANA7491-1536x862.jpg 1536w, https:\/\/2l-a-velo.com\/wp-content\/uploads\/2023\/05\/PANA7491-2048x1149.jpg 2048w, https:\/\/2l-a-velo.com\/wp-content\/uploads\/2023\/05\/PANA7491-900x505.jpg 900w, https:\/\/2l-a-velo.com\/wp-content\/uploads\/2023\/05\/PANA7491-1280x718.jpg 1280w\" sizes=\"auto, (max-width: 1024px) 100vw, 1024px\" \/><\/figure><div class=\"wp-block-media-text__content\">\n<p>Finalement, le bord du rio est la bonne solution m\u00eame si ce n&rsquo;est pas le plus beau des bivouacs !<\/p>\n<\/div><\/div>\n\n\n\n<p>De la glace sur la tente ce matin ! Contrairement \u00e0 l&rsquo;habitude, c&rsquo;est un peu humide (pr\u00e9sence du rio ?).<\/p>\n\n\n\n<p>Laure ne se sent pas tr\u00e8s bien. Serait-ce le repas d&rsquo;hier midi ? <\/p>\n\n\n\n<div class=\"wp-block-media-text alignwide has-media-on-the-right is-stacked-on-mobile\" style=\"grid-template-columns:auto 57%\"><div class=\"wp-block-media-text__content\">\n<p>Nous d\u00e9marrons, la route est tr\u00e8s agr\u00e9able, les mont\u00e9es et descentes s&rsquo;encha\u00eenent mais bien douces. Nous arrivons bient\u00f4t sur un plateau tr\u00e8s joli avec les montagnes en arri\u00e8re plan. Montagnes qui doivent \u00eatre bien hautes car nous sommes d\u00e9j\u00e0 \u00e0 3700 m !<\/p>\n<\/div><figure class=\"wp-block-media-text__media\"><img loading=\"lazy\" decoding=\"async\" width=\"1024\" height=\"575\" src=\"https:\/\/2l-a-velo.com\/wp-content\/uploads\/2023\/05\/PANA7505-1024x575.jpg\" alt=\"\" class=\"wp-image-8408 size-full\" srcset=\"https:\/\/2l-a-velo.com\/wp-content\/uploads\/2023\/05\/PANA7505-1024x575.jpg 1024w, https:\/\/2l-a-velo.com\/wp-content\/uploads\/2023\/05\/PANA7505-300x168.jpg 300w, https:\/\/2l-a-velo.com\/wp-content\/uploads\/2023\/05\/PANA7505-768x431.jpg 768w, https:\/\/2l-a-velo.com\/wp-content\/uploads\/2023\/05\/PANA7505-1536x862.jpg 1536w, https:\/\/2l-a-velo.com\/wp-content\/uploads\/2023\/05\/PANA7505-2048x1149.jpg 2048w, https:\/\/2l-a-velo.com\/wp-content\/uploads\/2023\/05\/PANA7505-900x505.jpg 900w, https:\/\/2l-a-velo.com\/wp-content\/uploads\/2023\/05\/PANA7505-1280x718.jpg 1280w\" sizes=\"auto, (max-width: 1024px) 100vw, 1024px\" \/><\/figure><\/div>\n\n\n\n<p><\/p>\n\n\n\n<p>Laure ne se sent vraiment pas bien et nous d\u00e9cidons d&rsquo;installer notre bivouac juste avant le village de Cuchu Ingenio. Il est t\u00f4t mais la suite ce sont deux cols \u00e0 4200 m et 4350 m, alors mieux vaut \u00eatre en forme, nous verrons demain !!!<\/p>\n\n\n\n<figure class=\"wp-block-image size-large\"><img loading=\"lazy\" decoding=\"async\" width=\"1024\" height=\"575\" src=\"https:\/\/2l-a-velo.com\/wp-content\/uploads\/2023\/05\/PANA7527-1024x575.jpg\" alt=\"\" class=\"wp-image-8409\" srcset=\"https:\/\/2l-a-velo.com\/wp-content\/uploads\/2023\/05\/PANA7527-1024x575.jpg 1024w, https:\/\/2l-a-velo.com\/wp-content\/uploads\/2023\/05\/PANA7527-300x168.jpg 300w, https:\/\/2l-a-velo.com\/wp-content\/uploads\/2023\/05\/PANA7527-768x431.jpg 768w, https:\/\/2l-a-velo.com\/wp-content\/uploads\/2023\/05\/PANA7527-1536x862.jpg 1536w, https:\/\/2l-a-velo.com\/wp-content\/uploads\/2023\/05\/PANA7527-2048x1149.jpg 2048w, https:\/\/2l-a-velo.com\/wp-content\/uploads\/2023\/05\/PANA7527-900x505.jpg 900w, https:\/\/2l-a-velo.com\/wp-content\/uploads\/2023\/05\/PANA7527-1280x718.jpg 1280w\" sizes=\"auto, (max-width: 1024px) 100vw, 1024px\" \/><\/figure>\n\n\n\n<p><\/p>\n\n\n\n<div class=\"wp-block-buttons is-layout-flex wp-block-buttons-is-layout-flex\">\n<div class=\"wp-block-button has-custom-width wp-block-button__width-100\"><a class=\"wp-block-button__link has-background has-text-align-center wp-element-button\" href=\"https:\/\/photos.google.com\/share\/AF1QipMQ4eVuvQ76FL3SZMTMh4HqEeU9e9aDLSaXr_AQK7bR6ymcb9_cwpM_p2WmR2vw9w\/photo\/AF1QipOw4RIyU2nYeRIZhEViib6KIHbu8FY78Sn_ryJN?key=VUpNQXlPTHZBVkJFQ2NpOGtkTE43bVEyZWhPNFNR\" style=\"border-radius:10px;background-color:#0173a3\">album photos de cotagaita a Cuchu ingenio<\/a><\/div>\n<\/div>\n\n\n\n<p class=\"has-text-align-center has-white-color has-text-color has-background has-large-font-size\" style=\"background-color:#08aa20\"><strong>De Cuchu Ingenio \u00e0 Potosi<\/strong><\/p>\n\n\n\n<div class=\"wp-block-media-text alignwide is-stacked-on-mobile\" style=\"grid-template-columns:54% auto\"><figure class=\"wp-block-media-text__media\"><img loading=\"lazy\" decoding=\"async\" width=\"1024\" height=\"575\" src=\"https:\/\/2l-a-velo.com\/wp-content\/uploads\/2023\/05\/PANA7511-1024x575.jpg\" alt=\"\" class=\"wp-image-8417 size-full\" srcset=\"https:\/\/2l-a-velo.com\/wp-content\/uploads\/2023\/05\/PANA7511-1024x575.jpg 1024w, https:\/\/2l-a-velo.com\/wp-content\/uploads\/2023\/05\/PANA7511-300x168.jpg 300w, https:\/\/2l-a-velo.com\/wp-content\/uploads\/2023\/05\/PANA7511-768x431.jpg 768w, https:\/\/2l-a-velo.com\/wp-content\/uploads\/2023\/05\/PANA7511-1536x862.jpg 1536w, https:\/\/2l-a-velo.com\/wp-content\/uploads\/2023\/05\/PANA7511-2048x1149.jpg 2048w, https:\/\/2l-a-velo.com\/wp-content\/uploads\/2023\/05\/PANA7511-900x505.jpg 900w, https:\/\/2l-a-velo.com\/wp-content\/uploads\/2023\/05\/PANA7511-1280x718.jpg 1280w\" sizes=\"auto, (max-width: 1024px) 100vw, 1024px\" \/><\/figure><div class=\"wp-block-media-text__content\">\n<p>Soleil radieux ce matin ! Durant la mont\u00e9e au village de Cuchu Ingenio, une colonne de v\u00e9hicules \u00ab\u00a0pleins\u00a0\u00bb de jeunes nous doublent. C&rsquo;est musique, ballons et drapeaux ! Une f\u00eate ?<\/p>\n<\/div><\/div>\n\n\n\n<p>Les mont\u00e9es sont un peu raides et la circulation nous semble plus importante que les jours pr\u00e9c\u00e9dents. Plus nous montons et plus nous voyons de maisons abandonn\u00e9es. Il est vrai que nous avoisinons les 4000 m et que vivre ici toute l&rsquo;ann\u00e9e doit \u00eatre bien difficile.<\/p>\n\n\n\n<figure class=\"wp-block-image size-large\"><img loading=\"lazy\" decoding=\"async\" width=\"1024\" height=\"575\" src=\"https:\/\/2l-a-velo.com\/wp-content\/uploads\/2023\/05\/PANA7541-1024x575.jpg\" alt=\"\" class=\"wp-image-8420\" srcset=\"https:\/\/2l-a-velo.com\/wp-content\/uploads\/2023\/05\/PANA7541-1024x575.jpg 1024w, https:\/\/2l-a-velo.com\/wp-content\/uploads\/2023\/05\/PANA7541-300x168.jpg 300w, https:\/\/2l-a-velo.com\/wp-content\/uploads\/2023\/05\/PANA7541-768x431.jpg 768w, https:\/\/2l-a-velo.com\/wp-content\/uploads\/2023\/05\/PANA7541-1536x862.jpg 1536w, https:\/\/2l-a-velo.com\/wp-content\/uploads\/2023\/05\/PANA7541-2048x1149.jpg 2048w, https:\/\/2l-a-velo.com\/wp-content\/uploads\/2023\/05\/PANA7541-900x505.jpg 900w, https:\/\/2l-a-velo.com\/wp-content\/uploads\/2023\/05\/PANA7541-1280x718.jpg 1280w\" sizes=\"auto, (max-width: 1024px) 100vw, 1024px\" \/><\/figure>\n\n\n\n<div class=\"wp-block-media-text alignwide has-media-on-the-right is-stacked-on-mobile\"><div class=\"wp-block-media-text__content\">\n<p>Nous passons un col \u00e0 4200 m et tout change ! Nous plongeons vers un plateau qui semble bien habit\u00e9 et pour cause, ce sont des mines et cela durera jusqu&rsquo;\u00e0 Potosi. <\/p>\n<\/div><figure class=\"wp-block-media-text__media\"><img loading=\"lazy\" decoding=\"async\" width=\"1024\" height=\"683\" src=\"https:\/\/2l-a-velo.com\/wp-content\/uploads\/2023\/05\/372A4669-1024x683.jpg\" alt=\"\" class=\"wp-image-8421 size-full\" srcset=\"https:\/\/2l-a-velo.com\/wp-content\/uploads\/2023\/05\/372A4669-1024x683.jpg 1024w, https:\/\/2l-a-velo.com\/wp-content\/uploads\/2023\/05\/372A4669-300x200.jpg 300w, https:\/\/2l-a-velo.com\/wp-content\/uploads\/2023\/05\/372A4669-768x512.jpg 768w, https:\/\/2l-a-velo.com\/wp-content\/uploads\/2023\/05\/372A4669-1536x1024.jpg 1536w, https:\/\/2l-a-velo.com\/wp-content\/uploads\/2023\/05\/372A4669-2048x1366.jpg 2048w, https:\/\/2l-a-velo.com\/wp-content\/uploads\/2023\/05\/372A4669-900x600.jpg 900w, https:\/\/2l-a-velo.com\/wp-content\/uploads\/2023\/05\/372A4669-1280x854.jpg 1280w\" sizes=\"auto, (max-width: 1024px) 100vw, 1024px\" \/><\/figure><\/div>\n\n\n\n<p>Au milieu de ces villages miniers existe aussi une agriculture, essentiellement l&rsquo;\u00e9levage de lamas semble-t-il ! <\/p>\n\n\n\n<figure class=\"wp-block-image size-large\"><img loading=\"lazy\" decoding=\"async\" width=\"1024\" height=\"575\" src=\"https:\/\/2l-a-velo.com\/wp-content\/uploads\/2023\/05\/PANA7546-1024x575.jpg\" alt=\"\" class=\"wp-image-8422\" srcset=\"https:\/\/2l-a-velo.com\/wp-content\/uploads\/2023\/05\/PANA7546-1024x575.jpg 1024w, https:\/\/2l-a-velo.com\/wp-content\/uploads\/2023\/05\/PANA7546-300x168.jpg 300w, https:\/\/2l-a-velo.com\/wp-content\/uploads\/2023\/05\/PANA7546-768x431.jpg 768w, https:\/\/2l-a-velo.com\/wp-content\/uploads\/2023\/05\/PANA7546-1536x862.jpg 1536w, https:\/\/2l-a-velo.com\/wp-content\/uploads\/2023\/05\/PANA7546-2048x1149.jpg 2048w, https:\/\/2l-a-velo.com\/wp-content\/uploads\/2023\/05\/PANA7546-900x505.jpg 900w, https:\/\/2l-a-velo.com\/wp-content\/uploads\/2023\/05\/PANA7546-1280x718.jpg 1280w\" sizes=\"auto, (max-width: 1024px) 100vw, 1024px\" \/><\/figure>\n\n\n\n<p>La circulation devient tr\u00e8s dense : camions et collectivos par dizaine ! Nous continuons de monter, toujours parmi ces v\u00e9hicules dont la carburation est d\u00e9ficiente, \u00e7a fume noir et nos poumons souffrent !<\/p>\n\n\n\n<p>Partout les exploitations mini\u00e8res fleurissent mais fleurissent aussi les ordures sur le bord des routes au milieu desquelles broutent les lamas !<\/p>\n\n\n\n<div class=\"wp-block-media-text alignwide is-stacked-on-mobile\" style=\"grid-template-columns:54% auto\"><figure class=\"wp-block-media-text__media\"><img loading=\"lazy\" decoding=\"async\" width=\"1024\" height=\"683\" src=\"https:\/\/2l-a-velo.com\/wp-content\/uploads\/2023\/05\/372A4676-1024x683.jpg\" alt=\"\" class=\"wp-image-8423 size-full\" srcset=\"https:\/\/2l-a-velo.com\/wp-content\/uploads\/2023\/05\/372A4676-1024x683.jpg 1024w, https:\/\/2l-a-velo.com\/wp-content\/uploads\/2023\/05\/372A4676-300x200.jpg 300w, https:\/\/2l-a-velo.com\/wp-content\/uploads\/2023\/05\/372A4676-768x512.jpg 768w, https:\/\/2l-a-velo.com\/wp-content\/uploads\/2023\/05\/372A4676-1536x1024.jpg 1536w, https:\/\/2l-a-velo.com\/wp-content\/uploads\/2023\/05\/372A4676-2048x1366.jpg 2048w, https:\/\/2l-a-velo.com\/wp-content\/uploads\/2023\/05\/372A4676-900x600.jpg 900w, https:\/\/2l-a-velo.com\/wp-content\/uploads\/2023\/05\/372A4676-1280x854.jpg 1280w\" sizes=\"auto, (max-width: 1024px) 100vw, 1024px\" \/><\/figure><div class=\"wp-block-media-text__content\">\n<p>Ces exploitations mini\u00e8res utilisent de l&rsquo;eau que nous voyons stock\u00e9e dans des r\u00e9servoirs. Vu la couleur, nous nous demandons ce qu&rsquo;elle peut bien contenir et si elle est trait\u00e9e avant d&rsquo;\u00eatre rejet\u00e9e dans la nature <\/p>\n<\/div><\/div>\n\n\n\n<p>Enfin le point haut, le col \u00e0 4350 m. Suit une descente \u00e9pique sur Potosi avec camions, collectivos, voitures, petites motos&#8230; <\/p>\n\n\n\n<div class=\"wp-block-media-text alignwide has-media-on-the-right is-stacked-on-mobile\" style=\"grid-template-columns:auto 59%\"><div class=\"wp-block-media-text__content\">\n<p>Nous apercevons le Cerro Rico, montagne qui domine Potosi et d&rsquo;o\u00f9 on a extrait des tonnes d&rsquo;argent.<\/p>\n<\/div><figure class=\"wp-block-media-text__media\"><img loading=\"lazy\" decoding=\"async\" width=\"1024\" height=\"575\" src=\"https:\/\/2l-a-velo.com\/wp-content\/uploads\/2023\/05\/PANA7566-1024x575.jpg\" alt=\"\" class=\"wp-image-8424 size-full\" srcset=\"https:\/\/2l-a-velo.com\/wp-content\/uploads\/2023\/05\/PANA7566-1024x575.jpg 1024w, https:\/\/2l-a-velo.com\/wp-content\/uploads\/2023\/05\/PANA7566-300x168.jpg 300w, https:\/\/2l-a-velo.com\/wp-content\/uploads\/2023\/05\/PANA7566-768x431.jpg 768w, https:\/\/2l-a-velo.com\/wp-content\/uploads\/2023\/05\/PANA7566-1536x862.jpg 1536w, https:\/\/2l-a-velo.com\/wp-content\/uploads\/2023\/05\/PANA7566-2048x1149.jpg 2048w, https:\/\/2l-a-velo.com\/wp-content\/uploads\/2023\/05\/PANA7566-900x505.jpg 900w, https:\/\/2l-a-velo.com\/wp-content\/uploads\/2023\/05\/PANA7566-1280x718.jpg 1280w\" sizes=\"auto, (max-width: 1024px) 100vw, 1024px\" \/><\/figure><\/div>\n\n\n\n<p>Laure nous guide dans les rues de Potosi jusqu&rsquo;\u00e0 l&rsquo;h\u00f4tel rep\u00e9r\u00e9 sur notre application. Ouf ! Nous voici dans la ville de plus de 100 000 habitants la plus haute du monde \u00e0 4090 m !<\/p>\n\n\n\n<div class=\"wp-block-buttons is-layout-flex wp-block-buttons-is-layout-flex\">\n<div class=\"wp-block-button has-custom-width wp-block-button__width-100\"><a class=\"wp-block-button__link has-background has-text-align-center wp-element-button\" href=\"https:\/\/photos.google.com\/share\/AF1QipPBYhJvBMISrjmdLv7ojNaiqM8-5jRY-t9RMKsZN3YBXB5bsSafwE2tvzy67XpQoA\/photo\/AF1QipMP8JT_kDB_496RNsDiF3XmJ8w5EqZFPvC-W-JG?key=aEhZMnVWeDgyZHpROUc3a1FsaXRmUFMxTUdNRHF3\" style=\"border-radius:10px;background-color:#0173a3\">album photos de Cuchu Ingenio \u00e0 Potosi<\/a><\/div>\n<\/div>\n\n\n\n<p class=\"has-text-align-center has-white-color has-text-color has-background has-large-font-size\" style=\"background-color:#c52003\"><strong>Vid\u00e9o : Entre Villazon et Potosi<\/strong><\/p>\n\n\n\n<iframe loading=\"lazy\" width=\"560\" height=\"315\" src=\"https:\/\/www.youtube.com\/embed\/5D1Gpag8JoI\" title=\"YouTube video player\" frameborder=\"0\" allow=\"accelerometer; autoplay; clipboard-write; encrypted-media; gyroscope; picture-in-picture; web-share\" allowfullscreen><\/iframe>\n","protected":false},"excerpt":{"rendered":"<p>Du 6 au 13 mai La route qui conduit de Villazon \u00e0 Potosi est tr\u00e8s plaisante. D&rsquo;une longueur de 340 km avec 5090 m de d\u00e9nivel\u00e9 positif et 4550 de n\u00e9gatif, elle ne circule pas \u00e9norm\u00e9ment si ce n&rsquo;est dans la derni\u00e8re partie. Son altitude oscille entre 2600 m et 4350 m. Alors, m\u00eame si [&hellip;]<\/p>\n","protected":false},"author":1,"featured_media":0,"parent":8338,"menu_order":1,"comment_status":"open","ping_status":"closed","template":"","meta":{"jetpack_post_was_ever_published":false,"footnotes":""},"class_list":["post-8341","page","type-page","status-publish","hentry"],"jetpack_likes_enabled":true,"jetpack_sharing_enabled":true,"_links":{"self":[{"href":"https:\/\/2l-a-velo.com\/index.php?rest_route=\/wp\/v2\/pages\/8341","targetHints":{"allow":["GET"]}}],"collection":[{"href":"https:\/\/2l-a-velo.com\/index.php?rest_route=\/wp\/v2\/pages"}],"about":[{"href":"https:\/\/2l-a-velo.com\/index.php?rest_route=\/wp\/v2\/types\/page"}],"author":[{"embeddable":true,"href":"https:\/\/2l-a-velo.com\/index.php?rest_route=\/wp\/v2\/users\/1"}],"replies":[{"embeddable":true,"href":"https:\/\/2l-a-velo.com\/index.php?rest_route=%2Fwp%2Fv2%2Fcomments&post=8341"}],"version-history":[{"count":58,"href":"https:\/\/2l-a-velo.com\/index.php?rest_route=\/wp\/v2\/pages\/8341\/revisions"}],"predecessor-version":[{"id":8445,"href":"https:\/\/2l-a-velo.com\/index.php?rest_route=\/wp\/v2\/pages\/8341\/revisions\/8445"}],"up":[{"embeddable":true,"href":"https:\/\/2l-a-velo.com\/index.php?rest_route=\/wp\/v2\/pages\/8338"}],"wp:attachment":[{"href":"https:\/\/2l-a-velo.com\/index.php?rest_route=%2Fwp%2Fv2%2Fmedia&parent=8341"}],"curies":[{"name":"wp","href":"https:\/\/api.w.org\/{rel}","templated":true}]}}