{"id":9716,"date":"2023-07-30T23:46:39","date_gmt":"2023-07-30T21:46:39","guid":{"rendered":"https:\/\/2l-a-velo.com\/?page_id=9716"},"modified":"2023-08-06T22:45:10","modified_gmt":"2023-08-06T20:45:10","slug":"arequipa","status":"publish","type":"page","link":"https:\/\/2l-a-velo.com\/?page_id=9716","title":{"rendered":"Arequipa"},"content":{"rendered":"\n<p><em>Cet article est consacr\u00e9 \u00e0 la ville d&rsquo;Arequipa. Dans un autre article, nous parlerons des f\u00eates d&rsquo;Arequipa qui durent tout le mois d&rsquo;ao\u00fbt !<\/em><\/p>\n\n\n\n<div class=\"wp-block-media-text alignwide is-stacked-on-mobile\" style=\"grid-template-columns:61% auto\"><figure class=\"wp-block-media-text__media\"><img loading=\"lazy\" decoding=\"async\" width=\"1024\" height=\"575\" src=\"https:\/\/2l-a-velo.com\/wp-content\/uploads\/2023\/08\/PANA1803-1024x575.jpg\" alt=\"\" class=\"wp-image-9900 size-full\" srcset=\"https:\/\/2l-a-velo.com\/wp-content\/uploads\/2023\/08\/PANA1803-1024x575.jpg 1024w, https:\/\/2l-a-velo.com\/wp-content\/uploads\/2023\/08\/PANA1803-300x168.jpg 300w, https:\/\/2l-a-velo.com\/wp-content\/uploads\/2023\/08\/PANA1803-768x431.jpg 768w, https:\/\/2l-a-velo.com\/wp-content\/uploads\/2023\/08\/PANA1803-1536x862.jpg 1536w, https:\/\/2l-a-velo.com\/wp-content\/uploads\/2023\/08\/PANA1803-2048x1149.jpg 2048w, https:\/\/2l-a-velo.com\/wp-content\/uploads\/2023\/08\/PANA1803-900x505.jpg 900w, https:\/\/2l-a-velo.com\/wp-content\/uploads\/2023\/08\/PANA1803-1280x718.jpg 1280w\" sizes=\"auto, (max-width: 1024px) 100vw, 1024px\" \/><\/figure><div class=\"wp-block-media-text__content\">\n<p class=\"has-text-align-center has-larger-font-size\"><strong>Du 28 juillet au &#8230; Ao\u00fbt<\/strong><\/p>\n<\/div><\/div>\n\n\n\n<p class=\"has-text-align-center has-white-color has-text-color has-background has-larger-font-size\" style=\"background-color:#08aa20\"><strong>Arequipa<\/strong><\/p>\n\n\n\n<figure class=\"wp-block-image size-large\"><img loading=\"lazy\" decoding=\"async\" width=\"1024\" height=\"575\" src=\"https:\/\/2l-a-velo.com\/wp-content\/uploads\/2023\/08\/PANA1437-1024x575.jpg\" alt=\"\" class=\"wp-image-9770\" srcset=\"https:\/\/2l-a-velo.com\/wp-content\/uploads\/2023\/08\/PANA1437-1024x575.jpg 1024w, https:\/\/2l-a-velo.com\/wp-content\/uploads\/2023\/08\/PANA1437-300x168.jpg 300w, https:\/\/2l-a-velo.com\/wp-content\/uploads\/2023\/08\/PANA1437-768x431.jpg 768w, https:\/\/2l-a-velo.com\/wp-content\/uploads\/2023\/08\/PANA1437-1536x862.jpg 1536w, https:\/\/2l-a-velo.com\/wp-content\/uploads\/2023\/08\/PANA1437-2048x1149.jpg 2048w, https:\/\/2l-a-velo.com\/wp-content\/uploads\/2023\/08\/PANA1437-900x505.jpg 900w, https:\/\/2l-a-velo.com\/wp-content\/uploads\/2023\/08\/PANA1437-1280x718.jpg 1280w\" sizes=\"auto, (max-width: 1024px) 100vw, 1024px\" \/><\/figure>\n\n\n\n<p>La ville a \u00e9t\u00e9 fond\u00e9e le 15 ao\u00fbt 1540 sous le nom de \u00a0\u00bb&nbsp;Villa Hermosa de Nuestra Se\u00f1ora de la Asunta&nbsp;\u00a0\u00bb au nom du marquis Don Francisco Pizarro et le 22 septembre 1541, le roi Carlos V par d\u00e9cret royal a ordonn\u00e9 qu&rsquo;elle soit appel\u00e9e \u00ab&nbsp;Ville d&rsquo;Arequipa&nbsp;\u00bb.&nbsp;<\/p>\n\n\n\n<p>Dans l&rsquo;histoire r\u00e9publicaine du P\u00e9rou, le r\u00f4le de la ville d&rsquo;Arequipa a \u00e9t\u00e9 important, puisqu&rsquo;elle a \u00e9t\u00e9 d\u00e9clar\u00e9e \u00ab\u00a0Capitale de la R\u00e9publique\u00a0\u00bb sous le gouvernement de Lizardo Montero.&nbsp;<\/p>\n\n\n\n<p>Son centre historique s&rsquo;\u00e9tend sur une superficie de 332 hectares et a \u00e9t\u00e9 d\u00e9clar\u00e9 par l&rsquo;Unesco \u00a0\u00bb&nbsp;Patrimoine Culturel de l&rsquo;Humanit\u00e9&nbsp;\u00ab\u00a0. En raison de ses diff\u00e9rents espaces culturels, c&rsquo;est une ville d&rsquo;accueil pour le tourisme national et international.<\/p>\n\n\n\n<div class=\"wp-block-media-text alignwide is-stacked-on-mobile\" style=\"grid-template-columns:54% auto\"><figure class=\"wp-block-media-text__media\"><img loading=\"lazy\" decoding=\"async\" width=\"1024\" height=\"683\" src=\"https:\/\/2l-a-velo.com\/wp-content\/uploads\/2023\/08\/372A9580-1024x683.jpg\" alt=\"\" class=\"wp-image-9765 size-full\" srcset=\"https:\/\/2l-a-velo.com\/wp-content\/uploads\/2023\/08\/372A9580-1024x683.jpg 1024w, https:\/\/2l-a-velo.com\/wp-content\/uploads\/2023\/08\/372A9580-300x200.jpg 300w, https:\/\/2l-a-velo.com\/wp-content\/uploads\/2023\/08\/372A9580-768x512.jpg 768w, https:\/\/2l-a-velo.com\/wp-content\/uploads\/2023\/08\/372A9580-1536x1024.jpg 1536w, https:\/\/2l-a-velo.com\/wp-content\/uploads\/2023\/08\/372A9580-2048x1366.jpg 2048w, https:\/\/2l-a-velo.com\/wp-content\/uploads\/2023\/08\/372A9580-900x600.jpg 900w, https:\/\/2l-a-velo.com\/wp-content\/uploads\/2023\/08\/372A9580-1280x854.jpg 1280w\" sizes=\"auto, (max-width: 1024px) 100vw, 1024px\" \/><\/figure><div class=\"wp-block-media-text__content\">\n<p>Arequipa, domin\u00e9e par ses volcans, le Misti, le Chachani et le Pichupichu, est situ\u00e9e \u00e0 2300 m d&rsquo;altitude et compte environ 1 100 000 habitants, ce qui en fait la deuxi\u00e8me ville du pays apr\u00e8s Lima.<\/p>\n<\/div><\/div>\n\n\n\n<p>La ville a jadis prosp\u00e9r\u00e9 rapidement gr\u00e2ce \u00e0 sa situation privil\u00e9gi\u00e9e sur la route du transit du minerai venant de Potosi. Le d\u00e9clin des mines entra\u00eene une p\u00e9riode de d\u00e9cadence, jusqu&rsquo;\u00e0 ce que, au XVIII \u00e8me si\u00e8cle, des colons britanniques et fran\u00e7ais installent des manufactures de laine d&rsquo;alpaga et de textile. Le chemin de fer arrive \u00e0 Arequipa en 1870.<\/p>\n\n\n\n<p>En 1960, la cr\u00e9ation d&rsquo;un parc industriel et d&rsquo;importants projets d&rsquo;\u00e9lectrification et d&rsquo;irrigation entra\u00eenent l&rsquo;arriv\u00e9e massive d&rsquo;Indiens venus de Puno. La ville est aujourd&rsquo;hui le principal centre \u00e9conomique du sud du P\u00e9rou.<\/p>\n\n\n\n<div class=\"wp-block-media-text alignwide has-media-on-the-right is-stacked-on-mobile\" style=\"grid-template-columns:auto 51%\"><div class=\"wp-block-media-text__content\">\n<p>Arequipa&nbsp;est&nbsp;surnomm\u00e9e&nbsp;la ville blanche en r\u00e9f\u00e9rence \u00e0&nbsp;ses fa\u00e7ades qui sont toutes en \u00ab\u00a0Ignimbrita aeropuerto de Arequipa\u00a0\u00bb connu sous le nom de&nbsp;sillar, une roche volcanique de couleur claire. Le Sillar d&rsquo;Arequipa&nbsp;est l&rsquo;\u00e9l\u00e9ment le plus important utilis\u00e9 dans les principales constructions de la r\u00e9gion. <\/p>\n<\/div><figure class=\"wp-block-media-text__media\"><img loading=\"lazy\" decoding=\"async\" width=\"1024\" height=\"575\" src=\"https:\/\/2l-a-velo.com\/wp-content\/uploads\/2023\/08\/PANA1290-1024x575.jpg\" alt=\"\" class=\"wp-image-9766 size-full\" srcset=\"https:\/\/2l-a-velo.com\/wp-content\/uploads\/2023\/08\/PANA1290-1024x575.jpg 1024w, https:\/\/2l-a-velo.com\/wp-content\/uploads\/2023\/08\/PANA1290-300x168.jpg 300w, https:\/\/2l-a-velo.com\/wp-content\/uploads\/2023\/08\/PANA1290-768x431.jpg 768w, https:\/\/2l-a-velo.com\/wp-content\/uploads\/2023\/08\/PANA1290-1536x862.jpg 1536w, https:\/\/2l-a-velo.com\/wp-content\/uploads\/2023\/08\/PANA1290-2048x1149.jpg 2048w, https:\/\/2l-a-velo.com\/wp-content\/uploads\/2023\/08\/PANA1290-900x505.jpg 900w, https:\/\/2l-a-velo.com\/wp-content\/uploads\/2023\/08\/PANA1290-1280x718.jpg 1280w\" sizes=\"auto, (max-width: 1024px) 100vw, 1024px\" \/><\/figure><\/div>\n\n\n\n<p>Cette roche volcanique que l&rsquo;on peut voir dans la cath\u00e9drale, dans les diff\u00e9rentes \u00e9glises, dans les maisons du centre historique, les ponts et autres constructions  provient des cendres de la lave fragment\u00e9e, r\u00e9sultant de l&rsquo;explosion d&rsquo;un volcan ant\u00e9rieur au<strong>\u00a0<\/strong>Misti et au Chachani<strong>\u00a0<\/strong>(il y a environ un million d&rsquo;ann\u00e9es).<\/p>\n\n\n\n<p>La ville est tr\u00e8s plaisante. Nous y sommes en hiver et m\u00eame si soir et matin, nous ressentons une petite fra\u00eecheur, la journ\u00e9e pr\u00e9sente des temp\u00e9ratures tr\u00e8s agr\u00e9ables sous un franc soleil et un ciel bien bleu !<\/p>\n\n\n\n<div class=\"wp-block-media-text alignwide is-stacked-on-mobile\" style=\"grid-template-columns:54% auto\"><figure class=\"wp-block-media-text__media\"><img loading=\"lazy\" decoding=\"async\" width=\"1024\" height=\"575\" src=\"https:\/\/2l-a-velo.com\/wp-content\/uploads\/2023\/08\/PANA2060-1024x575.jpg\" alt=\"\" class=\"wp-image-9901 size-full\" srcset=\"https:\/\/2l-a-velo.com\/wp-content\/uploads\/2023\/08\/PANA2060-1024x575.jpg 1024w, https:\/\/2l-a-velo.com\/wp-content\/uploads\/2023\/08\/PANA2060-300x168.jpg 300w, https:\/\/2l-a-velo.com\/wp-content\/uploads\/2023\/08\/PANA2060-768x431.jpg 768w, https:\/\/2l-a-velo.com\/wp-content\/uploads\/2023\/08\/PANA2060-1536x862.jpg 1536w, https:\/\/2l-a-velo.com\/wp-content\/uploads\/2023\/08\/PANA2060-2048x1149.jpg 2048w, https:\/\/2l-a-velo.com\/wp-content\/uploads\/2023\/08\/PANA2060-900x505.jpg 900w, https:\/\/2l-a-velo.com\/wp-content\/uploads\/2023\/08\/PANA2060-1280x718.jpg 1280w\" sizes=\"auto, (max-width: 1024px) 100vw, 1024px\" \/><\/figure><div class=\"wp-block-media-text__content\">\n<p>Si le matin les rues sont bien tranquilles, ce n&rsquo;est plus la m\u00eame chose l&rsquo;apr\u00e8s-midi et le soir o\u00f9 les trottoirs sont bien encombr\u00e9s et la circulation bien dense ! Mais malgr\u00e9 cela, il est tr\u00e8s \u00ab\u00a0sympa\u00a0\u00bb de d\u00e9ambuler dans la ville, de profiter des belles demeures, des nombreux magasins et de l&rsquo;animation qui y r\u00e8gne !<\/p>\n<\/div><\/div>\n\n\n\n<p>Et n&rsquo;oublions pas les restaurants, des grands et des petits, o\u00f9 nous avons test\u00e9 les plats locaux avec plus ou moins de bonheur !<\/p>\n\n\n\n<figure class=\"wp-block-image size-large\"><img loading=\"lazy\" decoding=\"async\" width=\"1024\" height=\"683\" src=\"https:\/\/2l-a-velo.com\/wp-content\/uploads\/2023\/08\/372A0146-1024x683.jpg\" alt=\"\" class=\"wp-image-9902\" srcset=\"https:\/\/2l-a-velo.com\/wp-content\/uploads\/2023\/08\/372A0146-1024x683.jpg 1024w, https:\/\/2l-a-velo.com\/wp-content\/uploads\/2023\/08\/372A0146-300x200.jpg 300w, https:\/\/2l-a-velo.com\/wp-content\/uploads\/2023\/08\/372A0146-768x512.jpg 768w, https:\/\/2l-a-velo.com\/wp-content\/uploads\/2023\/08\/372A0146-1536x1024.jpg 1536w, https:\/\/2l-a-velo.com\/wp-content\/uploads\/2023\/08\/372A0146-2048x1366.jpg 2048w, https:\/\/2l-a-velo.com\/wp-content\/uploads\/2023\/08\/372A0146-900x600.jpg 900w, https:\/\/2l-a-velo.com\/wp-content\/uploads\/2023\/08\/372A0146-1280x854.jpg 1280w\" sizes=\"auto, (max-width: 1024px) 100vw, 1024px\" \/><\/figure>\n\n\n\n<p class=\"has-text-align-center\"><strong>5 ao\u00fbt, anniversaire de Lionel (73 ans) !<\/strong><\/p>\n\n\n\n<div class=\"wp-block-buttons is-layout-flex wp-block-buttons-is-layout-flex\">\n<div class=\"wp-block-button has-custom-width wp-block-button__width-100\"><a class=\"wp-block-button__link has-background has-text-align-center wp-element-button\" href=\"https:\/\/photos.google.com\/share\/AF1QipOD_q42J4YZwA6VVUu2cMlt09nCFsNvUDF5hBn3NFKS9dJvdSuKjq2iy3h9de1phg\/photo\/AF1QipMGmDjChI4A_QsVs8SRpK_Arin78ugEpzBX49md?key=SU5NQVpXYU5Ld3FMNEQ3MXg3dGZ6VTJyRzZPTE9B\" style=\"border-radius:10px;background-color:#0173a3\">album photos : dans les rues d&rsquo;arequipa<\/a><\/div>\n<\/div>\n\n\n\n<p class=\"has-text-align-center has-white-color has-text-color has-background has-larger-font-size\" style=\"background-color:#08aa20\"><strong>Un d\u00e9fil\u00e9 \u00e0 Arequipa<\/strong><\/p>\n\n\n\n<p class=\"has-text-align-center\"><em>C&rsquo;est une constante en Am\u00e9rique du Sud ! On d\u00e9file souvent !!!<\/em><\/p>\n\n\n\n<p>Troisi\u00e8me jour que nous sommes \u00e0 Arequipa, et voici un premier d\u00e9fil\u00e9, en l&rsquo;occurrence celui du congr\u00e8s des \u00e9ducateurs franciscains !<\/p>\n\n\n\n<div class=\"wp-block-buttons is-layout-flex wp-block-buttons-is-layout-flex\">\n<div class=\"wp-block-button has-custom-width wp-block-button__width-100\"><a class=\"wp-block-button__link has-background has-text-align-center wp-element-button\" href=\"https:\/\/photos.google.com\/share\/AF1QipNzZONy6D_kmjMZuNykiRmYWzAN25i9uuRGbrT_cT-FTvESv3_5sw1XoNcNUDo2xw\/photo\/AF1QipO_kybSQQRyfj8WWhWMKj-OzCA9_Zq1PbFVSe7U?key=bUtmOTlxWUpPVDdDTUVGaXNCSWMwWWhEM1BObW9R\" style=\"border-radius:10px;background-color:#0173a3\">album photos du d\u00e9fil\u00e9 des educateurs franciscains<\/a><\/div>\n<\/div>\n\n\n\n<p class=\"has-text-align-center has-white-color has-text-color has-background has-large-font-size\" style=\"background-color:#c52003\"><strong>Vid\u00e9o : D\u00e9fil\u00e9 des Educateurs franciscains<\/strong><\/p>\n\n\n\n<div class=\"wp-block-buttons is-layout-flex wp-block-buttons-is-layout-flex\"><\/div>\n\n\n\n<p class=\"has-text-align-center has-white-color has-text-color has-background has-larger-font-size\" style=\"background-color:#08aa20\"><strong>Monuments d&rsquo;Arequipa<\/strong><\/p>\n\n\n\n<p><\/p>\n\n\n\n<p class=\"has-text-align-center has-white-color has-text-color has-background has-large-font-size\" style=\"background-color:#08aaff\"><strong>La Plazza de Armas<\/strong><\/p>\n\n\n\n<figure class=\"wp-block-image size-large\"><img loading=\"lazy\" decoding=\"async\" width=\"1024\" height=\"296\" src=\"https:\/\/2l-a-velo.com\/wp-content\/uploads\/2023\/08\/PANA1480-Panorama-1024x296.jpg\" alt=\"\" class=\"wp-image-9761\" srcset=\"https:\/\/2l-a-velo.com\/wp-content\/uploads\/2023\/08\/PANA1480-Panorama-1024x296.jpg 1024w, https:\/\/2l-a-velo.com\/wp-content\/uploads\/2023\/08\/PANA1480-Panorama-300x87.jpg 300w, https:\/\/2l-a-velo.com\/wp-content\/uploads\/2023\/08\/PANA1480-Panorama-768x222.jpg 768w, https:\/\/2l-a-velo.com\/wp-content\/uploads\/2023\/08\/PANA1480-Panorama-1536x444.jpg 1536w, https:\/\/2l-a-velo.com\/wp-content\/uploads\/2023\/08\/PANA1480-Panorama-2048x591.jpg 2048w, https:\/\/2l-a-velo.com\/wp-content\/uploads\/2023\/08\/PANA1480-Panorama-900x260.jpg 900w, https:\/\/2l-a-velo.com\/wp-content\/uploads\/2023\/08\/PANA1480-Panorama-1280x370.jpg 1280w\" sizes=\"auto, (max-width: 1024px) 100vw, 1024px\" \/><\/figure>\n\n\n\n<p>Datant seulement du XIX \u00e8me si\u00e8cle, la Plaza de Armas d&rsquo;Arequipa est une des plus belles du P\u00e9rou. De forme carr\u00e9e, elle est bord\u00e9e sur son c\u00f4t\u00e9 nord par la cath\u00e9drale. Les autres c\u00f4t\u00e9s pr\u00e9sentent une galerie d&rsquo;arcades sur deux niveaux.<\/p>\n\n\n\n<div class=\"wp-block-media-text alignwide has-media-on-the-right is-stacked-on-mobile\" style=\"grid-template-columns:auto 54%\"><div class=\"wp-block-media-text__content\">\n<p>Au centre de la place, se dresse une fontaine de bronze surmont\u00e9e du Tuturutu, le g\u00e9nie protecteur de la ville. Et puis, comme le soleil domine \u00e0 Arequipa, de superbes palmiers apportent leur ombre aux promeneurs.<\/p>\n<\/div><figure class=\"wp-block-media-text__media\"><img loading=\"lazy\" decoding=\"async\" width=\"1024\" height=\"575\" src=\"https:\/\/2l-a-velo.com\/wp-content\/uploads\/2023\/08\/PANA1261-1024x575.jpg\" alt=\"\" class=\"wp-image-9762 size-full\" srcset=\"https:\/\/2l-a-velo.com\/wp-content\/uploads\/2023\/08\/PANA1261-1024x575.jpg 1024w, https:\/\/2l-a-velo.com\/wp-content\/uploads\/2023\/08\/PANA1261-300x168.jpg 300w, https:\/\/2l-a-velo.com\/wp-content\/uploads\/2023\/08\/PANA1261-768x431.jpg 768w, https:\/\/2l-a-velo.com\/wp-content\/uploads\/2023\/08\/PANA1261-1536x862.jpg 1536w, https:\/\/2l-a-velo.com\/wp-content\/uploads\/2023\/08\/PANA1261-2048x1149.jpg 2048w, https:\/\/2l-a-velo.com\/wp-content\/uploads\/2023\/08\/PANA1261-900x505.jpg 900w, https:\/\/2l-a-velo.com\/wp-content\/uploads\/2023\/08\/PANA1261-1280x718.jpg 1280w\" sizes=\"auto, (max-width: 1024px) 100vw, 1024px\" \/><\/figure><\/div>\n\n\n\n<p>C&rsquo;est le principal point urbain et touristique de la ville d&rsquo;Arequipa. C&rsquo;est le lieu de toutes les manifestations politiques ou autres&#8230; <\/p>\n\n\n\n<div class=\"wp-block-media-text alignwide is-stacked-on-mobile\" style=\"grid-template-columns:55% auto\"><figure class=\"wp-block-media-text__media\"><img loading=\"lazy\" decoding=\"async\" width=\"1024\" height=\"683\" src=\"https:\/\/2l-a-velo.com\/wp-content\/uploads\/2023\/08\/372A9585-1024x683.jpg\" alt=\"\" class=\"wp-image-9768 size-full\" srcset=\"https:\/\/2l-a-velo.com\/wp-content\/uploads\/2023\/08\/372A9585-1024x683.jpg 1024w, https:\/\/2l-a-velo.com\/wp-content\/uploads\/2023\/08\/372A9585-300x200.jpg 300w, https:\/\/2l-a-velo.com\/wp-content\/uploads\/2023\/08\/372A9585-768x512.jpg 768w, https:\/\/2l-a-velo.com\/wp-content\/uploads\/2023\/08\/372A9585-1536x1024.jpg 1536w, https:\/\/2l-a-velo.com\/wp-content\/uploads\/2023\/08\/372A9585-2048x1366.jpg 2048w, https:\/\/2l-a-velo.com\/wp-content\/uploads\/2023\/08\/372A9585-900x600.jpg 900w, https:\/\/2l-a-velo.com\/wp-content\/uploads\/2023\/08\/372A9585-1280x854.jpg 1280w\" sizes=\"auto, (max-width: 1024px) 100vw, 1024px\" \/><\/figure><div class=\"wp-block-media-text__content\">\n<p>Si, de notre h\u00f4tel situ\u00e9 pr\u00e8s de la place, nous entendons de la musique, c&rsquo;est qu&rsquo;il se passe quelque chose : d\u00e9fil\u00e9, spectacle, manifestation&#8230; Il suffit d&rsquo;aller voir !<\/p>\n<\/div><\/div>\n\n\n\n<p><\/p>\n\n\n\n<div class=\"wp-block-buttons is-layout-flex wp-block-buttons-is-layout-flex\">\n<div class=\"wp-block-button has-custom-width wp-block-button__width-100\"><a class=\"wp-block-button__link has-background has-text-align-center wp-element-button\" href=\"https:\/\/photos.google.com\/share\/AF1QipPYdd2NlmJrhCOnB20wi705cWR9X4FipkOgiOcd40oPwhm2YIdJR7q3lGQMPTTsTQ\/photo\/AF1QipOJ2iNkAgR46BvgE1y0Bot7osoZLK1526BN7NaZ?key=LWZ6RmpuaWZuVGhfWFg3eEczbTVqcGl6Rk9xOFZn\" style=\"border-radius:10px;background-color:#0173a3\">album photos de la Plaza de Armas<\/a><\/div>\n<\/div>\n\n\n\n<p class=\"has-text-align-center has-white-color has-text-color has-background has-large-font-size\" style=\"background-color:#08aaff\"><strong>La Cath\u00e9drale<\/strong><\/p>\n\n\n\n<p>Elle est construite en sillar , avec des vo\u00fbtes en briques et est le lieu de culte principal de la ville. Elle pr\u00e9sente un style n\u00e9o-renaissance avec une certaine influence gothique.<\/p>\n\n\n\n<div class=\"wp-block-media-text alignwide is-stacked-on-mobile\" style=\"grid-template-columns:55% auto\"><figure class=\"wp-block-media-text__media\"><img loading=\"lazy\" decoding=\"async\" width=\"1024\" height=\"575\" src=\"https:\/\/2l-a-velo.com\/wp-content\/uploads\/2023\/08\/PANA1469-1024x575.jpg\" alt=\"\" class=\"wp-image-9948 size-full\" srcset=\"https:\/\/2l-a-velo.com\/wp-content\/uploads\/2023\/08\/PANA1469-1024x575.jpg 1024w, https:\/\/2l-a-velo.com\/wp-content\/uploads\/2023\/08\/PANA1469-300x168.jpg 300w, https:\/\/2l-a-velo.com\/wp-content\/uploads\/2023\/08\/PANA1469-768x431.jpg 768w, https:\/\/2l-a-velo.com\/wp-content\/uploads\/2023\/08\/PANA1469-1536x862.jpg 1536w, https:\/\/2l-a-velo.com\/wp-content\/uploads\/2023\/08\/PANA1469-2048x1149.jpg 2048w, https:\/\/2l-a-velo.com\/wp-content\/uploads\/2023\/08\/PANA1469-900x505.jpg 900w, https:\/\/2l-a-velo.com\/wp-content\/uploads\/2023\/08\/PANA1469-1280x718.jpg 1280w\" sizes=\"auto, (max-width: 1024px) 100vw, 1024px\" \/><\/figure><div class=\"wp-block-media-text__content\">\n<p>Sa fa\u00e7ade est compos\u00e9e de soixante-dix colonnes \u00e0&nbsp;chapiteaux&nbsp;corinthiens, trois couvertures et deux grandes arches lat\u00e9rales. Elle est surmont\u00e9e de deux hautes tours de style Renaissance. <\/p>\n<\/div><\/div>\n\n\n\n<p>La fa\u00e7ade de 108 m occupe tout le c\u00f4t\u00e9 nord de la Plazza de Armas mais n\u2019est pas l\u2019entr\u00e9e principale, ce n\u2019est qu\u2019un flanc.<\/p>\n\n\n\n<div class=\"wp-block-media-text alignwide has-media-on-the-right is-stacked-on-mobile\"><div class=\"wp-block-media-text__content\">\n<p>\u00c0 l&rsquo;int\u00e9rieur, l&rsquo;autel principal, est en&nbsp;marbre de Carrare. A l&rsquo;oppos\u00e9 de l&rsquo;autel, de l&rsquo;autre c\u00f4t\u00e9 de la nef, on trouve un orgue d&rsquo;origine belge, qui est l&rsquo;un des plus grands d&rsquo;Am\u00e9rique du Sud. La chaire en bois sculpt\u00e9 est l&rsquo;\u0153uvre du ma\u00eetre fran\u00e7ais Rigot. <\/p>\n<\/div><figure class=\"wp-block-media-text__media\"><img loading=\"lazy\" decoding=\"async\" width=\"1024\" height=\"575\" src=\"https:\/\/2l-a-velo.com\/wp-content\/uploads\/2023\/07\/PANA1276-1024x575.jpg\" alt=\"\" class=\"wp-image-9731 size-full\" srcset=\"https:\/\/2l-a-velo.com\/wp-content\/uploads\/2023\/07\/PANA1276-1024x575.jpg 1024w, https:\/\/2l-a-velo.com\/wp-content\/uploads\/2023\/07\/PANA1276-300x168.jpg 300w, https:\/\/2l-a-velo.com\/wp-content\/uploads\/2023\/07\/PANA1276-768x431.jpg 768w, https:\/\/2l-a-velo.com\/wp-content\/uploads\/2023\/07\/PANA1276-1536x862.jpg 1536w, https:\/\/2l-a-velo.com\/wp-content\/uploads\/2023\/07\/PANA1276-2048x1149.jpg 2048w, https:\/\/2l-a-velo.com\/wp-content\/uploads\/2023\/07\/PANA1276-900x505.jpg 900w, https:\/\/2l-a-velo.com\/wp-content\/uploads\/2023\/07\/PANA1276-1280x718.jpg 1280w\" sizes=\"auto, (max-width: 1024px) 100vw, 1024px\" \/><\/figure><\/div>\n\n\n\n<p>Commenc\u00e9e en 1540 et achev\u00e9e en 1656, la cath\u00e9drale a \u00e9t\u00e9 maintes fois reconstruite. Tout au long de son histoire, elle a \u00e9t\u00e9 d\u00e9truite par des incendies, des tremblements de terre et des explosions volcaniques.\u00a0Le s\u00e9isme de 2001 a renvers\u00e9 l\u2019une des \u00e9normes tours, elle fut r\u00e9par\u00e9e fin 2002.<\/p>\n\n\n\n<p>Elle est l&rsquo;une des 70 \u00e9glises dans le monde autoris\u00e9es \u00e0 arborer le drapeau du Vatican.<\/p>\n\n\n\n<figure class=\"wp-block-image size-large\"><img loading=\"lazy\" decoding=\"async\" width=\"1024\" height=\"575\" src=\"https:\/\/2l-a-velo.com\/wp-content\/uploads\/2023\/07\/PANA1477-1024x575.jpg\" alt=\"\" class=\"wp-image-9733\" srcset=\"https:\/\/2l-a-velo.com\/wp-content\/uploads\/2023\/07\/PANA1477-1024x575.jpg 1024w, https:\/\/2l-a-velo.com\/wp-content\/uploads\/2023\/07\/PANA1477-300x168.jpg 300w, https:\/\/2l-a-velo.com\/wp-content\/uploads\/2023\/07\/PANA1477-768x431.jpg 768w, https:\/\/2l-a-velo.com\/wp-content\/uploads\/2023\/07\/PANA1477-1536x862.jpg 1536w, https:\/\/2l-a-velo.com\/wp-content\/uploads\/2023\/07\/PANA1477-2048x1149.jpg 2048w, https:\/\/2l-a-velo.com\/wp-content\/uploads\/2023\/07\/PANA1477-900x505.jpg 900w, https:\/\/2l-a-velo.com\/wp-content\/uploads\/2023\/07\/PANA1477-1280x718.jpg 1280w\" sizes=\"auto, (max-width: 1024px) 100vw, 1024px\" \/><\/figure>\n\n\n\n<p>Laure se souviendra de sa visite dans la cath\u00e9drale. Cela faisait un moment que nous \u00e9tions rentr\u00e9s quand un gardien nous interpelle et demande \u00e0 Laure de quitter les lieux ! La raison ? Laure est en bermuda, trop court, para\u00eet-il, alors qu&rsquo;il lui arrive au niveau du genou (le bermuda, pas le gardien !). Pourtant, sur le calendrier, nous sommes en 2023 !!! <\/p>\n\n\n\n<div class=\"wp-block-media-text alignwide is-stacked-on-mobile\" style=\"grid-template-columns:53% auto\"><figure class=\"wp-block-media-text__media\"><img loading=\"lazy\" decoding=\"async\" width=\"1024\" height=\"575\" src=\"https:\/\/2l-a-velo.com\/wp-content\/uploads\/2023\/07\/PANA1410-1024x575.jpg\" alt=\"\" class=\"wp-image-9732 size-full\" srcset=\"https:\/\/2l-a-velo.com\/wp-content\/uploads\/2023\/07\/PANA1410-1024x575.jpg 1024w, https:\/\/2l-a-velo.com\/wp-content\/uploads\/2023\/07\/PANA1410-300x168.jpg 300w, https:\/\/2l-a-velo.com\/wp-content\/uploads\/2023\/07\/PANA1410-768x431.jpg 768w, https:\/\/2l-a-velo.com\/wp-content\/uploads\/2023\/07\/PANA1410-1536x862.jpg 1536w, https:\/\/2l-a-velo.com\/wp-content\/uploads\/2023\/07\/PANA1410-2048x1149.jpg 2048w, https:\/\/2l-a-velo.com\/wp-content\/uploads\/2023\/07\/PANA1410-900x505.jpg 900w, https:\/\/2l-a-velo.com\/wp-content\/uploads\/2023\/07\/PANA1410-1280x718.jpg 1280w\" sizes=\"auto, (max-width: 1024px) 100vw, 1024px\" \/><\/figure><div class=\"wp-block-media-text__content\">\n<p>Le plus dr\u00f4le, c&rsquo;est qu&rsquo;une demi-heure apr\u00e8s, nous faisons la visite avec un guide et l\u00e0, pas de probl\u00e8me, et pourtant, c&rsquo;est le m\u00eame bermuda&#8230; et le m\u00eame gardien !!! Visite qui nous permet de d\u00e9couvrir les tr\u00e9sors du mus\u00e9e, mais aussi de grimper \u00e0 la base des tours, au niveau des cloches, et d&rsquo;avoir de belles vues sur la ville.<\/p>\n<\/div><\/div>\n\n\n\n<p>Visite pendant laquelle nous rencontrons Chlo\u00e9 et Baptiste, deux jeunes Fran\u00e7ais, qui voyagent en bus. Un agr\u00e9able moment d&rsquo;\u00e9change.<\/p>\n\n\n\n<div class=\"wp-block-buttons is-layout-flex wp-block-buttons-is-layout-flex\">\n<div class=\"wp-block-button has-custom-width wp-block-button__width-100\"><a class=\"wp-block-button__link has-background has-text-align-center wp-element-button\" href=\"https:\/\/photos.google.com\/share\/AF1QipM2tn2CCdnX_8p7CcKDT5e4c4vpEnJEFYR_ZCv5Anwf5mSC_qbph1n2nSaifafBoQ\/photo\/AF1QipOaBl6qRmfyhpfjFtwKn_opCcpyFk3bn0qeIO1v?key=VTJtRmZuVEpjQWRkQmlyYjFYZVFFV3hHcjNHcHlR\" style=\"border-radius:10px;background-color:#0173a3\">album photos cath\u00e9drale<\/a><\/div>\n<\/div>\n\n\n\n<p class=\"has-text-align-center has-white-color has-text-color has-background has-large-font-size\" style=\"background-color:#c52003\"><strong>Vid\u00e9o : Sonner la cloche !<\/strong><\/p>\n\n\n\n<iframe loading=\"lazy\" width=\"560\" height=\"315\" src=\"https:\/\/www.youtube.com\/embed\/rVMB2F8PiBA\" title=\"YouTube video player\" frameborder=\"0\" allow=\"accelerometer; autoplay; clipboard-write; encrypted-media; gyroscope; picture-in-picture; web-share\" allowfullscreen><\/iframe>\n\n\n\n<p class=\"has-text-align-center has-white-color has-text-color has-background has-large-font-size\" style=\"background-color:#08aaff\"><strong>Eglise de la Compa\u00f1a de Jesus<\/strong><\/p>\n\n\n\n<p>La construction de cette \u00e9glise j\u00e9suite a commenc\u00e9 en 1590 et s&rsquo;est achev\u00e9e en 1698. Comme dans d&rsquo;autres b\u00e2timents de la ville, le mat\u00e9riau pour sa construction est le sillar.&nbsp;Les propri\u00e9t\u00e9s physiques de cette roche volcanique en font une pierre tr\u00e8s facile \u00e0 tailler, mais la rendent difficile \u00e0 travailler en profondeur en raison de sa texture poreuse. <\/p>\n\n\n\n<div class=\"wp-block-media-text alignwide has-media-on-the-right is-stacked-on-mobile\" style=\"grid-template-columns:auto 56%\"><div class=\"wp-block-media-text__content\">\n<p>Il se d\u00e9veloppe alors un type de d\u00e9coration \u00ab\u00a0de surface\u00a0\u00bb qui utilise des \u00e9l\u00e9ments am\u00e9rindiens, des plantes, des animaux m\u00e9lang\u00e9s \u00e0 des motifs europ\u00e9ens.<\/p>\n<\/div><figure class=\"wp-block-media-text__media\"><img loading=\"lazy\" decoding=\"async\" width=\"1024\" height=\"575\" src=\"https:\/\/2l-a-velo.com\/wp-content\/uploads\/2023\/07\/PANA1246-1024x575.jpg\" alt=\"\" class=\"wp-image-9740 size-full\" srcset=\"https:\/\/2l-a-velo.com\/wp-content\/uploads\/2023\/07\/PANA1246-1024x575.jpg 1024w, https:\/\/2l-a-velo.com\/wp-content\/uploads\/2023\/07\/PANA1246-300x168.jpg 300w, https:\/\/2l-a-velo.com\/wp-content\/uploads\/2023\/07\/PANA1246-768x431.jpg 768w, https:\/\/2l-a-velo.com\/wp-content\/uploads\/2023\/07\/PANA1246-1536x862.jpg 1536w, https:\/\/2l-a-velo.com\/wp-content\/uploads\/2023\/07\/PANA1246-2048x1149.jpg 2048w, https:\/\/2l-a-velo.com\/wp-content\/uploads\/2023\/07\/PANA1246-900x505.jpg 900w, https:\/\/2l-a-velo.com\/wp-content\/uploads\/2023\/07\/PANA1246-1280x718.jpg 1280w\" sizes=\"auto, (max-width: 1024px) 100vw, 1024px\" \/><\/figure><\/div>\n\n\n\n<p>La fa\u00e7ade principale, de style baroque m\u00e9tis, s&rsquo;impose comme l&rsquo;un des chefs-d&rsquo;\u0153uvre de la d\u00e9coration coloniale sud-am\u00e9ricaine.&nbsp;Le portail lat\u00e9ral repr\u00e9sente <em>Saint-Jacques triomphant des Maures<\/em>.<\/p>\n\n\n\n<div class=\"wp-block-media-text alignwide is-stacked-on-mobile\" style=\"grid-template-columns:54% auto\"><figure class=\"wp-block-media-text__media\"><img loading=\"lazy\" decoding=\"async\" width=\"1024\" height=\"575\" src=\"https:\/\/2l-a-velo.com\/wp-content\/uploads\/2023\/07\/PANA1323-1024x575.jpg\" alt=\"\" class=\"wp-image-9742 size-full\" srcset=\"https:\/\/2l-a-velo.com\/wp-content\/uploads\/2023\/07\/PANA1323-1024x575.jpg 1024w, https:\/\/2l-a-velo.com\/wp-content\/uploads\/2023\/07\/PANA1323-300x168.jpg 300w, https:\/\/2l-a-velo.com\/wp-content\/uploads\/2023\/07\/PANA1323-768x431.jpg 768w, https:\/\/2l-a-velo.com\/wp-content\/uploads\/2023\/07\/PANA1323-1536x862.jpg 1536w, https:\/\/2l-a-velo.com\/wp-content\/uploads\/2023\/07\/PANA1323-2048x1149.jpg 2048w, https:\/\/2l-a-velo.com\/wp-content\/uploads\/2023\/07\/PANA1323-900x505.jpg 900w, https:\/\/2l-a-velo.com\/wp-content\/uploads\/2023\/07\/PANA1323-1280x718.jpg 1280w\" sizes=\"auto, (max-width: 1024px) 100vw, 1024px\" \/><\/figure><div class=\"wp-block-media-text__content\">\n<p>A l&rsquo;int\u00e9rieur, on peut admirer un retable de bois dor\u00e9 sculpt\u00e9 du XVIII e si\u00e8cle. <\/p>\n<\/div><\/div>\n\n\n\n<div class=\"wp-block-media-text alignwide has-media-on-the-right is-stacked-on-mobile\" style=\"grid-template-columns:auto 53%\"><div class=\"wp-block-media-text__content\">\n<p>Et puis, la magnifique chapelle San Ignacio avec sa coupole polychrome couverte d&rsquo;une d\u00e9coration exub\u00e9rante de perroquets et de fleurs. Mais ici, les photos sont interdites, il faut bien vendre les cartes postales <\/p>\n<\/div><figure class=\"wp-block-media-text__media\"><img loading=\"lazy\" decoding=\"async\" width=\"1024\" height=\"575\" src=\"https:\/\/2l-a-velo.com\/wp-content\/uploads\/2023\/07\/PANA1254-1024x575.jpg\" alt=\"\" class=\"wp-image-9743 size-full\" srcset=\"https:\/\/2l-a-velo.com\/wp-content\/uploads\/2023\/07\/PANA1254-1024x575.jpg 1024w, https:\/\/2l-a-velo.com\/wp-content\/uploads\/2023\/07\/PANA1254-300x168.jpg 300w, https:\/\/2l-a-velo.com\/wp-content\/uploads\/2023\/07\/PANA1254-768x431.jpg 768w, https:\/\/2l-a-velo.com\/wp-content\/uploads\/2023\/07\/PANA1254-1536x862.jpg 1536w, https:\/\/2l-a-velo.com\/wp-content\/uploads\/2023\/07\/PANA1254-2048x1149.jpg 2048w, https:\/\/2l-a-velo.com\/wp-content\/uploads\/2023\/07\/PANA1254-900x505.jpg 900w, https:\/\/2l-a-velo.com\/wp-content\/uploads\/2023\/07\/PANA1254-1280x718.jpg 1280w\" sizes=\"auto, (max-width: 1024px) 100vw, 1024px\" \/><\/figure><\/div>\n\n\n\n<p>En revanche, ici, pas de probl\u00e8me de bermuda trop court !!!<\/p>\n\n\n\n<div class=\"wp-block-media-text alignwide is-stacked-on-mobile\" style=\"grid-template-columns:54% auto\"><figure class=\"wp-block-media-text__media\"><img loading=\"lazy\" decoding=\"async\" width=\"1024\" height=\"575\" src=\"https:\/\/2l-a-velo.com\/wp-content\/uploads\/2023\/07\/PANA1300-1024x575.jpg\" alt=\"\" class=\"wp-image-9744 size-full\" srcset=\"https:\/\/2l-a-velo.com\/wp-content\/uploads\/2023\/07\/PANA1300-1024x575.jpg 1024w, https:\/\/2l-a-velo.com\/wp-content\/uploads\/2023\/07\/PANA1300-300x168.jpg 300w, https:\/\/2l-a-velo.com\/wp-content\/uploads\/2023\/07\/PANA1300-768x431.jpg 768w, https:\/\/2l-a-velo.com\/wp-content\/uploads\/2023\/07\/PANA1300-1536x862.jpg 1536w, https:\/\/2l-a-velo.com\/wp-content\/uploads\/2023\/07\/PANA1300-2048x1149.jpg 2048w, https:\/\/2l-a-velo.com\/wp-content\/uploads\/2023\/07\/PANA1300-900x505.jpg 900w, https:\/\/2l-a-velo.com\/wp-content\/uploads\/2023\/07\/PANA1300-1280x718.jpg 1280w\" sizes=\"auto, (max-width: 1024px) 100vw, 1024px\" \/><\/figure><div class=\"wp-block-media-text__content\">\n<p>Les deux clo\u00eetres sont superbes. Les piliers du premier sont d\u00e9cor\u00e9s de grappes de fruits et de fleurs alors que ceux du deuxi\u00e8me sont compl\u00e8tement nus.<\/p>\n<\/div><\/div>\n\n\n\n<div class=\"wp-block-buttons is-layout-flex wp-block-buttons-is-layout-flex\">\n<div class=\"wp-block-button has-custom-width wp-block-button__width-100\"><a class=\"wp-block-button__link has-background wp-element-button\" href=\"https:\/\/photos.google.com\/share\/AF1QipOI53E0Ma09hW41x7ZBoMuxjBoSgW2CR9i0gIFMHabCBfxfbyymLuhzmiPl92pysQ\/photo\/AF1QipOt5F5oEZPgiQer4TRK2TRFBRGnQb2JOalkAPFl?key=MkNBWWFMVGxTOXV4dS03ZUhOSHJWY09jazVPU1F3\" style=\"border-radius:10px;background-color:#0173a3\">album photos de l&rsquo;\u00e9glise de la compa\u00f1a de jesus<\/a><\/div>\n<\/div>\n\n\n\n<p class=\"has-text-align-center has-white-color has-text-color has-background has-large-font-size\" style=\"background-color:#08aaff\"><strong>Monast\u00e8re Santa Catalina<\/strong><\/p>\n\n\n\n<p>Ce couvent de carm\u00e9lites, immense, est, dit-on, le plus grand du monde. Fond\u00e9e en 1579, 170 nonnes et 300 servantes v\u00e9curent ici, coup\u00e9es du monde, durant quatre si\u00e8cles ! <\/p>\n\n\n\n<figure class=\"wp-block-image size-large\"><img loading=\"lazy\" decoding=\"async\" width=\"1024\" height=\"575\" src=\"https:\/\/2l-a-velo.com\/wp-content\/uploads\/2023\/08\/PANA1488-1024x575.jpg\" alt=\"\" class=\"wp-image-9782\" srcset=\"https:\/\/2l-a-velo.com\/wp-content\/uploads\/2023\/08\/PANA1488-1024x575.jpg 1024w, https:\/\/2l-a-velo.com\/wp-content\/uploads\/2023\/08\/PANA1488-300x168.jpg 300w, https:\/\/2l-a-velo.com\/wp-content\/uploads\/2023\/08\/PANA1488-768x431.jpg 768w, https:\/\/2l-a-velo.com\/wp-content\/uploads\/2023\/08\/PANA1488-1536x862.jpg 1536w, https:\/\/2l-a-velo.com\/wp-content\/uploads\/2023\/08\/PANA1488-2048x1149.jpg 2048w, https:\/\/2l-a-velo.com\/wp-content\/uploads\/2023\/08\/PANA1488-900x505.jpg 900w, https:\/\/2l-a-velo.com\/wp-content\/uploads\/2023\/08\/PANA1488-1280x718.jpg 1280w\" sizes=\"auto, (max-width: 1024px) 100vw, 1024px\" \/><\/figure>\n\n\n\n<p>Les religieuses, filles cadettes issues de grandes familles d&rsquo;ascendance espagnole, devaient verser une \u00e9norme dot au moment de prononcer leurs v\u0153ux. En revanche, elles \u00e9taient autoris\u00e9es \u00e0 organiser des r\u00e9ceptions et \u00e0 vivre (presque) comme dans le grand monde.<\/p>\n\n\n\n<p>Depuis la visite du pape Jean-Paul II en 1985, elles ont le droit de parler et de sortir car une petite partie du couvent abrite encore quelques nonnes.<\/p>\n\n\n\n<div class=\"wp-block-media-text alignwide is-stacked-on-mobile\" style=\"grid-template-columns:52% auto\"><figure class=\"wp-block-media-text__media\"><img loading=\"lazy\" decoding=\"async\" width=\"1024\" height=\"575\" src=\"https:\/\/2l-a-velo.com\/wp-content\/uploads\/2023\/08\/PANA1497-1024x575.jpg\" alt=\"\" class=\"wp-image-9783 size-full\" srcset=\"https:\/\/2l-a-velo.com\/wp-content\/uploads\/2023\/08\/PANA1497-1024x575.jpg 1024w, https:\/\/2l-a-velo.com\/wp-content\/uploads\/2023\/08\/PANA1497-300x168.jpg 300w, https:\/\/2l-a-velo.com\/wp-content\/uploads\/2023\/08\/PANA1497-768x431.jpg 768w, https:\/\/2l-a-velo.com\/wp-content\/uploads\/2023\/08\/PANA1497-1536x862.jpg 1536w, https:\/\/2l-a-velo.com\/wp-content\/uploads\/2023\/08\/PANA1497-2048x1149.jpg 2048w, https:\/\/2l-a-velo.com\/wp-content\/uploads\/2023\/08\/PANA1497-900x505.jpg 900w, https:\/\/2l-a-velo.com\/wp-content\/uploads\/2023\/08\/PANA1497-1280x718.jpg 1280w\" sizes=\"auto, (max-width: 1024px) 100vw, 1024px\" \/><\/figure><div class=\"wp-block-media-text__content\">\n<p>Nous avons commenc\u00e9 la visite par le parloir : les nonnes avaient droit \u00e0 une heure par mois de conversation avec leur famille sous l&rsquo;\u0153il d&rsquo;une surveillante.<\/p>\n<\/div><\/div>\n\n\n\n<div class=\"wp-block-media-text alignwide has-media-on-the-right is-stacked-on-mobile\" style=\"grid-template-columns:auto 54%\"><div class=\"wp-block-media-text__content\">\n<p>Ensuite nous traversons le \u00ab\u00a0patio du silence\u00a0\u00bb et arrivons dans le tr\u00e8s beau clo\u00eetre des novices orn\u00e9 de fresques contant les litanies.<\/p>\n<\/div><figure class=\"wp-block-media-text__media\"><img loading=\"lazy\" decoding=\"async\" width=\"1024\" height=\"575\" src=\"https:\/\/2l-a-velo.com\/wp-content\/uploads\/2023\/08\/PANA1504-1024x575.jpg\" alt=\"\" class=\"wp-image-9784 size-full\" srcset=\"https:\/\/2l-a-velo.com\/wp-content\/uploads\/2023\/08\/PANA1504-1024x575.jpg 1024w, https:\/\/2l-a-velo.com\/wp-content\/uploads\/2023\/08\/PANA1504-300x168.jpg 300w, https:\/\/2l-a-velo.com\/wp-content\/uploads\/2023\/08\/PANA1504-768x431.jpg 768w, https:\/\/2l-a-velo.com\/wp-content\/uploads\/2023\/08\/PANA1504-1536x862.jpg 1536w, https:\/\/2l-a-velo.com\/wp-content\/uploads\/2023\/08\/PANA1504-2048x1149.jpg 2048w, https:\/\/2l-a-velo.com\/wp-content\/uploads\/2023\/08\/PANA1504-900x505.jpg 900w, https:\/\/2l-a-velo.com\/wp-content\/uploads\/2023\/08\/PANA1504-1280x718.jpg 1280w\" sizes=\"auto, (max-width: 1024px) 100vw, 1024px\" \/><\/figure><\/div>\n\n\n\n<div class=\"wp-block-media-text alignwide is-stacked-on-mobile\" style=\"grid-template-columns:51% auto\"><figure class=\"wp-block-media-text__media\"><img loading=\"lazy\" decoding=\"async\" width=\"1024\" height=\"683\" src=\"https:\/\/2l-a-velo.com\/wp-content\/uploads\/2023\/08\/372A9662-1024x683.jpg\" alt=\"\" class=\"wp-image-9785 size-full\" srcset=\"https:\/\/2l-a-velo.com\/wp-content\/uploads\/2023\/08\/372A9662-1024x683.jpg 1024w, https:\/\/2l-a-velo.com\/wp-content\/uploads\/2023\/08\/372A9662-300x200.jpg 300w, https:\/\/2l-a-velo.com\/wp-content\/uploads\/2023\/08\/372A9662-768x512.jpg 768w, https:\/\/2l-a-velo.com\/wp-content\/uploads\/2023\/08\/372A9662-1536x1024.jpg 1536w, https:\/\/2l-a-velo.com\/wp-content\/uploads\/2023\/08\/372A9662-2048x1366.jpg 2048w, https:\/\/2l-a-velo.com\/wp-content\/uploads\/2023\/08\/372A9662-900x600.jpg 900w, https:\/\/2l-a-velo.com\/wp-content\/uploads\/2023\/08\/372A9662-1280x854.jpg 1280w\" sizes=\"auto, (max-width: 1024px) 100vw, 1024px\" \/><\/figure><div class=\"wp-block-media-text__content\">\n<p>Nous d\u00e9bouchons ensuite, par un discret passage, dans le superbe clo\u00eetre des orangers peint d&rsquo;un bleu Majorelle. Le clo\u00eetre est d\u00e9cor\u00e9 de fresques repr\u00e9sentant les diff\u00e9rentes phases de l&rsquo;\u00e2me en \u00e9tat de p\u00e9ch\u00e9.<\/p>\n<\/div><\/div>\n\n\n\n<p>Tout autour s&rsquo;ouvrent des cellules ayant chacune sa cuisine, son cabinet d&rsquo;aisance et un salon, plus ou moins grand selon le rang de noblesse de la nonne. Les servantes logeaient au-desssus dans des conditions difficiles.<\/p>\n\n\n\n<figure class=\"wp-block-image size-large\"><img loading=\"lazy\" decoding=\"async\" width=\"1024\" height=\"683\" src=\"https:\/\/2l-a-velo.com\/wp-content\/uploads\/2023\/08\/372A9674-1024x683.jpg\" alt=\"\" class=\"wp-image-9786\" srcset=\"https:\/\/2l-a-velo.com\/wp-content\/uploads\/2023\/08\/372A9674-1024x683.jpg 1024w, https:\/\/2l-a-velo.com\/wp-content\/uploads\/2023\/08\/372A9674-300x200.jpg 300w, https:\/\/2l-a-velo.com\/wp-content\/uploads\/2023\/08\/372A9674-768x512.jpg 768w, https:\/\/2l-a-velo.com\/wp-content\/uploads\/2023\/08\/372A9674-1536x1024.jpg 1536w, https:\/\/2l-a-velo.com\/wp-content\/uploads\/2023\/08\/372A9674-2048x1366.jpg 2048w, https:\/\/2l-a-velo.com\/wp-content\/uploads\/2023\/08\/372A9674-900x600.jpg 900w, https:\/\/2l-a-velo.com\/wp-content\/uploads\/2023\/08\/372A9674-1280x854.jpg 1280w\" sizes=\"auto, (max-width: 1024px) 100vw, 1024px\" \/><\/figure>\n\n\n\n<p>On y croise \u00e9galement des peintures, des v\u00eatements religieux, de riches meubles, tissus et porcelaine. Un certain faste r\u00e9gnait en ces lieux !<\/p>\n\n\n\n<div class=\"wp-block-media-text alignwide has-media-on-the-right is-stacked-on-mobile\" style=\"grid-template-columns:auto 51%\"><div class=\"wp-block-media-text__content\">\n<p>Nous nous retrouvons ensuite dans un v\u00e9ritable village avec des maisons basses ocre-rouge, aux toits de tuiles, qui abritent d&rsquo;autres cellules. Nous marchons dans de v\u00e9ritables rues portant des noms de villes espagnoles.<\/p>\n<\/div><figure class=\"wp-block-media-text__media\"><img loading=\"lazy\" decoding=\"async\" width=\"1024\" height=\"575\" src=\"https:\/\/2l-a-velo.com\/wp-content\/uploads\/2023\/08\/PANA1544-1024x575.jpg\" alt=\"\" class=\"wp-image-9788 size-full\" srcset=\"https:\/\/2l-a-velo.com\/wp-content\/uploads\/2023\/08\/PANA1544-1024x575.jpg 1024w, https:\/\/2l-a-velo.com\/wp-content\/uploads\/2023\/08\/PANA1544-300x168.jpg 300w, https:\/\/2l-a-velo.com\/wp-content\/uploads\/2023\/08\/PANA1544-768x431.jpg 768w, https:\/\/2l-a-velo.com\/wp-content\/uploads\/2023\/08\/PANA1544-1536x862.jpg 1536w, https:\/\/2l-a-velo.com\/wp-content\/uploads\/2023\/08\/PANA1544-2048x1149.jpg 2048w, https:\/\/2l-a-velo.com\/wp-content\/uploads\/2023\/08\/PANA1544-900x505.jpg 900w, https:\/\/2l-a-velo.com\/wp-content\/uploads\/2023\/08\/PANA1544-1280x718.jpg 1280w\" sizes=\"auto, (max-width: 1024px) 100vw, 1024px\" \/><\/figure><\/div>\n\n\n\n<p>Apr\u00e8s le lavoir en plein air, nous p\u00e9n\u00e9trons dans les immenses cuisines communes aux murs noircis par des si\u00e8cles de fum\u00e9e.<\/p>\n\n\n\n<p>La place Zocodober o\u00f9 se trouve la fontaine, jouxte les bains o\u00f9 les s\u0153urs se lavaient sept fois par an ! <\/p>\n\n\n\n<div class=\"wp-block-media-text alignwide is-stacked-on-mobile\" style=\"grid-template-columns:54% auto\"><figure class=\"wp-block-media-text__media\"><img loading=\"lazy\" decoding=\"async\" width=\"1024\" height=\"575\" src=\"https:\/\/2l-a-velo.com\/wp-content\/uploads\/2023\/08\/PANA1576-1024x575.jpg\" alt=\"\" class=\"wp-image-9789 size-full\" srcset=\"https:\/\/2l-a-velo.com\/wp-content\/uploads\/2023\/08\/PANA1576-1024x575.jpg 1024w, https:\/\/2l-a-velo.com\/wp-content\/uploads\/2023\/08\/PANA1576-300x168.jpg 300w, https:\/\/2l-a-velo.com\/wp-content\/uploads\/2023\/08\/PANA1576-768x431.jpg 768w, https:\/\/2l-a-velo.com\/wp-content\/uploads\/2023\/08\/PANA1576-1536x862.jpg 1536w, https:\/\/2l-a-velo.com\/wp-content\/uploads\/2023\/08\/PANA1576-2048x1149.jpg 2048w, https:\/\/2l-a-velo.com\/wp-content\/uploads\/2023\/08\/PANA1576-900x505.jpg 900w, https:\/\/2l-a-velo.com\/wp-content\/uploads\/2023\/08\/PANA1576-1280x718.jpg 1280w\" sizes=\"auto, (max-width: 1024px) 100vw, 1024px\" \/><\/figure><div class=\"wp-block-media-text__content\">\n<p>Nous terminons par le r\u00e9fectoire qui donne sur le plus grand des clo\u00eetres, le clo\u00eetre majeur, orn\u00e9 de fresques contant la vie du Christ et de la vierge.<\/p>\n<\/div><\/div>\n\n\n\n<div class=\"wp-block-media-text alignwide has-media-on-the-right is-stacked-on-mobile\" style=\"grid-template-columns:auto 54%\"><div class=\"wp-block-media-text__content\">\n<p>C&rsquo;est l\u00e0 que se trouve l&rsquo;\u00e9glise avec de tout petits confessionnaux int\u00e9gr\u00e9s dans le mur : la nonne dans le clo\u00eetre, le confesseur dans l&rsquo;\u00e9glise !!!<\/p>\n<\/div><figure class=\"wp-block-media-text__media\"><img loading=\"lazy\" decoding=\"async\" width=\"1024\" height=\"575\" src=\"https:\/\/2l-a-velo.com\/wp-content\/uploads\/2023\/08\/PANA1585-1024x575.jpg\" alt=\"\" class=\"wp-image-9790 size-full\" srcset=\"https:\/\/2l-a-velo.com\/wp-content\/uploads\/2023\/08\/PANA1585-1024x575.jpg 1024w, https:\/\/2l-a-velo.com\/wp-content\/uploads\/2023\/08\/PANA1585-300x168.jpg 300w, https:\/\/2l-a-velo.com\/wp-content\/uploads\/2023\/08\/PANA1585-768x431.jpg 768w, https:\/\/2l-a-velo.com\/wp-content\/uploads\/2023\/08\/PANA1585-1536x862.jpg 1536w, https:\/\/2l-a-velo.com\/wp-content\/uploads\/2023\/08\/PANA1585-2048x1149.jpg 2048w, https:\/\/2l-a-velo.com\/wp-content\/uploads\/2023\/08\/PANA1585-900x505.jpg 900w, https:\/\/2l-a-velo.com\/wp-content\/uploads\/2023\/08\/PANA1585-1280x718.jpg 1280w\" sizes=\"auto, (max-width: 1024px) 100vw, 1024px\" \/><\/figure><\/div>\n\n\n\n<p>L&rsquo;ancien dortoir est devenu une pinacoth\u00e8que dont les tableaux ont tous un caract\u00e8re religieux !<\/p>\n\n\n\n<p>Une bien belle visite dans un site unique et exceptionnel<\/p>\n\n\n\n<div class=\"wp-block-buttons is-layout-flex wp-block-buttons-is-layout-flex\">\n<div class=\"wp-block-button has-custom-width wp-block-button__width-100\"><a class=\"wp-block-button__link has-background has-text-align-center wp-element-button\" href=\"https:\/\/photos.google.com\/share\/AF1QipO6vJWMEtlFS8jlg-hGIYaGKkouLh21EyiLNdSklkHa6NtDlnKqXX7qen_CWLE30A\/photo\/AF1QipOV0e9m7v7uLQ6EziA66puJv9bpPKt40qv4xK1x?key=d3lfNWdVYjdSWEdrN1p2Z1JLM205eUdQOC1CdGpB\" style=\"border-radius:10px;background-color:#0173a3\">album photos monast\u00e8re Santa Catalina<\/a><\/div>\n<\/div>\n\n\n\n<p class=\"has-text-align-center has-white-color has-text-color has-background has-large-font-size\" style=\"background-color:#c52003\"><strong>Vid\u00e9o : Les clo\u00eetres du monast\u00e8re<\/strong><\/p>\n\n\n\n<iframe loading=\"lazy\" width=\"560\" height=\"315\" src=\"https:\/\/www.youtube.com\/embed\/JTvHydwJ_9Y\" title=\"YouTube video player\" frameborder=\"0\" allow=\"accelerometer; autoplay; clipboard-write; encrypted-media; gyroscope; picture-in-picture; web-share\" allowfullscreen><\/iframe>\n\n\n\n<p class=\"has-text-align-center has-white-color has-text-color has-background has-large-font-size\" style=\"background-color:#08aaff\"><strong>Casa Trist\u00e0n del Pozo<\/strong><\/p>\n\n\n\n<div class=\"wp-block-media-text alignwide is-stacked-on-mobile\" style=\"grid-template-columns:52% auto\"><figure class=\"wp-block-media-text__media\"><img loading=\"lazy\" decoding=\"async\" width=\"1024\" height=\"683\" src=\"https:\/\/2l-a-velo.com\/wp-content\/uploads\/2023\/08\/372A9640-1024x683.jpg\" alt=\"\" class=\"wp-image-9805 size-full\" srcset=\"https:\/\/2l-a-velo.com\/wp-content\/uploads\/2023\/08\/372A9640-1024x683.jpg 1024w, https:\/\/2l-a-velo.com\/wp-content\/uploads\/2023\/08\/372A9640-300x200.jpg 300w, https:\/\/2l-a-velo.com\/wp-content\/uploads\/2023\/08\/372A9640-768x512.jpg 768w, https:\/\/2l-a-velo.com\/wp-content\/uploads\/2023\/08\/372A9640-1536x1024.jpg 1536w, https:\/\/2l-a-velo.com\/wp-content\/uploads\/2023\/08\/372A9640-2048x1366.jpg 2048w, https:\/\/2l-a-velo.com\/wp-content\/uploads\/2023\/08\/372A9640-900x600.jpg 900w, https:\/\/2l-a-velo.com\/wp-content\/uploads\/2023\/08\/372A9640-1280x854.jpg 1280w\" sizes=\"auto, (max-width: 1024px) 100vw, 1024px\" \/><\/figure><div class=\"wp-block-media-text__content\">\n<p>Occup\u00e9e aujourd&rsquo;hui par une banque, la Casa de Tristan del Pozo pr\u00e9sente une superbe fa\u00e7ade de style baroque mestizo. Construite en 1738, la demeure a \u00e9t\u00e9 habit\u00e9e par des cousins et cousines de Tristan.<\/p>\n<\/div><\/div>\n\n\n\n<p>La premi\u00e8re cour r\u00e9v\u00e8le un beau d\u00e9cor sculpt\u00e9 et des portes et fen\u00eatres en bois cisel\u00e9. Aux quatre coins, l\u00e0-haut, de belles gargouilles dominent la cour.<\/p>\n\n\n\n<p>Une salle abrite une exposition o\u00f9 l&rsquo;on d\u00e9taille les principes de l&rsquo;architecture coloniale et notamment du baroque m\u00e9tiss\u00e9 caract\u00e9ristique d&rsquo;Arequipa, et de cette maison particuli\u00e8rement.<\/p>\n\n\n\n<div class=\"wp-block-media-text alignwide has-media-on-the-right is-stacked-on-mobile\" style=\"grid-template-columns:auto 58%\"><div class=\"wp-block-media-text__content\">\n<p>On peut y admirer aussi quelques tableaux qui repr\u00e9sentent des sc\u00e8nes pa\u00efennes&#8230; une fois n&rsquo;est pas coutume ! <\/p>\n<\/div><figure class=\"wp-block-media-text__media\"><img loading=\"lazy\" decoding=\"async\" width=\"1024\" height=\"683\" src=\"https:\/\/2l-a-velo.com\/wp-content\/uploads\/2023\/08\/372A9721-1024x683.jpg\" alt=\"\" class=\"wp-image-9807 size-full\" srcset=\"https:\/\/2l-a-velo.com\/wp-content\/uploads\/2023\/08\/372A9721-1024x683.jpg 1024w, https:\/\/2l-a-velo.com\/wp-content\/uploads\/2023\/08\/372A9721-300x200.jpg 300w, https:\/\/2l-a-velo.com\/wp-content\/uploads\/2023\/08\/372A9721-768x512.jpg 768w, https:\/\/2l-a-velo.com\/wp-content\/uploads\/2023\/08\/372A9721-1536x1024.jpg 1536w, https:\/\/2l-a-velo.com\/wp-content\/uploads\/2023\/08\/372A9721-2048x1366.jpg 2048w, https:\/\/2l-a-velo.com\/wp-content\/uploads\/2023\/08\/372A9721-900x600.jpg 900w, https:\/\/2l-a-velo.com\/wp-content\/uploads\/2023\/08\/372A9721-1280x854.jpg 1280w\" sizes=\"auto, (max-width: 1024px) 100vw, 1024px\" \/><\/figure><\/div>\n\n\n\n<div class=\"wp-block-buttons is-layout-flex wp-block-buttons-is-layout-flex\">\n<div class=\"wp-block-button has-custom-width wp-block-button__width-100\"><a class=\"wp-block-button__link has-background has-text-align-center wp-element-button\" href=\"https:\/\/photos.google.com\/share\/AF1QipPJ_J5GqiMX2V8aRMdDYkrYeQ5faGMxKTkearh2Cw48UOeisPDw_3H_6mFLfzJZ6A\/photo\/AF1QipP04QqS7RGRwRESI3EsM4s0A3cdWe6ApHOwi5zc?key=NkNUYy1xNjNXbjVteldJcHNfR01MU010bVg0X01R\" style=\"border-radius:10px;background-color:#0173a3\">album photos Casa tristan del pozo<\/a><\/div>\n<\/div>\n\n\n\n<p class=\"has-text-align-center has-white-color has-text-color has-background has-large-font-size\" style=\"background-color:#08aaff\"><strong>Monast\u00e8re Santa Teresa<\/strong><\/p>\n\n\n\n<p>Le couvent de Santa Teresa \u00e0 Arequipa, construit en sillar, est un complexe religieux qui abrite une communaut\u00e9 de&nbsp;religieuses carm\u00e9lites&nbsp;clo\u00eetr\u00e9es et le&nbsp;Mus\u00e9e d&rsquo;art vice-royal de Santa Teresa&nbsp;.&nbsp;Il a \u00e9t\u00e9 fond\u00e9 en 1710 et est un \u00e9chantillon de l&rsquo;architecture&nbsp;baroque andine&nbsp;.&nbsp;Il est situ\u00e9 dans le&nbsp;centre historique d&rsquo;Arequipa&nbsp;, c&rsquo;est pourquoi il fait partie du&nbsp;patrimoine culturel de l&rsquo;humanit\u00e9.<\/p>\n\n\n\n<div class=\"wp-block-media-text alignwide is-stacked-on-mobile\" style=\"grid-template-columns:53% auto\"><figure class=\"wp-block-media-text__media\"><img loading=\"lazy\" decoding=\"async\" width=\"1024\" height=\"683\" src=\"https:\/\/2l-a-velo.com\/wp-content\/uploads\/2023\/08\/372A9842-1024x683.jpg\" alt=\"\" class=\"wp-image-9832 size-full\" srcset=\"https:\/\/2l-a-velo.com\/wp-content\/uploads\/2023\/08\/372A9842-1024x683.jpg 1024w, https:\/\/2l-a-velo.com\/wp-content\/uploads\/2023\/08\/372A9842-300x200.jpg 300w, https:\/\/2l-a-velo.com\/wp-content\/uploads\/2023\/08\/372A9842-768x512.jpg 768w, https:\/\/2l-a-velo.com\/wp-content\/uploads\/2023\/08\/372A9842-1536x1024.jpg 1536w, https:\/\/2l-a-velo.com\/wp-content\/uploads\/2023\/08\/372A9842-2048x1366.jpg 2048w, https:\/\/2l-a-velo.com\/wp-content\/uploads\/2023\/08\/372A9842-900x600.jpg 900w, https:\/\/2l-a-velo.com\/wp-content\/uploads\/2023\/08\/372A9842-1280x854.jpg 1280w\" sizes=\"auto, (max-width: 1024px) 100vw, 1024px\" \/><\/figure><div class=\"wp-block-media-text__content\">\n<p>Nous visitons un tr\u00e8s beau clo\u00eetre, tr\u00e8s sobre, construit en 1750, qui poss\u00e8de un agr\u00e9able jardin et une jolie fontaine. Tout autour du clo\u00eetre, les chapelles ont \u00e9t\u00e9 transform\u00e9es en mus\u00e9e. <\/p>\n<\/div><\/div>\n\n\n\n<div class=\"wp-block-media-text alignwide has-media-on-the-right is-stacked-on-mobile\"><div class=\"wp-block-media-text__content\">\n<p>Plusieurs pi\u00e8ces sont particuli\u00e8res et notamment une cr\u00e8che transportable qui se ferme comme une valise ! Et que dire de cet ostensoir orn\u00e9 d&rsquo;\u00e9meraudes,  de topazes et de 2000 perles ! Tout a \u00e9t\u00e9 collect\u00e9 gr\u00e2ce \u00e0 la dot des religieuses.<\/p>\n<\/div><figure class=\"wp-block-media-text__media\"><img loading=\"lazy\" decoding=\"async\" width=\"1024\" height=\"575\" src=\"https:\/\/2l-a-velo.com\/wp-content\/uploads\/2023\/08\/PANA1714-1024x575.jpg\" alt=\"\" class=\"wp-image-9833 size-full\" srcset=\"https:\/\/2l-a-velo.com\/wp-content\/uploads\/2023\/08\/PANA1714-1024x575.jpg 1024w, https:\/\/2l-a-velo.com\/wp-content\/uploads\/2023\/08\/PANA1714-300x168.jpg 300w, https:\/\/2l-a-velo.com\/wp-content\/uploads\/2023\/08\/PANA1714-768x431.jpg 768w, https:\/\/2l-a-velo.com\/wp-content\/uploads\/2023\/08\/PANA1714-1536x862.jpg 1536w, https:\/\/2l-a-velo.com\/wp-content\/uploads\/2023\/08\/PANA1714-2048x1149.jpg 2048w, https:\/\/2l-a-velo.com\/wp-content\/uploads\/2023\/08\/PANA1714-900x505.jpg 900w, https:\/\/2l-a-velo.com\/wp-content\/uploads\/2023\/08\/PANA1714-1280x718.jpg 1280w\" sizes=\"auto, (max-width: 1024px) 100vw, 1024px\" \/><\/figure><\/div>\n\n\n\n<div class=\"wp-block-media-text alignwide is-stacked-on-mobile\" style=\"grid-template-columns:56% auto\"><figure class=\"wp-block-media-text__media\"><img loading=\"lazy\" decoding=\"async\" width=\"1024\" height=\"683\" src=\"https:\/\/2l-a-velo.com\/wp-content\/uploads\/2023\/08\/372A9823-1024x683.jpg\" alt=\"\" class=\"wp-image-9834 size-full\" srcset=\"https:\/\/2l-a-velo.com\/wp-content\/uploads\/2023\/08\/372A9823-1024x683.jpg 1024w, https:\/\/2l-a-velo.com\/wp-content\/uploads\/2023\/08\/372A9823-300x200.jpg 300w, https:\/\/2l-a-velo.com\/wp-content\/uploads\/2023\/08\/372A9823-768x512.jpg 768w, https:\/\/2l-a-velo.com\/wp-content\/uploads\/2023\/08\/372A9823-1536x1024.jpg 1536w, https:\/\/2l-a-velo.com\/wp-content\/uploads\/2023\/08\/372A9823-2048x1366.jpg 2048w, https:\/\/2l-a-velo.com\/wp-content\/uploads\/2023\/08\/372A9823-900x600.jpg 900w, https:\/\/2l-a-velo.com\/wp-content\/uploads\/2023\/08\/372A9823-1280x854.jpg 1280w\" sizes=\"auto, (max-width: 1024px) 100vw, 1024px\" \/><\/figure><div class=\"wp-block-media-text__content\">\n<p>La salle capitulaire, aux murs recouverts de splendides fresques datant de l&rsquo;origine du couvent qui, \u00e9tonnamment, ne repr\u00e9sentent que des motifs floraux et des sc\u00e8nes profanes !<\/p>\n<\/div><\/div>\n\n\n\n<p>Ah, dans une des salles pend une corde venant du plafond : vous pouvez la tirer et ainsi sonner la cloche !<\/p>\n\n\n\n<p>Un joli couvent, agr\u00e9able \u00e0 visiter, beaucoup moins important que celui de Santa Catalina.<\/p>\n\n\n\n<div class=\"wp-block-buttons is-layout-flex wp-block-buttons-is-layout-flex\">\n<div class=\"wp-block-button has-custom-width wp-block-button__width-100\"><a class=\"wp-block-button__link has-background has-text-align-center wp-element-button\" href=\"https:\/\/photos.google.com\/share\/AF1QipMGynq2iXfp7awRcnUqgxCakBfmANw5vLBAVgT_ShJI3l4VE5NF3R9T2kFtfnct0g\/photo\/AF1QipMd3J8gJJTjY_a0SrrLaNDVI44TOrQNBMfxlJGn?key=Q0wxbDcxN0pGMzlCdzJmSGRfeE1WdThzV2RKZzFR\" style=\"border-radius:10px;background-color:#0173a3\">album photos monast\u00e8re Santa Teresa<\/a><\/div>\n<\/div>\n\n\n\n<p class=\"has-text-align-center has-white-color has-text-color has-background has-large-font-size\" style=\"background-color:#08aaff\"><strong>Eglise San Francisco<\/strong><\/p>\n\n\n\n<p>L&rsquo;\u00e9glise San Francisco fut fond\u00e9e en 1552. C&rsquo;est l&rsquo;une des plus grandes \u00e9glise d&rsquo;Arequipa. Sa fa\u00e7ade du XVI \u00e8me si\u00e8cle est de style mudejar en pierres de sillar et briques. <\/p>\n\n\n\n<p>Le ch\u0153ur est en bois de c\u00e8dre et l&rsquo;autel en argent. Les voutes  de la nef sont en brique. L&rsquo;\u00e9glise San Francisco borde deux c\u00f4t\u00e9s de la place \u00e9ponyme et il fait bon se pauser sur ses bancs et profiter du calme qui se d\u00e9gage de cet endroit.<\/p>\n\n\n\n<div class=\"wp-block-buttons is-layout-flex wp-block-buttons-is-layout-flex\">\n<div class=\"wp-block-button has-custom-width wp-block-button__width-100\"><a class=\"wp-block-button__link has-background wp-element-button\" href=\"https:\/\/photos.google.com\/share\/AF1QipPRUiXoBEMhKl-Zhxw4GbqdahVtj8OSaCwQdpLDHUwaLyiCj0YfcyoTQpsiHfAOjA\/photo\/AF1QipNp_3xIWTL1WpUdcyTX6aZ6ylajqq97KnwhK5ap?key=dl9zeEsxVHpEOXdTdnlweE9sem1LSDBUQW5zSGt3\" style=\"border-radius:10px;background-color:#0173a3\">album photos eglise san francisco<\/a><\/div>\n<\/div>\n\n\n\n<p class=\"has-text-align-center has-white-color has-text-color has-background has-large-font-size\" style=\"background-color:#08aaff\"><strong>Eglises San Juan Bautista de Yanahuara<\/strong><\/p>\n\n\n\n<p>Cette \u00e9glise, construite en sillar, a \u00e9t\u00e9 achev\u00e9e en 1750. Sa fa\u00e7ade, de style baroque m\u00e9tis, est remarquable. <\/p>\n\n\n\n<figure class=\"wp-block-image size-large\"><img loading=\"lazy\" decoding=\"async\" width=\"1024\" height=\"683\" src=\"https:\/\/2l-a-velo.com\/wp-content\/uploads\/2023\/08\/372A9612-1024x683.jpg\" alt=\"\" class=\"wp-image-9839\" srcset=\"https:\/\/2l-a-velo.com\/wp-content\/uploads\/2023\/08\/372A9612-1024x683.jpg 1024w, https:\/\/2l-a-velo.com\/wp-content\/uploads\/2023\/08\/372A9612-300x200.jpg 300w, https:\/\/2l-a-velo.com\/wp-content\/uploads\/2023\/08\/372A9612-768x512.jpg 768w, https:\/\/2l-a-velo.com\/wp-content\/uploads\/2023\/08\/372A9612-1536x1024.jpg 1536w, https:\/\/2l-a-velo.com\/wp-content\/uploads\/2023\/08\/372A9612-2048x1366.jpg 2048w, https:\/\/2l-a-velo.com\/wp-content\/uploads\/2023\/08\/372A9612-900x600.jpg 900w, https:\/\/2l-a-velo.com\/wp-content\/uploads\/2023\/08\/372A9612-1280x854.jpg 1280w\" sizes=\"auto, (max-width: 1024px) 100vw, 1024px\" \/><\/figure>\n\n\n\n<p>A l&rsquo;int\u00e9rieur, on peut remarquer le choeur en bois sculpt\u00e9 ainsi qu&rsquo;un autel baroque en bois dor\u00e9 avec la figure de la Vierge du Rosaire entre Santa Catalina de Siena et la c\u00e9l\u00e8bre Santa Rosa de Lima.<\/p>\n\n\n\n<div class=\"wp-block-buttons is-layout-flex wp-block-buttons-is-layout-flex\">\n<div class=\"wp-block-button has-custom-width wp-block-button__width-100\"><a class=\"wp-block-button__link has-background has-text-align-center wp-element-button\" href=\"https:\/\/photos.google.com\/share\/AF1QipO_U-LbHb6R130mPmjKdx4oyi8LCMuWoCodGyaoPv6VHQXeTm9jGxHJ37ukG_7pQg\/photo\/AF1QipOHZG9wkBY4tznO3feFr9lc3JgqSLeey_lK21Kg?key=WTNQbzV3OE1uQ3RHOHNacHBDdXp6ODZaUEhBdGJB\" style=\"border-radius:10px;background-color:#0173a3\">album photos San Juan Bautista<\/a><\/div>\n<\/div>\n\n\n\n<p class=\"has-text-align-center has-white-color has-text-color has-background has-large-font-size\" style=\"background-color:#08aaff\"><strong>La Casa Goyeneche<\/strong><\/p>\n\n\n\n<p>Occup\u00e9e maintenant par la banque du P\u00e9rou, ce palais du XVIII \u00e8me si\u00e8cle, longtemps propri\u00e9t\u00e9 de l&rsquo;archev\u00eaque d&rsquo;Arequipa, m\u00e9rite une visite.<\/p>\n\n\n\n<div class=\"wp-block-media-text alignwide has-media-on-the-right is-stacked-on-mobile\" style=\"grid-template-columns:auto 54%\"><div class=\"wp-block-media-text__content\">\n<p>Nous y avons vu une exposition de c\u00e9ramique pr\u00e9colombiennes, repr\u00e9sentant les grandes cultures p\u00e9ruviennes (Mochica, Nazca, Huari, Vic\u00f9s&#8230;)<\/p>\n<\/div><figure class=\"wp-block-media-text__media\"><img loading=\"lazy\" decoding=\"async\" width=\"1024\" height=\"683\" src=\"https:\/\/2l-a-velo.com\/wp-content\/uploads\/2023\/08\/372A9910-1024x683.jpg\" alt=\"\" class=\"wp-image-9846 size-full\" srcset=\"https:\/\/2l-a-velo.com\/wp-content\/uploads\/2023\/08\/372A9910-1024x683.jpg 1024w, https:\/\/2l-a-velo.com\/wp-content\/uploads\/2023\/08\/372A9910-300x200.jpg 300w, https:\/\/2l-a-velo.com\/wp-content\/uploads\/2023\/08\/372A9910-768x512.jpg 768w, https:\/\/2l-a-velo.com\/wp-content\/uploads\/2023\/08\/372A9910-1536x1024.jpg 1536w, https:\/\/2l-a-velo.com\/wp-content\/uploads\/2023\/08\/372A9910-2048x1366.jpg 2048w, https:\/\/2l-a-velo.com\/wp-content\/uploads\/2023\/08\/372A9910-900x600.jpg 900w, https:\/\/2l-a-velo.com\/wp-content\/uploads\/2023\/08\/372A9910-1280x854.jpg 1280w\" sizes=\"auto, (max-width: 1024px) 100vw, 1024px\" \/><\/figure><\/div>\n\n\n\n<p>Une autre salle, tr\u00e8s bien pr\u00e9sent\u00e9e, est consacr\u00e9e \u00e0 la peinture religieuse principalement de l&rsquo;\u00e9cole de Cusco. Nous avons \u00e9t\u00e9 surpris de la toile repr\u00e9sentant la Trinit\u00e9 aux trois Christ.<\/p>\n\n\n\n<div class=\"wp-block-media-text alignwide is-stacked-on-mobile\" style=\"grid-template-columns:56% auto\"><figure class=\"wp-block-media-text__media\"><img loading=\"lazy\" decoding=\"async\" width=\"1024\" height=\"575\" src=\"https:\/\/2l-a-velo.com\/wp-content\/uploads\/2023\/08\/PANA1894-1024x575.jpg\" alt=\"\" class=\"wp-image-9847 size-full\" srcset=\"https:\/\/2l-a-velo.com\/wp-content\/uploads\/2023\/08\/PANA1894-1024x575.jpg 1024w, https:\/\/2l-a-velo.com\/wp-content\/uploads\/2023\/08\/PANA1894-300x168.jpg 300w, https:\/\/2l-a-velo.com\/wp-content\/uploads\/2023\/08\/PANA1894-768x431.jpg 768w, https:\/\/2l-a-velo.com\/wp-content\/uploads\/2023\/08\/PANA1894-1536x862.jpg 1536w, https:\/\/2l-a-velo.com\/wp-content\/uploads\/2023\/08\/PANA1894-2048x1149.jpg 2048w, https:\/\/2l-a-velo.com\/wp-content\/uploads\/2023\/08\/PANA1894-900x505.jpg 900w, https:\/\/2l-a-velo.com\/wp-content\/uploads\/2023\/08\/PANA1894-1280x718.jpg 1280w\" sizes=\"auto, (max-width: 1024px) 100vw, 1024px\" \/><\/figure><div class=\"wp-block-media-text__content\">\n<p>Enfin dans une derni\u00e8re salle, une exposition numismatique nous pr\u00e9sente des monnaies, anciennes et r\u00e9centes (nous sommes dans une banque quand m\u00eame !). <\/p>\n<\/div><\/div>\n\n\n\n<p>La pr\u00e9sentation nous permet de d\u00e9couvrir, conjointement, et les diff\u00e9rentes r\u00e9gions du P\u00e9rou, et son histoire depuis l&rsquo;apparition  des premi\u00e8res pi\u00e8ces. <\/p>\n\n\n\n<div class=\"wp-block-buttons is-layout-flex wp-block-buttons-is-layout-flex\">\n<div class=\"wp-block-button has-custom-width wp-block-button__width-100\"><a class=\"wp-block-button__link has-background has-text-align-center wp-element-button\" href=\"https:\/\/photos.google.com\/share\/AF1QipO_N-kcTZ6hdnzi1BL4BPvmoaM1--ZuRGTd6MsmNsuZVT_9ZkFSIpAcar_0Es91OA\/photo\/AF1QipPsUL9a2C7dDbXcGDtTqRtnO6pDkSSo-Jf55H-J?key=QWFnMFNIcHFLS2lJSVZ3Zld1N0ItWXR0RmxBZ1N3\" style=\"border-radius:10px;background-color:#0173a3\">album photo Casa goyeneche<\/a><\/div>\n<\/div>\n\n\n\n<p class=\"has-text-align-center has-white-color has-text-color has-background has-large-font-size\" style=\"background-color:#08aaff\"><strong>Autres Eglises : San Agustin et Santo Domingo<\/strong><\/p>\n\n\n\n<p>Santo Domingo fut compl\u00e8tement d\u00e9truite par un tremblement de terre et reconstruite. Les seules parties datant du XVII \u00e8me si\u00e8cle sont la tour et le portail du style baroque m\u00e9tiss\u00e9.<\/p>\n\n\n\n<p>San Agustin fut \u00e9galement compl\u00e8tement d\u00e9truite par le s\u00e9isme de 1868 et reconstruite \u00e0 l&rsquo;identique. Elle poss\u00e8de une magnifique fa\u00e7ade sculpt\u00e9e.<\/p>\n\n\n\n<div class=\"wp-block-buttons is-layout-flex wp-block-buttons-is-layout-flex\">\n<div class=\"wp-block-button has-custom-width wp-block-button__width-100\"><a class=\"wp-block-button__link has-background has-text-align-center wp-element-button\" href=\"https:\/\/photos.google.com\/share\/AF1QipNgEGE-KOinW0vyKvAb4fejEcsHeYFK81mcoBNFscyq4bcuLf-u84MZJ2iLcNEkMg\/photo\/AF1QipNumAhOIqsMhQFe2LoA_HHeti6A-pdN9iPaPCAh?key=SlNQcmdRMEw1YkE5TWtQTWo2WGhPNGluQlZzZ01n\" style=\"border-radius:10px;background-color:#0173a3\">album photos autres eglises<\/a><\/div>\n<\/div>\n\n\n\n<p class=\"has-text-align-center has-white-color has-text-color has-background has-large-font-size\" style=\"background-color:#08aaff\"><strong>Monast\u00e8re de la Recoleta<\/strong><\/p>\n\n\n\n<div class=\"wp-block-media-text alignwide has-media-on-the-right is-stacked-on-mobile\" style=\"grid-template-columns:auto 52%\"><div class=\"wp-block-media-text__content\">\n<p>Le monast\u00e8re a \u00e9t\u00e9 construit en 1648 par les Franciscains. Il est compos\u00e9 de quatre clo\u00eetres. Seuls deux sont entour\u00e9s de piliers. Les salles ouvrant sur ces clo\u00eetres ont \u00e9t\u00e9 transform\u00e9es en mus\u00e9e.<\/p>\n<\/div><figure class=\"wp-block-media-text__media\"><img loading=\"lazy\" decoding=\"async\" width=\"1024\" height=\"575\" src=\"https:\/\/2l-a-velo.com\/wp-content\/uploads\/2023\/08\/PANA1984-1024x575.jpg\" alt=\"\" class=\"wp-image-9878 size-full\" srcset=\"https:\/\/2l-a-velo.com\/wp-content\/uploads\/2023\/08\/PANA1984-1024x575.jpg 1024w, https:\/\/2l-a-velo.com\/wp-content\/uploads\/2023\/08\/PANA1984-300x168.jpg 300w, https:\/\/2l-a-velo.com\/wp-content\/uploads\/2023\/08\/PANA1984-768x431.jpg 768w, https:\/\/2l-a-velo.com\/wp-content\/uploads\/2023\/08\/PANA1984-1536x862.jpg 1536w, https:\/\/2l-a-velo.com\/wp-content\/uploads\/2023\/08\/PANA1984-2048x1149.jpg 2048w, https:\/\/2l-a-velo.com\/wp-content\/uploads\/2023\/08\/PANA1984-900x505.jpg 900w, https:\/\/2l-a-velo.com\/wp-content\/uploads\/2023\/08\/PANA1984-1280x718.jpg 1280w\" sizes=\"auto, (max-width: 1024px) 100vw, 1024px\" \/><\/figure><\/div>\n\n\n\n<figure class=\"wp-block-image size-large\"><img loading=\"lazy\" decoding=\"async\" width=\"1024\" height=\"575\" src=\"https:\/\/2l-a-velo.com\/wp-content\/uploads\/2023\/08\/PANA1978-1024x575.jpg\" alt=\"\" class=\"wp-image-9881\" srcset=\"https:\/\/2l-a-velo.com\/wp-content\/uploads\/2023\/08\/PANA1978-1024x575.jpg 1024w, https:\/\/2l-a-velo.com\/wp-content\/uploads\/2023\/08\/PANA1978-300x168.jpg 300w, https:\/\/2l-a-velo.com\/wp-content\/uploads\/2023\/08\/PANA1978-768x431.jpg 768w, https:\/\/2l-a-velo.com\/wp-content\/uploads\/2023\/08\/PANA1978-1536x862.jpg 1536w, https:\/\/2l-a-velo.com\/wp-content\/uploads\/2023\/08\/PANA1978-2048x1149.jpg 2048w, https:\/\/2l-a-velo.com\/wp-content\/uploads\/2023\/08\/PANA1978-900x505.jpg 900w, https:\/\/2l-a-velo.com\/wp-content\/uploads\/2023\/08\/PANA1978-1280x718.jpg 1280w\" sizes=\"auto, (max-width: 1024px) 100vw, 1024px\" \/><\/figure>\n\n\n\n<p>On d\u00e9couvre une salle ethnographique, une autre d&rsquo;art religieux, un mus\u00e9e amazonien qui contient des objets que les missionnaires ont recueillis lors de leur s\u00e9jour dans la jungle p\u00e9ruvienne, une salle de jouets, un mus\u00e9e d&rsquo;art pr\u00e9colombien et un autre d&rsquo;art religieux. On peut y ajouter une collection philat\u00e9lique et une numismatique.<\/p>\n\n\n\n<div class=\"wp-block-media-text alignwide is-stacked-on-mobile\" style=\"grid-template-columns:53% auto\"><figure class=\"wp-block-media-text__media\"><img loading=\"lazy\" decoding=\"async\" width=\"1024\" height=\"683\" src=\"https:\/\/2l-a-velo.com\/wp-content\/uploads\/2023\/08\/372A0045-1024x683.jpg\" alt=\"\" class=\"wp-image-9879 size-full\" srcset=\"https:\/\/2l-a-velo.com\/wp-content\/uploads\/2023\/08\/372A0045-1024x683.jpg 1024w, https:\/\/2l-a-velo.com\/wp-content\/uploads\/2023\/08\/372A0045-300x200.jpg 300w, https:\/\/2l-a-velo.com\/wp-content\/uploads\/2023\/08\/372A0045-768x512.jpg 768w, https:\/\/2l-a-velo.com\/wp-content\/uploads\/2023\/08\/372A0045-1536x1024.jpg 1536w, https:\/\/2l-a-velo.com\/wp-content\/uploads\/2023\/08\/372A0045-2048x1366.jpg 2048w, https:\/\/2l-a-velo.com\/wp-content\/uploads\/2023\/08\/372A0045-900x600.jpg 900w, https:\/\/2l-a-velo.com\/wp-content\/uploads\/2023\/08\/372A0045-1280x854.jpg 1280w\" sizes=\"auto, (max-width: 1024px) 100vw, 1024px\" \/><\/figure><div class=\"wp-block-media-text__content\">\n<p>Mais ce qui nous a impressionn\u00e9, c&rsquo;est la biblioth\u00e8que. Elle contient, selon les sources, entre 20 000 et 30 000 volumes dont les plus anciens sont des incunables datant de 1494 !<\/p>\n<\/div><\/div>\n\n\n\n<div class=\"wp-block-media-text alignwide has-media-on-the-right is-stacked-on-mobile\" style=\"grid-template-columns:auto 43%\"><div class=\"wp-block-media-text__content\">\n<p>N&rsquo;oublions pas l&rsquo;\u00e9glise, de couleur rouge, avec un fin clocher tr\u00e8s \u00e9lanc\u00e9. Nous y sommes mont\u00e9s par un escalier en colima\u00e7on (un peu poussi\u00e9reux) qui vous emm\u00e8ne \u00e0 la base des cloches. Vous pouvez d&rsquo;ailleurs, si le c\u0153ur vous en dit, les sonner (les cloches !).<\/p>\n<\/div><figure class=\"wp-block-media-text__media\"><img loading=\"lazy\" decoding=\"async\" width=\"683\" height=\"1024\" src=\"https:\/\/2l-a-velo.com\/wp-content\/uploads\/2023\/08\/PANA2035-683x1024.jpg\" alt=\"\" class=\"wp-image-9882 size-full\" srcset=\"https:\/\/2l-a-velo.com\/wp-content\/uploads\/2023\/08\/PANA2035-683x1024.jpg 683w, https:\/\/2l-a-velo.com\/wp-content\/uploads\/2023\/08\/PANA2035-200x300.jpg 200w, https:\/\/2l-a-velo.com\/wp-content\/uploads\/2023\/08\/PANA2035-768x1152.jpg 768w, https:\/\/2l-a-velo.com\/wp-content\/uploads\/2023\/08\/PANA2035-1024x1536.jpg 1024w, https:\/\/2l-a-velo.com\/wp-content\/uploads\/2023\/08\/PANA2035-1366x2048.jpg 1366w, https:\/\/2l-a-velo.com\/wp-content\/uploads\/2023\/08\/PANA2035-900x1350.jpg 900w, https:\/\/2l-a-velo.com\/wp-content\/uploads\/2023\/08\/PANA2035-1280x1920.jpg 1280w, https:\/\/2l-a-velo.com\/wp-content\/uploads\/2023\/08\/PANA2035.jpg 1667w\" sizes=\"auto, (max-width: 683px) 100vw, 683px\" \/><\/figure><\/div>\n\n\n\n<p>Ce monast\u00e8re est tr\u00e8s agr\u00e9able, de plus, il y a peu de monde. En revanche, l&rsquo;ensemble m\u00e9riterait d&rsquo;\u00eatre un peu d\u00e9poussi\u00e9r\u00e9 et modernis\u00e9.<\/p>\n\n\n\n<p> <\/p>\n\n\n\n<div class=\"wp-block-buttons is-layout-flex wp-block-buttons-is-layout-flex\">\n<div class=\"wp-block-button has-custom-width wp-block-button__width-100\"><a class=\"wp-block-button__link has-background wp-element-button\" href=\"https:\/\/photos.google.com\/share\/AF1QipORq_yYC3khEbyznh1rY_UeQO7Qnn5mKnbYUAqar3dNWYzK0heb31YUrQsFNHe2bg\/photo\/AF1QipMnYVeV27JuqabWeJyekGLNmdrcs0mZdfWyW1sI?key=cnh5bnNfY3dmcktwSnJLZkZvWEZsakxKaG5EaTBn\" style=\"border-radius:10px;background-color:#0173a3\">album photos monast\u00e8re de la Recoleta<\/a><\/div>\n<\/div>\n\n\n\n<p class=\"has-text-align-center has-white-color has-text-color has-background has-large-font-size\" style=\"background-color:#08aaff\"> <strong>Museo Santuarios Andinos<\/strong><\/p>\n\n\n\n<p class=\"has-text-align-center\"><strong>Sacrifices humains chez les Incas<\/strong><\/p>\n\n\n\n<p>Outre les cinq salles consacr\u00e9e aux c\u00e9ramiques, aux mat\u00e9riaux organiques, aux textiles, aux m\u00e9taux et \u00e0 la bio-arch\u00e9ologie, nous d\u00e9couvrons une c\u00e9r\u00e9monie inca appel\u00e9e le \u00ab\u00a0Capac Cocha\u00a0\u00bb (la c\u00e9r\u00e9monie de l&rsquo;eau). Elle \u00e9tait pratiqu\u00e9e au sommet des montagnes auxquelles les Incas offraient des objets, de la Chicha, des repas et&#8230; des enfants !!!<\/p>\n\n\n\n<p>Cette c\u00e9r\u00e9monie avait lieu tous les quatre \u00e0 sept ans. Elle commen\u00e7ait \u00e0 Cusco et l&rsquo;Inca d\u00e9cidait dans quel \u00ab\u00a0Apu\u00a0\u00bb (montagne sacr\u00e9e), les enfants devaient \u00eatre sacrifi\u00e9s.<\/p>\n\n\n\n<p>Ensuite, les enfants accompagn\u00e9s de tout un entourage partaient pour la montagne sacr\u00e9e. Apr\u00e8s un voyage qui pouvait durer plusieurs mois, ils arrivaient au pied de la montagne. <\/p>\n\n\n\n<p>C&rsquo;est au sommet de celle-ci, en offrande \u00e0 leur dieux, que les pr\u00eatres faisaient boire de la Chicha et des plantes hallucinog\u00e8nes aux enfants. Une fois endormis, ils \u00e9taient sacrifi\u00e9s !!!<\/p>\n\n\n\n<p>Le\u00a08 septembre 1995, l&rsquo;\u00e9ruption d&rsquo;un volcan, le\u00a0Sabancaya, a provoqu\u00e9 la fonte d&rsquo;une partie du glacier de l&rsquo;Ampato. C&rsquo;est alors que le corps d&rsquo;une jeune fille\u00a0congel\u00e9e depuis plus de 500\u00a0ans a \u00e9t\u00e9 d\u00e9couvert dans les glaces du crat\u00e8re d&rsquo;Ampato pr\u00e8s d&rsquo;Arequipa \u00e0 environ 6\u00a0300\u00a0m\u00e8tres d&rsquo;altitude. D&rsquo;autres corps ont ensuite \u00e9t\u00e9 d\u00e9couverts sur d&rsquo;autres montagnes et notamment en Argentine, sur la montagne Llullaillaco \u00e0 6739 m d&rsquo;altitude.\u00a0<\/p>\n\n\n\n<p>Pourquoi de tels sacrifices ? Sans doute, les Incas esp\u00e9raient conjurer les catastrophes naturelles en s&rsquo;attirant la bienveillance des divinit\u00e9s des montagnes.<\/p>\n\n\n\n<p>On peut voir, dans le mus\u00e9e, le corps de Juanita conserv\u00e9 dans un caisson transparent \u00e0 -20\u00b0C. <\/p>\n\n\n\n<p><em>Il n&rsquo;y a pas d&rsquo;album photos car celles-ci ne sont pas autoris\u00e9es dans ce mus\u00e9e !<\/em><\/p>\n\n\n\n<p class=\"has-text-align-center has-white-color has-text-color has-background has-larger-font-size\" style=\"background-color:#08aa20\"><strong>March\u00e9 San Camilo<\/strong><\/p>\n\n\n\n<div class=\"wp-block-media-text alignwide has-media-on-the-right is-stacked-on-mobile\" style=\"grid-template-columns:auto 52%\"><div class=\"wp-block-media-text__content\">\n<p>Un march\u00e9 d&rsquo;Am\u00e9rique du Sud, anim\u00e9, color\u00e9, vari\u00e9&#8230; Des \u00e9tals de fromages, de viande, de poissons, d&rsquo;herbes m\u00e9dicinales et de superbes pyramides de fruits. <\/p>\n<\/div><figure class=\"wp-block-media-text__media\"><img loading=\"lazy\" decoding=\"async\" width=\"1024\" height=\"683\" src=\"https:\/\/2l-a-velo.com\/wp-content\/uploads\/2023\/08\/372A9935-1024x683.jpg\" alt=\"\" class=\"wp-image-9851 size-full\" srcset=\"https:\/\/2l-a-velo.com\/wp-content\/uploads\/2023\/08\/372A9935-1024x683.jpg 1024w, https:\/\/2l-a-velo.com\/wp-content\/uploads\/2023\/08\/372A9935-300x200.jpg 300w, https:\/\/2l-a-velo.com\/wp-content\/uploads\/2023\/08\/372A9935-768x512.jpg 768w, https:\/\/2l-a-velo.com\/wp-content\/uploads\/2023\/08\/372A9935-1536x1024.jpg 1536w, https:\/\/2l-a-velo.com\/wp-content\/uploads\/2023\/08\/372A9935-2048x1366.jpg 2048w, https:\/\/2l-a-velo.com\/wp-content\/uploads\/2023\/08\/372A9935-900x600.jpg 900w, https:\/\/2l-a-velo.com\/wp-content\/uploads\/2023\/08\/372A9935-1280x854.jpg 1280w\" sizes=\"auto, (max-width: 1024px) 100vw, 1024px\" \/><\/figure><\/div>\n\n\n\n<p>On peut y boire des jus de fruits frais. Il y a un tel choix qu&rsquo;il est difficile de se d\u00e9cider. Finalement, nous avons opt\u00e9 pour un jus de chirimoya, excellent. !<\/p>\n\n\n\n<figure class=\"wp-block-image size-large\"><img loading=\"lazy\" decoding=\"async\" width=\"1024\" height=\"683\" src=\"https:\/\/2l-a-velo.com\/wp-content\/uploads\/2023\/08\/372A9970-1024x683.jpg\" alt=\"\" class=\"wp-image-9952\" srcset=\"https:\/\/2l-a-velo.com\/wp-content\/uploads\/2023\/08\/372A9970-1024x683.jpg 1024w, https:\/\/2l-a-velo.com\/wp-content\/uploads\/2023\/08\/372A9970-300x200.jpg 300w, https:\/\/2l-a-velo.com\/wp-content\/uploads\/2023\/08\/372A9970-768x512.jpg 768w, https:\/\/2l-a-velo.com\/wp-content\/uploads\/2023\/08\/372A9970-1536x1024.jpg 1536w, https:\/\/2l-a-velo.com\/wp-content\/uploads\/2023\/08\/372A9970-2048x1366.jpg 2048w, https:\/\/2l-a-velo.com\/wp-content\/uploads\/2023\/08\/372A9970-900x600.jpg 900w, https:\/\/2l-a-velo.com\/wp-content\/uploads\/2023\/08\/372A9970-1280x854.jpg 1280w\" sizes=\"auto, (max-width: 1024px) 100vw, 1024px\" \/><\/figure>\n\n\n\n<p class=\"has-text-align-center\"><strong>Le chirimoya<\/strong><\/p>\n\n\n\n<div class=\"wp-block-media-text alignwide is-stacked-on-mobile\" style=\"grid-template-columns:54% auto\"><figure class=\"wp-block-media-text__media\"><img loading=\"lazy\" decoding=\"async\" width=\"1024\" height=\"683\" src=\"https:\/\/2l-a-velo.com\/wp-content\/uploads\/2023\/08\/372A9951-1024x683.jpg\" alt=\"\" class=\"wp-image-9852 size-full\" srcset=\"https:\/\/2l-a-velo.com\/wp-content\/uploads\/2023\/08\/372A9951-1024x683.jpg 1024w, https:\/\/2l-a-velo.com\/wp-content\/uploads\/2023\/08\/372A9951-300x200.jpg 300w, https:\/\/2l-a-velo.com\/wp-content\/uploads\/2023\/08\/372A9951-768x512.jpg 768w, https:\/\/2l-a-velo.com\/wp-content\/uploads\/2023\/08\/372A9951-1536x1024.jpg 1536w, https:\/\/2l-a-velo.com\/wp-content\/uploads\/2023\/08\/372A9951-2048x1366.jpg 2048w, https:\/\/2l-a-velo.com\/wp-content\/uploads\/2023\/08\/372A9951-900x600.jpg 900w, https:\/\/2l-a-velo.com\/wp-content\/uploads\/2023\/08\/372A9951-1280x854.jpg 1280w\" sizes=\"auto, (max-width: 1024px) 100vw, 1024px\" \/><\/figure><div class=\"wp-block-media-text__content\">\n<p>Mais ce qui nous a vraiment impressionn\u00e9, c&rsquo;est le nombre de vari\u00e9t\u00e9s de pommes de terre. Il para\u00eetrait qu&rsquo;il y en aurait pas loin de 4000 au P\u00e9rou !!!<\/p>\n<\/div><\/div>\n\n\n\n<div class=\"wp-block-buttons is-layout-flex wp-block-buttons-is-layout-flex\">\n<div class=\"wp-block-button has-custom-width wp-block-button__width-100\"><a class=\"wp-block-button__link has-background has-text-align-center wp-element-button\" href=\"https:\/\/photos.google.com\/share\/AF1QipO8kVrMcgo_2XfJvWWIyTx7hsxNoaJxWoOUNSR_Za5OfmXg_K9NqXduadyBR1y21A\/photo\/AF1QipNHvonK2WAzyze5OaWHaw9HaxNpUo_ZHl0fsJwR?key=WnB2dmM0YnVhclUxZDhzQTFDNmNoOGNDVjBzSEN3\" style=\"border-radius:10px;background-color:#0173a3\">album photos marche san camilo<\/a><\/div>\n<\/div>\n\n\n\n<p class=\"has-text-align-center has-white-color has-text-color has-background has-large-font-size\" style=\"background-color:#c52003\"><strong>Vid\u00e9o : Au march\u00e9 San Camilo<\/strong><\/p>\n\n\n\n<iframe loading=\"lazy\" width=\"560\" height=\"315\" src=\"https:\/\/www.youtube.com\/embed\/LfJZsHgA77o\" title=\"YouTube video player\" frameborder=\"0\" allow=\"accelerometer; autoplay; clipboard-write; encrypted-media; gyroscope; picture-in-picture; web-share\" allowfullscreen><\/iframe>\n\n\n\n<p class=\"has-text-align-center has-white-color has-text-color has-background has-larger-font-size\" style=\"background-color:#08aa20\"><strong>Mirador de Yanahuara<\/strong><\/p>\n\n\n\n<p>Outre les belles vues sur Arequipa et la pr\u00e9sence de l&rsquo;\u00e9glise San Juan Bautista, c&rsquo;\u00e9tait la f\u00eate ce dimanche sur la place de Yanahuara.<\/p>\n\n\n\n<p>Grillades, g\u00e2teaux, sp\u00e9cialit\u00e9s locales&#8230; de quoi se sustenter sur des tables install\u00e9es \u00e0 l&rsquo;ombre des magnifiques palmiers. <\/p>\n\n\n\n<div class=\"wp-block-buttons is-layout-flex wp-block-buttons-is-layout-flex\">\n<div class=\"wp-block-button has-custom-width wp-block-button__width-100\"><a class=\"wp-block-button__link has-background wp-element-button\" href=\"https:\/\/photos.google.com\/share\/AF1QipOoyqfDOgREaQRrVsVY2vD_zE1Ra9d7GXFed2PsGRgjrxZdkwmWUxH74LTvq7rsdg\/photo\/AF1QipMwlbq8JrSzXmORRm8kwMaSndOWJRMdiDolgfCU?key=S0VxWnIzVy15Rmtmdmx3Znd3RkF6VDcwSVcwUTVn\" style=\"border-radius:10px;background-color:#0173a3\">album photos mirador de Yanahuara<\/a><\/div>\n<\/div>\n","protected":false},"excerpt":{"rendered":"<p>Cet article est consacr\u00e9 \u00e0 la ville d&rsquo;Arequipa. Dans un autre article, nous parlerons des f\u00eates d&rsquo;Arequipa qui durent tout le mois d&rsquo;ao\u00fbt ! Du 28 juillet au &#8230; Ao\u00fbt Arequipa La ville a \u00e9t\u00e9 fond\u00e9e le 15 ao\u00fbt 1540 sous le nom de \u00a0\u00bb&nbsp;Villa Hermosa de Nuestra Se\u00f1ora de la Asunta&nbsp;\u00a0\u00bb au nom du [&hellip;]<\/p>\n","protected":false},"author":1,"featured_media":0,"parent":9507,"menu_order":3,"comment_status":"open","ping_status":"closed","template":"","meta":{"jetpack_post_was_ever_published":false,"footnotes":""},"class_list":["post-9716","page","type-page","status-publish","hentry"],"jetpack_likes_enabled":true,"jetpack_sharing_enabled":true,"_links":{"self":[{"href":"https:\/\/2l-a-velo.com\/index.php?rest_route=\/wp\/v2\/pages\/9716","targetHints":{"allow":["GET"]}}],"collection":[{"href":"https:\/\/2l-a-velo.com\/index.php?rest_route=\/wp\/v2\/pages"}],"about":[{"href":"https:\/\/2l-a-velo.com\/index.php?rest_route=\/wp\/v2\/types\/page"}],"author":[{"embeddable":true,"href":"https:\/\/2l-a-velo.com\/index.php?rest_route=\/wp\/v2\/users\/1"}],"replies":[{"embeddable":true,"href":"https:\/\/2l-a-velo.com\/index.php?rest_route=%2Fwp%2Fv2%2Fcomments&post=9716"}],"version-history":[{"count":142,"href":"https:\/\/2l-a-velo.com\/index.php?rest_route=\/wp\/v2\/pages\/9716\/revisions"}],"predecessor-version":[{"id":9954,"href":"https:\/\/2l-a-velo.com\/index.php?rest_route=\/wp\/v2\/pages\/9716\/revisions\/9954"}],"up":[{"embeddable":true,"href":"https:\/\/2l-a-velo.com\/index.php?rest_route=\/wp\/v2\/pages\/9507"}],"wp:attachment":[{"href":"https:\/\/2l-a-velo.com\/index.php?rest_route=%2Fwp%2Fv2%2Fmedia&parent=9716"}],"curies":[{"name":"wp","href":"https:\/\/api.w.org\/{rel}","templated":true}]}}